{"id":16073,"date":"2024-01-12T06:04:46","date_gmt":"2024-01-12T05:04:46","guid":{"rendered":"https:\/\/www.capacityzurich.ch\/vision-engagement\/"},"modified":"2024-11-11T19:20:03","modified_gmt":"2024-11-11T18:20:03","slug":"vision","status":"publish","type":"page","link":"https:\/\/www.capacity.swiss\/de\/vision\/","title":{"rendered":"Vision &#038; Engagement"},"content":{"rendered":"\t\t<div data-elementor-type=\"wp-page\" data-elementor-id=\"16073\" class=\"elementor elementor-16073 elementor-8921\" data-elementor-post-type=\"page\">\n\t\t\t\t<div class=\"elementor-element elementor-element-9a2d470 e-con-full e-flex e-con e-parent\" data-id=\"9a2d470\" data-element_type=\"container\" data-e-type=\"container\" data-settings=\"{&quot;background_background&quot;:&quot;classic&quot;}\">\n\t\t\t\t<\/div>\n\t\t<div class=\"elementor-element elementor-element-00ae785 e-flex e-con-boxed e-con e-parent\" data-id=\"00ae785\" data-element_type=\"container\" data-e-type=\"container\">\n\t\t\t\t\t<div class=\"e-con-inner\">\n\t\t<div class=\"elementor-element elementor-element-dcfaade e-con-full e-flex e-con e-child\" data-id=\"dcfaade\" data-element_type=\"container\" data-e-type=\"container\">\n\t\t\t\t<div class=\"elementor-element elementor-element-047d9b9 elementor-widget__width-initial elementor-widget elementor-widget-heading\" data-id=\"047d9b9\" data-element_type=\"widget\" data-e-type=\"widget\" data-widget_type=\"heading.default\">\n\t\t\t\t<div class=\"elementor-widget-container\">\n\t\t\t\t\t<h3 class=\"elementor-heading-title elementor-size-default\">Engagiert f\u00fcr Vielfalt und Integration<\/h3>\t\t\t\t<\/div>\n\t\t\t\t<\/div>\n\t\t\t\t<div class=\"elementor-element elementor-element-bfeeeb5 elementor-widget__width-initial elementor-widget elementor-widget-text-editor\" data-id=\"bfeeeb5\" data-element_type=\"widget\" data-e-type=\"widget\" data-widget_type=\"text-editor.default\">\n\t\t\t\t<div class=\"elementor-widget-container\">\n\t\t\t\t\t\t\t\t\t<ul>\n<li><span class=\"OYPEnA text-decoration-none text-strikethrough-none\"><span class=\"OYPEnA text-decoration-none text-strikethrough-none\"><span class=\"OYPEnA text-decoration-none text-strikethrough-none\">F\u00fcr Menschen mit Flucht- und Migrationshintergrund in der Schweiz<\/span><\/span><\/span>\n<p>\u00a0<\/p>\n<\/li>\n<li>In Kooperation mit Unternehmen, die soziale Verantwortung \u00fcbernehmen<\/li>\n<\/ul>\n\t\t\t\t\t\t\t\t<\/div>\n\t\t\t\t<\/div>\n\t\t\t\t<\/div>\n\t\t<div class=\"elementor-element elementor-element-9e24208 e-con-full e-flex e-con e-child\" data-id=\"9e24208\" data-element_type=\"container\" data-e-type=\"container\">\n\t\t\t\t<div class=\"elementor-element elementor-element-9cccb35 elementor-widget__width-initial elementor-widget elementor-widget-text-editor\" data-id=\"9cccb35\" data-element_type=\"widget\" data-e-type=\"widget\" data-widget_type=\"text-editor.default\">\n\t\t\t\t<div class=\"elementor-widget-container\">\n\t\t\t\t\t\t\t\t\t<p><span class=\"OYPEnA text-decoration-none text-strikethrough-none\">Die Programme von <strong>Capacity<\/strong> zielen darauf ab, Menschen mit Flucht- und Migrationshintergrund dabei zu unterst\u00fctzen, ihre soziale und berufliche Zukunft in der Schweiz selbst\u00e4ndig gestalten zu k\u00f6nnen. Unser Engagement aktiviert F\u00e4higkeiten und Potenziale unserer Programm-Teilnehmenden und schafft R\u00e4ume der Zugeh\u00f6rigkeit.<\/span><\/p>\t\t\t\t\t\t\t\t<\/div>\n\t\t\t\t<\/div>\n\t\t\t\t<div class=\"elementor-element elementor-element-db6c2de elementor-widget elementor-widget-text-editor\" data-id=\"db6c2de\" data-element_type=\"widget\" data-e-type=\"widget\" data-widget_type=\"text-editor.default\">\n\t\t\t\t<div class=\"elementor-widget-container\">\n\t\t\t\t\t\t\t\t\t<p><span class=\"OYPEnA text-decoration-none text-strikethrough-none\">Bei der Umsetzung unserer Projekte schlagen wir bewusst eine Br\u00fccke zwischen Migrant:innen\/Gefl\u00fcchteten und Unternehmen, die soziale Verantwortung \u00fcbernehmen und deren Mitarbeitende sich freiwillig engagieren.<\/span><\/p>\t\t\t\t\t\t\t\t<\/div>\n\t\t\t\t<\/div>\n\t\t\t\t<\/div>\n\t\t\t\t\t<\/div>\n\t\t\t\t<\/div>\n\t\t<div class=\"elementor-element elementor-element-31d1e19 e-flex e-con-boxed e-con e-parent\" data-id=\"31d1e19\" data-element_type=\"container\" data-e-type=\"container\" data-settings=\"{&quot;background_background&quot;:&quot;classic&quot;}\">\n\t\t\t\t\t<div class=\"e-con-inner\">\n\t\t<div class=\"elementor-element elementor-element-fc24b28 e-flex e-con-boxed e-con e-child\" data-id=\"fc24b28\" data-element_type=\"container\" data-e-type=\"container\">\n\t\t\t\t\t<div class=\"e-con-inner\">\n\t\t\t\t<div class=\"elementor-element elementor-element-20c03e2 elementor-widget elementor-widget-spacer\" data-id=\"20c03e2\" data-element_type=\"widget\" data-e-type=\"widget\" data-widget_type=\"spacer.default\">\n\t\t\t\t<div class=\"elementor-widget-container\">\n\t\t\t\t\t\t\t<div class=\"elementor-spacer\">\n\t\t\t<div class=\"elementor-spacer-inner\"><\/div>\n\t\t<\/div>\n\t\t\t\t\t\t<\/div>\n\t\t\t\t<\/div>\n\t\t<div class=\"elementor-element elementor-element-06191af e-flex e-con-boxed e-con e-child\" data-id=\"06191af\" data-element_type=\"container\" data-e-type=\"container\" data-settings=\"{&quot;background_background&quot;:&quot;classic&quot;}\">\n\t\t\t\t\t<div class=\"e-con-inner\">\n\t\t\t\t<div class=\"elementor-element elementor-element-24b5d2e elementor-widget__width-initial elementor-widget elementor-widget-heading\" data-id=\"24b5d2e\" data-element_type=\"widget\" data-e-type=\"widget\" data-widget_type=\"heading.default\">\n\t\t\t\t<div class=\"elementor-widget-container\">\n\t\t\t\t\t<h3 class=\"elementor-heading-title elementor-size-default\">Unsere Vision ist eine Gesellschaft, die Vielfalt als St\u00e4rke sieht und in der Menschen ihre F\u00e4higkeiten und Potenziale einbringen k\u00f6nnen \u2013 unabh\u00e4ngig von Geschlecht, Nationalit\u00e4t, Religion, Rasse oder sozio\u00f6konomischem Hintergrund.<\/h3>\t\t\t\t<\/div>\n\t\t\t\t<\/div>\n\t\t\t\t\t<\/div>\n\t\t\t\t<\/div>\n\t\t\t\t\t<\/div>\n\t\t\t\t<\/div>\n\t\t\t\t\t<\/div>\n\t\t\t\t<\/div>\n\t\t<div class=\"elementor-element elementor-element-49a04c3 e-flex e-con-boxed e-con e-parent\" data-id=\"49a04c3\" data-element_type=\"container\" data-e-type=\"container\">\n\t\t\t\t\t<div class=\"e-con-inner\">\n\t\t<div class=\"elementor-element elementor-element-c3a14d1 e-con-full e-flex e-con e-child\" data-id=\"c3a14d1\" data-element_type=\"container\" data-e-type=\"container\">\n\t\t\t\t<div class=\"elementor-element elementor-element-ca005e8 elementor-widget__width-initial elementor-widget elementor-widget-heading\" data-id=\"ca005e8\" data-element_type=\"widget\" data-e-type=\"widget\" data-widget_type=\"heading.default\">\n\t\t\t\t<div class=\"elementor-widget-container\">\n\t\t\t\t\t<h3 class=\"elementor-heading-title elementor-size-default\">Unser Bekenntnis zu  den Zielen f\u00fcr nachhaltige Entwicklung (SDGs)<\/h3>\t\t\t\t<\/div>\n\t\t\t\t<\/div>\n\t\t\t\t<\/div>\n\t\t<div class=\"elementor-element elementor-element-6c3bee6 e-con-full e-flex e-con e-child\" data-id=\"6c3bee6\" data-element_type=\"container\" data-e-type=\"container\">\n\t\t\t\t<div class=\"elementor-element elementor-element-f8c9f56 elementor-widget elementor-widget-text-editor\" data-id=\"f8c9f56\" data-element_type=\"widget\" data-e-type=\"widget\" data-widget_type=\"text-editor.default\">\n\t\t\t\t<div class=\"elementor-widget-container\">\n\t\t\t\t\t\t\t\t\t<p><span class=\"OYPEnA text-decoration-none text-strikethrough-none\">Durch<\/span> <span class=\"OYPEnA text-decoration-none text-strikethrough-none\">die Agenda 2030 mit dem Leitsatz \u00ableave no one behind\u00bb haben sich alle UNO-Mitgliedsstaaten &#8211; auch die Schweiz &#8211; dazu verpflichtet, die Ziele f\u00fcr nachhaltige Entwicklung bis 2030 zu erreichen.<\/span> <span class=\"OYPEnA text-decoration-none text-strikethrough-none\">Sie fokussieren auf benachteiligte und diskriminierte Bev\u00f6lkerungsgruppen und sollen dazu beitragen, die Welt gerechter, ges\u00fcnder, friedlicher und sozialer zu machen.<\/span><\/p>\n\t\t\t\t\t\t\t\t<\/div>\n\t\t\t\t<\/div>\n\t\t\t\t<div class=\"elementor-element elementor-element-b6d0824 elementor-widget elementor-widget-text-editor\" data-id=\"b6d0824\" data-element_type=\"widget\" data-e-type=\"widget\" data-widget_type=\"text-editor.default\">\n\t\t\t\t<div class=\"elementor-widget-container\">\n\t\t\t\t\t\t\t\t\t<p>Der Grundsatz \u00ableave no one behind\u00bb bestimmt auch die Arbeit von <strong>Capacity<\/strong>. Unser Engagement tr\u00e4gt zum Erreichen der folgenden SDGs bei:<\/p>\t\t\t\t\t\t\t\t<\/div>\n\t\t\t\t<\/div>\n\t\t\t\t<\/div>\n\t\t\t\t\t<\/div>\n\t\t\t\t<\/div>\n\t\t<div class=\"elementor-element elementor-element-ee8b0b6 e-flex e-con-boxed e-con e-parent\" data-id=\"ee8b0b6\" data-element_type=\"container\" data-e-type=\"container\" data-settings=\"{&quot;background_background&quot;:&quot;classic&quot;,&quot;shape_divider_top&quot;:&quot;waves&quot;,&quot;shape_divider_top_negative&quot;:&quot;yes&quot;}\">\n\t\t\t\t\t<div class=\"e-con-inner\">\n\t\t\t\t<div class=\"elementor-shape elementor-shape-top\" aria-hidden=\"true\" data-negative=\"true\">\n\t\t\t<svg xmlns=\"http:\/\/www.w3.org\/2000\/svg\" viewBox=\"0 0 1000 100\" preserveAspectRatio=\"none\">\n\t<path class=\"elementor-shape-fill\" d=\"M790.5,93.1c-59.3-5.3-116.8-18-192.6-50c-29.6-12.7-76.9-31-100.5-35.9c-23.6-4.9-52.6-7.8-75.5-5.3\n\tc-10.2,1.1-22.6,1.4-50.1,7.4c-27.2,6.3-58.2,16.6-79.4,24.7c-41.3,15.9-94.9,21.9-134,22.6C72,58.2,0,25.8,0,25.8V100h1000V65.3\n\tc0,0-51.5,19.4-106.2,25.7C839.5,97,814.1,95.2,790.5,93.1z\"\/>\n<\/svg>\t\t<\/div>\n\t\t<div class=\"elementor-element elementor-element-c2ec10d e-flex e-con-boxed e-con e-child\" data-id=\"c2ec10d\" data-element_type=\"container\" data-e-type=\"container\" data-settings=\"{&quot;background_background&quot;:&quot;classic&quot;}\">\n\t\t\t\t\t<div class=\"e-con-inner\">\n\t\t<div class=\"elementor-element elementor-element-81d067c e-flex e-con-boxed e-con e-child\" data-id=\"81d067c\" data-element_type=\"container\" data-e-type=\"container\">\n\t\t\t\t\t<div class=\"e-con-inner\">\n\t\t\t\t<div class=\"elementor-element elementor-element-ee6b2ef e-transform elementor-widget elementor-widget-image\" data-id=\"ee6b2ef\" data-element_type=\"widget\" data-e-type=\"widget\" data-settings=\"{&quot;_transform_skewX_effect&quot;:{&quot;unit&quot;:&quot;px&quot;,&quot;size&quot;:&quot;&quot;,&quot;sizes&quot;:[]},&quot;_transform_skewX_effect_tablet&quot;:{&quot;unit&quot;:&quot;deg&quot;,&quot;size&quot;:&quot;&quot;,&quot;sizes&quot;:[]},&quot;_transform_skewX_effect_mobile&quot;:{&quot;unit&quot;:&quot;deg&quot;,&quot;size&quot;:&quot;&quot;,&quot;sizes&quot;:[]},&quot;_transform_skewY_effect&quot;:{&quot;unit&quot;:&quot;px&quot;,&quot;size&quot;:&quot;&quot;,&quot;sizes&quot;:[]},&quot;_transform_skewY_effect_tablet&quot;:{&quot;unit&quot;:&quot;deg&quot;,&quot;size&quot;:&quot;&quot;,&quot;sizes&quot;:[]},&quot;_transform_skewY_effect_mobile&quot;:{&quot;unit&quot;:&quot;deg&quot;,&quot;size&quot;:&quot;&quot;,&quot;sizes&quot;:[]}}\" data-widget_type=\"image.default\">\n\t\t\t\t<div class=\"elementor-widget-container\">\n\t\t\t\t\t\t\t\t\t\t\t\t\t\t\t<img decoding=\"async\" width=\"150\" height=\"150\" src=\"https:\/\/www.capacity.swiss\/wp-content\/uploads\/2024\/11\/DE_SDG-01-150x150.png\" class=\"attachment-thumbnail size-thumbnail wp-image-23336\" alt=\"Icon SDG 01 - Deutsch\" srcset=\"https:\/\/www.capacity.swiss\/wp-content\/uploads\/2024\/11\/DE_SDG-01-150x150.png 150w, https:\/\/www.capacity.swiss\/wp-content\/uploads\/2024\/11\/DE_SDG-01-300x300.png 300w, https:\/\/www.capacity.swiss\/wp-content\/uploads\/2024\/11\/DE_SDG-01-768x770.png 768w, https:\/\/www.capacity.swiss\/wp-content\/uploads\/2024\/11\/DE_SDG-01-100x100.png 100w, https:\/\/www.capacity.swiss\/wp-content\/uploads\/2024\/11\/DE_SDG-01-140x140.png 140w, https:\/\/www.capacity.swiss\/wp-content\/uploads\/2024\/11\/DE_SDG-01-500x500.png 500w, https:\/\/www.capacity.swiss\/wp-content\/uploads\/2024\/11\/DE_SDG-01-350x350.png 350w, https:\/\/www.capacity.swiss\/wp-content\/uploads\/2024\/11\/DE_SDG-01-800x800.png 800w, https:\/\/www.capacity.swiss\/wp-content\/uploads\/2024\/11\/DE_SDG-01-45x45.png 45w, https:\/\/www.capacity.swiss\/wp-content\/uploads\/2024\/11\/DE_SDG-01.png 877w\" sizes=\"(max-width: 150px) 100vw, 150px\" \/>\t\t\t\t\t\t\t\t\t\t\t\t\t\t\t<\/div>\n\t\t\t\t<\/div>\n\t\t\t\t<div class=\"elementor-element elementor-element-3186e32 elementor-widget__width-initial elementor-widget elementor-widget-text-editor\" data-id=\"3186e32\" data-element_type=\"widget\" data-e-type=\"widget\" data-widget_type=\"text-editor.default\">\n\t\t\t\t<div class=\"elementor-widget-container\">\n\t\t\t\t\t\t\t\t\t<p>Unsere Programme zielen darauf ab, die Teilnehmenden dahingehend zu f\u00f6rdern, dass sie mittelfristig \u00fcber gen\u00fcgend Einkommen und Ressourcen f\u00fcr eine nachhaltige Existenzsicherung in der Schweiz verf\u00fcgen.<\/p>\t\t\t\t\t\t\t\t<\/div>\n\t\t\t\t<\/div>\n\t\t\t\t\t<\/div>\n\t\t\t\t<\/div>\n\t\t<div class=\"elementor-element elementor-element-7cf7fa8 e-con-full e-flex e-con e-child\" data-id=\"7cf7fa8\" data-element_type=\"container\" data-e-type=\"container\">\n\t\t\t\t<div class=\"elementor-element elementor-element-ec4321c elementor-widget elementor-widget-image\" data-id=\"ec4321c\" data-element_type=\"widget\" data-e-type=\"widget\" data-widget_type=\"image.default\">\n\t\t\t\t<div class=\"elementor-widget-container\">\n\t\t\t\t\t\t\t\t\t\t\t\t\t\t\t<img decoding=\"async\" width=\"150\" height=\"150\" src=\"https:\/\/www.capacity.swiss\/wp-content\/uploads\/2024\/11\/SDG_icons_DE-04-150x150.png\" class=\"attachment-thumbnail size-thumbnail wp-image-23351\" alt=\"\" srcset=\"https:\/\/www.capacity.swiss\/wp-content\/uploads\/2024\/11\/SDG_icons_DE-04-150x150.png 150w, https:\/\/www.capacity.swiss\/wp-content\/uploads\/2024\/11\/SDG_icons_DE-04-300x300.png 300w, https:\/\/www.capacity.swiss\/wp-content\/uploads\/2024\/11\/SDG_icons_DE-04-1024x1024.png 1024w, https:\/\/www.capacity.swiss\/wp-content\/uploads\/2024\/11\/SDG_icons_DE-04-768x768.png 768w, https:\/\/www.capacity.swiss\/wp-content\/uploads\/2024\/11\/SDG_icons_DE-04-100x100.png 100w, https:\/\/www.capacity.swiss\/wp-content\/uploads\/2024\/11\/SDG_icons_DE-04-140x140.png 140w, https:\/\/www.capacity.swiss\/wp-content\/uploads\/2024\/11\/SDG_icons_DE-04-500x500.png 500w, https:\/\/www.capacity.swiss\/wp-content\/uploads\/2024\/11\/SDG_icons_DE-04-350x350.png 350w, https:\/\/www.capacity.swiss\/wp-content\/uploads\/2024\/11\/SDG_icons_DE-04-1000x1000.png 1000w, https:\/\/www.capacity.swiss\/wp-content\/uploads\/2024\/11\/SDG_icons_DE-04-800x800.png 800w, https:\/\/www.capacity.swiss\/wp-content\/uploads\/2024\/11\/SDG_icons_DE-04-45x45.png 45w, https:\/\/www.capacity.swiss\/wp-content\/uploads\/2024\/11\/SDG_icons_DE-04.png 1536w\" sizes=\"(max-width: 150px) 100vw, 150px\" \/>\t\t\t\t\t\t\t\t\t\t\t\t\t\t\t<\/div>\n\t\t\t\t<\/div>\n\t\t\t\t<div class=\"elementor-element elementor-element-573f538 elementor-widget__width-initial elementor-widget elementor-widget-text-editor\" data-id=\"573f538\" data-element_type=\"widget\" data-e-type=\"widget\" data-widget_type=\"text-editor.default\">\n\t\t\t\t<div class=\"elementor-widget-container\">\n\t\t\t\t\t\t\t\t\t<p class=\"cvGsUA direction-ltr align-start para-style-body\"><span class=\"OYPEnA text-decoration-none text-strikethrough-none\">Unsere Projekte gew\u00e4hrleisten integrative Bildung und f\u00f6rdern die M\u00f6glichkeit f\u00fcr lebenslanges Lernen f\u00fcr alle. Wir erzielen positive Ver\u00e4nderungen f\u00fcr unsere Zielgruppen und setzen uns f\u00fcr eine gerechte Welt ein.<\/span><\/p>\n\t\t\t\t\t\t\t\t<\/div>\n\t\t\t\t<\/div>\n\t\t\t\t<\/div>\n\t\t<div class=\"elementor-element elementor-element-c873053 e-con-full e-flex e-con e-child\" data-id=\"c873053\" data-element_type=\"container\" data-e-type=\"container\">\n\t\t\t\t<div class=\"elementor-element elementor-element-7f3706c elementor-widget elementor-widget-image\" data-id=\"7f3706c\" data-element_type=\"widget\" data-e-type=\"widget\" data-widget_type=\"image.default\">\n\t\t\t\t<div class=\"elementor-widget-container\">\n\t\t\t\t\t\t\t\t\t\t\t\t\t\t\t<img decoding=\"async\" width=\"150\" height=\"150\" src=\"https:\/\/www.capacity.swiss\/wp-content\/uploads\/2024\/11\/SDG_icons_DE-05-150x150.png\" class=\"attachment-thumbnail size-thumbnail wp-image-23353\" alt=\"\" srcset=\"https:\/\/www.capacity.swiss\/wp-content\/uploads\/2024\/11\/SDG_icons_DE-05-150x150.png 150w, https:\/\/www.capacity.swiss\/wp-content\/uploads\/2024\/11\/SDG_icons_DE-05-300x300.png 300w, https:\/\/www.capacity.swiss\/wp-content\/uploads\/2024\/11\/SDG_icons_DE-05-1024x1024.png 1024w, https:\/\/www.capacity.swiss\/wp-content\/uploads\/2024\/11\/SDG_icons_DE-05-768x768.png 768w, https:\/\/www.capacity.swiss\/wp-content\/uploads\/2024\/11\/SDG_icons_DE-05-100x100.png 100w, https:\/\/www.capacity.swiss\/wp-content\/uploads\/2024\/11\/SDG_icons_DE-05-140x140.png 140w, https:\/\/www.capacity.swiss\/wp-content\/uploads\/2024\/11\/SDG_icons_DE-05-500x500.png 500w, https:\/\/www.capacity.swiss\/wp-content\/uploads\/2024\/11\/SDG_icons_DE-05-350x350.png 350w, https:\/\/www.capacity.swiss\/wp-content\/uploads\/2024\/11\/SDG_icons_DE-05-1000x1000.png 1000w, https:\/\/www.capacity.swiss\/wp-content\/uploads\/2024\/11\/SDG_icons_DE-05-800x800.png 800w, https:\/\/www.capacity.swiss\/wp-content\/uploads\/2024\/11\/SDG_icons_DE-05-45x45.png 45w, https:\/\/www.capacity.swiss\/wp-content\/uploads\/2024\/11\/SDG_icons_DE-05.png 1536w\" sizes=\"(max-width: 150px) 100vw, 150px\" \/>\t\t\t\t\t\t\t\t\t\t\t\t\t\t\t<\/div>\n\t\t\t\t<\/div>\n\t\t\t\t<div class=\"elementor-element elementor-element-b97c861 elementor-widget__width-initial elementor-widget elementor-widget-text-editor\" data-id=\"b97c861\" data-element_type=\"widget\" data-e-type=\"widget\" data-widget_type=\"text-editor.default\">\n\t\t\t\t<div class=\"elementor-widget-container\">\n\t\t\t\t\t\t\t\t\t<p>Unsere Projekte bef\u00e4higen Frauen mit Flucht- oder Migrations-Hintergrund zu einem selbstbestimmten Leben &#8211; durch berufliche Integration oder in dem sie den Weg in die Selbstst\u00e4ndigkeit w\u00e4hlen.<\/p>\n\t\t\t\t\t\t\t\t<\/div>\n\t\t\t\t<\/div>\n\t\t\t\t<\/div>\n\t\t<div class=\"elementor-element elementor-element-86cf6f0 e-con-full e-flex e-con e-child\" data-id=\"86cf6f0\" data-element_type=\"container\" data-e-type=\"container\">\n\t\t\t\t<div class=\"elementor-element elementor-element-4883e93 elementor-widget elementor-widget-image\" data-id=\"4883e93\" data-element_type=\"widget\" data-e-type=\"widget\" data-widget_type=\"image.default\">\n\t\t\t\t<div class=\"elementor-widget-container\">\n\t\t\t\t\t\t\t\t\t\t\t\t\t\t\t<img loading=\"lazy\" decoding=\"async\" width=\"150\" height=\"150\" src=\"https:\/\/www.capacity.swiss\/wp-content\/uploads\/2024\/11\/SDG_icons_DE-08-1-150x150.png\" class=\"attachment-thumbnail size-thumbnail wp-image-23360\" alt=\"Ziele f\u00fcr Nachhaltige Entwicklung 8 - Menschenw\u00fcrdige Arbeit und Wirtschaftswachstum\" srcset=\"https:\/\/www.capacity.swiss\/wp-content\/uploads\/2024\/11\/SDG_icons_DE-08-1-150x150.png 150w, https:\/\/www.capacity.swiss\/wp-content\/uploads\/2024\/11\/SDG_icons_DE-08-1-300x300.png 300w, https:\/\/www.capacity.swiss\/wp-content\/uploads\/2024\/11\/SDG_icons_DE-08-1-1024x1024.png 1024w, https:\/\/www.capacity.swiss\/wp-content\/uploads\/2024\/11\/SDG_icons_DE-08-1-768x768.png 768w, https:\/\/www.capacity.swiss\/wp-content\/uploads\/2024\/11\/SDG_icons_DE-08-1-100x100.png 100w, https:\/\/www.capacity.swiss\/wp-content\/uploads\/2024\/11\/SDG_icons_DE-08-1-140x140.png 140w, https:\/\/www.capacity.swiss\/wp-content\/uploads\/2024\/11\/SDG_icons_DE-08-1-500x500.png 500w, https:\/\/www.capacity.swiss\/wp-content\/uploads\/2024\/11\/SDG_icons_DE-08-1-350x350.png 350w, https:\/\/www.capacity.swiss\/wp-content\/uploads\/2024\/11\/SDG_icons_DE-08-1-1000x1000.png 1000w, https:\/\/www.capacity.swiss\/wp-content\/uploads\/2024\/11\/SDG_icons_DE-08-1-800x800.png 800w, https:\/\/www.capacity.swiss\/wp-content\/uploads\/2024\/11\/SDG_icons_DE-08-1-45x45.png 45w, https:\/\/www.capacity.swiss\/wp-content\/uploads\/2024\/11\/SDG_icons_DE-08-1.png 1536w\" sizes=\"(max-width: 150px) 100vw, 150px\" \/>\t\t\t\t\t\t\t\t\t\t\t\t\t\t\t<\/div>\n\t\t\t\t<\/div>\n\t\t\t\t<div class=\"elementor-element elementor-element-867a4c9 elementor-widget__width-initial elementor-widget elementor-widget-text-editor\" data-id=\"867a4c9\" data-element_type=\"widget\" data-e-type=\"widget\" data-widget_type=\"text-editor.default\">\n\t\t\t\t<div class=\"elementor-widget-container\">\n\t\t\t\t\t\t\t\t\t<p>Unsere Projekte tragen dazu bei, dass wertvolles Humankapital von Menschen mit Flucht-oder Mitgrationshintergrund in der Gesellschaft nicht weiter brach liegt, sondern sichtbar und gewinnbringend genutzt wird.<\/p>\n\t\t\t\t\t\t\t\t<\/div>\n\t\t\t\t<\/div>\n\t\t\t\t<\/div>\n\t\t<div class=\"elementor-element elementor-element-8b92ceb e-con-full e-flex e-con e-child\" data-id=\"8b92ceb\" data-element_type=\"container\" data-e-type=\"container\">\n\t\t\t\t<div class=\"elementor-element elementor-element-bfb1a66 elementor-widget elementor-widget-image\" data-id=\"bfb1a66\" data-element_type=\"widget\" data-e-type=\"widget\" data-widget_type=\"image.default\">\n\t\t\t\t<div class=\"elementor-widget-container\">\n\t\t\t\t\t\t\t\t\t\t\t\t\t\t\t<img loading=\"lazy\" decoding=\"async\" width=\"150\" height=\"150\" src=\"https:\/\/www.capacity.swiss\/wp-content\/uploads\/2024\/05\/NEW_SDG-icon-DE-10.svg\" class=\"attachment-thumbnail size-thumbnail wp-image-20906\" alt=\"Symbol der Strategisches Entwicklungsziel 10 - Weniger Ungleichheiten\" \/>\t\t\t\t\t\t\t\t\t\t\t\t\t\t\t<\/div>\n\t\t\t\t<\/div>\n\t\t\t\t<div class=\"elementor-element elementor-element-ccfd39f elementor-widget__width-initial elementor-widget elementor-widget-text-editor\" data-id=\"ccfd39f\" data-element_type=\"widget\" data-e-type=\"widget\" data-widget_type=\"text-editor.default\">\n\t\t\t\t<div class=\"elementor-widget-container\">\n\t\t\t\t\t\t\t\t\t<p>Unabh\u00e4ngig von Geschlecht, Behinderung, Rasse, Ethnizit\u00e4t, Herkunft, Religion oder Status f\u00f6rdern wir die soziale und wirtschaftliche Inklusion von Gefl\u00fcchteten und Migrant:innen in der Schweiz.<\/p>\t\t\t\t\t\t\t\t<\/div>\n\t\t\t\t<\/div>\n\t\t\t\t<\/div>\n\t\t\t\t\t<\/div>\n\t\t\t\t<\/div>\n\t\t\t\t\t<\/div>\n\t\t\t\t<\/div>\n\t\t<div class=\"elementor-element elementor-element-1dc92db e-flex e-con-boxed e-con e-parent\" data-id=\"1dc92db\" data-element_type=\"container\" data-e-type=\"container\">\n\t\t\t\t\t<div class=\"e-con-inner\">\n\t\t<div class=\"elementor-element elementor-element-82c5a6c e-con-full e-flex e-con e-child\" data-id=\"82c5a6c\" data-element_type=\"container\" data-e-type=\"container\" data-settings=\"{&quot;background_background&quot;:&quot;classic&quot;}\">\n\t\t\t\t<div class=\"elementor-element elementor-element-48520e6 elementor-widget elementor-widget-image\" data-id=\"48520e6\" data-element_type=\"widget\" data-e-type=\"widget\" data-widget_type=\"image.default\">\n\t\t\t\t<div class=\"elementor-widget-container\">\n\t\t\t\t\t\t\t\t\t\t\t\t\t\t\t<img loading=\"lazy\" decoding=\"async\" width=\"1024\" height=\"734\" src=\"https:\/\/www.capacity.swiss\/wp-content\/uploads\/2024\/03\/EditedAccess-Fast-Track-2022_Talent-Coach_Talent-2-1024x734.jpg\" class=\"attachment-large size-large wp-image-11964\" alt=\"\" srcset=\"https:\/\/www.capacity.swiss\/wp-content\/uploads\/2024\/03\/EditedAccess-Fast-Track-2022_Talent-Coach_Talent-2-1024x734.jpg 1024w, https:\/\/www.capacity.swiss\/wp-content\/uploads\/2024\/03\/EditedAccess-Fast-Track-2022_Talent-Coach_Talent-2-300x215.jpg 300w, https:\/\/www.capacity.swiss\/wp-content\/uploads\/2024\/03\/EditedAccess-Fast-Track-2022_Talent-Coach_Talent-2-768x551.jpg 768w, https:\/\/www.capacity.swiss\/wp-content\/uploads\/2024\/03\/EditedAccess-Fast-Track-2022_Talent-Coach_Talent-2-1536x1102.jpg 1536w, https:\/\/www.capacity.swiss\/wp-content\/uploads\/2024\/03\/EditedAccess-Fast-Track-2022_Talent-Coach_Talent-2-2048x1469.jpg 2048w\" sizes=\"(max-width: 1024px) 100vw, 1024px\" \/>\t\t\t\t\t\t\t\t\t\t\t\t\t\t\t<\/div>\n\t\t\t\t<\/div>\n\t\t\t\t<div class=\"elementor-element elementor-element-a38e4bf elementor-widget elementor-widget-spacer\" data-id=\"a38e4bf\" data-element_type=\"widget\" data-e-type=\"widget\" data-widget_type=\"spacer.default\">\n\t\t\t\t<div class=\"elementor-widget-container\">\n\t\t\t\t\t\t\t<div class=\"elementor-spacer\">\n\t\t\t<div class=\"elementor-spacer-inner\"><\/div>\n\t\t<\/div>\n\t\t\t\t\t\t<\/div>\n\t\t\t\t<\/div>\n\t\t\t\t<\/div>\n\t\t<div class=\"elementor-element elementor-element-110378e e-con-full e-flex e-con e-child\" data-id=\"110378e\" data-element_type=\"container\" data-e-type=\"container\">\n\t\t\t\t<div class=\"elementor-element elementor-element-d360259 elementor-widget__width-initial elementor-widget elementor-widget-text-editor\" data-id=\"d360259\" data-element_type=\"widget\" data-e-type=\"widget\" data-widget_type=\"text-editor.default\">\n\t\t\t\t<div class=\"elementor-widget-container\">\n\t\t\t\t\t\t\t\t\t<p><span class=\"OYPEnA text-decoration-none text-strikethrough-none\">Wir f\u00f6rdern ein integratives Umfeld, in dem wir unsere Leitlinien f\u00fcr einschliessendes Verhalten und angemessenen Gebrauch von Sprache intern anwenden. <span style=\"font-weight: 400;\">In Schulungen vermitteln wir unser Wissen an externe Partner und deren Mitarbeiter:innen; insbesondere wenn es um geschlechter- und migrationsspezifische Erfahrungen geht.<\/span><\/span><\/p>\n\t\t\t\t\t\t\t\t<\/div>\n\t\t\t\t<\/div>\n\t\t\t\t<div class=\"elementor-element elementor-element-05e1632 elementor-widget elementor-widget-spacer\" data-id=\"05e1632\" data-element_type=\"widget\" data-e-type=\"widget\" data-widget_type=\"spacer.default\">\n\t\t\t\t<div class=\"elementor-widget-container\">\n\t\t\t\t\t\t\t<div class=\"elementor-spacer\">\n\t\t\t<div class=\"elementor-spacer-inner\"><\/div>\n\t\t<\/div>\n\t\t\t\t\t\t<\/div>\n\t\t\t\t<\/div>\n\t\t\t\t<div class=\"elementor-element elementor-element-dc4c77f elementor-mobile-align-left elementor-widget elementor-widget-button\" data-id=\"dc4c77f\" data-element_type=\"widget\" data-e-type=\"widget\" data-widget_type=\"button.default\">\n\t\t\t\t<div class=\"elementor-widget-container\">\n\t\t\t\t\t\t\t\t\t<div class=\"elementor-button-wrapper\">\n\t\t\t\t\t<a class=\"elementor-button elementor-button-link elementor-size-sm\" href=\"https:\/\/www.capacity.swiss\/wp-content\/uploads\/2024\/03\/Manifesto-Website_DE-und-ENG.pdf\" target=\"_blank\">\n\t\t\t\t\t\t<span class=\"elementor-button-content-wrapper\">\n\t\t\t\t\t\t<span class=\"elementor-button-icon\">\n\t\t\t\t<svg aria-hidden=\"true\" class=\"e-font-icon-svg e-far-arrow-alt-circle-right\" viewBox=\"0 0 512 512\" xmlns=\"http:\/\/www.w3.org\/2000\/svg\"><path d=\"M504 256C504 119 393 8 256 8S8 119 8 256s111 248 248 248 248-111 248-248zm-448 0c0-110.5 89.5-200 200-200s200 89.5 200 200-89.5 200-200 200S56 366.5 56 256zm72 20v-40c0-6.6 5.4-12 12-12h116v-67c0-10.7 12.9-16 20.5-8.5l99 99c4.7 4.7 4.7 12.3 0 17l-99 99c-7.6 7.6-20.5 2.2-20.5-8.5v-67H140c-6.6 0-12-5.4-12-12z\"><\/path><\/svg>\t\t\t<\/span>\n\t\t\t\t\t\t\t\t\t<span class=\"elementor-button-text\">Manifesto<\/span>\n\t\t\t\t\t<\/span>\n\t\t\t\t\t<\/a>\n\t\t\t\t<\/div>\n\t\t\t\t\t\t\t\t<\/div>\n\t\t\t\t<\/div>\n\t\t\t\t<\/div>\n\t\t\t\t\t<\/div>\n\t\t\t\t<\/div>\n\t\t\t\t<\/div>\n\t\t","protected":false},"excerpt":{"rendered":"<p>Engagiert f\u00fcr Vielfalt und Integration F\u00fcr Menschen mit Flucht- und Migrationshintergrund in der Schweiz \u00a0 In Kooperation mit Unternehmen, die soziale Verantwortung \u00fcbernehmen Die Programme von Capacity zielen darauf ab,&#8230;<\/p>\n","protected":false},"author":8,"featured_media":0,"parent":0,"menu_order":36,"comment_status":"closed","ping_status":"closed","template":"elementor_header_footer","meta":{"inline_featured_image":false,"footnotes":""},"class_list":["post-16073","page","type-page","status-publish"],"yoast_head":"<!-- This site is optimized with the Yoast SEO plugin v27.4 - https:\/\/yoast.com\/product\/yoast-seo-wordpress\/ -->\n<title>Vision &amp; Engagement - Capacity<\/title>\n<meta name=\"description\" content=\"Unsere Vision ist eine Gesellschaft, die Vielfalt als St\u00e4rke sieht und in der Menschen ihre Potenziale einbringen k\u00f6nnen.\" \/>\n<meta name=\"robots\" content=\"index, follow, max-snippet:-1, max-image-preview:large, max-video-preview:-1\" \/>\n<link rel=\"canonical\" href=\"https:\/\/www.capacity.swiss\/de\/vision\/\" \/>\n<meta property=\"og:locale\" content=\"de_DE\" \/>\n<meta property=\"og:type\" content=\"article\" \/>\n<meta property=\"og:title\" content=\"Vision &amp; Engagement - Capacity\" \/>\n<meta property=\"og:description\" content=\"Unsere Vision ist eine Gesellschaft, die Vielfalt als St\u00e4rke sieht und in der Menschen ihre Potenziale einbringen k\u00f6nnen.\" \/>\n<meta property=\"og:url\" content=\"https:\/\/www.capacity.swiss\/de\/vision\/\" \/>\n<meta property=\"og:site_name\" content=\"Capacity\" \/>\n<meta property=\"article:modified_time\" content=\"2024-11-11T18:20:03+00:00\" \/>\n<meta property=\"og:image\" content=\"https:\/\/www.capacity.swiss\/wp-content\/uploads\/2024\/11\/DE_SDG-01.png\" \/>\n\t<meta property=\"og:image:width\" content=\"877\" \/>\n\t<meta property=\"og:image:height\" content=\"879\" \/>\n\t<meta property=\"og:image:type\" content=\"image\/png\" \/>\n<meta name=\"twitter:card\" content=\"summary_large_image\" \/>\n<meta name=\"twitter:label1\" content=\"Gesch\u00e4tzte Lesezeit\" \/>\n\t<meta name=\"twitter:data1\" content=\"4\u00a0Minuten\" \/>\n<script type=\"application\/ld+json\" class=\"yoast-schema-graph\">{\"@context\":\"https:\\\/\\\/schema.org\",\"@graph\":[{\"@type\":\"WebPage\",\"@id\":\"https:\\\/\\\/www.capacity.swiss\\\/de\\\/vision\\\/\",\"url\":\"https:\\\/\\\/www.capacity.swiss\\\/de\\\/vision\\\/\",\"name\":\"Vision & Engagement - Capacity\",\"isPartOf\":{\"@id\":\"https:\\\/\\\/www.capacity.swiss\\\/de\\\/#website\"},\"primaryImageOfPage\":{\"@id\":\"https:\\\/\\\/www.capacity.swiss\\\/de\\\/vision\\\/#primaryimage\"},\"image\":{\"@id\":\"https:\\\/\\\/www.capacity.swiss\\\/de\\\/vision\\\/#primaryimage\"},\"thumbnailUrl\":\"https:\\\/\\\/www.capacity.swiss\\\/wp-content\\\/uploads\\\/2024\\\/11\\\/DE_SDG-01-150x150.png\",\"datePublished\":\"2024-01-12T05:04:46+00:00\",\"dateModified\":\"2024-11-11T18:20:03+00:00\",\"description\":\"Unsere Vision ist eine Gesellschaft, die Vielfalt als St\u00e4rke sieht und in der Menschen ihre Potenziale einbringen k\u00f6nnen.\",\"breadcrumb\":{\"@id\":\"https:\\\/\\\/www.capacity.swiss\\\/de\\\/vision\\\/#breadcrumb\"},\"inLanguage\":\"de-CH\",\"potentialAction\":[{\"@type\":\"ReadAction\",\"target\":[\"https:\\\/\\\/www.capacity.swiss\\\/de\\\/vision\\\/\"]}]},{\"@type\":\"ImageObject\",\"inLanguage\":\"de-CH\",\"@id\":\"https:\\\/\\\/www.capacity.swiss\\\/de\\\/vision\\\/#primaryimage\",\"url\":\"https:\\\/\\\/www.capacity.swiss\\\/wp-content\\\/uploads\\\/2024\\\/11\\\/DE_SDG-01-150x150.png\",\"contentUrl\":\"https:\\\/\\\/www.capacity.swiss\\\/wp-content\\\/uploads\\\/2024\\\/11\\\/DE_SDG-01-150x150.png\"},{\"@type\":\"BreadcrumbList\",\"@id\":\"https:\\\/\\\/www.capacity.swiss\\\/de\\\/vision\\\/#breadcrumb\",\"itemListElement\":[{\"@type\":\"ListItem\",\"position\":1,\"name\":\"Home\",\"item\":\"https:\\\/\\\/www.capacity.swiss\\\/de\\\/\"},{\"@type\":\"ListItem\",\"position\":2,\"name\":\"Vision &#038; Engagement\"}]},{\"@type\":\"WebSite\",\"@id\":\"https:\\\/\\\/www.capacity.swiss\\\/de\\\/#website\",\"url\":\"https:\\\/\\\/www.capacity.swiss\\\/de\\\/\",\"name\":\"Capacity\",\"description\":\"Fostering Refugee &amp; Migrant Talent\",\"publisher\":{\"@id\":\"https:\\\/\\\/www.capacity.swiss\\\/de\\\/#organization\"},\"potentialAction\":[{\"@type\":\"SearchAction\",\"target\":{\"@type\":\"EntryPoint\",\"urlTemplate\":\"https:\\\/\\\/www.capacity.swiss\\\/de\\\/?s={search_term_string}\"},\"query-input\":{\"@type\":\"PropertyValueSpecification\",\"valueRequired\":true,\"valueName\":\"search_term_string\"}}],\"inLanguage\":\"de-CH\"},{\"@type\":\"Organization\",\"@id\":\"https:\\\/\\\/www.capacity.swiss\\\/de\\\/#organization\",\"name\":\"Capacity\",\"url\":\"https:\\\/\\\/www.capacity.swiss\\\/de\\\/\",\"logo\":{\"@type\":\"ImageObject\",\"inLanguage\":\"de-CH\",\"@id\":\"https:\\\/\\\/www.capacity.swiss\\\/de\\\/#\\\/schema\\\/logo\\\/image\\\/\",\"url\":\"https:\\\/\\\/capacity.swiss\\\/wp-content\\\/uploads\\\/2023\\\/12\\\/2023-capacity-logo-long-new-Transparent-320-\u00d7-132-px.png\",\"contentUrl\":\"https:\\\/\\\/capacity.swiss\\\/wp-content\\\/uploads\\\/2023\\\/12\\\/2023-capacity-logo-long-new-Transparent-320-\u00d7-132-px.png\",\"width\":560,\"height\":231,\"caption\":\"Capacity\"},\"image\":{\"@id\":\"https:\\\/\\\/www.capacity.swiss\\\/de\\\/#\\\/schema\\\/logo\\\/image\\\/\"}}]}<\/script>\n<!-- \/ Yoast SEO plugin. -->","yoast_head_json":{"title":"Vision & Engagement - Capacity","description":"Unsere Vision ist eine Gesellschaft, die Vielfalt als St\u00e4rke sieht und in der Menschen ihre Potenziale einbringen k\u00f6nnen.","robots":{"index":"index","follow":"follow","max-snippet":"max-snippet:-1","max-image-preview":"max-image-preview:large","max-video-preview":"max-video-preview:-1"},"canonical":"https:\/\/www.capacity.swiss\/de\/vision\/","og_locale":"de_DE","og_type":"article","og_title":"Vision & Engagement - Capacity","og_description":"Unsere Vision ist eine Gesellschaft, die Vielfalt als St\u00e4rke sieht und in der Menschen ihre Potenziale einbringen k\u00f6nnen.","og_url":"https:\/\/www.capacity.swiss\/de\/vision\/","og_site_name":"Capacity","article_modified_time":"2024-11-11T18:20:03+00:00","og_image":[{"width":877,"height":879,"url":"https:\/\/www.capacity.swiss\/wp-content\/uploads\/2024\/11\/DE_SDG-01.png","type":"image\/png"}],"twitter_card":"summary_large_image","twitter_misc":{"Gesch\u00e4tzte Lesezeit":"4\u00a0Minuten"},"schema":{"@context":"https:\/\/schema.org","@graph":[{"@type":"WebPage","@id":"https:\/\/www.capacity.swiss\/de\/vision\/","url":"https:\/\/www.capacity.swiss\/de\/vision\/","name":"Vision & Engagement - Capacity","isPartOf":{"@id":"https:\/\/www.capacity.swiss\/de\/#website"},"primaryImageOfPage":{"@id":"https:\/\/www.capacity.swiss\/de\/vision\/#primaryimage"},"image":{"@id":"https:\/\/www.capacity.swiss\/de\/vision\/#primaryimage"},"thumbnailUrl":"https:\/\/www.capacity.swiss\/wp-content\/uploads\/2024\/11\/DE_SDG-01-150x150.png","datePublished":"2024-01-12T05:04:46+00:00","dateModified":"2024-11-11T18:20:03+00:00","description":"Unsere Vision ist eine Gesellschaft, die Vielfalt als St\u00e4rke sieht und in der Menschen ihre Potenziale einbringen k\u00f6nnen.","breadcrumb":{"@id":"https:\/\/www.capacity.swiss\/de\/vision\/#breadcrumb"},"inLanguage":"de-CH","potentialAction":[{"@type":"ReadAction","target":["https:\/\/www.capacity.swiss\/de\/vision\/"]}]},{"@type":"ImageObject","inLanguage":"de-CH","@id":"https:\/\/www.capacity.swiss\/de\/vision\/#primaryimage","url":"https:\/\/www.capacity.swiss\/wp-content\/uploads\/2024\/11\/DE_SDG-01-150x150.png","contentUrl":"https:\/\/www.capacity.swiss\/wp-content\/uploads\/2024\/11\/DE_SDG-01-150x150.png"},{"@type":"BreadcrumbList","@id":"https:\/\/www.capacity.swiss\/de\/vision\/#breadcrumb","itemListElement":[{"@type":"ListItem","position":1,"name":"Home","item":"https:\/\/www.capacity.swiss\/de\/"},{"@type":"ListItem","position":2,"name":"Vision &#038; Engagement"}]},{"@type":"WebSite","@id":"https:\/\/www.capacity.swiss\/de\/#website","url":"https:\/\/www.capacity.swiss\/de\/","name":"Capacity","description":"Fostering Refugee &amp; Migrant Talent","publisher":{"@id":"https:\/\/www.capacity.swiss\/de\/#organization"},"potentialAction":[{"@type":"SearchAction","target":{"@type":"EntryPoint","urlTemplate":"https:\/\/www.capacity.swiss\/de\/?s={search_term_string}"},"query-input":{"@type":"PropertyValueSpecification","valueRequired":true,"valueName":"search_term_string"}}],"inLanguage":"de-CH"},{"@type":"Organization","@id":"https:\/\/www.capacity.swiss\/de\/#organization","name":"Capacity","url":"https:\/\/www.capacity.swiss\/de\/","logo":{"@type":"ImageObject","inLanguage":"de-CH","@id":"https:\/\/www.capacity.swiss\/de\/#\/schema\/logo\/image\/","url":"https:\/\/capacity.swiss\/wp-content\/uploads\/2023\/12\/2023-capacity-logo-long-new-Transparent-320-\u00d7-132-px.png","contentUrl":"https:\/\/capacity.swiss\/wp-content\/uploads\/2023\/12\/2023-capacity-logo-long-new-Transparent-320-\u00d7-132-px.png","width":560,"height":231,"caption":"Capacity"},"image":{"@id":"https:\/\/www.capacity.swiss\/de\/#\/schema\/logo\/image\/"}}]}},"_links":{"self":[{"href":"https:\/\/www.capacity.swiss\/de\/wp-json\/wp\/v2\/pages\/16073","targetHints":{"allow":["GET"]}}],"collection":[{"href":"https:\/\/www.capacity.swiss\/de\/wp-json\/wp\/v2\/pages"}],"about":[{"href":"https:\/\/www.capacity.swiss\/de\/wp-json\/wp\/v2\/types\/page"}],"author":[{"embeddable":true,"href":"https:\/\/www.capacity.swiss\/de\/wp-json\/wp\/v2\/users\/8"}],"replies":[{"embeddable":true,"href":"https:\/\/www.capacity.swiss\/de\/wp-json\/wp\/v2\/comments?post=16073"}],"version-history":[{"count":5,"href":"https:\/\/www.capacity.swiss\/de\/wp-json\/wp\/v2\/pages\/16073\/revisions"}],"predecessor-version":[{"id":23374,"href":"https:\/\/www.capacity.swiss\/de\/wp-json\/wp\/v2\/pages\/16073\/revisions\/23374"}],"wp:attachment":[{"href":"https:\/\/www.capacity.swiss\/de\/wp-json\/wp\/v2\/media?parent=16073"}],"curies":[{"name":"wp","href":"https:\/\/api.w.org\/{rel}","templated":true}]}}