{"id":1611,"date":"2018-08-05T00:46:55","date_gmt":"2018-08-04T22:46:55","guid":{"rendered":"http:\/\/new.capacityzurich.ch\/?page_id=1611"},"modified":"2022-11-23T20:52:52","modified_gmt":"2022-11-23T19:52:52","slug":"2018-entrepreneure","status":"publish","type":"page","link":"https:\/\/www.capacity.swiss\/de\/2018-entrepreneure\/","title":{"rendered":"2018 Entrepreneure"},"content":{"rendered":"[vc_row type=&#187;full_width_background&#187; full_screen_row_position=&#187;middle&#187; column_margin=&#187;default&#187; column_direction=&#187;default&#187; column_direction_tablet=&#187;default&#187; column_direction_phone=&#187;default&#187; bg_image=&#187;1624&#8243; bg_position=&#187;center top&#187; background_image_loading=&#187;default&#187; bg_repeat=&#187;no-repeat&#187; scene_position=&#187;center&#187; top_padding=&#187;12%&#187; bottom_padding=&#187;12%&#187; text_color=&#187;light&#187; text_align=&#187;center&#187; row_border_radius=&#187;none&#187; row_border_radius_applies=&#187;bg&#187; overflow=&#187;visible&#187; color_overlay=&#187;#74b453&#8243; overlay_strength=&#187;0.5&#8243; gradient_direction=&#187;left_to_right&#187; enable_shape_divider=&#187;true&#187; shape_divider_position=&#187;bottom&#187; shape_divider_height=&#187;200&#8243; bg_image_animation=&#187;none&#187; shape_type=&#187;curve_opacity&#187;][vc_column column_padding=&#187;no-extra-padding&#187; column_padding_tablet=&#187;inherit&#187; column_padding_phone=&#187;inherit&#187; column_padding_position=&#187;all&#187; column_element_direction_desktop=&#187;default&#187; column_element_spacing=&#187;default&#187; desktop_text_alignment=&#187;default&#187; tablet_text_alignment=&#187;default&#187; phone_text_alignment=&#187;default&#187; background_color_opacity=&#187;1&#8243; background_hover_color_opacity=&#187;1&#8243; column_backdrop_filter=&#187;none&#187; column_shadow=&#187;none&#187; column_border_radius=&#187;none&#187; column_link_target=&#187;_self&#187; column_position=&#187;default&#187; gradient_direction=&#187;left_to_right&#187; overlay_strength=&#187;0.3&#8243; width=&#187;1\/1&#8243; tablet_width_inherit=&#187;default&#187; animation_type=&#187;default&#187; bg_image_animation=&#187;none&#187; border_type=&#187;simple&#187; column_border_width=&#187;none&#187; column_border_style=&#187;solid&#187;][vc_column_text]\n<h1><strong>2018 Entrepreneure<\/strong><\/h1>\n[\/vc_column_text][\/vc_column][\/vc_row][vc_row type=&#187;full_width_background&#187; full_screen_row_position=&#187;middle&#187; column_margin=&#187;default&#187; column_direction=&#187;default&#187; column_direction_tablet=&#187;default&#187; column_direction_phone=&#187;default&#187; scene_position=&#187;center&#187; top_padding=&#187;6%&#187; text_color=&#187;dark&#187; text_align=&#187;left&#187; row_border_radius=&#187;none&#187; row_border_radius_applies=&#187;bg&#187; overflow=&#187;visible&#187; overlay_strength=&#187;0.3&#8243; gradient_direction=&#187;left_to_right&#187; shape_divider_position=&#187;bottom&#187; bg_image_animation=&#187;none&#187; shape_type=&#187;&#187;][vc_column column_padding=&#187;no-extra-padding&#187; column_padding_tablet=&#187;inherit&#187; column_padding_phone=&#187;inherit&#187; column_padding_position=&#187;left-right&#187; column_element_direction_desktop=&#187;default&#187; column_element_spacing=&#187;default&#187; desktop_text_alignment=&#187;default&#187; tablet_text_alignment=&#187;default&#187; phone_text_alignment=&#187;default&#187; background_color_opacity=&#187;1&#8243; background_hover_color_opacity=&#187;1&#8243; column_backdrop_filter=&#187;none&#187; column_shadow=&#187;none&#187; column_border_radius=&#187;none&#187; column_link_target=&#187;_self&#187; column_position=&#187;default&#187; gradient_direction=&#187;left_to_right&#187; overlay_strength=&#187;0.3&#8243; width=&#187;1\/1&#8243; tablet_width_inherit=&#187;default&#187; animation_type=&#187;default&#187; bg_image_animation=&#187;none&#187; border_type=&#187;simple&#187; column_border_width=&#187;none&#187; column_border_style=&#187;solid&#187;][vc_row_inner column_margin=&#187;default&#187; column_direction=&#187;default&#187; column_direction_tablet=&#187;default&#187; column_direction_phone=&#187;default&#187; bottom_padding=&#187;3%&#187; text_align=&#187;left&#187; row_position=&#187;default&#187; row_position_tablet=&#187;inherit&#187; row_position_phone=&#187;inherit&#187; overflow=&#187;visible&#187; pointer_events=&#187;all&#187;][vc_column_inner column_padding=&#187;no-extra-padding&#187; column_padding_tablet=&#187;inherit&#187; column_padding_phone=&#187;inherit&#187; column_padding_position=&#187;all&#187; column_element_direction_desktop=&#187;default&#187; column_element_spacing=&#187;default&#187; centered_text=&#187;true&#187; desktop_text_alignment=&#187;default&#187; tablet_text_alignment=&#187;default&#187; phone_text_alignment=&#187;default&#187; background_color_opacity=&#187;1&#8243; background_hover_color_opacity=&#187;1&#8243; column_backdrop_filter=&#187;none&#187; column_shadow=&#187;none&#187; column_border_radius=&#187;none&#187; column_link_target=&#187;_self&#187; overflow=&#187;visible&#187; gradient_direction=&#187;left_to_right&#187; overlay_strength=&#187;0.3&#8243; width=&#187;1\/1&#8243; tablet_width_inherit=&#187;default&#187; animation_type=&#187;default&#187; bg_image_animation=&#187;none&#187; border_type=&#187;simple&#187; column_border_width=&#187;none&#187; column_border_style=&#187;solid&#187;][vc_custom_heading text=&#187;Unsere 2018 TeilnehmerInnen&#187; font_container=&#187;tag:h2|font_size:35|text_align:center&#187; use_theme_fonts=&#187;yes&#187;][vc_column_text]\n<p style=\"text-align: left;\">Wir freuen uns, unsere vielf\u00e4ltige Unternehmergruppe 2018 vorzustellen, die 20 verschiedene Nationalit\u00e4ten repr\u00e4sentieren. Diese brillanten Professionals sind auf dem besten Weg, ihre Tr\u00e4ume zu verwirklichen. Lernt euch noch besser kennen!<\/p>\n[\/vc_column_text][\/vc_column_inner][\/vc_row_inner]\t\t\t\t\n\t\t\t\t\n\t\t\t\t\n\t\t\t\t<div class=\"portfolio-wrap \">\n\t\t\t\t\t\n\t\t\t\t\t\t\t\t\t\t\n\t\t\t\t\t<span class=\"portfolio-loading  none\">   <\/span>\n\t\t\t\t\t\n\t\t\t\t\t\t\t\t\t\t\n\t\t\t\t\t<div class=\"row portfolio-items no-masonry  fullwidth-constrained  \" data-rcp=\"false\" data-masonry-type=\"default\" data-ps=\"3\" data-starting-filter=\"\" data-gutter=\"default\" data-categories-to-show=\"2018-entrepreneurs\" data-bypass-cropping=\"\" data-lightbox-only=\"0\" data-col-num=\"elastic\">\n\t\t\t\t\t\t\t\t\t\t\t\t\n\t\t\t\t\t\t\t\t\t\t\t\t\n\t\t\t\t\t\t<div class=\"col elastic-portfolio-item  element 2018-entrepreneure-de \"  data-project-cat=\"2018-entrepreneure-de \" data-default-color=\"true\" data-title-color=\"\" data-subtitle-color=\"\">\n\t\t\t\t\t\t\t\n\t\t\t\t\t\t\t<div class=\"inner-wrap animated\" data-animation=\"fade_in\">\n\t\t\t\t\t\t\t\t\n\t\t\t\t\t\t\t\t\t\t\t\t\t\t\t\t\t\n\t\t\t\t\t\t\t\t\t<div class=\"work-item style-3\" data-custom-content=\"off\" data-text-align=\"middle\">\n\t\t\t\t\t\t\t\t\t\t\n\t\t\t\t\t\t\t\t\t\t<img fetchpriority=\"high\" decoding=\"async\" class=\"size- skip-lazy\" src=\"https:\/\/www.capacity.swiss\/wp-content\/uploads\/2018\/08\/Jampa-Dechen-Jangma2-600x403.jpg\" alt=\"\" height=\"403\" width=\"600\" srcset=\"https:\/\/www.capacity.swiss\/wp-content\/uploads\/2018\/08\/Jampa-Dechen-Jangma2-900x604.jpg 900w, https:\/\/www.capacity.swiss\/wp-content\/uploads\/2018\/08\/Jampa-Dechen-Jangma2-600x403.jpg 600w, https:\/\/www.capacity.swiss\/wp-content\/uploads\/2018\/08\/Jampa-Dechen-Jangma2-400x269.jpg 400w\"  \/>\t\t\t\t\t\t\t\t\t\t\n\t\t\t\t\t\t\t\t\t\t<div class=\"work-info-bg\"><\/div>\n\t\t\t\t\t\t\t\t\t\t<div class=\"work-info\">\n\t\t\t\t\t\t\t\t\t\t\t\n\t\t\t\t\t\t\t\t\t\t\t\t\t\t\t\t\t\t\t\t\t\t\t\t\n\t\t\t\t\t\t\t\t\t\t\t\t\t<a href=\"https:\/\/www.capacity.swiss\/de\/participants\/dechen\/\"><\/a>\n\t\t\t\t\t\t\t\t\t\t\t\t\t\n\t\t\t\t\t\t\t\t\t\t\t\t\t\t\t\t\t\t\t\t\t\t\t\n\t\t\t\t\t\t\t\t\t\t\t<div class=\"vert-center\">\n\t\t\t\t\t\t\t\t\t\t\t\t\t\n\t\t\t\t\t\t\t\t\t\t\t\t\t<h3>Jampa Dechen Jangma <\/h3> \n\t\t\t\t\t\t\t\t\t\t\t\t\t\t\t\t\t\t\t\t\t\t\t\t\t\t\t\t\t\t\t\t\t\t\t\t<\/div><!--\/vert-center-->\n\t\t\t\t\t\t\t\t\t\t\t\n\t\t\t\t\t\t\t\t\t\t<\/div>\n\t\t\t\t\t\t\t\t\t<\/div><!--work-item-->\n\t\t\t\t\t\t\t\t\t\n\t\t\t\t\t\t\t\t\t\t\t\t\t\t\t\t\n\t\t\t\t\t\t\t\t\n\t\t\t\t\t\t\t<\/div><!--\/inner-wrap-->\n\t\t\t\t\t\t<\/div><!--\/col-->\n\t\t\t\t\t\t\n\t\t\t\t\t\t\t\t\t\t\t\n\t\t\t\t\t\t\t\t\t\t\t\t\n\t\t\t\t\t\t<div class=\"col elastic-portfolio-item  element 2018-entrepreneure-de \"  data-project-cat=\"2018-entrepreneure-de \" data-default-color=\"true\" data-title-color=\"\" data-subtitle-color=\"\">\n\t\t\t\t\t\t\t\n\t\t\t\t\t\t\t<div class=\"inner-wrap animated\" data-animation=\"fade_in\">\n\t\t\t\t\t\t\t\t\n\t\t\t\t\t\t\t\t\t\t\t\t\t\t\t\t\t\n\t\t\t\t\t\t\t\t\t<div class=\"work-item style-3\" data-custom-content=\"off\" data-text-align=\"middle\">\n\t\t\t\t\t\t\t\t\t\t\n\t\t\t\t\t\t\t\t\t\t<img decoding=\"async\" class=\"size- skip-lazy\" src=\"https:\/\/www.capacity.swiss\/wp-content\/uploads\/2018\/08\/Sana-Al-Mor2-600x403.jpg\" alt=\"\" height=\"403\" width=\"600\" srcset=\"https:\/\/www.capacity.swiss\/wp-content\/uploads\/2018\/08\/Sana-Al-Mor2-900x604.jpg 900w, https:\/\/www.capacity.swiss\/wp-content\/uploads\/2018\/08\/Sana-Al-Mor2-600x403.jpg 600w, https:\/\/www.capacity.swiss\/wp-content\/uploads\/2018\/08\/Sana-Al-Mor2-400x269.jpg 400w\"  \/>\t\t\t\t\t\t\t\t\t\t\n\t\t\t\t\t\t\t\t\t\t<div class=\"work-info-bg\"><\/div>\n\t\t\t\t\t\t\t\t\t\t<div class=\"work-info\">\n\t\t\t\t\t\t\t\t\t\t\t\n\t\t\t\t\t\t\t\t\t\t\t\t\t\t\t\t\t\t\t\t\t\t\t\t\n\t\t\t\t\t\t\t\t\t\t\t\t\t<a href=\"https:\/\/www.capacity.swiss\/de\/participants\/sana\/\"><\/a>\n\t\t\t\t\t\t\t\t\t\t\t\t\t\n\t\t\t\t\t\t\t\t\t\t\t\t\t\t\t\t\t\t\t\t\t\t\t\n\t\t\t\t\t\t\t\t\t\t\t<div class=\"vert-center\">\n\t\t\t\t\t\t\t\t\t\t\t\t\t\n\t\t\t\t\t\t\t\t\t\t\t\t\t<h3>Sana Al Mor <\/h3> \n\t\t\t\t\t\t\t\t\t\t\t\t\t\t\t\t\t\t\t\t\t\t\t\t\t\t\t\t\t\t\t\t\t\t\t\t<\/div><!--\/vert-center-->\n\t\t\t\t\t\t\t\t\t\t\t\n\t\t\t\t\t\t\t\t\t\t<\/div>\n\t\t\t\t\t\t\t\t\t<\/div><!--work-item-->\n\t\t\t\t\t\t\t\t\t\n\t\t\t\t\t\t\t\t\t\t\t\t\t\t\t\t\n\t\t\t\t\t\t\t\t\n\t\t\t\t\t\t\t<\/div><!--\/inner-wrap-->\n\t\t\t\t\t\t<\/div><!--\/col-->\n\t\t\t\t\t\t\n\t\t\t\t\t\t\t\t\t\t\t\n\t\t\t\t\t\t\t\t\t\t\t\t\n\t\t\t\t\t\t<div class=\"col elastic-portfolio-item  element 2018-entrepreneure-de \"  data-project-cat=\"2018-entrepreneure-de \" data-default-color=\"true\" data-title-color=\"\" data-subtitle-color=\"\">\n\t\t\t\t\t\t\t\n\t\t\t\t\t\t\t<div class=\"inner-wrap animated\" data-animation=\"fade_in\">\n\t\t\t\t\t\t\t\t\n\t\t\t\t\t\t\t\t\t\t\t\t\t\t\t\t\t\n\t\t\t\t\t\t\t\t\t<div class=\"work-item style-3\" data-custom-content=\"off\" data-text-align=\"middle\">\n\t\t\t\t\t\t\t\t\t\t\n\t\t\t\t\t\t\t\t\t\t<img decoding=\"async\" class=\"size- skip-lazy\" src=\"https:\/\/www.capacity.swiss\/wp-content\/uploads\/2018\/08\/Sylvester-Elumba-2-600x403.jpg\" alt=\"\" height=\"403\" width=\"600\" srcset=\"https:\/\/www.capacity.swiss\/wp-content\/uploads\/2018\/08\/Sylvester-Elumba-2-900x604.jpg 900w, https:\/\/www.capacity.swiss\/wp-content\/uploads\/2018\/08\/Sylvester-Elumba-2-600x403.jpg 600w, https:\/\/www.capacity.swiss\/wp-content\/uploads\/2018\/08\/Sylvester-Elumba-2-400x269.jpg 400w\"  \/>\t\t\t\t\t\t\t\t\t\t\n\t\t\t\t\t\t\t\t\t\t<div class=\"work-info-bg\"><\/div>\n\t\t\t\t\t\t\t\t\t\t<div class=\"work-info\">\n\t\t\t\t\t\t\t\t\t\t\t\n\t\t\t\t\t\t\t\t\t\t\t\t\t\t\t\t\t\t\t\t\t\t\t\t\n\t\t\t\t\t\t\t\t\t\t\t\t\t<a href=\"https:\/\/www.capacity.swiss\/de\/participants\/sylvester\/\"><\/a>\n\t\t\t\t\t\t\t\t\t\t\t\t\t\n\t\t\t\t\t\t\t\t\t\t\t\t\t\t\t\t\t\t\t\t\t\t\t\n\t\t\t\t\t\t\t\t\t\t\t<div class=\"vert-center\">\n\t\t\t\t\t\t\t\t\t\t\t\t\t\n\t\t\t\t\t\t\t\t\t\t\t\t\t<h3>Sylvester Elumba <\/h3> \n\t\t\t\t\t\t\t\t\t\t\t\t\t\t\t\t\t\t\t\t\t\t\t\t\t\t\t\t\t\t\t\t\t\t\t\t<\/div><!--\/vert-center-->\n\t\t\t\t\t\t\t\t\t\t\t\n\t\t\t\t\t\t\t\t\t\t<\/div>\n\t\t\t\t\t\t\t\t\t<\/div><!--work-item-->\n\t\t\t\t\t\t\t\t\t\n\t\t\t\t\t\t\t\t\t\t\t\t\t\t\t\t\n\t\t\t\t\t\t\t\t\n\t\t\t\t\t\t\t<\/div><!--\/inner-wrap-->\n\t\t\t\t\t\t<\/div><!--\/col-->\n\t\t\t\t\t\t\n\t\t\t\t\t\t\t\t\t\t\t\n\t\t\t\t\t\t\t\t\t\t\t\t\n\t\t\t\t\t\t<div class=\"col elastic-portfolio-item  element 2018-entrepreneure-de featured-de \"  data-project-cat=\"2018-entrepreneure-de featured-de \" data-default-color=\"true\" data-title-color=\"\" data-subtitle-color=\"\">\n\t\t\t\t\t\t\t\n\t\t\t\t\t\t\t<div class=\"inner-wrap animated\" data-animation=\"fade_in\">\n\t\t\t\t\t\t\t\t\n\t\t\t\t\t\t\t\t\t\t\t\t\t\t\t\t\t\n\t\t\t\t\t\t\t\t\t<div class=\"work-item style-3\" data-custom-content=\"off\" data-text-align=\"middle\">\n\t\t\t\t\t\t\t\t\t\t\n\t\t\t\t\t\t\t\t\t\t<img loading=\"lazy\" decoding=\"async\" class=\"size- skip-lazy\" src=\"https:\/\/www.capacity.swiss\/wp-content\/uploads\/2018\/08\/Teferi-Kassa2-2-600x403.jpg\" alt=\"\" height=\"403\" width=\"600\" srcset=\"https:\/\/www.capacity.swiss\/wp-content\/uploads\/2018\/08\/Teferi-Kassa2-2-900x604.jpg 900w, https:\/\/www.capacity.swiss\/wp-content\/uploads\/2018\/08\/Teferi-Kassa2-2-600x403.jpg 600w, https:\/\/www.capacity.swiss\/wp-content\/uploads\/2018\/08\/Teferi-Kassa2-2-400x269.jpg 400w\"  \/>\t\t\t\t\t\t\t\t\t\t\n\t\t\t\t\t\t\t\t\t\t<div class=\"work-info-bg\"><\/div>\n\t\t\t\t\t\t\t\t\t\t<div class=\"work-info\">\n\t\t\t\t\t\t\t\t\t\t\t\n\t\t\t\t\t\t\t\t\t\t\t\t\t\t\t\t\t\t\t\t\t\t\t\t\n\t\t\t\t\t\t\t\t\t\t\t\t\t<a href=\"https:\/\/www.capacity.swiss\/de\/participants\/teferi\/\"><\/a>\n\t\t\t\t\t\t\t\t\t\t\t\t\t\n\t\t\t\t\t\t\t\t\t\t\t\t\t\t\t\t\t\t\t\t\t\t\t\n\t\t\t\t\t\t\t\t\t\t\t<div class=\"vert-center\">\n\t\t\t\t\t\t\t\t\t\t\t\t\t\n\t\t\t\t\t\t\t\t\t\t\t\t\t<h3>Teferi Kassa <\/h3> \n\t\t\t\t\t\t\t\t\t\t\t\t\t\t\t\t\t\t\t\t\t\t\t\t\t\t\t\t\t\t\t\t\t\t\t\t<\/div><!--\/vert-center-->\n\t\t\t\t\t\t\t\t\t\t\t\n\t\t\t\t\t\t\t\t\t\t<\/div>\n\t\t\t\t\t\t\t\t\t<\/div><!--work-item-->\n\t\t\t\t\t\t\t\t\t\n\t\t\t\t\t\t\t\t\t\t\t\t\t\t\t\t\n\t\t\t\t\t\t\t\t\n\t\t\t\t\t\t\t<\/div><!--\/inner-wrap-->\n\t\t\t\t\t\t<\/div><!--\/col-->\n\t\t\t\t\t\t\n\t\t\t\t\t\t\t\t\t\t\t\n\t\t\t\t\t\t\t\t\t\t\t\t\n\t\t\t\t\t\t<div class=\"col elastic-portfolio-item  element 2018-entrepreneure-de featured-de \"  data-project-cat=\"2018-entrepreneure-de featured-de \" data-default-color=\"true\" data-title-color=\"\" data-subtitle-color=\"\">\n\t\t\t\t\t\t\t\n\t\t\t\t\t\t\t<div class=\"inner-wrap animated\" data-animation=\"fade_in\">\n\t\t\t\t\t\t\t\t\n\t\t\t\t\t\t\t\t\t\t\t\t\t\t\t\t\t\n\t\t\t\t\t\t\t\t\t<div class=\"work-item style-3\" data-custom-content=\"off\" data-text-align=\"middle\">\n\t\t\t\t\t\t\t\t\t\t\n\t\t\t\t\t\t\t\t\t\t<img loading=\"lazy\" decoding=\"async\" class=\"size- skip-lazy\" src=\"https:\/\/www.capacity.swiss\/wp-content\/uploads\/2018\/08\/Mirela-Christescu-2-600x403.jpg\" alt=\"\" height=\"403\" width=\"600\" srcset=\"https:\/\/www.capacity.swiss\/wp-content\/uploads\/2018\/08\/Mirela-Christescu-2-900x604.jpg 900w, https:\/\/www.capacity.swiss\/wp-content\/uploads\/2018\/08\/Mirela-Christescu-2-600x403.jpg 600w, https:\/\/www.capacity.swiss\/wp-content\/uploads\/2018\/08\/Mirela-Christescu-2-400x269.jpg 400w\"  \/>\t\t\t\t\t\t\t\t\t\t\n\t\t\t\t\t\t\t\t\t\t<div class=\"work-info-bg\"><\/div>\n\t\t\t\t\t\t\t\t\t\t<div class=\"work-info\">\n\t\t\t\t\t\t\t\t\t\t\t\n\t\t\t\t\t\t\t\t\t\t\t\t\t\t\t\t\t\t\t\t\t\t\t\t\n\t\t\t\t\t\t\t\t\t\t\t\t\t<a href=\"https:\/\/www.capacity.swiss\/de\/participants\/mirela\/\"><\/a>\n\t\t\t\t\t\t\t\t\t\t\t\t\t\n\t\t\t\t\t\t\t\t\t\t\t\t\t\t\t\t\t\t\t\t\t\t\t\n\t\t\t\t\t\t\t\t\t\t\t<div class=\"vert-center\">\n\t\t\t\t\t\t\t\t\t\t\t\t\t\n\t\t\t\t\t\t\t\t\t\t\t\t\t<h3>Mirela Christescu <\/h3> \n\t\t\t\t\t\t\t\t\t\t\t\t\t\t\t\t\t\t\t\t\t\t\t\t\t\t\t\t\t\t\t\t\t\t\t\t<\/div><!--\/vert-center-->\n\t\t\t\t\t\t\t\t\t\t\t\n\t\t\t\t\t\t\t\t\t\t<\/div>\n\t\t\t\t\t\t\t\t\t<\/div><!--work-item-->\n\t\t\t\t\t\t\t\t\t\n\t\t\t\t\t\t\t\t\t\t\t\t\t\t\t\t\n\t\t\t\t\t\t\t\t\n\t\t\t\t\t\t\t<\/div><!--\/inner-wrap-->\n\t\t\t\t\t\t<\/div><!--\/col-->\n\t\t\t\t\t\t\n\t\t\t\t\t\t\t\t\t\t\t\n\t\t\t\t\t\t\t\t\t\t\t\t\n\t\t\t\t\t\t<div class=\"col elastic-portfolio-item  element 2018-entrepreneure-de \"  data-project-cat=\"2018-entrepreneure-de \" data-default-color=\"true\" data-title-color=\"\" data-subtitle-color=\"\">\n\t\t\t\t\t\t\t\n\t\t\t\t\t\t\t<div class=\"inner-wrap animated\" data-animation=\"fade_in\">\n\t\t\t\t\t\t\t\t\n\t\t\t\t\t\t\t\t\t\t\t\t\t\t\t\t\t\n\t\t\t\t\t\t\t\t\t<div class=\"work-item style-3\" data-custom-content=\"off\" data-text-align=\"middle\">\n\t\t\t\t\t\t\t\t\t\t\n\t\t\t\t\t\t\t\t\t\t<img loading=\"lazy\" decoding=\"async\" class=\"size- skip-lazy\" src=\"https:\/\/www.capacity.swiss\/wp-content\/uploads\/2018\/08\/180620201616-2-600x403.jpg\" alt=\"\" height=\"403\" width=\"600\" srcset=\"https:\/\/www.capacity.swiss\/wp-content\/uploads\/2018\/08\/180620201616-2-900x604.jpg 900w, https:\/\/www.capacity.swiss\/wp-content\/uploads\/2018\/08\/180620201616-2-600x403.jpg 600w, https:\/\/www.capacity.swiss\/wp-content\/uploads\/2018\/08\/180620201616-2-400x269.jpg 400w\"  \/>\t\t\t\t\t\t\t\t\t\t\n\t\t\t\t\t\t\t\t\t\t<div class=\"work-info-bg\"><\/div>\n\t\t\t\t\t\t\t\t\t\t<div class=\"work-info\">\n\t\t\t\t\t\t\t\t\t\t\t\n\t\t\t\t\t\t\t\t\t\t\t\t\t\t\t\t\t\t\t\t\t\t\t\t\n\t\t\t\t\t\t\t\t\t\t\t\t\t<a href=\"https:\/\/www.capacity.swiss\/de\/participants\/mohammedk\/\"><\/a>\n\t\t\t\t\t\t\t\t\t\t\t\t\t\n\t\t\t\t\t\t\t\t\t\t\t\t\t\t\t\t\t\t\t\t\t\t\t\n\t\t\t\t\t\t\t\t\t\t\t<div class=\"vert-center\">\n\t\t\t\t\t\t\t\t\t\t\t\t\t\n\t\t\t\t\t\t\t\t\t\t\t\t\t<h3>Mohammed Khairi <\/h3> \n\t\t\t\t\t\t\t\t\t\t\t\t\t\t\t\t\t\t\t\t\t\t\t\t\t\t\t\t\t\t\t\t\t\t\t\t<\/div><!--\/vert-center-->\n\t\t\t\t\t\t\t\t\t\t\t\n\t\t\t\t\t\t\t\t\t\t<\/div>\n\t\t\t\t\t\t\t\t\t<\/div><!--work-item-->\n\t\t\t\t\t\t\t\t\t\n\t\t\t\t\t\t\t\t\t\t\t\t\t\t\t\t\n\t\t\t\t\t\t\t\t\n\t\t\t\t\t\t\t<\/div><!--\/inner-wrap-->\n\t\t\t\t\t\t<\/div><!--\/col-->\n\t\t\t\t\t\t\n\t\t\t\t\t\t\t\t\t\t\t\n\t\t\t\t\t\t\t\t\t\t\t\t\n\t\t\t\t\t\t<div class=\"col elastic-portfolio-item  element 2018-entrepreneure-de featured-de \"  data-project-cat=\"2018-entrepreneure-de featured-de \" data-default-color=\"true\" data-title-color=\"\" data-subtitle-color=\"\">\n\t\t\t\t\t\t\t\n\t\t\t\t\t\t\t<div class=\"inner-wrap animated\" data-animation=\"fade_in\">\n\t\t\t\t\t\t\t\t\n\t\t\t\t\t\t\t\t\t\t\t\t\t\t\t\t\t\n\t\t\t\t\t\t\t\t\t<div class=\"work-item style-3\" data-custom-content=\"off\" data-text-align=\"middle\">\n\t\t\t\t\t\t\t\t\t\t\n\t\t\t\t\t\t\t\t\t\t<img loading=\"lazy\" decoding=\"async\" class=\"size- skip-lazy\" src=\"https:\/\/www.capacity.swiss\/wp-content\/uploads\/2018\/08\/Maria-Teresita-Ordaz-Apolinar-2-600x403.jpg\" alt=\"\" height=\"403\" width=\"600\" srcset=\"https:\/\/www.capacity.swiss\/wp-content\/uploads\/2018\/08\/Maria-Teresita-Ordaz-Apolinar-2-900x604.jpg 900w, https:\/\/www.capacity.swiss\/wp-content\/uploads\/2018\/08\/Maria-Teresita-Ordaz-Apolinar-2-600x403.jpg 600w, https:\/\/www.capacity.swiss\/wp-content\/uploads\/2018\/08\/Maria-Teresita-Ordaz-Apolinar-2-400x269.jpg 400w\"  \/>\t\t\t\t\t\t\t\t\t\t\n\t\t\t\t\t\t\t\t\t\t<div class=\"work-info-bg\"><\/div>\n\t\t\t\t\t\t\t\t\t\t<div class=\"work-info\">\n\t\t\t\t\t\t\t\t\t\t\t\n\t\t\t\t\t\t\t\t\t\t\t\t\t\t\t\t\t\t\t\t\t\t\t\t\n\t\t\t\t\t\t\t\t\t\t\t\t\t<a href=\"https:\/\/www.capacity.swiss\/de\/participants\/materesita\/\"><\/a>\n\t\t\t\t\t\t\t\t\t\t\t\t\t\n\t\t\t\t\t\t\t\t\t\t\t\t\t\t\t\t\t\t\t\t\t\t\t\n\t\t\t\t\t\t\t\t\t\t\t<div class=\"vert-center\">\n\t\t\t\t\t\t\t\t\t\t\t\t\t\n\t\t\t\t\t\t\t\t\t\t\t\t\t<h3>Maria Teresita Ordaz <\/h3> \n\t\t\t\t\t\t\t\t\t\t\t\t\t\t\t\t\t\t\t\t\t\t\t\t\t\t\t\t\t\t\t\t\t\t\t\t<\/div><!--\/vert-center-->\n\t\t\t\t\t\t\t\t\t\t\t\n\t\t\t\t\t\t\t\t\t\t<\/div>\n\t\t\t\t\t\t\t\t\t<\/div><!--work-item-->\n\t\t\t\t\t\t\t\t\t\n\t\t\t\t\t\t\t\t\t\t\t\t\t\t\t\t\n\t\t\t\t\t\t\t\t\n\t\t\t\t\t\t\t<\/div><!--\/inner-wrap-->\n\t\t\t\t\t\t<\/div><!--\/col-->\n\t\t\t\t\t\t\n\t\t\t\t\t\t\t\t\t\t\t\n\t\t\t\t\t\t\t\t\t\t\t\t\n\t\t\t\t\t\t<div class=\"col elastic-portfolio-item  element 2018-entrepreneure-de \"  data-project-cat=\"2018-entrepreneure-de \" data-default-color=\"true\" data-title-color=\"\" data-subtitle-color=\"\">\n\t\t\t\t\t\t\t\n\t\t\t\t\t\t\t<div class=\"inner-wrap animated\" data-animation=\"fade_in\">\n\t\t\t\t\t\t\t\t\n\t\t\t\t\t\t\t\t\t\t\t\t\t\t\t\t\t\n\t\t\t\t\t\t\t\t\t<div class=\"work-item style-3\" data-custom-content=\"off\" data-text-align=\"middle\">\n\t\t\t\t\t\t\t\t\t\t\n\t\t\t\t\t\t\t\t\t\t<img loading=\"lazy\" decoding=\"async\" class=\"size- skip-lazy\" src=\"https:\/\/www.capacity.swiss\/wp-content\/uploads\/2018\/08\/Alla-Povorozniuk2-600x403.jpg\" alt=\"\" height=\"403\" width=\"600\" srcset=\"https:\/\/www.capacity.swiss\/wp-content\/uploads\/2018\/08\/Alla-Povorozniuk2-900x604.jpg 900w, https:\/\/www.capacity.swiss\/wp-content\/uploads\/2018\/08\/Alla-Povorozniuk2-600x403.jpg 600w, https:\/\/www.capacity.swiss\/wp-content\/uploads\/2018\/08\/Alla-Povorozniuk2-400x269.jpg 400w\"  \/>\t\t\t\t\t\t\t\t\t\t\n\t\t\t\t\t\t\t\t\t\t<div class=\"work-info-bg\"><\/div>\n\t\t\t\t\t\t\t\t\t\t<div class=\"work-info\">\n\t\t\t\t\t\t\t\t\t\t\t\n\t\t\t\t\t\t\t\t\t\t\t\t\t\t\t\t\t\t\t\t\t\t\t\t\n\t\t\t\t\t\t\t\t\t\t\t\t\t<a href=\"https:\/\/www.capacity.swiss\/de\/participants\/alla\/\"><\/a>\n\t\t\t\t\t\t\t\t\t\t\t\t\t\n\t\t\t\t\t\t\t\t\t\t\t\t\t\t\t\t\t\t\t\t\t\t\t\n\t\t\t\t\t\t\t\t\t\t\t<div class=\"vert-center\">\n\t\t\t\t\t\t\t\t\t\t\t\t\t\n\t\t\t\t\t\t\t\t\t\t\t\t\t<h3>Alla Povorozniuk <\/h3> \n\t\t\t\t\t\t\t\t\t\t\t\t\t\t\t\t\t\t\t\t\t\t\t\t\t\t\t\t\t\t\t\t\t\t\t\t<\/div><!--\/vert-center-->\n\t\t\t\t\t\t\t\t\t\t\t\n\t\t\t\t\t\t\t\t\t\t<\/div>\n\t\t\t\t\t\t\t\t\t<\/div><!--work-item-->\n\t\t\t\t\t\t\t\t\t\n\t\t\t\t\t\t\t\t\t\t\t\t\t\t\t\t\n\t\t\t\t\t\t\t\t\n\t\t\t\t\t\t\t<\/div><!--\/inner-wrap-->\n\t\t\t\t\t\t<\/div><!--\/col-->\n\t\t\t\t\t\t\n\t\t\t\t\t\t\t\t\t\t\t\n\t\t\t\t\t\t\t\t\t\t\t\t\n\t\t\t\t\t\t<div class=\"col elastic-portfolio-item  element 2018-entrepreneure-de \"  data-project-cat=\"2018-entrepreneure-de \" data-default-color=\"true\" data-title-color=\"\" data-subtitle-color=\"\">\n\t\t\t\t\t\t\t\n\t\t\t\t\t\t\t<div class=\"inner-wrap animated\" data-animation=\"fade_in\">\n\t\t\t\t\t\t\t\t\n\t\t\t\t\t\t\t\t\t\t\t\t\t\t\t\t\t\n\t\t\t\t\t\t\t\t\t<div class=\"work-item style-3\" data-custom-content=\"off\" data-text-align=\"middle\">\n\t\t\t\t\t\t\t\t\t\t\n\t\t\t\t\t\t\t\t\t\t<img loading=\"lazy\" decoding=\"async\" class=\"size- skip-lazy\" src=\"https:\/\/www.capacity.swiss\/wp-content\/uploads\/2018\/08\/Sunita-2020-05-14-600x403.jpeg\" alt=\"\" height=\"403\" width=\"600\" srcset=\"https:\/\/www.capacity.swiss\/wp-content\/uploads\/2018\/08\/Sunita-2020-05-14-900x604.jpeg 900w, https:\/\/www.capacity.swiss\/wp-content\/uploads\/2018\/08\/Sunita-2020-05-14-600x403.jpeg 600w, https:\/\/www.capacity.swiss\/wp-content\/uploads\/2018\/08\/Sunita-2020-05-14-400x269.jpeg 400w\"  \/>\t\t\t\t\t\t\t\t\t\t\n\t\t\t\t\t\t\t\t\t\t<div class=\"work-info-bg\"><\/div>\n\t\t\t\t\t\t\t\t\t\t<div class=\"work-info\">\n\t\t\t\t\t\t\t\t\t\t\t\n\t\t\t\t\t\t\t\t\t\t\t\t\t\t\t\t\t\t\t\t\t\t\t\t\n\t\t\t\t\t\t\t\t\t\t\t\t\t<a href=\"https:\/\/www.capacity.swiss\/de\/participants\/sunita\/\"><\/a>\n\t\t\t\t\t\t\t\t\t\t\t\t\t\n\t\t\t\t\t\t\t\t\t\t\t\t\t\t\t\t\t\t\t\t\t\t\t\n\t\t\t\t\t\t\t\t\t\t\t<div class=\"vert-center\">\n\t\t\t\t\t\t\t\t\t\t\t\t\t\n\t\t\t\t\t\t\t\t\t\t\t\t\t<h3>Sunita Kour <\/h3> \n\t\t\t\t\t\t\t\t\t\t\t\t\t\t\t\t\t\t\t\t\t\t\t\t\t\t\t\t\t\t\t\t\t\t\t\t<\/div><!--\/vert-center-->\n\t\t\t\t\t\t\t\t\t\t\t\n\t\t\t\t\t\t\t\t\t\t<\/div>\n\t\t\t\t\t\t\t\t\t<\/div><!--work-item-->\n\t\t\t\t\t\t\t\t\t\n\t\t\t\t\t\t\t\t\t\t\t\t\t\t\t\t\n\t\t\t\t\t\t\t\t\n\t\t\t\t\t\t\t<\/div><!--\/inner-wrap-->\n\t\t\t\t\t\t<\/div><!--\/col-->\n\t\t\t\t\t\t\n\t\t\t\t\t\t\t\t\t\t\t\n\t\t\t\t\t\t\t\t\t\t\t\t\n\t\t\t\t\t\t<div class=\"col elastic-portfolio-item  element 2018-entrepreneure-de \"  data-project-cat=\"2018-entrepreneure-de \" data-default-color=\"true\" data-title-color=\"\" data-subtitle-color=\"\">\n\t\t\t\t\t\t\t\n\t\t\t\t\t\t\t<div class=\"inner-wrap animated\" data-animation=\"fade_in\">\n\t\t\t\t\t\t\t\t\n\t\t\t\t\t\t\t\t\t\t\t\t\t\t\t\t\t\n\t\t\t\t\t\t\t\t\t<div class=\"work-item style-3\" data-custom-content=\"off\" data-text-align=\"middle\">\n\t\t\t\t\t\t\t\t\t\t\n\t\t\t\t\t\t\t\t\t\t<img loading=\"lazy\" decoding=\"async\" class=\"size- skip-lazy\" src=\"https:\/\/www.capacity.swiss\/wp-content\/uploads\/2018\/08\/Juliana-Djuriuc-2-600x403.jpg\" alt=\"\" height=\"403\" width=\"600\" srcset=\"https:\/\/www.capacity.swiss\/wp-content\/uploads\/2018\/08\/Juliana-Djuriuc-2-900x604.jpg 900w, https:\/\/www.capacity.swiss\/wp-content\/uploads\/2018\/08\/Juliana-Djuriuc-2-600x403.jpg 600w, https:\/\/www.capacity.swiss\/wp-content\/uploads\/2018\/08\/Juliana-Djuriuc-2-400x269.jpg 400w\"  \/>\t\t\t\t\t\t\t\t\t\t\n\t\t\t\t\t\t\t\t\t\t<div class=\"work-info-bg\"><\/div>\n\t\t\t\t\t\t\t\t\t\t<div class=\"work-info\">\n\t\t\t\t\t\t\t\t\t\t\t\n\t\t\t\t\t\t\t\t\t\t\t\t\t\t\t\t\t\t\t\t\t\t\t\t\n\t\t\t\t\t\t\t\t\t\t\t\t\t<a href=\"https:\/\/www.capacity.swiss\/de\/participants\/iuliana\/\"><\/a>\n\t\t\t\t\t\t\t\t\t\t\t\t\t\n\t\t\t\t\t\t\t\t\t\t\t\t\t\t\t\t\t\t\t\t\t\t\t\n\t\t\t\t\t\t\t\t\t\t\t<div class=\"vert-center\">\n\t\t\t\t\t\t\t\t\t\t\t\t\t\n\t\t\t\t\t\t\t\t\t\t\t\t\t<h3>Iuliana Djuriuc <\/h3> \n\t\t\t\t\t\t\t\t\t\t\t\t\t\t\t\t\t\t\t\t\t\t\t\t\t\t\t\t\t\t\t\t\t\t\t\t<\/div><!--\/vert-center-->\n\t\t\t\t\t\t\t\t\t\t\t\n\t\t\t\t\t\t\t\t\t\t<\/div>\n\t\t\t\t\t\t\t\t\t<\/div><!--work-item-->\n\t\t\t\t\t\t\t\t\t\n\t\t\t\t\t\t\t\t\t\t\t\t\t\t\t\t\n\t\t\t\t\t\t\t\t\n\t\t\t\t\t\t\t<\/div><!--\/inner-wrap-->\n\t\t\t\t\t\t<\/div><!--\/col-->\n\t\t\t\t\t\t\n\t\t\t\t\t\t\t\t\t\t\t\n\t\t\t\t\t\t\t\t\t\t\t\t\n\t\t\t\t\t\t<div class=\"col elastic-portfolio-item  element 2018-entrepreneure-de \"  data-project-cat=\"2018-entrepreneure-de \" data-default-color=\"true\" data-title-color=\"\" data-subtitle-color=\"\">\n\t\t\t\t\t\t\t\n\t\t\t\t\t\t\t<div class=\"inner-wrap animated\" data-animation=\"fade_in\">\n\t\t\t\t\t\t\t\t\n\t\t\t\t\t\t\t\t\t\t\t\t\t\t\t\t\t\n\t\t\t\t\t\t\t\t\t<div class=\"work-item style-3\" data-custom-content=\"off\" data-text-align=\"middle\">\n\t\t\t\t\t\t\t\t\t\t\n\t\t\t\t\t\t\t\t\t\t<img loading=\"lazy\" decoding=\"async\" class=\"size- skip-lazy\" src=\"https:\/\/www.capacity.swiss\/wp-content\/uploads\/2018\/08\/Akim-Tejan-Cole-2-1-600x403.jpg\" alt=\"\" height=\"403\" width=\"600\" srcset=\"https:\/\/www.capacity.swiss\/wp-content\/uploads\/2018\/08\/Akim-Tejan-Cole-2-1-900x604.jpg 900w, https:\/\/www.capacity.swiss\/wp-content\/uploads\/2018\/08\/Akim-Tejan-Cole-2-1-600x403.jpg 600w, https:\/\/www.capacity.swiss\/wp-content\/uploads\/2018\/08\/Akim-Tejan-Cole-2-1-400x269.jpg 400w\"  \/>\t\t\t\t\t\t\t\t\t\t\n\t\t\t\t\t\t\t\t\t\t<div class=\"work-info-bg\"><\/div>\n\t\t\t\t\t\t\t\t\t\t<div class=\"work-info\">\n\t\t\t\t\t\t\t\t\t\t\t\n\t\t\t\t\t\t\t\t\t\t\t\t\t\t\t\t\t\t\t\t\t\t\t\t\n\t\t\t\t\t\t\t\t\t\t\t\t\t<a href=\"https:\/\/www.capacity.swiss\/de\/participants\/akim\/\"><\/a>\n\t\t\t\t\t\t\t\t\t\t\t\t\t\n\t\t\t\t\t\t\t\t\t\t\t\t\t\t\t\t\t\t\t\t\t\t\t\n\t\t\t\t\t\t\t\t\t\t\t<div class=\"vert-center\">\n\t\t\t\t\t\t\t\t\t\t\t\t\t\n\t\t\t\t\t\t\t\t\t\t\t\t\t<h3>Akim Tejan Cole <\/h3> \n\t\t\t\t\t\t\t\t\t\t\t\t\t\t\t\t\t\t\t\t\t\t\t\t\t\t\t\t\t\t\t\t\t\t\t\t<\/div><!--\/vert-center-->\n\t\t\t\t\t\t\t\t\t\t\t\n\t\t\t\t\t\t\t\t\t\t<\/div>\n\t\t\t\t\t\t\t\t\t<\/div><!--work-item-->\n\t\t\t\t\t\t\t\t\t\n\t\t\t\t\t\t\t\t\t\t\t\t\t\t\t\t\n\t\t\t\t\t\t\t\t\n\t\t\t\t\t\t\t<\/div><!--\/inner-wrap-->\n\t\t\t\t\t\t<\/div><!--\/col-->\n\t\t\t\t\t\t\n\t\t\t\t\t\t\t\t\t\t\t\n\t\t\t\t\t\t\t\t\t\t\t\t\n\t\t\t\t\t\t<div class=\"col elastic-portfolio-item  element 2018-entrepreneure-de \"  data-project-cat=\"2018-entrepreneure-de \" data-default-color=\"true\" data-title-color=\"\" data-subtitle-color=\"\">\n\t\t\t\t\t\t\t\n\t\t\t\t\t\t\t<div class=\"inner-wrap animated\" data-animation=\"fade_in\">\n\t\t\t\t\t\t\t\t\n\t\t\t\t\t\t\t\t\t\t\t\t\t\t\t\t\t\n\t\t\t\t\t\t\t\t\t<div class=\"work-item style-3\" data-custom-content=\"off\" data-text-align=\"middle\">\n\t\t\t\t\t\t\t\t\t\t\n\t\t\t\t\t\t\t\t\t\t<img loading=\"lazy\" decoding=\"async\" class=\"size- skip-lazy\" src=\"https:\/\/www.capacity.swiss\/wp-content\/uploads\/2018\/08\/juleeProfile-600x403.jpg\" alt=\"\" height=\"403\" width=\"600\" srcset=\"https:\/\/www.capacity.swiss\/wp-content\/uploads\/2018\/08\/juleeProfile-900x604.jpg 900w, https:\/\/www.capacity.swiss\/wp-content\/uploads\/2018\/08\/juleeProfile-600x403.jpg 600w, https:\/\/www.capacity.swiss\/wp-content\/uploads\/2018\/08\/juleeProfile-400x269.jpg 400w\"  \/>\t\t\t\t\t\t\t\t\t\t\n\t\t\t\t\t\t\t\t\t\t<div class=\"work-info-bg\"><\/div>\n\t\t\t\t\t\t\t\t\t\t<div class=\"work-info\">\n\t\t\t\t\t\t\t\t\t\t\t\n\t\t\t\t\t\t\t\t\t\t\t\t\t\t\t\t\t\t\t\t\t\t\t\t\n\t\t\t\t\t\t\t\t\t\t\t\t\t<a href=\"https:\/\/www.capacity.swiss\/de\/participants\/ju-yeun-lee\/\"><\/a>\n\t\t\t\t\t\t\t\t\t\t\t\t\t\n\t\t\t\t\t\t\t\t\t\t\t\t\t\t\t\t\t\t\t\t\t\t\t\n\t\t\t\t\t\t\t\t\t\t\t<div class=\"vert-center\">\n\t\t\t\t\t\t\t\t\t\t\t\t\t\n\t\t\t\t\t\t\t\t\t\t\t\t\t<h3>Ju Yeun Lee <\/h3> \n\t\t\t\t\t\t\t\t\t\t\t\t\t\t\t\t\t\t\t\t\t\t\t\t\t\t\t\t\t\t\t\t\t\t\t\t<\/div><!--\/vert-center-->\n\t\t\t\t\t\t\t\t\t\t\t\n\t\t\t\t\t\t\t\t\t\t<\/div>\n\t\t\t\t\t\t\t\t\t<\/div><!--work-item-->\n\t\t\t\t\t\t\t\t\t\n\t\t\t\t\t\t\t\t\t\t\t\t\t\t\t\t\n\t\t\t\t\t\t\t\t\n\t\t\t\t\t\t\t<\/div><!--\/inner-wrap-->\n\t\t\t\t\t\t<\/div><!--\/col-->\n\t\t\t\t\t\t\n\t\t\t\t\t\t\t\t\t\t\t\n\t\t\t\t\t\t\t\t\t\t\t\t\n\t\t\t\t\t\t<div class=\"col elastic-portfolio-item  element 2018-entrepreneure-de \"  data-project-cat=\"2018-entrepreneure-de \" data-default-color=\"true\" data-title-color=\"\" data-subtitle-color=\"\">\n\t\t\t\t\t\t\t\n\t\t\t\t\t\t\t<div class=\"inner-wrap animated\" data-animation=\"fade_in\">\n\t\t\t\t\t\t\t\t\n\t\t\t\t\t\t\t\t\t\t\t\t\t\t\t\t\t\n\t\t\t\t\t\t\t\t\t<div class=\"work-item style-3\" data-custom-content=\"off\" data-text-align=\"middle\">\n\t\t\t\t\t\t\t\t\t\t\n\t\t\t\t\t\t\t\t\t\t<img loading=\"lazy\" decoding=\"async\" class=\"size- skip-lazy\" src=\"https:\/\/www.capacity.swiss\/wp-content\/uploads\/2018\/08\/Lorna-Quinn-2-600x403.jpg\" alt=\"\" height=\"403\" width=\"600\" srcset=\"https:\/\/www.capacity.swiss\/wp-content\/uploads\/2018\/08\/Lorna-Quinn-2-900x604.jpg 900w, https:\/\/www.capacity.swiss\/wp-content\/uploads\/2018\/08\/Lorna-Quinn-2-600x403.jpg 600w, https:\/\/www.capacity.swiss\/wp-content\/uploads\/2018\/08\/Lorna-Quinn-2-400x269.jpg 400w\"  \/>\t\t\t\t\t\t\t\t\t\t\n\t\t\t\t\t\t\t\t\t\t<div class=\"work-info-bg\"><\/div>\n\t\t\t\t\t\t\t\t\t\t<div class=\"work-info\">\n\t\t\t\t\t\t\t\t\t\t\t\n\t\t\t\t\t\t\t\t\t\t\t\t\t\t\t\t\t\t\t\t\t\t\t\t\n\t\t\t\t\t\t\t\t\t\t\t\t\t<a href=\"https:\/\/www.capacity.swiss\/de\/participants\/lorna\/\"><\/a>\n\t\t\t\t\t\t\t\t\t\t\t\t\t\n\t\t\t\t\t\t\t\t\t\t\t\t\t\t\t\t\t\t\t\t\t\t\t\n\t\t\t\t\t\t\t\t\t\t\t<div class=\"vert-center\">\n\t\t\t\t\t\t\t\t\t\t\t\t\t\n\t\t\t\t\t\t\t\t\t\t\t\t\t<h3>Lorna Quinn <\/h3> \n\t\t\t\t\t\t\t\t\t\t\t\t\t\t\t\t\t\t\t\t\t\t\t\t\t\t\t\t\t\t\t\t\t\t\t\t<\/div><!--\/vert-center-->\n\t\t\t\t\t\t\t\t\t\t\t\n\t\t\t\t\t\t\t\t\t\t<\/div>\n\t\t\t\t\t\t\t\t\t<\/div><!--work-item-->\n\t\t\t\t\t\t\t\t\t\n\t\t\t\t\t\t\t\t\t\t\t\t\t\t\t\t\n\t\t\t\t\t\t\t\t\n\t\t\t\t\t\t\t<\/div><!--\/inner-wrap-->\n\t\t\t\t\t\t<\/div><!--\/col-->\n\t\t\t\t\t\t\n\t\t\t\t\t\t\t\t\t\t\t\n\t\t\t\t\t\t\t\t\t\t\t\t\n\t\t\t\t\t\t<div class=\"col elastic-portfolio-item  element 2018-entrepreneure-de \"  data-project-cat=\"2018-entrepreneure-de \" data-default-color=\"true\" data-title-color=\"\" data-subtitle-color=\"\">\n\t\t\t\t\t\t\t\n\t\t\t\t\t\t\t<div class=\"inner-wrap animated\" data-animation=\"fade_in\">\n\t\t\t\t\t\t\t\t\n\t\t\t\t\t\t\t\t\t\t\t\t\t\t\t\t\t\n\t\t\t\t\t\t\t\t\t<div class=\"work-item style-3\" data-custom-content=\"off\" data-text-align=\"middle\">\n\t\t\t\t\t\t\t\t\t\t\n\t\t\t\t\t\t\t\t\t\t<img loading=\"lazy\" decoding=\"async\" class=\"size- skip-lazy\" src=\"https:\/\/www.capacity.swiss\/wp-content\/uploads\/2018\/08\/Ingrid-Gazquez-2-600x403.jpg\" alt=\"\" height=\"403\" width=\"600\" srcset=\"https:\/\/www.capacity.swiss\/wp-content\/uploads\/2018\/08\/Ingrid-Gazquez-2-900x604.jpg 900w, https:\/\/www.capacity.swiss\/wp-content\/uploads\/2018\/08\/Ingrid-Gazquez-2-600x403.jpg 600w, https:\/\/www.capacity.swiss\/wp-content\/uploads\/2018\/08\/Ingrid-Gazquez-2-400x269.jpg 400w\"  \/>\t\t\t\t\t\t\t\t\t\t\n\t\t\t\t\t\t\t\t\t\t<div class=\"work-info-bg\"><\/div>\n\t\t\t\t\t\t\t\t\t\t<div class=\"work-info\">\n\t\t\t\t\t\t\t\t\t\t\t\n\t\t\t\t\t\t\t\t\t\t\t\t\t\t\t\t\t\t\t\t\t\t\t\t\n\t\t\t\t\t\t\t\t\t\t\t\t\t<a href=\"https:\/\/www.capacity.swiss\/de\/participants\/ingrid\/\"><\/a>\n\t\t\t\t\t\t\t\t\t\t\t\t\t\n\t\t\t\t\t\t\t\t\t\t\t\t\t\t\t\t\t\t\t\t\t\t\t\n\t\t\t\t\t\t\t\t\t\t\t<div class=\"vert-center\">\n\t\t\t\t\t\t\t\t\t\t\t\t\t\n\t\t\t\t\t\t\t\t\t\t\t\t\t<h3>Ingrid Gazquez <\/h3> \n\t\t\t\t\t\t\t\t\t\t\t\t\t\t\t\t\t\t\t\t\t\t\t\t\t\t\t\t\t\t\t\t\t\t\t\t<\/div><!--\/vert-center-->\n\t\t\t\t\t\t\t\t\t\t\t\n\t\t\t\t\t\t\t\t\t\t<\/div>\n\t\t\t\t\t\t\t\t\t<\/div><!--work-item-->\n\t\t\t\t\t\t\t\t\t\n\t\t\t\t\t\t\t\t\t\t\t\t\t\t\t\t\n\t\t\t\t\t\t\t\t\n\t\t\t\t\t\t\t<\/div><!--\/inner-wrap-->\n\t\t\t\t\t\t<\/div><!--\/col-->\n\t\t\t\t\t\t\n\t\t\t\t\t\t\t\t\t\t\t\n\t\t\t\t\t\t\t\t\t\t\t\t\n\t\t\t\t\t\t<div class=\"col elastic-portfolio-item  element 2018-entrepreneure-de \"  data-project-cat=\"2018-entrepreneure-de \" data-default-color=\"true\" data-title-color=\"\" data-subtitle-color=\"\">\n\t\t\t\t\t\t\t\n\t\t\t\t\t\t\t<div class=\"inner-wrap animated\" data-animation=\"fade_in\">\n\t\t\t\t\t\t\t\t\n\t\t\t\t\t\t\t\t\t\t\t\t\t\t\t\t\t\n\t\t\t\t\t\t\t\t\t<div class=\"work-item style-3\" data-custom-content=\"off\" data-text-align=\"middle\">\n\t\t\t\t\t\t\t\t\t\t\n\t\t\t\t\t\t\t\t\t\t<img loading=\"lazy\" decoding=\"async\" class=\"size- skip-lazy\" src=\"https:\/\/www.capacity.swiss\/wp-content\/uploads\/2018\/08\/Medhanie-Gebrekidan-2-1-600x403.jpg\" alt=\"\" height=\"403\" width=\"600\" srcset=\"https:\/\/www.capacity.swiss\/wp-content\/uploads\/2018\/08\/Medhanie-Gebrekidan-2-1-900x604.jpg 900w, https:\/\/www.capacity.swiss\/wp-content\/uploads\/2018\/08\/Medhanie-Gebrekidan-2-1-600x403.jpg 600w, https:\/\/www.capacity.swiss\/wp-content\/uploads\/2018\/08\/Medhanie-Gebrekidan-2-1-400x269.jpg 400w\"  \/>\t\t\t\t\t\t\t\t\t\t\n\t\t\t\t\t\t\t\t\t\t<div class=\"work-info-bg\"><\/div>\n\t\t\t\t\t\t\t\t\t\t<div class=\"work-info\">\n\t\t\t\t\t\t\t\t\t\t\t\n\t\t\t\t\t\t\t\t\t\t\t\t\t\t\t\t\t\t\t\t\t\t\t\t\n\t\t\t\t\t\t\t\t\t\t\t\t\t<a href=\"https:\/\/www.capacity.swiss\/de\/participants\/medhanie\/\"><\/a>\n\t\t\t\t\t\t\t\t\t\t\t\t\t\n\t\t\t\t\t\t\t\t\t\t\t\t\t\t\t\t\t\t\t\t\t\t\t\n\t\t\t\t\t\t\t\t\t\t\t<div class=\"vert-center\">\n\t\t\t\t\t\t\t\t\t\t\t\t\t\n\t\t\t\t\t\t\t\t\t\t\t\t\t<h3>Medhanie Gebrekidan <\/h3> \n\t\t\t\t\t\t\t\t\t\t\t\t\t\t\t\t\t\t\t\t\t\t\t\t\t\t\t\t\t\t\t\t\t\t\t\t<\/div><!--\/vert-center-->\n\t\t\t\t\t\t\t\t\t\t\t\n\t\t\t\t\t\t\t\t\t\t<\/div>\n\t\t\t\t\t\t\t\t\t<\/div><!--work-item-->\n\t\t\t\t\t\t\t\t\t\n\t\t\t\t\t\t\t\t\t\t\t\t\t\t\t\t\n\t\t\t\t\t\t\t\t\n\t\t\t\t\t\t\t<\/div><!--\/inner-wrap-->\n\t\t\t\t\t\t<\/div><!--\/col-->\n\t\t\t\t\t\t\n\t\t\t\t\t\t\t\t\t\t\t\n\t\t\t\t\t\t\t\t\t\t\t\t\n\t\t\t\t\t\t<div class=\"col elastic-portfolio-item  element 2018-entrepreneure-de \"  data-project-cat=\"2018-entrepreneure-de \" data-default-color=\"true\" data-title-color=\"\" data-subtitle-color=\"\">\n\t\t\t\t\t\t\t\n\t\t\t\t\t\t\t<div class=\"inner-wrap animated\" data-animation=\"fade_in\">\n\t\t\t\t\t\t\t\t\n\t\t\t\t\t\t\t\t\t\t\t\t\t\t\t\t\t\n\t\t\t\t\t\t\t\t\t<div class=\"work-item style-3\" data-custom-content=\"off\" data-text-align=\"middle\">\n\t\t\t\t\t\t\t\t\t\t\n\t\t\t\t\t\t\t\t\t\t<img loading=\"lazy\" decoding=\"async\" class=\"size- skip-lazy\" src=\"https:\/\/www.capacity.swiss\/wp-content\/uploads\/2018\/08\/Josep-Carrion2-1-600x403.jpg\" alt=\"\" height=\"403\" width=\"600\" srcset=\"https:\/\/www.capacity.swiss\/wp-content\/uploads\/2018\/08\/Josep-Carrion2-1-900x604.jpg 900w, https:\/\/www.capacity.swiss\/wp-content\/uploads\/2018\/08\/Josep-Carrion2-1-600x403.jpg 600w, https:\/\/www.capacity.swiss\/wp-content\/uploads\/2018\/08\/Josep-Carrion2-1-400x269.jpg 400w\"  \/>\t\t\t\t\t\t\t\t\t\t\n\t\t\t\t\t\t\t\t\t\t<div class=\"work-info-bg\"><\/div>\n\t\t\t\t\t\t\t\t\t\t<div class=\"work-info\">\n\t\t\t\t\t\t\t\t\t\t\t\n\t\t\t\t\t\t\t\t\t\t\t\t\t\t\t\t\t\t\t\t\t\t\t\t\n\t\t\t\t\t\t\t\t\t\t\t\t\t<a href=\"https:\/\/www.capacity.swiss\/de\/participants\/carri\/\"><\/a>\n\t\t\t\t\t\t\t\t\t\t\t\t\t\n\t\t\t\t\t\t\t\t\t\t\t\t\t\t\t\t\t\t\t\t\t\t\t\n\t\t\t\t\t\t\t\t\t\t\t<div class=\"vert-center\">\n\t\t\t\t\t\t\t\t\t\t\t\t\t\n\t\t\t\t\t\t\t\t\t\t\t\t\t<h3>Josep Carrion <\/h3> \n\t\t\t\t\t\t\t\t\t\t\t\t\t\t\t\t\t\t\t\t\t\t\t\t\t\t\t\t\t\t\t\t\t\t\t\t<\/div><!--\/vert-center-->\n\t\t\t\t\t\t\t\t\t\t\t\n\t\t\t\t\t\t\t\t\t\t<\/div>\n\t\t\t\t\t\t\t\t\t<\/div><!--work-item-->\n\t\t\t\t\t\t\t\t\t\n\t\t\t\t\t\t\t\t\t\t\t\t\t\t\t\t\n\t\t\t\t\t\t\t\t\n\t\t\t\t\t\t\t<\/div><!--\/inner-wrap-->\n\t\t\t\t\t\t<\/div><!--\/col-->\n\t\t\t\t\t\t\n\t\t\t\t\t\t\t\t\t\t\t\n\t\t\t\t\t\t\t\t\t\t\t\t\n\t\t\t\t\t\t<div class=\"col elastic-portfolio-item  element 2018-entrepreneure-de \"  data-project-cat=\"2018-entrepreneure-de \" data-default-color=\"true\" data-title-color=\"\" data-subtitle-color=\"\">\n\t\t\t\t\t\t\t\n\t\t\t\t\t\t\t<div class=\"inner-wrap animated\" data-animation=\"fade_in\">\n\t\t\t\t\t\t\t\t\n\t\t\t\t\t\t\t\t\t\t\t\t\t\t\t\t\t\n\t\t\t\t\t\t\t\t\t<div class=\"work-item style-3\" data-custom-content=\"off\" data-text-align=\"middle\">\n\t\t\t\t\t\t\t\t\t\t\n\t\t\t\t\t\t\t\t\t\t<img loading=\"lazy\" decoding=\"async\" class=\"size- skip-lazy\" src=\"https:\/\/www.capacity.swiss\/wp-content\/uploads\/2018\/08\/Hannah-Dyke2-600x403.jpg\" alt=\"\" height=\"403\" width=\"600\" srcset=\"https:\/\/www.capacity.swiss\/wp-content\/uploads\/2018\/08\/Hannah-Dyke2-900x604.jpg 900w, https:\/\/www.capacity.swiss\/wp-content\/uploads\/2018\/08\/Hannah-Dyke2-600x403.jpg 600w, https:\/\/www.capacity.swiss\/wp-content\/uploads\/2018\/08\/Hannah-Dyke2-400x269.jpg 400w\"  \/>\t\t\t\t\t\t\t\t\t\t\n\t\t\t\t\t\t\t\t\t\t<div class=\"work-info-bg\"><\/div>\n\t\t\t\t\t\t\t\t\t\t<div class=\"work-info\">\n\t\t\t\t\t\t\t\t\t\t\t\n\t\t\t\t\t\t\t\t\t\t\t\t\t\t\t\t\t\t\t\t\t\t\t\t\n\t\t\t\t\t\t\t\t\t\t\t\t\t<a href=\"https:\/\/www.capacity.swiss\/de\/participants\/andrea-2\/\"><\/a>\n\t\t\t\t\t\t\t\t\t\t\t\t\t\n\t\t\t\t\t\t\t\t\t\t\t\t\t\t\t\t\t\t\t\t\t\t\t\n\t\t\t\t\t\t\t\t\t\t\t<div class=\"vert-center\">\n\t\t\t\t\t\t\t\t\t\t\t\t\t\n\t\t\t\t\t\t\t\t\t\t\t\t\t<h3>Hannah Dyke <\/h3> \n\t\t\t\t\t\t\t\t\t\t\t\t\t\t\t\t\t\t\t\t\t\t\t\t\t\t\t\t\t\t\t\t\t\t\t\t<\/div><!--\/vert-center-->\n\t\t\t\t\t\t\t\t\t\t\t\n\t\t\t\t\t\t\t\t\t\t<\/div>\n\t\t\t\t\t\t\t\t\t<\/div><!--work-item-->\n\t\t\t\t\t\t\t\t\t\n\t\t\t\t\t\t\t\t\t\t\t\t\t\t\t\t\n\t\t\t\t\t\t\t\t\n\t\t\t\t\t\t\t<\/div><!--\/inner-wrap-->\n\t\t\t\t\t\t<\/div><!--\/col-->\n\t\t\t\t\t\t\n\t\t\t\t\t\t\t\t\t\t\t\n\t\t\t\t\t\t\t\t\t\t\t\t\n\t\t\t\t\t\t<div class=\"col elastic-portfolio-item  element 2018-entrepreneure-de \"  data-project-cat=\"2018-entrepreneure-de \" data-default-color=\"true\" data-title-color=\"\" data-subtitle-color=\"\">\n\t\t\t\t\t\t\t\n\t\t\t\t\t\t\t<div class=\"inner-wrap animated\" data-animation=\"fade_in\">\n\t\t\t\t\t\t\t\t\n\t\t\t\t\t\t\t\t\t\t\t\t\t\t\t\t\t\n\t\t\t\t\t\t\t\t\t<div class=\"work-item style-3\" data-custom-content=\"off\" data-text-align=\"middle\">\n\t\t\t\t\t\t\t\t\t\t\n\t\t\t\t\t\t\t\t\t\t<img loading=\"lazy\" decoding=\"async\" class=\"size- skip-lazy\" src=\"https:\/\/www.capacity.swiss\/wp-content\/uploads\/2018\/08\/Andrea-Luchhau2-1-600x403.jpg\" alt=\"\" height=\"403\" width=\"600\" srcset=\"https:\/\/www.capacity.swiss\/wp-content\/uploads\/2018\/08\/Andrea-Luchhau2-1-900x604.jpg 900w, https:\/\/www.capacity.swiss\/wp-content\/uploads\/2018\/08\/Andrea-Luchhau2-1-600x403.jpg 600w, https:\/\/www.capacity.swiss\/wp-content\/uploads\/2018\/08\/Andrea-Luchhau2-1-400x269.jpg 400w\"  \/>\t\t\t\t\t\t\t\t\t\t\n\t\t\t\t\t\t\t\t\t\t<div class=\"work-info-bg\"><\/div>\n\t\t\t\t\t\t\t\t\t\t<div class=\"work-info\">\n\t\t\t\t\t\t\t\t\t\t\t\n\t\t\t\t\t\t\t\t\t\t\t\t\t\t\t\t\t\t\t\t\t\t\t\t\n\t\t\t\t\t\t\t\t\t\t\t\t\t<a href=\"https:\/\/www.capacity.swiss\/de\/participants\/andrea\/\"><\/a>\n\t\t\t\t\t\t\t\t\t\t\t\t\t\n\t\t\t\t\t\t\t\t\t\t\t\t\t\t\t\t\t\t\t\t\t\t\t\n\t\t\t\t\t\t\t\t\t\t\t<div class=\"vert-center\">\n\t\t\t\t\t\t\t\t\t\t\t\t\t\n\t\t\t\t\t\t\t\t\t\t\t\t\t<h3>Andrea Luchhau <\/h3> \n\t\t\t\t\t\t\t\t\t\t\t\t\t\t\t\t\t\t\t\t\t\t\t\t\t\t\t\t\t\t\t\t\t\t\t\t<\/div><!--\/vert-center-->\n\t\t\t\t\t\t\t\t\t\t\t\n\t\t\t\t\t\t\t\t\t\t<\/div>\n\t\t\t\t\t\t\t\t\t<\/div><!--work-item-->\n\t\t\t\t\t\t\t\t\t\n\t\t\t\t\t\t\t\t\t\t\t\t\t\t\t\t\n\t\t\t\t\t\t\t\t\n\t\t\t\t\t\t\t<\/div><!--\/inner-wrap-->\n\t\t\t\t\t\t<\/div><!--\/col-->\n\t\t\t\t\t\t\n\t\t\t\t\t\t\t\t\t\t\t\n\t\t\t\t\t\t\t\t\t\t\t\t\n\t\t\t\t\t\t<div class=\"col elastic-portfolio-item  element 2018-entrepreneure-de featured-de \"  data-project-cat=\"2018-entrepreneure-de featured-de \" data-default-color=\"true\" data-title-color=\"\" data-subtitle-color=\"\">\n\t\t\t\t\t\t\t\n\t\t\t\t\t\t\t<div class=\"inner-wrap animated\" data-animation=\"fade_in\">\n\t\t\t\t\t\t\t\t\n\t\t\t\t\t\t\t\t\t\t\t\t\t\t\t\t\t\n\t\t\t\t\t\t\t\t\t<div class=\"work-item style-3\" data-custom-content=\"off\" data-text-align=\"middle\">\n\t\t\t\t\t\t\t\t\t\t\n\t\t\t\t\t\t\t\t\t\t<img loading=\"lazy\" decoding=\"async\" class=\"size- skip-lazy\" src=\"https:\/\/www.capacity.swiss\/wp-content\/uploads\/2018\/08\/Alison_Jenn_Aviva-Das-Wohnzimmer-2-600x403.jpg\" alt=\"\" height=\"403\" width=\"600\" srcset=\"https:\/\/www.capacity.swiss\/wp-content\/uploads\/2018\/08\/Alison_Jenn_Aviva-Das-Wohnzimmer-2-600x403.jpg 600w, https:\/\/www.capacity.swiss\/wp-content\/uploads\/2018\/08\/Alison_Jenn_Aviva-Das-Wohnzimmer-2-400x269.jpg 400w\"  \/>\t\t\t\t\t\t\t\t\t\t\n\t\t\t\t\t\t\t\t\t\t<div class=\"work-info-bg\"><\/div>\n\t\t\t\t\t\t\t\t\t\t<div class=\"work-info\">\n\t\t\t\t\t\t\t\t\t\t\t\n\t\t\t\t\t\t\t\t\t\t\t\t\t\t\t\t\t\t\t\t\t\t\t\t\n\t\t\t\t\t\t\t\t\t\t\t\t\t<a href=\"https:\/\/www.capacity.swiss\/de\/participants\/alison-aviva-jenn\/\"><\/a>\n\t\t\t\t\t\t\t\t\t\t\t\t\t\n\t\t\t\t\t\t\t\t\t\t\t\t\t\t\t\t\t\t\t\t\t\t\t\n\t\t\t\t\t\t\t\t\t\t\t<div class=\"vert-center\">\n\t\t\t\t\t\t\t\t\t\t\t\t\t\n\t\t\t\t\t\t\t\t\t\t\t\t\t<h3>Alison Grynbaum, Aviva Tigerman &#038; Jenn Fengels <\/h3> \n\t\t\t\t\t\t\t\t\t\t\t\t\t\t\t\t\t\t\t\t\t\t\t\t\t\t\t\t\t\t\t\t\t\t\t\t<\/div><!--\/vert-center-->\n\t\t\t\t\t\t\t\t\t\t\t\n\t\t\t\t\t\t\t\t\t\t<\/div>\n\t\t\t\t\t\t\t\t\t<\/div><!--work-item-->\n\t\t\t\t\t\t\t\t\t\n\t\t\t\t\t\t\t\t\t\t\t\t\t\t\t\t\n\t\t\t\t\t\t\t\t\n\t\t\t\t\t\t\t<\/div><!--\/inner-wrap-->\n\t\t\t\t\t\t<\/div><!--\/col-->\n\t\t\t\t\t\t\n\t\t\t\t\t\t\t\t\t\t\t\n\t\t\t\t\t\t\t\t\t\t\t\t\n\t\t\t\t\t\t<div class=\"col elastic-portfolio-item  element 2018-entrepreneure-de featured-de \"  data-project-cat=\"2018-entrepreneure-de featured-de \" data-default-color=\"true\" data-title-color=\"\" data-subtitle-color=\"\">\n\t\t\t\t\t\t\t\n\t\t\t\t\t\t\t<div class=\"inner-wrap animated\" data-animation=\"fade_in\">\n\t\t\t\t\t\t\t\t\n\t\t\t\t\t\t\t\t\t\t\t\t\t\t\t\t\t\n\t\t\t\t\t\t\t\t\t<div class=\"work-item style-3\" data-custom-content=\"off\" data-text-align=\"middle\">\n\t\t\t\t\t\t\t\t\t\t\n\t\t\t\t\t\t\t\t\t\t<img loading=\"lazy\" decoding=\"async\" class=\"size- skip-lazy\" src=\"https:\/\/www.capacity.swiss\/wp-content\/uploads\/2018\/08\/Beatrice-Ambrosi-2-1-600x403.jpg\" alt=\"\" height=\"403\" width=\"600\" srcset=\"https:\/\/www.capacity.swiss\/wp-content\/uploads\/2018\/08\/Beatrice-Ambrosi-2-1-900x604.jpg 900w, https:\/\/www.capacity.swiss\/wp-content\/uploads\/2018\/08\/Beatrice-Ambrosi-2-1-600x403.jpg 600w, https:\/\/www.capacity.swiss\/wp-content\/uploads\/2018\/08\/Beatrice-Ambrosi-2-1-400x269.jpg 400w\"  \/>\t\t\t\t\t\t\t\t\t\t\n\t\t\t\t\t\t\t\t\t\t<div class=\"work-info-bg\"><\/div>\n\t\t\t\t\t\t\t\t\t\t<div class=\"work-info\">\n\t\t\t\t\t\t\t\t\t\t\t\n\t\t\t\t\t\t\t\t\t\t\t\t\t\t\t\t\t\t\t\t\t\t\t\t\n\t\t\t\t\t\t\t\t\t\t\t\t\t<a href=\"https:\/\/www.capacity.swiss\/de\/participants\/beatrice\/\"><\/a>\n\t\t\t\t\t\t\t\t\t\t\t\t\t\n\t\t\t\t\t\t\t\t\t\t\t\t\t\t\t\t\t\t\t\t\t\t\t\n\t\t\t\t\t\t\t\t\t\t\t<div class=\"vert-center\">\n\t\t\t\t\t\t\t\t\t\t\t\t\t\n\t\t\t\t\t\t\t\t\t\t\t\t\t<h3>Beatrice Verzier <\/h3> \n\t\t\t\t\t\t\t\t\t\t\t\t\t\t\t\t\t\t\t\t\t\t\t\t\t\t\t\t\t\t\t\t\t\t\t\t<\/div><!--\/vert-center-->\n\t\t\t\t\t\t\t\t\t\t\t\n\t\t\t\t\t\t\t\t\t\t<\/div>\n\t\t\t\t\t\t\t\t\t<\/div><!--work-item-->\n\t\t\t\t\t\t\t\t\t\n\t\t\t\t\t\t\t\t\t\t\t\t\t\t\t\t\n\t\t\t\t\t\t\t\t\n\t\t\t\t\t\t\t<\/div><!--\/inner-wrap-->\n\t\t\t\t\t\t<\/div><!--\/col-->\n\t\t\t\t\t\t\n\t\t\t\t\t\t\t\t\t\t\n\t\t\t\t<\/div><!--\/portfolio-->\n\t\t\t<\/div><!--\/portfolio wrap-->\n\t\t\t\n\t\t\t[\/vc_column][\/vc_row][vc_row type=&#187;in_container&#187; full_screen_row_position=&#187;middle&#187; column_margin=&#187;default&#187; column_direction=&#187;default&#187; column_direction_tablet=&#187;default&#187; column_direction_phone=&#187;default&#187; scene_position=&#187;center&#187; text_color=&#187;dark&#187; text_align=&#187;left&#187; row_border_radius=&#187;none&#187; row_border_radius_applies=&#187;bg&#187; overflow=&#187;visible&#187; overlay_strength=&#187;0.3&#8243; gradient_direction=&#187;left_to_right&#187; shape_divider_position=&#187;bottom&#187; bg_image_animation=&#187;none&#187;][vc_column column_padding=&#187;no-extra-padding&#187; column_padding_tablet=&#187;inherit&#187; column_padding_phone=&#187;inherit&#187; column_padding_position=&#187;all&#187; column_element_direction_desktop=&#187;default&#187; column_element_spacing=&#187;default&#187; desktop_text_alignment=&#187;default&#187; tablet_text_alignment=&#187;default&#187; phone_text_alignment=&#187;default&#187; background_color_opacity=&#187;1&#8243; background_hover_color_opacity=&#187;1&#8243; column_backdrop_filter=&#187;none&#187; column_shadow=&#187;none&#187; column_border_radius=&#187;none&#187; column_link_target=&#187;_self&#187; column_position=&#187;default&#187; gradient_direction=&#187;left_to_right&#187; overlay_strength=&#187;0.3&#8243; width=&#187;1\/1&#8243; tablet_width_inherit=&#187;default&#187; animation_type=&#187;default&#187; bg_image_animation=&#187;none&#187; border_type=&#187;simple&#187; column_border_width=&#187;none&#187; column_border_style=&#187;solid&#187;]<div class=\"templatera_shortcode\">\n\t\t<div id=\"fws_69f301f29924a\"  data-column-margin=\"default\" data-midnight=\"dark\"  class=\"wpb_row vc_row-fluid vc_row\"  style=\"padding-top: 0px; padding-bottom: 0px; \"><div class=\"row-bg-wrap\" data-bg-animation=\"none\" data-bg-animation-delay=\"\" data-bg-overlay=\"false\"><div class=\"inner-wrap row-bg-layer\" ><div class=\"row-bg viewport-desktop\"  style=\"\"><\/div><\/div><\/div><div class=\"row_col_wrap_12 col span_12 dark center\">\n\t<div  class=\"vc_col-sm-4 actionBoxRow wpb_column column_container vc_column_container col padding-6-percent inherit_tablet inherit_phone \"  data-padding-pos=\"all\" data-has-bg-color=\"false\" data-bg-color=\"\" data-bg-opacity=\"1\" data-animation=\"\" data-delay=\"0\" >\n\t\t<div class=\"vc_column-inner\" ><a class=\"column-link\" target=\"_self\" href=\"\/de\/unsere-programme\/\"><\/a>\n\t\t\t<div class=\"wpb_wrapper\">\n\t\t\t\t<div class=\"img-with-aniamtion-wrap center\" data-max-width=\"100%\" data-max-width-mobile=\"default\" data-shadow=\"none\" data-animation=\"fade-in\" >\n      <div class=\"inner\">\n        <div class=\"hover-wrap\"> \n          <div class=\"hover-wrap-inner\">\n            <img loading=\"lazy\" decoding=\"async\" class=\"img-with-animation skip-lazy \" data-delay=\"0\" height=\"100\" width=\"100\" data-animation=\"fade-in\" src=\"https:\/\/www.capacity.swiss\/wp-content\/uploads\/2017\/11\/icon-entrepreneur.svg\" alt=\"\"  \/>\n          <\/div>\n        <\/div>\n      <\/div>\n    <\/div><div class=\"divider-wrap\" data-alignment=\"default\"><div style=\"height: 20px;\" class=\"divider\"><\/div><\/div>\n<div class=\"wpb_text_column wpb_content_element \" >\n\t<div class=\"wpb_wrapper\">\n\t\t<h6 style=\"text-align: center;\">Werde ein:e<\/h6>\n<h4 style=\"text-align: center;\"><strong>PROGRAMM TEILNEHMER:IN<\/strong><\/h4>\n\t<\/div>\n<\/div>\n\n\n\n\n\t\t\t<\/div> \n\t\t<\/div>\n\t<\/div> \n\n\t<div style=\"margin-top: 0px; \" class=\"vc_col-sm-4 actionBoxRow wpb_column column_container vc_column_container col padding-6-percent inherit_tablet inherit_phone \"  data-padding-pos=\"all\" data-has-bg-color=\"false\" data-bg-color=\"\" data-bg-opacity=\"1\" data-animation=\"\" data-delay=\"0\" >\n\t\t<div class=\"vc_column-inner\" ><a class=\"column-link\" target=\"_self\" href=\"\/de\/volunteers\/\"><\/a>\n\t\t\t<div class=\"wpb_wrapper\">\n\t\t\t\t<div class=\"img-with-aniamtion-wrap center\" data-max-width=\"100%\" data-max-width-mobile=\"default\" data-shadow=\"none\" data-animation=\"fade-in\" >\n      <div class=\"inner\">\n        <div class=\"hover-wrap\"> \n          <div class=\"hover-wrap-inner\">\n            <img loading=\"lazy\" decoding=\"async\" class=\"img-with-animation skip-lazy \" data-delay=\"0\" height=\"100\" width=\"100\" data-animation=\"fade-in\" src=\"https:\/\/www.capacity.swiss\/wp-content\/uploads\/2017\/11\/icon-volunteer.svg\" alt=\"\"  \/>\n          <\/div>\n        <\/div>\n      <\/div>\n    <\/div><div class=\"divider-wrap\" data-alignment=\"default\"><div style=\"height: 20px;\" class=\"divider\"><\/div><\/div>\n<div class=\"wpb_text_column wpb_content_element \" >\n\t<div class=\"wpb_wrapper\">\n\t\t<h6 style=\"text-align: center;\">Engagiere dich als<\/h6>\n<h4 style=\"text-align: center;\"><strong>FREIWILLIGE:R<\/strong><\/h4>\n\t<\/div>\n<\/div>\n\n\n\n\n\t\t\t<\/div> \n\t\t<\/div>\n\t<\/div> \n\n\t<div  class=\"vc_col-sm-4 actionBoxRow wpb_column column_container vc_column_container col padding-6-percent inherit_tablet inherit_phone \"  data-padding-pos=\"all\" data-has-bg-color=\"false\" data-bg-color=\"\" data-bg-opacity=\"1\" data-animation=\"\" data-delay=\"0\" >\n\t\t<div class=\"vc_column-inner\" ><a class=\"column-link\" target=\"_self\" href=\"\/de\/partners-2\/\"><\/a>\n\t\t\t<div class=\"wpb_wrapper\">\n\t\t\t\t<div class=\"img-with-aniamtion-wrap center\" data-max-width=\"100%\" data-max-width-mobile=\"default\" data-shadow=\"none\" data-animation=\"fade-in\" >\n      <div class=\"inner\">\n        <div class=\"hover-wrap\"> \n          <div class=\"hover-wrap-inner\">\n            <img loading=\"lazy\" decoding=\"async\" class=\"img-with-animation skip-lazy \" data-delay=\"0\" height=\"100\" width=\"100\" data-animation=\"fade-in\" src=\"https:\/\/www.capacity.swiss\/wp-content\/uploads\/2017\/11\/icon-partner.svg\" alt=\"\"  \/>\n          <\/div>\n        <\/div>\n      <\/div>\n    <\/div><div class=\"divider-wrap\" data-alignment=\"default\"><div style=\"height: 20px;\" class=\"divider\"><\/div><\/div>\n<div class=\"wpb_text_column wpb_content_element \" >\n\t<div class=\"wpb_wrapper\">\n\t\t<h6 style=\"text-align: center;\">Werde ein:e<\/h6>\n<h4 style=\"text-align: center;\"><strong>PARTNER:IN<\/strong><\/h4>\n\t<\/div>\n<\/div>\n\n\n\n\n\t\t\t<\/div> \n\t\t<\/div>\n\t<\/div> \n<\/div><\/div><\/div>[\/vc_column][\/vc_row][vc_row type=&#187;in_container&#187; full_screen_row_position=&#187;middle&#187; column_margin=&#187;default&#187; column_direction=&#187;default&#187; column_direction_tablet=&#187;default&#187; column_direction_phone=&#187;default&#187; scene_position=&#187;center&#187; text_color=&#187;light&#187; text_align=&#187;left&#187; row_border_radius=&#187;none&#187; row_border_radius_applies=&#187;bg&#187; overflow=&#187;visible&#187; overlay_strength=&#187;0.3&#8243; gradient_direction=&#187;left_to_right&#187; shape_divider_position=&#187;bottom&#187; bg_image_animation=&#187;none&#187;][vc_column column_padding=&#187;no-extra-padding&#187; column_padding_tablet=&#187;inherit&#187; column_padding_phone=&#187;inherit&#187; column_padding_position=&#187;all&#187; column_element_direction_desktop=&#187;default&#187; column_element_spacing=&#187;default&#187; desktop_text_alignment=&#187;default&#187; tablet_text_alignment=&#187;default&#187; phone_text_alignment=&#187;default&#187; background_color_opacity=&#187;1&#8243; background_hover_color_opacity=&#187;1&#8243; column_backdrop_filter=&#187;none&#187; column_shadow=&#187;none&#187; column_border_radius=&#187;none&#187; column_link_target=&#187;_self&#187; column_position=&#187;default&#187; gradient_direction=&#187;left_to_right&#187; overlay_strength=&#187;0.3&#8243; width=&#187;1\/1&#8243; tablet_width_inherit=&#187;default&#187; animation_type=&#187;default&#187; bg_image_animation=&#187;none&#187; border_type=&#187;simple&#187; column_border_width=&#187;none&#187; column_border_style=&#187;solid&#187;]<div class=\"templatera_shortcode\">\n\t\t<div id=\"fws_69f301f2aa161\"  data-column-margin=\"default\" data-midnight=\"light\" data-top-percent=\"6%\" data-bottom-percent=\"8%\"  class=\"wpb_row vc_row-fluid vc_row full-width-section vc_row-o-equal-height vc_row-flex vc_row-o-content-middle\"  style=\"padding-top: calc(100vw * 0.06); padding-bottom: calc(100vw * 0.08); \"><div class=\"row-bg-wrap\" data-bg-animation=\"none\" data-bg-animation-delay=\"\" data-bg-overlay=\"false\"><div class=\"inner-wrap row-bg-layer\" ><div class=\"row-bg viewport-desktop using-bg-color\"  style=\"background-color: #72b54d; \"><\/div><\/div><\/div><div class=\"nectar-shape-divider-wrap \" style=\" height:150px;\"  data-height=\"150\" data-front=\"\" data-style=\"mountains\" data-position=\"bottom\" ><svg class=\"nectar-shape-divider\" fill=\"#252525\" xmlns=\"http:\/\/www.w3.org\/2000\/svg\" viewBox=\"0 0 1000 300\" preserveAspectRatio=\"none\">\n          <path d=\"M 1014 264 v 122 h -808 l -172 -86 s 310.42 -22.84 402 -79 c 106 -65 154 -61 268 -12 c 107 46 195.11 5.94 275 137 z\"><\/path>   <path d=\"M -302 55 s 235.27 208.25 352 159 c 128 -54 233 -98 303 -73 c 92.68 33.1 181.28 115.19 235 108 c 104.9 -14 176.52 -173.06 267 -118 c 85.61 52.09 145 123 145 123 v 74 l -1306 10 z\"><\/path>\n          <path d=\"M -286 255 s 214 -103 338 -129 s 203 29 384 101 c 145.57 57.91 178.7 50.79 272 0 c 79 -43 301 -224 385 -63 c 53 101.63 -62 129 -62 129 l -107 84 l -1212 12 z\"><\/path>\n          <path d=\"M -24 69 s 299.68 301.66 413 245 c 8 -4 233 2 284 42 c 17.47 13.7 172 -132 217 -174 c 54.8 -51.15 128 -90 188 -39 c 76.12 64.7 118 99 118 99 l -12 132 l -1212 12 z\"><\/path>\n          <path d=\"M -12 201 s 70 83 194 57 s 160.29 -36.77 274 6 c 109 41 184.82 24.36 265 -15 c 55 -27 116.5 -57.69 214 4 c 49 31 95 26 95 26 l -6 151 l -1036 10 z\"><\/path> <\/svg><\/div><div class=\"row_col_wrap_12 col span_12 light left\">\n\t<div  class=\"vc_col-sm-6 verticalDivider wpb_column column_container vc_column_container col centered-text no-extra-padding inherit_tablet inherit_phone \"  data-padding-pos=\"left-right\" data-has-bg-color=\"false\" data-bg-color=\"\" data-bg-opacity=\"1\" data-animation=\"\" data-delay=\"0\" >\n\t\t<div class=\"vc_column-inner\" >\n\t\t\t<div class=\"wpb_wrapper\">\n\t\t\t\t\n<div class=\"wpb_text_column wpb_content_element \" >\n\t<div class=\"wpb_wrapper\">\n\t\t<h6>Bleib dran mit Capacity und<\/h6>\n<h3>FOLGE UNS!<\/h3>\n\t<\/div>\n<\/div>\n\n\n\n<div class=\"nectar_icon_wrap \" data-style=\"default\" data-padding=\"20px\" data-color=\"extra-color-1\" style=\"\" >\n\t\t<div class=\"nectar_icon\" ><a href=\"https:\/\/www.linkedin.com\/company\/capacity-zurich\/\" target=\"_blank\"><\/a><i style=\"font-size: 30px; line-height: 30px; height: 30px; width: 30px;\" class=\"fa fa-linkedin-square\"><\/i><\/div>\n\t<\/div><div class=\"nectar_icon_wrap \" data-style=\"default\" data-padding=\"20px\" data-color=\"extra-color-1\" style=\"\" >\n\t\t<div class=\"nectar_icon\" ><a href=\"https:\/\/www.instagram.com\/capacityzurich\/\" target=\"_blank\"><\/a><i style=\"font-size: 30px; line-height: 30px; height: 30px; width: 30px;\" class=\"fa fa-instagram\"><\/i><\/div>\n\t<\/div><div class=\"nectar_icon_wrap \" data-style=\"default\" data-padding=\"20px\" data-color=\"extra-color-1\" style=\"\" >\n\t\t<div class=\"nectar_icon\" ><a href=\"https:\/\/www.facebook.com\/CapacityZurich\/\" target=\"_blank\"><\/a><i style=\"font-size: 30px; line-height: 30px; height: 30px; width: 30px;\" class=\"fa fa-facebook-square\"><\/i><\/div>\n\t<\/div>\n\t\t\t<\/div> \n\t\t<\/div>\n\t<\/div> \n\n\t<div  class=\"vc_col-sm-6 wpb_column column_container vc_column_container col centered-text no-extra-padding inherit_tablet inherit_phone \"  data-padding-pos=\"all\" data-has-bg-color=\"false\" data-bg-color=\"\" data-bg-opacity=\"1\" data-animation=\"\" data-delay=\"0\" >\n\t\t<div class=\"vc_column-inner\" >\n\t\t\t<div class=\"wpb_wrapper\">\n\t\t\t\t\n<div class=\"wpb_text_column wpb_content_element \" >\n\t<div class=\"wpb_wrapper\">\n\t\t<h6>Unterst\u00fctze Capacity und<\/h6>\n<h3>MACH DEN UNTERSCHIED!<\/h3>\n\t<\/div>\n<\/div>\n\n\n\n<a class=\"nectar-button large see-through accent-color\"  style=\"margin-top: 20px; border-color: #ffffff; color: #ffffff;\"  href=\"\/de\/spenden\/\" data-color-override=\"#ffffff\" data-hover-color-override=\"false\" data-hover-text-color-override=\"#fff\"><span>Jetzt spenden<\/span><\/a>\n\t\t\t<\/div> \n\t\t<\/div>\n\t<\/div> \n<\/div><\/div><\/div>[\/vc_column][\/vc_row]\n","protected":false},"excerpt":{"rendered":"Bleib dran mit Capacity und FOLGE UNS! Unterst\u00fctze Capacity und MACH DEN UNTERSCHIED! Jetzt spenden","protected":false},"author":8,"featured_media":1624,"parent":0,"menu_order":116,"comment_status":"closed","ping_status":"closed","template":"","meta":{"inline_featured_image":false,"footnotes":""},"class_list":["post-1611","page","type-page","status-publish","has-post-thumbnail"],"yoast_head":"<!-- This site is optimized with the Yoast SEO plugin v27.5 - https:\/\/yoast.com\/product\/yoast-seo-wordpress\/ -->\n<title>2018 Entrepreneure - Capacity<\/title>\n<meta name=\"robots\" content=\"index, follow, max-snippet:-1, max-image-preview:large, max-video-preview:-1\" \/>\n<link rel=\"canonical\" href=\"https:\/\/www.capacity.swiss\/de\/2018-entrepreneure\/\" \/>\n<meta property=\"og:locale\" content=\"de_DE\" \/>\n<meta property=\"og:type\" content=\"article\" \/>\n<meta property=\"og:title\" content=\"2018 Entrepreneure - Capacity\" \/>\n<meta property=\"og:url\" content=\"https:\/\/www.capacity.swiss\/de\/2018-entrepreneure\/\" \/>\n<meta property=\"og:site_name\" content=\"Capacity\" \/>\n<meta property=\"article:modified_time\" content=\"2022-11-23T19:52:52+00:00\" \/>\n<meta property=\"og:image\" content=\"https:\/\/www.capacity.swiss\/wp-content\/uploads\/2018\/08\/1-1-1024x525.jpg\" \/>\n\t<meta property=\"og:image:width\" content=\"1024\" \/>\n\t<meta property=\"og:image:height\" content=\"525\" \/>\n\t<meta property=\"og:image:type\" content=\"image\/jpeg\" \/>\n<meta name=\"twitter:card\" content=\"summary_large_image\" \/>\n<meta name=\"twitter:label1\" content=\"Gesch\u00e4tzte Lesezeit\" \/>\n\t<meta name=\"twitter:data1\" content=\"4\u00a0Minuten\" \/>\n<script type=\"application\/ld+json\" class=\"yoast-schema-graph\">{\"@context\":\"https:\\\/\\\/schema.org\",\"@graph\":[{\"@type\":\"WebPage\",\"@id\":\"https:\\\/\\\/www.capacity.swiss\\\/de\\\/2018-entrepreneure\\\/\",\"url\":\"https:\\\/\\\/www.capacity.swiss\\\/de\\\/2018-entrepreneure\\\/\",\"name\":\"2018 Entrepreneure - Capacity\",\"isPartOf\":{\"@id\":\"https:\\\/\\\/www.capacity.swiss\\\/de\\\/#website\"},\"primaryImageOfPage\":{\"@id\":\"https:\\\/\\\/www.capacity.swiss\\\/de\\\/2018-entrepreneure\\\/#primaryimage\"},\"image\":{\"@id\":\"https:\\\/\\\/www.capacity.swiss\\\/de\\\/2018-entrepreneure\\\/#primaryimage\"},\"thumbnailUrl\":\"https:\\\/\\\/www.capacity.swiss\\\/wp-content\\\/uploads\\\/2018\\\/08\\\/1-1-scaled.jpg\",\"datePublished\":\"2018-08-04T22:46:55+00:00\",\"dateModified\":\"2022-11-23T19:52:52+00:00\",\"breadcrumb\":{\"@id\":\"https:\\\/\\\/www.capacity.swiss\\\/de\\\/2018-entrepreneure\\\/#breadcrumb\"},\"inLanguage\":\"de-CH\",\"potentialAction\":[{\"@type\":\"ReadAction\",\"target\":[\"https:\\\/\\\/www.capacity.swiss\\\/de\\\/2018-entrepreneure\\\/\"]}]},{\"@type\":\"ImageObject\",\"inLanguage\":\"de-CH\",\"@id\":\"https:\\\/\\\/www.capacity.swiss\\\/de\\\/2018-entrepreneure\\\/#primaryimage\",\"url\":\"https:\\\/\\\/www.capacity.swiss\\\/wp-content\\\/uploads\\\/2018\\\/08\\\/1-1-scaled.jpg\",\"contentUrl\":\"https:\\\/\\\/www.capacity.swiss\\\/wp-content\\\/uploads\\\/2018\\\/08\\\/1-1-scaled.jpg\",\"width\":2560,\"height\":1311},{\"@type\":\"BreadcrumbList\",\"@id\":\"https:\\\/\\\/www.capacity.swiss\\\/de\\\/2018-entrepreneure\\\/#breadcrumb\",\"itemListElement\":[{\"@type\":\"ListItem\",\"position\":1,\"name\":\"Home\",\"item\":\"https:\\\/\\\/www.capacity.swiss\\\/de\\\/\"},{\"@type\":\"ListItem\",\"position\":2,\"name\":\"2018 Entrepreneure\"}]},{\"@type\":\"WebSite\",\"@id\":\"https:\\\/\\\/www.capacity.swiss\\\/de\\\/#website\",\"url\":\"https:\\\/\\\/www.capacity.swiss\\\/de\\\/\",\"name\":\"Capacity\",\"description\":\"Fostering Refugee &amp; Migrant Talent\",\"publisher\":{\"@id\":\"https:\\\/\\\/www.capacity.swiss\\\/de\\\/#organization\"},\"potentialAction\":[{\"@type\":\"SearchAction\",\"target\":{\"@type\":\"EntryPoint\",\"urlTemplate\":\"https:\\\/\\\/www.capacity.swiss\\\/de\\\/?s={search_term_string}\"},\"query-input\":{\"@type\":\"PropertyValueSpecification\",\"valueRequired\":true,\"valueName\":\"search_term_string\"}}],\"inLanguage\":\"de-CH\"},{\"@type\":\"Organization\",\"@id\":\"https:\\\/\\\/www.capacity.swiss\\\/de\\\/#organization\",\"name\":\"Capacity\",\"url\":\"https:\\\/\\\/www.capacity.swiss\\\/de\\\/\",\"logo\":{\"@type\":\"ImageObject\",\"inLanguage\":\"de-CH\",\"@id\":\"https:\\\/\\\/www.capacity.swiss\\\/de\\\/#\\\/schema\\\/logo\\\/image\\\/\",\"url\":\"https:\\\/\\\/capacity.swiss\\\/wp-content\\\/uploads\\\/2023\\\/12\\\/2023-capacity-logo-long-new-Transparent-320-\u00d7-132-px.png\",\"contentUrl\":\"https:\\\/\\\/capacity.swiss\\\/wp-content\\\/uploads\\\/2023\\\/12\\\/2023-capacity-logo-long-new-Transparent-320-\u00d7-132-px.png\",\"width\":560,\"height\":231,\"caption\":\"Capacity\"},\"image\":{\"@id\":\"https:\\\/\\\/www.capacity.swiss\\\/de\\\/#\\\/schema\\\/logo\\\/image\\\/\"}}]}<\/script>\n<!-- \/ Yoast SEO plugin. -->","yoast_head_json":{"title":"2018 Entrepreneure - Capacity","robots":{"index":"index","follow":"follow","max-snippet":"max-snippet:-1","max-image-preview":"max-image-preview:large","max-video-preview":"max-video-preview:-1"},"canonical":"https:\/\/www.capacity.swiss\/de\/2018-entrepreneure\/","og_locale":"de_DE","og_type":"article","og_title":"2018 Entrepreneure - Capacity","og_url":"https:\/\/www.capacity.swiss\/de\/2018-entrepreneure\/","og_site_name":"Capacity","article_modified_time":"2022-11-23T19:52:52+00:00","og_image":[{"width":1024,"height":525,"url":"https:\/\/www.capacity.swiss\/wp-content\/uploads\/2018\/08\/1-1-1024x525.jpg","type":"image\/jpeg"}],"twitter_card":"summary_large_image","twitter_misc":{"Gesch\u00e4tzte Lesezeit":"4\u00a0Minuten"},"schema":{"@context":"https:\/\/schema.org","@graph":[{"@type":"WebPage","@id":"https:\/\/www.capacity.swiss\/de\/2018-entrepreneure\/","url":"https:\/\/www.capacity.swiss\/de\/2018-entrepreneure\/","name":"2018 Entrepreneure - Capacity","isPartOf":{"@id":"https:\/\/www.capacity.swiss\/de\/#website"},"primaryImageOfPage":{"@id":"https:\/\/www.capacity.swiss\/de\/2018-entrepreneure\/#primaryimage"},"image":{"@id":"https:\/\/www.capacity.swiss\/de\/2018-entrepreneure\/#primaryimage"},"thumbnailUrl":"https:\/\/www.capacity.swiss\/wp-content\/uploads\/2018\/08\/1-1-scaled.jpg","datePublished":"2018-08-04T22:46:55+00:00","dateModified":"2022-11-23T19:52:52+00:00","breadcrumb":{"@id":"https:\/\/www.capacity.swiss\/de\/2018-entrepreneure\/#breadcrumb"},"inLanguage":"de-CH","potentialAction":[{"@type":"ReadAction","target":["https:\/\/www.capacity.swiss\/de\/2018-entrepreneure\/"]}]},{"@type":"ImageObject","inLanguage":"de-CH","@id":"https:\/\/www.capacity.swiss\/de\/2018-entrepreneure\/#primaryimage","url":"https:\/\/www.capacity.swiss\/wp-content\/uploads\/2018\/08\/1-1-scaled.jpg","contentUrl":"https:\/\/www.capacity.swiss\/wp-content\/uploads\/2018\/08\/1-1-scaled.jpg","width":2560,"height":1311},{"@type":"BreadcrumbList","@id":"https:\/\/www.capacity.swiss\/de\/2018-entrepreneure\/#breadcrumb","itemListElement":[{"@type":"ListItem","position":1,"name":"Home","item":"https:\/\/www.capacity.swiss\/de\/"},{"@type":"ListItem","position":2,"name":"2018 Entrepreneure"}]},{"@type":"WebSite","@id":"https:\/\/www.capacity.swiss\/de\/#website","url":"https:\/\/www.capacity.swiss\/de\/","name":"Capacity","description":"Fostering Refugee &amp; Migrant Talent","publisher":{"@id":"https:\/\/www.capacity.swiss\/de\/#organization"},"potentialAction":[{"@type":"SearchAction","target":{"@type":"EntryPoint","urlTemplate":"https:\/\/www.capacity.swiss\/de\/?s={search_term_string}"},"query-input":{"@type":"PropertyValueSpecification","valueRequired":true,"valueName":"search_term_string"}}],"inLanguage":"de-CH"},{"@type":"Organization","@id":"https:\/\/www.capacity.swiss\/de\/#organization","name":"Capacity","url":"https:\/\/www.capacity.swiss\/de\/","logo":{"@type":"ImageObject","inLanguage":"de-CH","@id":"https:\/\/www.capacity.swiss\/de\/#\/schema\/logo\/image\/","url":"https:\/\/capacity.swiss\/wp-content\/uploads\/2023\/12\/2023-capacity-logo-long-new-Transparent-320-\u00d7-132-px.png","contentUrl":"https:\/\/capacity.swiss\/wp-content\/uploads\/2023\/12\/2023-capacity-logo-long-new-Transparent-320-\u00d7-132-px.png","width":560,"height":231,"caption":"Capacity"},"image":{"@id":"https:\/\/www.capacity.swiss\/de\/#\/schema\/logo\/image\/"}}]}},"_links":{"self":[{"href":"https:\/\/www.capacity.swiss\/de\/wp-json\/wp\/v2\/pages\/1611","targetHints":{"allow":["GET"]}}],"collection":[{"href":"https:\/\/www.capacity.swiss\/de\/wp-json\/wp\/v2\/pages"}],"about":[{"href":"https:\/\/www.capacity.swiss\/de\/wp-json\/wp\/v2\/types\/page"}],"author":[{"embeddable":true,"href":"https:\/\/www.capacity.swiss\/de\/wp-json\/wp\/v2\/users\/8"}],"replies":[{"embeddable":true,"href":"https:\/\/www.capacity.swiss\/de\/wp-json\/wp\/v2\/comments?post=1611"}],"version-history":[{"count":5,"href":"https:\/\/www.capacity.swiss\/de\/wp-json\/wp\/v2\/pages\/1611\/revisions"}],"predecessor-version":[{"id":7151,"href":"https:\/\/www.capacity.swiss\/de\/wp-json\/wp\/v2\/pages\/1611\/revisions\/7151"}],"wp:featuredmedia":[{"embeddable":true,"href":"https:\/\/www.capacity.swiss\/de\/wp-json\/wp\/v2\/media\/1624"}],"wp:attachment":[{"href":"https:\/\/www.capacity.swiss\/de\/wp-json\/wp\/v2\/media?parent=1611"}],"curies":[{"name":"wp","href":"https:\/\/api.w.org\/{rel}","templated":true}]}}