{"id":16537,"date":"2024-02-22T07:06:22","date_gmt":"2024-02-22T06:06:22","guid":{"rendered":"https:\/\/www.capacityzurich.ch\/hochqualifizierte-stellensuchende_de\/"},"modified":"2026-04-16T15:57:06","modified_gmt":"2026-04-16T13:57:06","slug":"hochqualifizierte-stellensuchende","status":"publish","type":"page","link":"https:\/\/www.capacity.swiss\/de\/hochqualifizierte-stellensuchende\/","title":{"rendered":"Hochqualifizierte Stellensuchende"},"content":{"rendered":"\t\t<div data-elementor-type=\"wp-page\" data-elementor-id=\"16537\" class=\"elementor elementor-16537 elementor-10799\" data-elementor-post-type=\"page\">\n\t\t\t\t<div class=\"elementor-element elementor-element-9a2d470 e-con-full e-flex e-con e-parent\" data-id=\"9a2d470\" data-element_type=\"container\" data-e-type=\"container\" data-settings=\"{&quot;background_background&quot;:&quot;classic&quot;}\">\n\t\t\t\t<div class=\"elementor-element elementor-element-0e27564 elementor-align-right elementor-widget__width-initial elementor-widget elementor-widget-button\" data-id=\"0e27564\" data-element_type=\"widget\" data-e-type=\"widget\" data-widget_type=\"button.default\">\n\t\t\t\t<div class=\"elementor-widget-container\">\n\t\t\t\t\t\t\t\t\t<div class=\"elementor-button-wrapper\">\n\t\t\t\t\t<a class=\"elementor-button elementor-button-link elementor-size-sm\" href=\"https:\/\/apply.workable.com\/capacity-ch\/j\/F2B112DD13\/apply\/\" target=\"_blank\">\n\t\t\t\t\t\t<span class=\"elementor-button-content-wrapper\">\n\t\t\t\t\t\t<span class=\"elementor-button-icon\">\n\t\t\t\t<svg aria-hidden=\"true\" class=\"e-font-icon-svg e-far-arrow-alt-circle-right\" viewBox=\"0 0 512 512\" xmlns=\"http:\/\/www.w3.org\/2000\/svg\"><path d=\"M504 256C504 119 393 8 256 8S8 119 8 256s111 248 248 248 248-111 248-248zm-448 0c0-110.5 89.5-200 200-200s200 89.5 200 200-89.5 200-200 200S56 366.5 56 256zm72 20v-40c0-6.6 5.4-12 12-12h116v-67c0-10.7 12.9-16 20.5-8.5l99 99c4.7 4.7 4.7 12.3 0 17l-99 99c-7.6 7.6-20.5 2.2-20.5-8.5v-67H140c-6.6 0-12-5.4-12-12z\"><\/path><\/svg>\t\t\t<\/span>\n\t\t\t\t\t\t\t\t\t<span class=\"elementor-button-text\">Jetzt bewerben<\/span>\n\t\t\t\t\t<\/span>\n\t\t\t\t\t<\/a>\n\t\t\t\t<\/div>\n\t\t\t\t\t\t\t\t<\/div>\n\t\t\t\t<\/div>\n\t\t\t\t<\/div>\n\t\t<div class=\"elementor-element elementor-element-a9d81d6 e-flex e-con-boxed e-con e-parent\" data-id=\"a9d81d6\" data-element_type=\"container\" data-e-type=\"container\" data-settings=\"{&quot;background_background&quot;:&quot;classic&quot;}\">\n\t\t\t\t\t<div class=\"e-con-inner\">\n\t\t<div class=\"elementor-element elementor-element-c1e24c1 e-con-full e-flex e-con e-child\" data-id=\"c1e24c1\" data-element_type=\"container\" data-e-type=\"container\">\n\t\t<div class=\"elementor-element elementor-element-cfcf5d8 e-con-full e-flex e-con e-child\" data-id=\"cfcf5d8\" data-element_type=\"container\" data-e-type=\"container\">\n\t\t\t\t<div class=\"elementor-element elementor-element-c089dd5 elementor-widget elementor-widget-image\" data-id=\"c089dd5\" data-element_type=\"widget\" data-e-type=\"widget\" data-widget_type=\"image.default\">\n\t\t\t\t<div class=\"elementor-widget-container\">\n\t\t\t\t\t\t\t\t\t\t\t\t\t\t\t<img fetchpriority=\"high\" decoding=\"async\" width=\"500\" height=\"225\" src=\"https:\/\/www.capacity.swiss\/wp-content\/uploads\/2022\/06\/FINAL-AFT-Logo-Transparent-background-canva.png\" class=\"attachment-large size-large wp-image-6375\" alt=\"Logo of Access Fast Track Programme\" srcset=\"https:\/\/www.capacity.swiss\/wp-content\/uploads\/2022\/06\/FINAL-AFT-Logo-Transparent-background-canva.png 500w, https:\/\/www.capacity.swiss\/wp-content\/uploads\/2022\/06\/FINAL-AFT-Logo-Transparent-background-canva-300x135.png 300w\" sizes=\"(max-width: 500px) 100vw, 500px\" \/>\t\t\t\t\t\t\t\t\t\t\t\t\t\t\t<\/div>\n\t\t\t\t<\/div>\n\t\t\t\t<\/div>\n\t\t\t\t<\/div>\n\t\t<div class=\"elementor-element elementor-element-a49e2b9 e-con-full e-flex e-con e-child\" data-id=\"a49e2b9\" data-element_type=\"container\" data-e-type=\"container\">\n\t\t\t\t<div class=\"elementor-element elementor-element-2f4506d elementor-widget elementor-widget-text-editor\" data-id=\"2f4506d\" data-element_type=\"widget\" data-e-type=\"widget\" data-widget_type=\"text-editor.default\">\n\t\t\t\t<div class=\"elementor-widget-container\">\n\t\t\t\t\t\t\t\t\t<p>Programm zur Unterst\u00fctzung hochqualifizierter Migrant:innen und Gefl\u00fcchteter bei der beruflichen Integration in der Schweiz<\/p>\t\t\t\t\t\t\t\t<\/div>\n\t\t\t\t<\/div>\n\t\t\t\t<\/div>\n\t\t\t\t\t<\/div>\n\t\t\t\t<\/div>\n\t\t<div class=\"elementor-element elementor-element-00ae785 e-flex e-con-boxed e-con e-parent\" data-id=\"00ae785\" data-element_type=\"container\" data-e-type=\"container\">\n\t\t\t\t\t<div class=\"e-con-inner\">\n\t\t<div class=\"elementor-element elementor-element-dcfaade e-con-full e-flex e-con e-child\" data-id=\"dcfaade\" data-element_type=\"container\" data-e-type=\"container\">\n\t\t\t\t<div class=\"elementor-element elementor-element-dce66fa elementor-widget__width-initial elementor-widget elementor-widget-text-editor\" data-id=\"dce66fa\" data-element_type=\"widget\" data-e-type=\"widget\" data-widget_type=\"text-editor.default\">\n\t\t\t\t<div class=\"elementor-widget-container\">\n\t\t\t\t\t\t\t\t\t<p><strong>Anzahl Teilnehmende<br \/><\/strong>25 &#8211; 30 pro Zyklus; 100 &#8211; 120\/Jahr<\/p><p><strong>Bevorstehend:<br \/>Programm-<\/strong><strong>Zyklus 17: <\/strong>Mai bis Juli 2026<\/p>\t\t\t\t\t\t\t\t<\/div>\n\t\t\t\t<\/div>\n\t\t\t\t<div class=\"elementor-element elementor-element-40e2bd8 elementor-align-right elementor-widget__width-initial elementor-widget elementor-widget-button\" data-id=\"40e2bd8\" data-element_type=\"widget\" data-e-type=\"widget\" data-widget_type=\"button.default\">\n\t\t\t\t<div class=\"elementor-widget-container\">\n\t\t\t\t\t\t\t\t\t<div class=\"elementor-button-wrapper\">\n\t\t\t\t\t<a class=\"elementor-button elementor-button-link elementor-size-sm\" href=\"https:\/\/www.canva.com\/design\/DAG-VItrzYU\/cG_LOqrTrqA5Yh55TaX05Q\/watch?utm_content=DAG-VItrzYU&#038;utm_campaign=designshare&#038;utm_medium=link2&#038;utm_source=uniquelinks&#038;utlId=hc62cb19901\" target=\"_blank\">\n\t\t\t\t\t\t<span class=\"elementor-button-content-wrapper\">\n\t\t\t\t\t\t<span class=\"elementor-button-icon\">\n\t\t\t\t<svg aria-hidden=\"true\" class=\"e-font-icon-svg e-far-arrow-alt-circle-right\" viewBox=\"0 0 512 512\" xmlns=\"http:\/\/www.w3.org\/2000\/svg\"><path d=\"M504 256C504 119 393 8 256 8S8 119 8 256s111 248 248 248 248-111 248-248zm-448 0c0-110.5 89.5-200 200-200s200 89.5 200 200-89.5 200-200 200S56 366.5 56 256zm72 20v-40c0-6.6 5.4-12 12-12h116v-67c0-10.7 12.9-16 20.5-8.5l99 99c4.7 4.7 4.7 12.3 0 17l-99 99c-7.6 7.6-20.5 2.2-20.5-8.5v-67H140c-6.6 0-12-5.4-12-12z\"><\/path><\/svg>\t\t\t<\/span>\n\t\t\t\t\t\t\t\t\t<span class=\"elementor-button-text\">Einf\u00fchrungsvideo<\/span>\n\t\t\t\t\t<\/span>\n\t\t\t\t\t<\/a>\n\t\t\t\t<\/div>\n\t\t\t\t\t\t\t\t<\/div>\n\t\t\t\t<\/div>\n\t\t\t\t<div class=\"elementor-element elementor-element-bfeeeb5 elementor-widget__width-initial elementor-widget elementor-widget-text-editor\" data-id=\"bfeeeb5\" data-element_type=\"widget\" data-e-type=\"widget\" data-widget_type=\"text-editor.default\">\n\t\t\t\t<div class=\"elementor-widget-container\">\n\t\t\t\t\t\t\t\t\t<p><strong>Kosten<br \/>Anmeldegeb\u00fchr<\/strong>\u00a0(nach Aufnahme ins Programm): <strong>CHF 100<\/strong>, um deinen Platz zu sichern (keine R\u00fcckerstattung)<\/p><p><strong>Beitrag zu den Programmkosten<\/strong>\u00a0(vor Beginn des Programms): <strong>CHF 400.-<\/strong> f\u00fcr finanziell unabh\u00e4ngige Teilnehmende.<\/p><p><a href=\"https:\/\/www.capacity.swiss\/de\/accessfasttrack-mehrwert-der-investition\/\"><b>Warum lohnt es sich?<\/b><\/a><\/p>\t\t\t\t\t\t\t\t<\/div>\n\t\t\t\t<\/div>\n\t\t\t\t<div class=\"elementor-element elementor-element-e67aba0 elementor-align-right elementor-widget__width-initial elementor-widget elementor-widget-button\" data-id=\"e67aba0\" data-element_type=\"widget\" data-e-type=\"widget\" data-widget_type=\"button.default\">\n\t\t\t\t<div class=\"elementor-widget-container\">\n\t\t\t\t\t\t\t\t\t<div class=\"elementor-button-wrapper\">\n\t\t\t\t\t<a class=\"elementor-button elementor-button-link elementor-size-sm\" href=\"https:\/\/apply.workable.com\/capacity-ch\/j\/F2B112DD13\/apply\/\" target=\"_blank\">\n\t\t\t\t\t\t<span class=\"elementor-button-content-wrapper\">\n\t\t\t\t\t\t<span class=\"elementor-button-icon\">\n\t\t\t\t<svg aria-hidden=\"true\" class=\"e-font-icon-svg e-far-arrow-alt-circle-right\" viewBox=\"0 0 512 512\" xmlns=\"http:\/\/www.w3.org\/2000\/svg\"><path d=\"M504 256C504 119 393 8 256 8S8 119 8 256s111 248 248 248 248-111 248-248zm-448 0c0-110.5 89.5-200 200-200s200 89.5 200 200-89.5 200-200 200S56 366.5 56 256zm72 20v-40c0-6.6 5.4-12 12-12h116v-67c0-10.7 12.9-16 20.5-8.5l99 99c4.7 4.7 4.7 12.3 0 17l-99 99c-7.6 7.6-20.5 2.2-20.5-8.5v-67H140c-6.6 0-12-5.4-12-12z\"><\/path><\/svg>\t\t\t<\/span>\n\t\t\t\t\t\t\t\t\t<span class=\"elementor-button-text\">Jetzt bewerben<\/span>\n\t\t\t\t\t<\/span>\n\t\t\t\t\t<\/a>\n\t\t\t\t<\/div>\n\t\t\t\t\t\t\t\t<\/div>\n\t\t\t\t<\/div>\n\t\t\t\t<\/div>\n\t\t<div class=\"elementor-element elementor-element-9e24208 e-con-full e-flex e-con e-child\" data-id=\"9e24208\" data-element_type=\"container\" data-e-type=\"container\">\n\t\t\t\t<div class=\"elementor-element elementor-element-9cccb35 elementor-widget__width-initial elementor-widget elementor-widget-text-editor\" data-id=\"9cccb35\" data-element_type=\"widget\" data-e-type=\"widget\" data-widget_type=\"text-editor.default\">\n\t\t\t\t<div class=\"elementor-widget-container\">\n\t\t\t\t\t\t\t\t\t<p class=\"cvGsUA direction-ltr align-start para-style-body\"><strong><span class=\"OYPEnA text-decoration-none text-strikethrough-none\">Access Fast Track <\/span><\/strong><span class=\"OYPEnA text-decoration-none text-strikethrough-none\">ist ein Arbeitsmarktintegrations-Programm, das nach erfolgreichem Pilotprojekt Mitte 2022 lanciert wurde. <\/span><\/p>\n<p class=\"cvGsUA direction-ltr align-start para-style-body\"><span class=\"OYPEnA text-decoration-none text-strikethrough-none\">Die kompakten Module von <\/span><strong><span class=\"OYPEnA text-decoration-none text-strikethrough-none\">Access Fast Track <\/span><\/strong><span class=\"OYPEnA text-decoration-none text-strikethrough-none\">richten sich an Fachkr\u00e4fte, die mit der Stellensuche in der Schweiz begonnen haben, sowie an Personen, die dies schon l\u00e4nger tun und ihre Strategien f\u00fcr die Stellensuche \u00fcberpr\u00fcfen und verbessern m\u00f6chten. Das Programm fokussiert auf den <\/span><span class=\"OYPEnA text-decoration-none text-strikethrough-none\">Bewerbungsprozess und das Networking<\/span><span class=\"OYPEnA text-decoration-none text-strikethrough-none\">.<\/span><\/p>\n<p class=\"cvGsUA direction-ltr align-start para-style-body\"><strong><span class=\"OYPEnA text-decoration-none text-strikethrough-none\">Access Fast Track<\/span><\/strong><span class=\"OYPEnA text-decoration-none text-strikethrough-none\">-Teilnehmende erhalten Informationen \u00fcber geeignete Instrumente, um ihren beruflichen Hintergrund einzuordnen, die richtigen Karrierem\u00f6glichkeiten zu identifizieren und um sich mit ihren F\u00e4higkeiten und Erfahrungen auf dem Schweizer Arbeitsmarkt besser zu positionieren. <\/span><span class=\"OYPEnA text-decoration-none text-strikethrough-none\">Zus\u00e4tzlich zu den Modulen arbeiten alle Teilnehmenden mit einem individuell zugeteilten Talent Coach. Neben der Bedeutung der fachlichen Unterst\u00fctzung f\u00fcr das Projekt, ist das Engagement der Freiwilligen ein Zeichen der Solidarit\u00e4t und tr\u00e4gt als solches zum gesellschaftlichen Zusammenhalt bei.<\/span><\/p>\t\t\t\t\t\t\t\t<\/div>\n\t\t\t\t<\/div>\n\t\t\t\t<\/div>\n\t\t\t\t\t<\/div>\n\t\t\t\t<\/div>\n\t\t<div class=\"elementor-element elementor-element-a6a0642 e-flex e-con-boxed e-con e-parent\" data-id=\"a6a0642\" data-element_type=\"container\" data-e-type=\"container\">\n\t\t\t\t\t<div class=\"e-con-inner\">\n\t\t<div class=\"elementor-element elementor-element-d34cf43 e-con-full e-flex e-con e-child\" data-id=\"d34cf43\" data-element_type=\"container\" data-e-type=\"container\">\n\t\t\t\t<div class=\"elementor-element elementor-element-60c9b91 elementor-widget__width-initial elementor-widget elementor-widget-text-editor\" data-id=\"60c9b91\" data-element_type=\"widget\" data-e-type=\"widget\" data-widget_type=\"text-editor.default\">\n\t\t\t\t<div class=\"elementor-widget-container\">\n\t\t\t\t\t\t\t\t\t<p>Finanzielle Einschr\u00e4nkungen stehen einer Teilnahme nicht im Weg. Gerne besprechen wir bei Bedarf Optionen.<\/p><p>Wenn Kandidat:innen Sozialhilfe beziehen, wird das entsprechende Sozialamt gebeten, sich an den Programmkosten zu beteiligen.<\/p><p><span style=\"box-sizing: border-box; margin: 0px; padding: 0px;\">Vertreter:innen von Sozialen Diensten \u2013 bitte\u00a0<a target=\"_blank\" rel=\"noopener\">Caterina Meier-Pfister<\/a> f\u00fcr weitere Informationen kontaktieren.<\/span><\/p>\t\t\t\t\t\t\t\t<\/div>\n\t\t\t\t<\/div>\n\t\t\t\t<\/div>\n\t\t<div class=\"elementor-element elementor-element-cafc01d e-con-full e-flex e-con e-child\" data-id=\"cafc01d\" data-element_type=\"container\" data-e-type=\"container\">\n\t\t\t\t<div class=\"elementor-element elementor-element-24fc5b6 elementor-widget__width-initial elementor-widget elementor-widget-text-editor\" data-id=\"24fc5b6\" data-element_type=\"widget\" data-e-type=\"widget\" data-widget_type=\"text-editor.default\">\n\t\t\t\t<div class=\"elementor-widget-container\">\n\t\t\t\t\t\t\t\t\t<p>Das Programm wird durch die gemeinsame Finanzierung von verschiedenen Unterst\u00fctzer:innen sowie durch Beitr\u00e4ge der Teilnehmenden erm\u00f6glicht.<\/p>\t\t\t\t\t\t\t\t<\/div>\n\t\t\t\t<\/div>\n\t\t\t\t<\/div>\n\t\t\t\t\t<\/div>\n\t\t\t\t<\/div>\n\t\t<div class=\"elementor-element elementor-element-9a3d188 e-con-full e-flex e-con e-parent\" data-id=\"9a3d188\" data-element_type=\"container\" data-e-type=\"container\" data-settings=\"{&quot;background_background&quot;:&quot;classic&quot;}\">\n\t\t<div class=\"elementor-element elementor-element-eee0d11 e-con-full e-flex e-con e-child\" data-id=\"eee0d11\" data-element_type=\"container\" data-e-type=\"container\" data-settings=\"{&quot;background_background&quot;:&quot;classic&quot;}\">\n\t\t\t\t<div class=\"elementor-element elementor-element-d554e74 elementor-widget elementor-widget-spacer\" data-id=\"d554e74\" data-element_type=\"widget\" data-e-type=\"widget\" data-widget_type=\"spacer.default\">\n\t\t\t\t<div class=\"elementor-widget-container\">\n\t\t\t\t\t\t\t<div class=\"elementor-spacer\">\n\t\t\t<div class=\"elementor-spacer-inner\"><\/div>\n\t\t<\/div>\n\t\t\t\t\t\t<\/div>\n\t\t\t\t<\/div>\n\t\t\t\t<\/div>\n\t\t<div class=\"elementor-element elementor-element-44b6f6f e-con-full e-flex e-con e-child\" data-id=\"44b6f6f\" data-element_type=\"container\" data-e-type=\"container\" data-settings=\"{&quot;background_background&quot;:&quot;classic&quot;}\">\n\t\t\t\t<div class=\"elementor-element elementor-element-878e5fc elementor-widget__width-initial elementor-widget elementor-widget-heading\" data-id=\"878e5fc\" data-element_type=\"widget\" data-e-type=\"widget\" data-widget_type=\"heading.default\">\n\t\t\t\t<div class=\"elementor-widget-container\">\n\t\t\t\t\t<h3 class=\"elementor-heading-title elementor-size-default\">Teilnahmekriterien<\/h3>\t\t\t\t<\/div>\n\t\t\t\t<\/div>\n\t\t\t\t<div class=\"elementor-element elementor-element-14d0d90 elementor-widget elementor-widget-text-editor\" data-id=\"14d0d90\" data-element_type=\"widget\" data-e-type=\"widget\" data-widget_type=\"text-editor.default\">\n\t\t\t\t<div class=\"elementor-widget-container\">\n\t\t\t\t\t\t\t\t\t<p><strong>Menschen mit Flucht- oder Migrationshintergrund<\/strong><\/p>\n\t\t\t\t\t\t\t\t<\/div>\n\t\t\t\t<\/div>\n\t\t\t\t<div class=\"elementor-element elementor-element-e07db16 elementor-widget elementor-widget-text-editor\" data-id=\"e07db16\" data-element_type=\"widget\" data-e-type=\"widget\" data-widget_type=\"text-editor.default\">\n\t\t\t\t<div class=\"elementor-widget-container\">\n\t\t\t\t\t\t\t\t\t<ul>\n<li>Prim\u00e4r aus Nicht-EU\/-EFTA-Staaten oder aus L\u00e4ndern, die von humanit\u00e4ren Katastrophen bedroht sind<\/li>\n<li>Aufenthaltsbewilligung (S,F,B,C)<\/li>\n<li>Gef\u00e4hrdet, in eine Langzeitarbeitslosigkeit zu geraten oder einen Niedriglohnjob anzunehmen<\/li>\n<\/ul>\n\t\t\t\t\t\t\t\t<\/div>\n\t\t\t\t<\/div>\n\t\t\t\t<div class=\"elementor-element elementor-element-8ab4902 elementor-widget__width-initial elementor-widget elementor-widget-text-editor\" data-id=\"8ab4902\" data-element_type=\"widget\" data-e-type=\"widget\" data-widget_type=\"text-editor.default\">\n\t\t\t\t<div class=\"elementor-widget-container\">\n\t\t\t\t\t\t\t\t\t<p><strong>Anforderungen<\/strong><\/p>\n\t\t\t\t\t\t\t\t<\/div>\n\t\t\t\t<\/div>\n\t\t\t\t<div class=\"elementor-element elementor-element-8f6fedc elementor-widget elementor-widget-text-editor\" data-id=\"8f6fedc\" data-element_type=\"widget\" data-e-type=\"widget\" data-widget_type=\"text-editor.default\">\n\t\t\t\t<div class=\"elementor-widget-container\">\n\t\t\t\t\t\t\t\t\t<ul><li>Hochschulabschluss<\/li><li>3-5 Jahre Berufserfahrung<\/li><li>B2-Niveau in Deutsch oder Englisch<\/li><li data-stringify-indent=\"0\" data-stringify-border=\"0\">Intensive Arbeitssuche in der Schweiz<\/li><\/ul>\t\t\t\t\t\t\t\t<\/div>\n\t\t\t\t<\/div>\n\t\t\t\t<\/div>\n\t\t\t\t<\/div>\n\t\t<div class=\"elementor-element elementor-element-3b9b86f e-con-full e-flex e-con e-parent\" data-id=\"3b9b86f\" data-element_type=\"container\" data-e-type=\"container\">\n\t\t<div class=\"elementor-element elementor-element-b97fac6 e-con-full e-flex e-con e-child\" data-id=\"b97fac6\" data-element_type=\"container\" data-e-type=\"container\" data-settings=\"{&quot;background_background&quot;:&quot;classic&quot;}\">\n\t\t\t\t<div class=\"elementor-element elementor-element-1b2f073 elementor-widget elementor-widget-spacer\" data-id=\"1b2f073\" data-element_type=\"widget\" data-e-type=\"widget\" data-widget_type=\"spacer.default\">\n\t\t\t\t<div class=\"elementor-widget-container\">\n\t\t\t\t\t\t\t<div class=\"elementor-spacer\">\n\t\t\t<div class=\"elementor-spacer-inner\"><\/div>\n\t\t<\/div>\n\t\t\t\t\t\t<\/div>\n\t\t\t\t<\/div>\n\t\t\t\t<\/div>\n\t\t<div class=\"elementor-element elementor-element-bd3bbb0 e-con-full e-flex e-con e-child\" data-id=\"bd3bbb0\" data-element_type=\"container\" data-e-type=\"container\" data-settings=\"{&quot;background_background&quot;:&quot;classic&quot;}\">\n\t\t\t\t<div class=\"elementor-element elementor-element-30b3ea6 elementor-widget__width-initial elementor-widget elementor-widget-heading\" data-id=\"30b3ea6\" data-element_type=\"widget\" data-e-type=\"widget\" data-widget_type=\"heading.default\">\n\t\t\t\t<div class=\"elementor-widget-container\">\n\t\t\t\t\t<h3 class=\"elementor-heading-title elementor-size-default\">Corporate Volunteers <br> als Mentor: innen\n<\/h3>\t\t\t\t<\/div>\n\t\t\t\t<\/div>\n\t\t\t\t<div class=\"elementor-element elementor-element-e3274bb elementor-widget elementor-widget-text-editor\" data-id=\"e3274bb\" data-element_type=\"widget\" data-e-type=\"widget\" data-widget_type=\"text-editor.default\">\n\t\t\t\t<div class=\"elementor-widget-container\">\n\t\t\t\t\t\t\t\t\t<p><br \/>Von <strong>Capacity<\/strong> mehrmals im Jahr rekrutierte Freiwillige unserer aktuellen Unternehmenspartner UBS, Johnson &amp; Johnson, und Generali nehmen als Talent Coaches und Network Allies am Programm teil.<\/p>\t\t\t\t\t\t\t\t<\/div>\n\t\t\t\t<\/div>\n\t\t\t\t<div class=\"elementor-element elementor-element-4b24cf2 elementor-widget elementor-widget-text-editor\" data-id=\"4b24cf2\" data-element_type=\"widget\" data-e-type=\"widget\" data-widget_type=\"text-editor.default\">\n\t\t\t\t<div class=\"elementor-widget-container\">\n\t\t\t\t\t\t\t\t\t<p>Im 1:1 Austausch mit ihrem individuell zur Seite gestellten Talent Coach, vertiefen die Teilnehmenden Programminhalte, kl\u00e4ren Fragen und erstellen eine Strategie in Bezug auf die Stellensuche.<\/p>\n\t\t\t\t\t\t\t\t<\/div>\n\t\t\t\t<\/div>\n\t\t\t\t<div class=\"elementor-element elementor-element-de54f93 elementor-widget elementor-widget-text-editor\" data-id=\"de54f93\" data-element_type=\"widget\" data-e-type=\"widget\" data-widget_type=\"text-editor.default\">\n\t\t\t\t<div class=\"elementor-widget-container\">\n\t\t\t\t\t\t\t\t\t<p>Network Allies stehen den Teilnehmenden zus\u00e4tzlich f\u00fcr informelle Einzelgespr\u00e4che zur Verf\u00fcgung. In den Gespr\u00e4chen geht es um praktische Dinge sowie darum, wenn m\u00f6glich auf bestehende Netzwerke zur\u00fcckzugreifen oder T\u00fcren zu \u00f6ffnen.<\/p>\n\t\t\t\t\t\t\t\t<\/div>\n\t\t\t\t<\/div>\n\t\t\t\t<\/div>\n\t\t\t\t<\/div>\n\t\t<div class=\"elementor-element elementor-element-ef31334 e-flex e-con-boxed e-con e-parent\" data-id=\"ef31334\" data-element_type=\"container\" data-e-type=\"container\" data-settings=\"{&quot;background_background&quot;:&quot;classic&quot;}\">\n\t\t\t\t\t<div class=\"e-con-inner\">\n\t\t<div class=\"elementor-element elementor-element-c3cd2ef e-con-full e-flex e-con e-child\" data-id=\"c3cd2ef\" data-element_type=\"container\" data-e-type=\"container\">\n\t\t\t\t<div class=\"elementor-element elementor-element-1393b07 elementor-widget__width-initial elementor-widget elementor-widget-heading\" data-id=\"1393b07\" data-element_type=\"widget\" data-e-type=\"widget\" data-widget_type=\"heading.default\">\n\t\t\t\t<div class=\"elementor-widget-container\">\n\t\t\t\t\t<h3 class=\"elementor-heading-title elementor-size-default\">Du erf\u00fcllst die Teilnahmekriterien und bist interessiert, am Programm teilzunehmen?<\/h3>\t\t\t\t<\/div>\n\t\t\t\t<\/div>\n\t\t\t\t<\/div>\n\t\t<div class=\"elementor-element elementor-element-181c379 e-con-full e-flex e-con e-child\" data-id=\"181c379\" data-element_type=\"container\" data-e-type=\"container\">\n\t\t\t\t<div class=\"elementor-element elementor-element-ce9e358 elementor-widget__width-initial elementor-widget elementor-widget-text-editor\" data-id=\"ce9e358\" data-element_type=\"widget\" data-e-type=\"widget\" data-widget_type=\"text-editor.default\">\n\t\t\t\t<div class=\"elementor-widget-container\">\n\t\t\t\t\t\t\t\t\t<p>Du m\u00f6chtest dich in einem ersten Schritt noch weiter informieren?<\/p>\t\t\t\t\t\t\t\t<\/div>\n\t\t\t\t<\/div>\n\t\t\t\t<div class=\"elementor-element elementor-element-85e4aef elementor-mobile-align-left elementor-widget elementor-widget-button\" data-id=\"85e4aef\" data-element_type=\"widget\" data-e-type=\"widget\" data-widget_type=\"button.default\">\n\t\t\t\t<div class=\"elementor-widget-container\">\n\t\t\t\t\t\t\t\t\t<div class=\"elementor-button-wrapper\">\n\t\t\t\t\t<a class=\"elementor-button elementor-button-link elementor-size-sm\" href=\"https:\/\/www.canva.com\/design\/DAG-VItrzYU\/cG_LOqrTrqA5Yh55TaX05Q\/watch?utm_content=DAG-VItrzYU&#038;utm_campaign=designshare&#038;utm_medium=link2&#038;utm_source=uniquelinks&#038;utlId=hc62cb19901\" target=\"_blank\">\n\t\t\t\t\t\t<span class=\"elementor-button-content-wrapper\">\n\t\t\t\t\t\t<span class=\"elementor-button-icon\">\n\t\t\t\t<svg aria-hidden=\"true\" class=\"e-font-icon-svg e-far-arrow-alt-circle-right\" viewBox=\"0 0 512 512\" xmlns=\"http:\/\/www.w3.org\/2000\/svg\"><path d=\"M504 256C504 119 393 8 256 8S8 119 8 256s111 248 248 248 248-111 248-248zm-448 0c0-110.5 89.5-200 200-200s200 89.5 200 200-89.5 200-200 200S56 366.5 56 256zm72 20v-40c0-6.6 5.4-12 12-12h116v-67c0-10.7 12.9-16 20.5-8.5l99 99c4.7 4.7 4.7 12.3 0 17l-99 99c-7.6 7.6-20.5 2.2-20.5-8.5v-67H140c-6.6 0-12-5.4-12-12z\"><\/path><\/svg>\t\t\t<\/span>\n\t\t\t\t\t\t\t\t\t<span class=\"elementor-button-text\">Einf\u00fchrungsvideo<\/span>\n\t\t\t\t\t<\/span>\n\t\t\t\t\t<\/a>\n\t\t\t\t<\/div>\n\t\t\t\t\t\t\t\t<\/div>\n\t\t\t\t<\/div>\n\t\t\t\t<div class=\"elementor-element elementor-element-e7c8ec2 elementor-widget elementor-widget-spacer\" data-id=\"e7c8ec2\" data-element_type=\"widget\" data-e-type=\"widget\" data-widget_type=\"spacer.default\">\n\t\t\t\t<div class=\"elementor-widget-container\">\n\t\t\t\t\t\t\t<div class=\"elementor-spacer\">\n\t\t\t<div class=\"elementor-spacer-inner\"><\/div>\n\t\t<\/div>\n\t\t\t\t\t\t<\/div>\n\t\t\t\t<\/div>\n\t\t\t\t<div class=\"elementor-element elementor-element-81e83fe elementor-widget__width-initial elementor-widget elementor-widget-text-editor\" data-id=\"81e83fe\" data-element_type=\"widget\" data-e-type=\"widget\" data-widget_type=\"text-editor.default\">\n\t\t\t\t<div class=\"elementor-widget-container\">\n\t\t\t\t\t\t\t\t\t<p>Du bist schon sicher?<br \/>Du kannst dich laufend f\u00fcr unser <strong>Access Fast Track<\/strong>-Programm <a href=\"https:\/\/apply.workable.com\/capacity-ch\/j\/F2B112DD13\/apply\/\" target=\"_blank\" rel=\"noopener\"><strong>bewerben<\/strong><\/a>. Nachfolgend findest du die n\u00e4chsten Programm-Termine.<\/p>\t\t\t\t\t\t\t\t<\/div>\n\t\t\t\t<\/div>\n\t\t\t\t<\/div>\n\t\t\t\t\t<\/div>\n\t\t\t\t<\/div>\n\t\t<div class=\"elementor-element elementor-element-857b86e e-con-full e-flex e-con e-parent\" data-id=\"857b86e\" data-element_type=\"container\" data-e-type=\"container\">\n\t\t<div class=\"elementor-element elementor-element-7dc9225 e-con-full e-flex e-con e-child\" data-id=\"7dc9225\" data-element_type=\"container\" data-e-type=\"container\">\n\t\t<div class=\"elementor-element elementor-element-d3050ca e-con-full e-flex e-con e-child\" data-id=\"d3050ca\" data-element_type=\"container\" data-e-type=\"container\">\n\t\t\t\t<div class=\"elementor-element elementor-element-dc3c5f0 elementor-widget elementor-widget-image\" data-id=\"dc3c5f0\" data-element_type=\"widget\" data-e-type=\"widget\" data-widget_type=\"image.default\">\n\t\t\t\t<div class=\"elementor-widget-container\">\n\t\t\t\t\t\t\t\t\t\t\t\t\t\t\t\t<a href=\"https:\/\/apply.workable.com\/capacity-ch\/j\/F2B112DD13\/apply\/\" target=\"_blank\">\n\t\t\t\t\t\t\t<img decoding=\"async\" width=\"500\" height=\"600\" src=\"https:\/\/www.capacity.swiss\/wp-content\/uploads\/2026\/03\/AFT-Zyklus-17-Website-DE.avif\" class=\"attachment-large size-large wp-image-25977\" alt=\"AFT Zyklus 17 Website DE\" srcset=\"https:\/\/www.capacity.swiss\/wp-content\/uploads\/2026\/03\/AFT-Zyklus-17-Website-DE.avif 500w, https:\/\/www.capacity.swiss\/wp-content\/uploads\/2026\/03\/AFT-Zyklus-17-Website-DE-250x300.avif 250w\" sizes=\"(max-width: 500px) 100vw, 500px\" \/>\t\t\t\t\t\t\t\t<\/a>\n\t\t\t\t\t\t\t\t\t\t\t\t\t\t\t<\/div>\n\t\t\t\t<\/div>\n\t\t<div class=\"elementor-element elementor-element-8b99828 e-con-full e-flex e-con e-child\" data-id=\"8b99828\" data-element_type=\"container\" data-e-type=\"container\">\n\t\t\t\t<div class=\"elementor-element elementor-element-a08a0f8 elementor-mobile-align-left elementor-widget elementor-widget-button\" data-id=\"a08a0f8\" data-element_type=\"widget\" data-e-type=\"widget\" data-widget_type=\"button.default\">\n\t\t\t\t<div class=\"elementor-widget-container\">\n\t\t\t\t\t\t\t\t\t<div class=\"elementor-button-wrapper\">\n\t\t\t\t\t<a class=\"elementor-button elementor-button-link elementor-size-sm\" href=\"https:\/\/apply.workable.com\/capacity-ch\/j\/F2B112DD13\/apply\/\" target=\"_blank\">\n\t\t\t\t\t\t<span class=\"elementor-button-content-wrapper\">\n\t\t\t\t\t\t<span class=\"elementor-button-icon\">\n\t\t\t\t<svg aria-hidden=\"true\" class=\"e-font-icon-svg e-far-arrow-alt-circle-right\" viewBox=\"0 0 512 512\" xmlns=\"http:\/\/www.w3.org\/2000\/svg\"><path d=\"M504 256C504 119 393 8 256 8S8 119 8 256s111 248 248 248 248-111 248-248zm-448 0c0-110.5 89.5-200 200-200s200 89.5 200 200-89.5 200-200 200S56 366.5 56 256zm72 20v-40c0-6.6 5.4-12 12-12h116v-67c0-10.7 12.9-16 20.5-8.5l99 99c4.7 4.7 4.7 12.3 0 17l-99 99c-7.6 7.6-20.5 2.2-20.5-8.5v-67H140c-6.6 0-12-5.4-12-12z\"><\/path><\/svg>\t\t\t<\/span>\n\t\t\t\t\t\t\t\t\t<span class=\"elementor-button-text\">Bewirb dich f\u00fcr Zyklus 17<\/span>\n\t\t\t\t\t<\/span>\n\t\t\t\t\t<\/a>\n\t\t\t\t<\/div>\n\t\t\t\t\t\t\t\t<\/div>\n\t\t\t\t<\/div>\n\t\t\t\t<\/div>\n\t\t\t\t<\/div>\n\t\t\t\t<\/div>\n\t\t<div class=\"elementor-element elementor-element-037919f e-con-full e-flex e-con e-child\" data-id=\"037919f\" data-element_type=\"container\" data-e-type=\"container\">\n\t\t<div class=\"elementor-element elementor-element-52231fd e-flex e-con-boxed e-con e-child\" data-id=\"52231fd\" data-element_type=\"container\" data-e-type=\"container\">\n\t\t\t\t\t<div class=\"e-con-inner\">\n\t\t\t\t<div class=\"elementor-element elementor-element-5997121 elementor-widget elementor-widget-image\" data-id=\"5997121\" data-element_type=\"widget\" data-e-type=\"widget\" data-widget_type=\"image.default\">\n\t\t\t\t<div class=\"elementor-widget-container\">\n\t\t\t\t\t\t\t\t\t\t\t\t\t\t\t\t<a href=\"https:\/\/apply.workable.com\/capacity-ch\/j\/F2B112DD13\/apply\/\" target=\"_blank\">\n\t\t\t\t\t\t\t<img decoding=\"async\" width=\"500\" height=\"600\" src=\"https:\/\/www.capacity.swiss\/wp-content\/uploads\/2026\/03\/AFT-Zyklus-18-Website-DE-1.avif\" class=\"attachment-large size-large wp-image-25976\" alt=\"AFT Zyklus 18 Website DE\" srcset=\"https:\/\/www.capacity.swiss\/wp-content\/uploads\/2026\/03\/AFT-Zyklus-18-Website-DE-1.avif 500w, https:\/\/www.capacity.swiss\/wp-content\/uploads\/2026\/03\/AFT-Zyklus-18-Website-DE-1-250x300.avif 250w\" sizes=\"(max-width: 500px) 100vw, 500px\" \/>\t\t\t\t\t\t\t\t<\/a>\n\t\t\t\t\t\t\t\t\t\t\t\t\t\t\t<\/div>\n\t\t\t\t<\/div>\n\t\t\t\t\t<\/div>\n\t\t\t\t<\/div>\n\t\t\t\t<div class=\"elementor-element elementor-element-11d1fab elementor-mobile-align-left elementor-widget elementor-widget-button\" data-id=\"11d1fab\" data-element_type=\"widget\" data-e-type=\"widget\" data-widget_type=\"button.default\">\n\t\t\t\t<div class=\"elementor-widget-container\">\n\t\t\t\t\t\t\t\t\t<div class=\"elementor-button-wrapper\">\n\t\t\t\t\t<a class=\"elementor-button elementor-button-link elementor-size-sm\" href=\"https:\/\/apply.workable.com\/capacity-ch\/j\/F2B112DD13\/apply\/\" target=\"_blank\">\n\t\t\t\t\t\t<span class=\"elementor-button-content-wrapper\">\n\t\t\t\t\t\t<span class=\"elementor-button-icon\">\n\t\t\t\t<svg aria-hidden=\"true\" class=\"e-font-icon-svg e-far-arrow-alt-circle-right\" viewBox=\"0 0 512 512\" xmlns=\"http:\/\/www.w3.org\/2000\/svg\"><path d=\"M504 256C504 119 393 8 256 8S8 119 8 256s111 248 248 248 248-111 248-248zm-448 0c0-110.5 89.5-200 200-200s200 89.5 200 200-89.5 200-200 200S56 366.5 56 256zm72 20v-40c0-6.6 5.4-12 12-12h116v-67c0-10.7 12.9-16 20.5-8.5l99 99c4.7 4.7 4.7 12.3 0 17l-99 99c-7.6 7.6-20.5 2.2-20.5-8.5v-67H140c-6.6 0-12-5.4-12-12z\"><\/path><\/svg>\t\t\t<\/span>\n\t\t\t\t\t\t\t\t\t<span class=\"elementor-button-text\">Jetzt f\u00fcr Zyklus 18 bewerben<\/span>\n\t\t\t\t\t<\/span>\n\t\t\t\t\t<\/a>\n\t\t\t\t<\/div>\n\t\t\t\t\t\t\t\t<\/div>\n\t\t\t\t<\/div>\n\t\t\t\t<\/div>\n\t\t\t\t<\/div>\n\t\t<div class=\"elementor-element elementor-element-d779e9e e-con-full e-flex e-con e-parent\" data-id=\"d779e9e\" data-element_type=\"container\" data-e-type=\"container\" data-settings=\"{&quot;background_background&quot;:&quot;classic&quot;}\">\n\t\t<div class=\"elementor-element elementor-element-6efee5a e-con-full e-flex e-con e-child\" data-id=\"6efee5a\" data-element_type=\"container\" data-e-type=\"container\">\n\t\t\t\t<div class=\"elementor-element elementor-element-664317b elementor-widget elementor-widget-image\" data-id=\"664317b\" data-element_type=\"widget\" data-e-type=\"widget\" data-widget_type=\"image.default\">\n\t\t\t\t<div class=\"elementor-widget-container\">\n\t\t\t\t\t\t\t\t\t\t\t\t\t\t\t<img loading=\"lazy\" decoding=\"async\" width=\"250\" height=\"250\" src=\"https:\/\/www.capacity.swiss\/wp-content\/uploads\/2024\/02\/Frame-18-1.png\" class=\"attachment-large size-large wp-image-10824\" alt=\"\" srcset=\"https:\/\/www.capacity.swiss\/wp-content\/uploads\/2024\/02\/Frame-18-1.png 250w, https:\/\/www.capacity.swiss\/wp-content\/uploads\/2024\/02\/Frame-18-1-150x150.png 150w, https:\/\/www.capacity.swiss\/wp-content\/uploads\/2024\/02\/Frame-18-1-100x100.png 100w, https:\/\/www.capacity.swiss\/wp-content\/uploads\/2024\/02\/Frame-18-1-140x140.png 140w\" sizes=\"(max-width: 250px) 100vw, 250px\" \/>\t\t\t\t\t\t\t\t\t\t\t\t\t\t\t<\/div>\n\t\t\t\t<\/div>\n\t\t\t\t<div class=\"elementor-element elementor-element-fabd8de elementor-widget__width-initial elementor-widget elementor-widget-text-editor\" data-id=\"fabd8de\" data-element_type=\"widget\" data-e-type=\"widget\" data-widget_type=\"text-editor.default\">\n\t\t\t\t<div class=\"elementor-widget-container\">\n\t\t\t\t\t\t\t\t\t<p><strong>Anna Sapun<\/strong><br \/>Teilnehmerin Zyklus 4<\/p>\t\t\t\t\t\t\t\t<\/div>\n\t\t\t\t<\/div>\n\t\t\t\t<\/div>\n\t\t<div class=\"elementor-element elementor-element-4901dfa e-con-full e-flex e-con e-child\" data-id=\"4901dfa\" data-element_type=\"container\" data-e-type=\"container\">\n\t\t\t\t<div class=\"elementor-element elementor-element-0c37900 elementor-blockquote--skin-quotation elementor-blockquote--align-left elementor-widget__width-initial elementor-widget elementor-widget-blockquote\" data-id=\"0c37900\" data-element_type=\"widget\" data-e-type=\"widget\" data-widget_type=\"blockquote.default\">\n\t\t\t\t<div class=\"elementor-widget-container\">\n\t\t\t\t\t\t\t<blockquote class=\"elementor-blockquote\">\n\t\t\t<p class=\"elementor-blockquote__content\">\n\t\t\t\tDas Team von Capacity hat mir geholfen, meine pers\u00f6nliche Einzigartigkeit und meinen Wert als Spezialistin in meinem Fachgebiet und als Mensch zu erkennen und daran zu glauben. Dank Workshops und Veranstaltungen verstand ich die Struktur des Schweizer Arbeitsmarktes und wie ich mich pr\u00e4sentieren kann. Aber am wichtigsten ist, dass ich eine starke Gruppe von Gleichgesinnten gefunden habe, die sich gegenseitig unterst\u00fctzen und motivieren. \t\t\t<\/p>\n\t\t\t\t\t<\/blockquote>\n\t\t\t\t\t\t<\/div>\n\t\t\t\t<\/div>\n\t\t\t\t<\/div>\n\t\t\t\t<\/div>\n\t\t<div class=\"elementor-element elementor-element-8ae7a96 e-flex e-con-boxed e-con e-parent\" data-id=\"8ae7a96\" data-element_type=\"container\" data-e-type=\"container\">\n\t\t\t\t\t<div class=\"e-con-inner\">\n\t\t<div class=\"elementor-element elementor-element-0ae3681 e-con-full e-flex e-con e-child\" data-id=\"0ae3681\" data-element_type=\"container\" data-e-type=\"container\">\n\t\t\t\t<div class=\"elementor-element elementor-element-3306956 elementor-widget__width-initial elementor-widget elementor-widget-heading\" data-id=\"3306956\" data-element_type=\"widget\" data-e-type=\"widget\" data-widget_type=\"heading.default\">\n\t\t\t\t<div class=\"elementor-widget-container\">\n\t\t\t\t\t<h3 class=\"elementor-heading-title elementor-size-default\">Wir danken unseren <br>Programm-Partnern<\/h3>\t\t\t\t<\/div>\n\t\t\t\t<\/div>\n\t\t\t\t<\/div>\n\t\t<div class=\"elementor-element elementor-element-f2d6079 e-flex e-con-boxed e-con e-child\" data-id=\"f2d6079\" data-element_type=\"container\" data-e-type=\"container\">\n\t\t\t\t\t<div class=\"e-con-inner\">\n\t\t<div class=\"elementor-element elementor-element-35e8ae7 e-flex e-con-boxed e-con e-child\" data-id=\"35e8ae7\" data-element_type=\"container\" data-e-type=\"container\">\n\t\t\t\t\t<div class=\"e-con-inner\">\n\t\t<div class=\"elementor-element elementor-element-c1b9a0f e-flex e-con-boxed e-con e-child\" data-id=\"c1b9a0f\" data-element_type=\"container\" data-e-type=\"container\">\n\t\t\t\t\t<div class=\"e-con-inner\">\n\t\t\t\t<div class=\"elementor-element elementor-element-635e186 elementor-widget elementor-widget-image\" data-id=\"635e186\" data-element_type=\"widget\" data-e-type=\"widget\" data-widget_type=\"image.default\">\n\t\t\t\t<div class=\"elementor-widget-container\">\n\t\t\t\t\t\t\t\t\t\t\t\t\t\t\t\t<a href=\"https:\/\/www.ubs.com\/global\/de\/ubs-society\/our-stories\/2018\/switzerland.html\" target=\"_blank\">\n\t\t\t\t\t\t\t<img loading=\"lazy\" decoding=\"async\" width=\"544\" height=\"200\" src=\"https:\/\/www.capacity.swiss\/wp-content\/uploads\/2017\/10\/logo-ubs-e1710881237457.png\" class=\"attachment-large size-large wp-image-2255\" alt=\"\" \/>\t\t\t\t\t\t\t\t<\/a>\n\t\t\t\t\t\t\t\t\t\t\t\t\t\t\t<\/div>\n\t\t\t\t<\/div>\n\t\t\t\t\t<\/div>\n\t\t\t\t<\/div>\n\t\t<div class=\"elementor-element elementor-element-8ebd86d e-flex e-con-boxed e-con e-child\" data-id=\"8ebd86d\" data-element_type=\"container\" data-e-type=\"container\">\n\t\t\t\t\t<div class=\"e-con-inner\">\n\t\t\t\t<div class=\"elementor-element elementor-element-bf2d792 elementor-widget elementor-widget-image\" data-id=\"bf2d792\" data-element_type=\"widget\" data-e-type=\"widget\" data-widget_type=\"image.default\">\n\t\t\t\t<div class=\"elementor-widget-container\">\n\t\t\t\t\t\t\t\t\t\t\t\t\t\t\t\t<a href=\"https:\/\/www.jnj.ch\/diversity-inclusion\" target=\"_blank\">\n\t\t\t\t\t\t\t<img loading=\"lazy\" decoding=\"async\" width=\"1024\" height=\"95\" src=\"https:\/\/www.capacity.swiss\/wp-content\/uploads\/2024\/03\/JNJ_Logo_SingleLine_Red_RGB-1024x95.png\" class=\"attachment-large size-large wp-image-14240\" alt=\"\" srcset=\"https:\/\/www.capacity.swiss\/wp-content\/uploads\/2024\/03\/JNJ_Logo_SingleLine_Red_RGB-1024x95.png 1024w, https:\/\/www.capacity.swiss\/wp-content\/uploads\/2024\/03\/JNJ_Logo_SingleLine_Red_RGB-300x28.png 300w, https:\/\/www.capacity.swiss\/wp-content\/uploads\/2024\/03\/JNJ_Logo_SingleLine_Red_RGB-768x72.png 768w, https:\/\/www.capacity.swiss\/wp-content\/uploads\/2024\/03\/JNJ_Logo_SingleLine_Red_RGB-1536x143.png 1536w, https:\/\/www.capacity.swiss\/wp-content\/uploads\/2024\/03\/JNJ_Logo_SingleLine_Red_RGB-2048x191.png 2048w\" sizes=\"(max-width: 1024px) 100vw, 1024px\" \/>\t\t\t\t\t\t\t\t<\/a>\n\t\t\t\t\t\t\t\t\t\t\t\t\t\t\t<\/div>\n\t\t\t\t<\/div>\n\t\t\t\t\t<\/div>\n\t\t\t\t<\/div>\n\t\t<div class=\"elementor-element elementor-element-92aede1 e-flex e-con-boxed e-con e-child\" data-id=\"92aede1\" data-element_type=\"container\" data-e-type=\"container\">\n\t\t\t\t\t<div class=\"e-con-inner\">\n\t\t\t\t<div class=\"elementor-element elementor-element-f7e1c1c elementor-widget elementor-widget-image\" data-id=\"f7e1c1c\" data-element_type=\"widget\" data-e-type=\"widget\" data-widget_type=\"image.default\">\n\t\t\t\t<div class=\"elementor-widget-container\">\n\t\t\t\t\t\t\t\t\t\t\t\t\t\t\t\t<a href=\"https:\/\/www.thehumansafetynet.org\/\" target=\"_blank\">\n\t\t\t\t\t\t\t<img loading=\"lazy\" decoding=\"async\" width=\"709\" height=\"280\" src=\"https:\/\/www.capacity.swiss\/wp-content\/uploads\/2024\/03\/Logo-G_THSN_couleur_2_0-e1710881778107.png\" class=\"attachment-large size-large wp-image-13908\" alt=\"\" \/>\t\t\t\t\t\t\t\t<\/a>\n\t\t\t\t\t\t\t\t\t\t\t\t\t\t\t<\/div>\n\t\t\t\t<\/div>\n\t\t\t\t\t<\/div>\n\t\t\t\t<\/div>\n\t\t\t\t\t<\/div>\n\t\t\t\t<\/div>\n\t\t<div class=\"elementor-element elementor-element-5c426fc e-flex e-con-boxed e-con e-child\" data-id=\"5c426fc\" data-element_type=\"container\" data-e-type=\"container\">\n\t\t\t\t\t<div class=\"e-con-inner\">\n\t\t<div class=\"elementor-element elementor-element-7591be9 e-flex e-con-boxed e-con e-child\" data-id=\"7591be9\" data-element_type=\"container\" data-e-type=\"container\">\n\t\t\t\t\t<div class=\"e-con-inner\">\n\t\t\t\t<div class=\"elementor-element elementor-element-05d37e5 elementor-widget__width-initial elementor-widget elementor-widget-image\" data-id=\"05d37e5\" data-element_type=\"widget\" data-e-type=\"widget\" data-widget_type=\"image.default\">\n\t\t\t\t<div class=\"elementor-widget-container\">\n\t\t\t\t\t\t\t\t\t\t\t\t\t\t\t\t<a href=\"https:\/\/www.sika.com\/\" target=\"_blank\">\n\t\t\t\t\t\t\t<img loading=\"lazy\" decoding=\"async\" width=\"934\" height=\"424\" src=\"https:\/\/www.capacity.swiss\/wp-content\/uploads\/2025\/02\/sika_logo_cmyk-1-1.png\" class=\"attachment-large size-large wp-image-23834\" alt=\"\" srcset=\"https:\/\/www.capacity.swiss\/wp-content\/uploads\/2025\/02\/sika_logo_cmyk-1-1.png 934w, https:\/\/www.capacity.swiss\/wp-content\/uploads\/2025\/02\/sika_logo_cmyk-1-1-300x136.png 300w, https:\/\/www.capacity.swiss\/wp-content\/uploads\/2025\/02\/sika_logo_cmyk-1-1-768x349.png 768w\" sizes=\"(max-width: 934px) 100vw, 934px\" \/>\t\t\t\t\t\t\t\t<\/a>\n\t\t\t\t\t\t\t\t\t\t\t\t\t\t\t<\/div>\n\t\t\t\t<\/div>\n\t\t\t\t\t<\/div>\n\t\t\t\t<\/div>\n\t\t<div class=\"elementor-element elementor-element-2dc318b e-flex e-con-boxed e-con e-child\" data-id=\"2dc318b\" data-element_type=\"container\" data-e-type=\"container\">\n\t\t\t\t\t<div class=\"e-con-inner\">\n\t\t\t\t<div class=\"elementor-element elementor-element-0b0ef24 elementor-widget elementor-widget-image\" data-id=\"0b0ef24\" data-element_type=\"widget\" data-e-type=\"widget\" data-widget_type=\"image.default\">\n\t\t\t\t<div class=\"elementor-widget-container\">\n\t\t\t\t\t\t\t\t\t\t\t\t\t\t\t\t<a href=\"https:\/\/wickipartners.ch\/\" target=\"_blank\">\n\t\t\t\t\t\t\t<img loading=\"lazy\" decoding=\"async\" width=\"731\" height=\"185\" src=\"https:\/\/www.capacity.swiss\/wp-content\/uploads\/2019\/02\/WickiRechtsanwaelteLogo.png\" class=\"attachment-large size-large wp-image-2442\" alt=\"\" srcset=\"https:\/\/www.capacity.swiss\/wp-content\/uploads\/2019\/02\/WickiRechtsanwaelteLogo.png 731w, https:\/\/www.capacity.swiss\/wp-content\/uploads\/2019\/02\/WickiRechtsanwaelteLogo-300x76.png 300w\" sizes=\"(max-width: 731px) 100vw, 731px\" \/>\t\t\t\t\t\t\t\t<\/a>\n\t\t\t\t\t\t\t\t\t\t\t\t\t\t\t<\/div>\n\t\t\t\t<\/div>\n\t\t\t\t\t<\/div>\n\t\t\t\t<\/div>\n\t\t<div class=\"elementor-element elementor-element-92b7216 e-flex e-con-boxed e-con e-child\" data-id=\"92b7216\" data-element_type=\"container\" data-e-type=\"container\">\n\t\t\t\t\t<div class=\"e-con-inner\">\n\t\t\t\t<div class=\"elementor-element elementor-element-9af0d60 elementor-widget__width-initial elementor-widget elementor-widget-image\" data-id=\"9af0d60\" data-element_type=\"widget\" data-e-type=\"widget\" data-widget_type=\"image.default\">\n\t\t\t\t<div class=\"elementor-widget-container\">\n\t\t\t\t\t\t\t\t\t\t\t\t\t\t\t\t<a href=\"https:\/\/www.irf-reputation.ch\/de\/\" target=\"_blank\">\n\t\t\t\t\t\t\t<img decoding=\"async\" src=\"https:\/\/www.capacity.swiss\/wp-content\/uploads\/2024\/03\/IRF_Logo_black.jpg\" title=\"Druck\" alt=\"Druck\" loading=\"lazy\" \/>\t\t\t\t\t\t\t\t<\/a>\n\t\t\t\t\t\t\t\t\t\t\t\t\t\t\t<\/div>\n\t\t\t\t<\/div>\n\t\t\t\t\t<\/div>\n\t\t\t\t<\/div>\n\t\t\t\t\t<\/div>\n\t\t\t\t<\/div>\n\t\t<div class=\"elementor-element elementor-element-4cb039f e-flex e-con-boxed e-con e-child\" data-id=\"4cb039f\" data-element_type=\"container\" data-e-type=\"container\">\n\t\t\t\t\t<div class=\"e-con-inner\">\n\t\t<div class=\"elementor-element elementor-element-eb2f537 e-flex e-con-boxed e-con e-child\" data-id=\"eb2f537\" data-element_type=\"container\" data-e-type=\"container\">\n\t\t\t\t\t<div class=\"e-con-inner\">\n\t\t\t\t<div class=\"elementor-element elementor-element-854fac4 elementor-widget__width-inherit elementor-widget elementor-widget-image\" data-id=\"854fac4\" data-element_type=\"widget\" data-e-type=\"widget\" data-widget_type=\"image.default\">\n\t\t\t\t<div class=\"elementor-widget-container\">\n\t\t\t\t\t\t\t\t\t\t\t\t\t\t\t\t<a href=\"https:\/\/www.zh.ch\/de\/direktion-der-justiz-und-des-innern\/fachstelle-integration.html\" target=\"_blank\">\n\t\t\t\t\t\t\t<img loading=\"lazy\" decoding=\"async\" width=\"300\" height=\"273\" src=\"https:\/\/www.capacity.swiss\/wp-content\/uploads\/2021\/01\/Logo_KIP_ZH_RGB-300x273.png\" class=\"attachment-medium size-medium wp-image-4675\" alt=\"\" srcset=\"https:\/\/www.capacity.swiss\/wp-content\/uploads\/2021\/01\/Logo_KIP_ZH_RGB-300x273.png 300w, https:\/\/www.capacity.swiss\/wp-content\/uploads\/2021\/01\/Logo_KIP_ZH_RGB.png 426w\" sizes=\"(max-width: 300px) 100vw, 300px\" \/>\t\t\t\t\t\t\t\t<\/a>\n\t\t\t\t\t\t\t\t\t\t\t\t\t\t\t<\/div>\n\t\t\t\t<\/div>\n\t\t\t\t\t<\/div>\n\t\t\t\t<\/div>\n\t\t<div class=\"elementor-element elementor-element-1a8aeae e-flex e-con-boxed e-con e-child\" data-id=\"1a8aeae\" data-element_type=\"container\" data-e-type=\"container\">\n\t\t\t\t\t<div class=\"e-con-inner\">\n\t\t\t\t<div class=\"elementor-element elementor-element-6069b1f elementor-widget__width-inherit elementor-widget elementor-widget-image\" data-id=\"6069b1f\" data-element_type=\"widget\" data-e-type=\"widget\" data-widget_type=\"image.default\">\n\t\t\t\t<div class=\"elementor-widget-container\">\n\t\t\t\t\t\t\t\t\t\t\t\t\t\t\t\t<a href=\"https:\/\/sgg-ssup.ch\/\" target=\"_blank\">\n\t\t\t\t\t\t\t<img loading=\"lazy\" decoding=\"async\" width=\"300\" height=\"106\" src=\"https:\/\/www.capacity.swiss\/wp-content\/uploads\/2025\/01\/Kompaktlogo_DI_GuIF_RGB-300x106.jpg\" class=\"attachment-medium size-medium wp-image-23664\" alt=\"\" srcset=\"https:\/\/www.capacity.swiss\/wp-content\/uploads\/2025\/01\/Kompaktlogo_DI_GuIF_RGB-300x106.jpg 300w, https:\/\/www.capacity.swiss\/wp-content\/uploads\/2025\/01\/Kompaktlogo_DI_GuIF_RGB.jpg 753w\" sizes=\"(max-width: 300px) 100vw, 300px\" \/>\t\t\t\t\t\t\t\t<\/a>\n\t\t\t\t\t\t\t\t\t\t\t\t\t\t\t<\/div>\n\t\t\t\t<\/div>\n\t\t\t\t\t<\/div>\n\t\t\t\t<\/div>\n\t\t<div class=\"elementor-element elementor-element-855f15f e-flex e-con-boxed e-con e-child\" data-id=\"855f15f\" data-element_type=\"container\" data-e-type=\"container\">\n\t\t\t\t\t<div class=\"e-con-inner\">\n\t\t\t\t<div class=\"elementor-element elementor-element-3fc551b elementor-widget elementor-widget-image\" data-id=\"3fc551b\" data-element_type=\"widget\" data-e-type=\"widget\" data-widget_type=\"image.default\">\n\t\t\t\t<div class=\"elementor-widget-container\">\n\t\t\t\t\t\t\t\t\t\t\t\t\t\t\t\t<a href=\"https:\/\/zg.ch\/de\" target=\"_blank\">\n\t\t\t\t\t\t\t<img loading=\"lazy\" decoding=\"async\" width=\"300\" height=\"85\" src=\"https:\/\/www.capacity.swiss\/wp-content\/uploads\/2023\/08\/Logo_RGB_farbig_positiv-300x85.jpg\" class=\"attachment-medium size-medium wp-image-8142\" alt=\"SEM Logo farbig\" srcset=\"https:\/\/www.capacity.swiss\/wp-content\/uploads\/2023\/08\/Logo_RGB_farbig_positiv-300x85.jpg 300w, https:\/\/www.capacity.swiss\/wp-content\/uploads\/2023\/08\/Logo_RGB_farbig_positiv.jpg 702w\" sizes=\"(max-width: 300px) 100vw, 300px\" \/>\t\t\t\t\t\t\t\t<\/a>\n\t\t\t\t\t\t\t\t\t\t\t\t\t\t\t<\/div>\n\t\t\t\t<\/div>\n\t\t\t\t\t<\/div>\n\t\t\t\t<\/div>\n\t\t\t\t\t<\/div>\n\t\t\t\t<\/div>\n\t\t<div class=\"elementor-element elementor-element-798a714 e-flex e-con-boxed e-con e-child\" data-id=\"798a714\" data-element_type=\"container\" data-e-type=\"container\">\n\t\t\t\t\t<div class=\"e-con-inner\">\n\t\t<div class=\"elementor-element elementor-element-c1d06d6 e-flex e-con-boxed e-con e-child\" data-id=\"c1d06d6\" data-element_type=\"container\" data-e-type=\"container\">\n\t\t\t\t\t<div class=\"e-con-inner\">\n\t\t\t\t<div class=\"elementor-element elementor-element-6dcd2da elementor-widget__width-initial elementor-widget elementor-widget-image\" data-id=\"6dcd2da\" data-element_type=\"widget\" data-e-type=\"widget\" data-widget_type=\"image.default\">\n\t\t\t\t<div class=\"elementor-widget-container\">\n\t\t\t\t\t\t\t\t\t\t\t\t\t\t\t<img loading=\"lazy\" decoding=\"async\" width=\"300\" height=\"60\" src=\"https:\/\/www.capacity.swiss\/wp-content\/uploads\/2023\/06\/Logo_BeisheimStiftung.png\" class=\"attachment-medium size-medium wp-image-8023\" alt=\"\" \/>\t\t\t\t\t\t\t\t\t\t\t\t\t\t\t<\/div>\n\t\t\t\t<\/div>\n\t\t\t\t\t<\/div>\n\t\t\t\t<\/div>\n\t\t<div class=\"elementor-element elementor-element-aa2f5e0 e-flex e-con-boxed e-con e-child\" data-id=\"aa2f5e0\" data-element_type=\"container\" data-e-type=\"container\">\n\t\t\t\t\t<div class=\"e-con-inner\">\n\t\t\t\t<div class=\"elementor-element elementor-element-22e981c elementor-widget__width-inherit elementor-widget elementor-widget-image\" data-id=\"22e981c\" data-element_type=\"widget\" data-e-type=\"widget\" data-widget_type=\"image.default\">\n\t\t\t\t<div class=\"elementor-widget-container\">\n\t\t\t\t\t\t\t\t\t\t\t\t\t\t\t<img loading=\"lazy\" decoding=\"async\" width=\"300\" height=\"300\" src=\"https:\/\/www.capacity.swiss\/wp-content\/uploads\/2026\/04\/EGS_Logo_Standard_RGB.svg\" class=\"attachment-medium size-medium wp-image-26036\" alt=\"\" \/>\t\t\t\t\t\t\t\t\t\t\t\t\t\t\t<\/div>\n\t\t\t\t<\/div>\n\t\t\t\t\t<\/div>\n\t\t\t\t<\/div>\n\t\t<div class=\"elementor-element elementor-element-40b2999 e-flex e-con-boxed e-con e-child\" data-id=\"40b2999\" data-element_type=\"container\" data-e-type=\"container\">\n\t\t\t\t\t<div class=\"e-con-inner\">\n\t\t\t\t<div class=\"elementor-element elementor-element-65c9300 elementor-widget elementor-widget-image\" data-id=\"65c9300\" data-element_type=\"widget\" data-e-type=\"widget\" data-widget_type=\"image.default\">\n\t\t\t\t<div class=\"elementor-widget-container\">\n\t\t\t\t\t\t\t\t\t\t\t\t\t\t\t<img loading=\"lazy\" decoding=\"async\" width=\"809\" height=\"285\" src=\"https:\/\/www.capacity.swiss\/wp-content\/uploads\/2023\/03\/volkart_stiftung_2z_cmyk.jpg\" class=\"attachment-large size-large wp-image-7673\" alt=\"Logo Volkart Stiftung\" srcset=\"https:\/\/www.capacity.swiss\/wp-content\/uploads\/2023\/03\/volkart_stiftung_2z_cmyk.jpg 809w, https:\/\/www.capacity.swiss\/wp-content\/uploads\/2023\/03\/volkart_stiftung_2z_cmyk-300x106.jpg 300w, https:\/\/www.capacity.swiss\/wp-content\/uploads\/2023\/03\/volkart_stiftung_2z_cmyk-768x271.jpg 768w\" sizes=\"(max-width: 809px) 100vw, 809px\" \/>\t\t\t\t\t\t\t\t\t\t\t\t\t\t\t<\/div>\n\t\t\t\t<\/div>\n\t\t\t\t\t<\/div>\n\t\t\t\t<\/div>\n\t\t\t\t\t<\/div>\n\t\t\t\t<\/div>\n\t\t<div class=\"elementor-element elementor-element-8489f2a e-con-full e-flex e-con e-child\" data-id=\"8489f2a\" data-element_type=\"container\" data-e-type=\"container\">\n\t\t<div class=\"elementor-element elementor-element-f4251a0 e-flex e-con-boxed e-con e-child\" data-id=\"f4251a0\" data-element_type=\"container\" data-e-type=\"container\">\n\t\t\t\t\t<div class=\"e-con-inner\">\n\t\t\t\t<div class=\"elementor-element elementor-element-0521ee4 elementor-widget elementor-widget-image\" data-id=\"0521ee4\" data-element_type=\"widget\" data-e-type=\"widget\" data-widget_type=\"image.default\">\n\t\t\t\t<div class=\"elementor-widget-container\">\n\t\t\t\t\t\t\t\t\t\t\t\t\t\t\t<img loading=\"lazy\" decoding=\"async\" width=\"1024\" height=\"249\" src=\"https:\/\/www.capacity.swiss\/wp-content\/uploads\/2025\/02\/logo_hirschmann_stiftung_zweizeilig-1024x249.jpg\" class=\"attachment-large size-large wp-image-23808\" alt=\"\" srcset=\"https:\/\/www.capacity.swiss\/wp-content\/uploads\/2025\/02\/logo_hirschmann_stiftung_zweizeilig-1024x249.jpg 1024w, https:\/\/www.capacity.swiss\/wp-content\/uploads\/2025\/02\/logo_hirschmann_stiftung_zweizeilig-300x73.jpg 300w, https:\/\/www.capacity.swiss\/wp-content\/uploads\/2025\/02\/logo_hirschmann_stiftung_zweizeilig-768x187.jpg 768w, https:\/\/www.capacity.swiss\/wp-content\/uploads\/2025\/02\/logo_hirschmann_stiftung_zweizeilig-1536x374.jpg 1536w, https:\/\/www.capacity.swiss\/wp-content\/uploads\/2025\/02\/logo_hirschmann_stiftung_zweizeilig.jpg 2000w\" sizes=\"(max-width: 1024px) 100vw, 1024px\" \/>\t\t\t\t\t\t\t\t\t\t\t\t\t\t\t<\/div>\n\t\t\t\t<\/div>\n\t\t\t\t\t<\/div>\n\t\t\t\t<\/div>\n\t\t<div class=\"elementor-element elementor-element-392d432 e-flex e-con-boxed e-con e-child\" data-id=\"392d432\" data-element_type=\"container\" data-e-type=\"container\">\n\t\t\t\t\t<div class=\"e-con-inner\">\n\t\t\t\t<div class=\"elementor-element elementor-element-afffdbd elementor-widget elementor-widget-image\" data-id=\"afffdbd\" data-element_type=\"widget\" data-e-type=\"widget\" data-widget_type=\"image.default\">\n\t\t\t\t<div class=\"elementor-widget-container\">\n\t\t\t\t\t\t\t\t\t\t\t\t\t\t\t<img loading=\"lazy\" decoding=\"async\" width=\"1024\" height=\"173\" src=\"https:\/\/www.capacity.swiss\/wp-content\/uploads\/2024\/05\/Logo-Otto-Erich-Heynau-Stiftung-1024x173.jpg\" class=\"attachment-large size-large wp-image-20917\" alt=\"Otto Erich Heynau Stiftung\" srcset=\"https:\/\/www.capacity.swiss\/wp-content\/uploads\/2024\/05\/Logo-Otto-Erich-Heynau-Stiftung-1024x173.jpg 1024w, https:\/\/www.capacity.swiss\/wp-content\/uploads\/2024\/05\/Logo-Otto-Erich-Heynau-Stiftung-300x51.jpg 300w, https:\/\/www.capacity.swiss\/wp-content\/uploads\/2024\/05\/Logo-Otto-Erich-Heynau-Stiftung-768x130.jpg 768w, https:\/\/www.capacity.swiss\/wp-content\/uploads\/2024\/05\/Logo-Otto-Erich-Heynau-Stiftung.jpg 1303w\" sizes=\"(max-width: 1024px) 100vw, 1024px\" \/>\t\t\t\t\t\t\t\t\t\t\t\t\t\t\t<\/div>\n\t\t\t\t<\/div>\n\t\t\t\t\t<\/div>\n\t\t\t\t<\/div>\n\t\t<div class=\"elementor-element elementor-element-7c84315 e-flex e-con-boxed e-con e-child\" data-id=\"7c84315\" data-element_type=\"container\" data-e-type=\"container\">\n\t\t\t\t\t<div class=\"e-con-inner\">\n\t\t\t\t<div class=\"elementor-element elementor-element-c9a4a2d elementor-widget elementor-widget-image\" data-id=\"c9a4a2d\" data-element_type=\"widget\" data-e-type=\"widget\" data-widget_type=\"image.default\">\n\t\t\t\t<div class=\"elementor-widget-container\">\n\t\t\t\t\t\t\t\t\t\t\t\t\t\t\t<img loading=\"lazy\" decoding=\"async\" width=\"300\" height=\"84\" src=\"https:\/\/www.capacity.swiss\/wp-content\/uploads\/2026\/01\/logo_atdta-1-300x84.gif\" class=\"attachment-medium size-medium wp-image-25542\" alt=\"\" \/>\t\t\t\t\t\t\t\t\t\t\t\t\t\t\t<\/div>\n\t\t\t\t<\/div>\n\t\t\t\t\t<\/div>\n\t\t\t\t<\/div>\n\t\t\t\t<\/div>\n\t\t<div class=\"elementor-element elementor-element-512541b e-con-full e-flex e-con e-child\" data-id=\"512541b\" data-element_type=\"container\" data-e-type=\"container\">\n\t\t<div class=\"elementor-element elementor-element-c03619c e-flex e-con-boxed e-con e-child\" data-id=\"c03619c\" data-element_type=\"container\" data-e-type=\"container\">\n\t\t\t\t\t<div class=\"e-con-inner\">\n\t\t<div class=\"elementor-element elementor-element-b1d9f6c e-con-full e-flex e-con e-child\" data-id=\"b1d9f6c\" data-element_type=\"container\" data-e-type=\"container\">\n\t\t\t\t<div class=\"elementor-element elementor-element-f8017c7 elementor-widget__width-inherit elementor-widget elementor-widget-image\" data-id=\"f8017c7\" data-element_type=\"widget\" data-e-type=\"widget\" data-widget_type=\"image.default\">\n\t\t\t\t<div class=\"elementor-widget-container\">\n\t\t\t\t\t\t\t\t\t\t\t\t\t\t\t<img loading=\"lazy\" decoding=\"async\" width=\"1024\" height=\"512\" src=\"https:\/\/www.capacity.swiss\/wp-content\/uploads\/2026\/01\/ZUG_Stuetzlogo_Verwaltung-Zug-4f-1024x512.avif\" class=\"attachment-large size-large wp-image-25567\" alt=\"\" srcset=\"https:\/\/www.capacity.swiss\/wp-content\/uploads\/2026\/01\/ZUG_Stuetzlogo_Verwaltung-Zug-4f-1024x512.avif 1024w, https:\/\/www.capacity.swiss\/wp-content\/uploads\/2026\/01\/ZUG_Stuetzlogo_Verwaltung-Zug-4f-300x150.avif 300w, https:\/\/www.capacity.swiss\/wp-content\/uploads\/2026\/01\/ZUG_Stuetzlogo_Verwaltung-Zug-4f-768x384.avif 768w, https:\/\/www.capacity.swiss\/wp-content\/uploads\/2026\/01\/ZUG_Stuetzlogo_Verwaltung-Zug-4f-1000x500.avif 1000w, https:\/\/www.capacity.swiss\/wp-content\/uploads\/2026\/01\/ZUG_Stuetzlogo_Verwaltung-Zug-4f-670x335.avif 670w, https:\/\/www.capacity.swiss\/wp-content\/uploads\/2026\/01\/ZUG_Stuetzlogo_Verwaltung-Zug-4f.avif 1306w\" sizes=\"(max-width: 1024px) 100vw, 1024px\" \/>\t\t\t\t\t\t\t\t\t\t\t\t\t\t\t<\/div>\n\t\t\t\t<\/div>\n\t\t\t\t<\/div>\n\t\t\t\t\t<\/div>\n\t\t\t\t<\/div>\n\t\t<div class=\"elementor-element elementor-element-d52f2c1 e-con-full e-flex e-con e-child\" data-id=\"d52f2c1\" data-element_type=\"container\" data-e-type=\"container\">\n\t\t<div class=\"elementor-element elementor-element-60ee77f e-con-full e-flex e-con e-child\" data-id=\"60ee77f\" data-element_type=\"container\" data-e-type=\"container\">\n\t\t\t\t<div class=\"elementor-element elementor-element-0a7bf9b elementor-widget elementor-widget-heading\" data-id=\"0a7bf9b\" data-element_type=\"widget\" data-e-type=\"widget\" data-widget_type=\"heading.default\">\n\t\t\t\t<div class=\"elementor-widget-container\">\n\t\t\t\t\t<h2 class=\"elementor-heading-title elementor-size-default\">H\u00fclfsgesellschaft Z\u00fcrich<\/h2>\t\t\t\t<\/div>\n\t\t\t\t<\/div>\n\t\t\t\t<\/div>\n\t\t\t\t<\/div>\n\t\t\t\t<\/div>\n\t\t\t\t\t<\/div>\n\t\t\t\t<\/div>\n\t\t\t\t\t<\/div>\n\t\t\t\t<\/div>\n\t\t<div class=\"elementor-element elementor-element-7e0de36 e-flex e-con-boxed e-con e-parent\" data-id=\"7e0de36\" data-element_type=\"container\" data-e-type=\"container\">\n\t\t\t\t\t<div class=\"e-con-inner\">\n\t\t\t\t\t<\/div>\n\t\t\t\t<\/div>\n\t\t\t\t<\/div>\n\t\t","protected":false},"excerpt":{"rendered":"<p>Jetzt bewerben Programm zur Unterst\u00fctzung hochqualifizierter Migrant:innen und Gefl\u00fcchteter bei der beruflichen Integration in der Schweiz Anzahl Teilnehmende25 &#8211; 30 pro Zyklus; 100 &#8211; 120\/Jahr Bevorstehend:Programm-Zyklus 17: Mai bis Juli&#8230;<\/p>\n","protected":false},"author":8,"featured_media":0,"parent":0,"menu_order":31,"comment_status":"closed","ping_status":"closed","template":"elementor_header_footer","meta":{"inline_featured_image":false,"footnotes":""},"class_list":["post-16537","page","type-page","status-publish"],"yoast_head":"<!-- This site is optimized with the Yoast SEO plugin v27.4 - https:\/\/yoast.com\/product\/yoast-seo-wordpress\/ -->\n<title>Hochqualifizierte Stellensuchende - Capacity<\/title>\n<meta name=\"robots\" content=\"index, follow, max-snippet:-1, max-image-preview:large, max-video-preview:-1\" \/>\n<link rel=\"canonical\" href=\"https:\/\/www.capacity.swiss\/de\/hochqualifizierte-stellensuchende\/\" \/>\n<meta property=\"og:locale\" content=\"de_DE\" \/>\n<meta property=\"og:type\" content=\"article\" \/>\n<meta property=\"og:title\" content=\"Hochqualifizierte Stellensuchende - Capacity\" \/>\n<meta property=\"og:description\" content=\"Jetzt bewerben Programm zur Unterst\u00fctzung hochqualifizierter Migrant:innen und Gefl\u00fcchteter bei der beruflichen Integration in der Schweiz Anzahl Teilnehmende25 &#8211; 30 pro Zyklus; 100 &#8211; 120\/Jahr Bevorstehend:Programm-Zyklus 17: Mai bis Juli...\" \/>\n<meta property=\"og:url\" content=\"https:\/\/www.capacity.swiss\/de\/hochqualifizierte-stellensuchende\/\" \/>\n<meta property=\"og:site_name\" content=\"Capacity\" \/>\n<meta property=\"article:modified_time\" content=\"2026-04-16T13:57:06+00:00\" \/>\n<meta property=\"og:image\" content=\"https:\/\/www.capacity.swiss\/wp-content\/uploads\/2022\/06\/FINAL-AFT-Logo-Transparent-background-canva.png\" \/>\n\t<meta property=\"og:image:width\" content=\"500\" \/>\n\t<meta property=\"og:image:height\" content=\"225\" \/>\n\t<meta property=\"og:image:type\" content=\"image\/png\" \/>\n<meta name=\"twitter:card\" content=\"summary_large_image\" \/>\n<meta name=\"twitter:label1\" content=\"Gesch\u00e4tzte Lesezeit\" \/>\n\t<meta name=\"twitter:data1\" content=\"7\u00a0Minuten\" \/>\n<script type=\"application\/ld+json\" class=\"yoast-schema-graph\">{\"@context\":\"https:\\\/\\\/schema.org\",\"@graph\":[{\"@type\":\"WebPage\",\"@id\":\"https:\\\/\\\/www.capacity.swiss\\\/de\\\/hochqualifizierte-stellensuchende\\\/\",\"url\":\"https:\\\/\\\/www.capacity.swiss\\\/de\\\/hochqualifizierte-stellensuchende\\\/\",\"name\":\"Hochqualifizierte Stellensuchende - Capacity\",\"isPartOf\":{\"@id\":\"https:\\\/\\\/www.capacity.swiss\\\/de\\\/#website\"},\"primaryImageOfPage\":{\"@id\":\"https:\\\/\\\/www.capacity.swiss\\\/de\\\/hochqualifizierte-stellensuchende\\\/#primaryimage\"},\"image\":{\"@id\":\"https:\\\/\\\/www.capacity.swiss\\\/de\\\/hochqualifizierte-stellensuchende\\\/#primaryimage\"},\"thumbnailUrl\":\"https:\\\/\\\/www.capacity.swiss\\\/wp-content\\\/uploads\\\/2022\\\/06\\\/FINAL-AFT-Logo-Transparent-background-canva.png\",\"datePublished\":\"2024-02-22T06:06:22+00:00\",\"dateModified\":\"2026-04-16T13:57:06+00:00\",\"breadcrumb\":{\"@id\":\"https:\\\/\\\/www.capacity.swiss\\\/de\\\/hochqualifizierte-stellensuchende\\\/#breadcrumb\"},\"inLanguage\":\"de-CH\",\"potentialAction\":[{\"@type\":\"ReadAction\",\"target\":[\"https:\\\/\\\/www.capacity.swiss\\\/de\\\/hochqualifizierte-stellensuchende\\\/\"]}]},{\"@type\":\"ImageObject\",\"inLanguage\":\"de-CH\",\"@id\":\"https:\\\/\\\/www.capacity.swiss\\\/de\\\/hochqualifizierte-stellensuchende\\\/#primaryimage\",\"url\":\"https:\\\/\\\/www.capacity.swiss\\\/wp-content\\\/uploads\\\/2022\\\/06\\\/FINAL-AFT-Logo-Transparent-background-canva.png\",\"contentUrl\":\"https:\\\/\\\/www.capacity.swiss\\\/wp-content\\\/uploads\\\/2022\\\/06\\\/FINAL-AFT-Logo-Transparent-background-canva.png\"},{\"@type\":\"BreadcrumbList\",\"@id\":\"https:\\\/\\\/www.capacity.swiss\\\/de\\\/hochqualifizierte-stellensuchende\\\/#breadcrumb\",\"itemListElement\":[{\"@type\":\"ListItem\",\"position\":1,\"name\":\"Home\",\"item\":\"https:\\\/\\\/www.capacity.swiss\\\/de\\\/\"},{\"@type\":\"ListItem\",\"position\":2,\"name\":\"Hochqualifizierte Stellensuchende\"}]},{\"@type\":\"WebSite\",\"@id\":\"https:\\\/\\\/www.capacity.swiss\\\/de\\\/#website\",\"url\":\"https:\\\/\\\/www.capacity.swiss\\\/de\\\/\",\"name\":\"Capacity\",\"description\":\"Fostering Refugee &amp; Migrant Talent\",\"publisher\":{\"@id\":\"https:\\\/\\\/www.capacity.swiss\\\/de\\\/#organization\"},\"potentialAction\":[{\"@type\":\"SearchAction\",\"target\":{\"@type\":\"EntryPoint\",\"urlTemplate\":\"https:\\\/\\\/www.capacity.swiss\\\/de\\\/?s={search_term_string}\"},\"query-input\":{\"@type\":\"PropertyValueSpecification\",\"valueRequired\":true,\"valueName\":\"search_term_string\"}}],\"inLanguage\":\"de-CH\"},{\"@type\":\"Organization\",\"@id\":\"https:\\\/\\\/www.capacity.swiss\\\/de\\\/#organization\",\"name\":\"Capacity\",\"url\":\"https:\\\/\\\/www.capacity.swiss\\\/de\\\/\",\"logo\":{\"@type\":\"ImageObject\",\"inLanguage\":\"de-CH\",\"@id\":\"https:\\\/\\\/www.capacity.swiss\\\/de\\\/#\\\/schema\\\/logo\\\/image\\\/\",\"url\":\"https:\\\/\\\/capacity.swiss\\\/wp-content\\\/uploads\\\/2023\\\/12\\\/2023-capacity-logo-long-new-Transparent-320-\u00d7-132-px.png\",\"contentUrl\":\"https:\\\/\\\/capacity.swiss\\\/wp-content\\\/uploads\\\/2023\\\/12\\\/2023-capacity-logo-long-new-Transparent-320-\u00d7-132-px.png\",\"width\":560,\"height\":231,\"caption\":\"Capacity\"},\"image\":{\"@id\":\"https:\\\/\\\/www.capacity.swiss\\\/de\\\/#\\\/schema\\\/logo\\\/image\\\/\"}}]}<\/script>\n<!-- \/ Yoast SEO plugin. -->","yoast_head_json":{"title":"Hochqualifizierte Stellensuchende - Capacity","robots":{"index":"index","follow":"follow","max-snippet":"max-snippet:-1","max-image-preview":"max-image-preview:large","max-video-preview":"max-video-preview:-1"},"canonical":"https:\/\/www.capacity.swiss\/de\/hochqualifizierte-stellensuchende\/","og_locale":"de_DE","og_type":"article","og_title":"Hochqualifizierte Stellensuchende - Capacity","og_description":"Jetzt bewerben Programm zur Unterst\u00fctzung hochqualifizierter Migrant:innen und Gefl\u00fcchteter bei der beruflichen Integration in der Schweiz Anzahl Teilnehmende25 &#8211; 30 pro Zyklus; 100 &#8211; 120\/Jahr Bevorstehend:Programm-Zyklus 17: Mai bis Juli...","og_url":"https:\/\/www.capacity.swiss\/de\/hochqualifizierte-stellensuchende\/","og_site_name":"Capacity","article_modified_time":"2026-04-16T13:57:06+00:00","og_image":[{"width":500,"height":225,"url":"https:\/\/www.capacity.swiss\/wp-content\/uploads\/2022\/06\/FINAL-AFT-Logo-Transparent-background-canva.png","type":"image\/png"}],"twitter_card":"summary_large_image","twitter_misc":{"Gesch\u00e4tzte Lesezeit":"7\u00a0Minuten"},"schema":{"@context":"https:\/\/schema.org","@graph":[{"@type":"WebPage","@id":"https:\/\/www.capacity.swiss\/de\/hochqualifizierte-stellensuchende\/","url":"https:\/\/www.capacity.swiss\/de\/hochqualifizierte-stellensuchende\/","name":"Hochqualifizierte Stellensuchende - Capacity","isPartOf":{"@id":"https:\/\/www.capacity.swiss\/de\/#website"},"primaryImageOfPage":{"@id":"https:\/\/www.capacity.swiss\/de\/hochqualifizierte-stellensuchende\/#primaryimage"},"image":{"@id":"https:\/\/www.capacity.swiss\/de\/hochqualifizierte-stellensuchende\/#primaryimage"},"thumbnailUrl":"https:\/\/www.capacity.swiss\/wp-content\/uploads\/2022\/06\/FINAL-AFT-Logo-Transparent-background-canva.png","datePublished":"2024-02-22T06:06:22+00:00","dateModified":"2026-04-16T13:57:06+00:00","breadcrumb":{"@id":"https:\/\/www.capacity.swiss\/de\/hochqualifizierte-stellensuchende\/#breadcrumb"},"inLanguage":"de-CH","potentialAction":[{"@type":"ReadAction","target":["https:\/\/www.capacity.swiss\/de\/hochqualifizierte-stellensuchende\/"]}]},{"@type":"ImageObject","inLanguage":"de-CH","@id":"https:\/\/www.capacity.swiss\/de\/hochqualifizierte-stellensuchende\/#primaryimage","url":"https:\/\/www.capacity.swiss\/wp-content\/uploads\/2022\/06\/FINAL-AFT-Logo-Transparent-background-canva.png","contentUrl":"https:\/\/www.capacity.swiss\/wp-content\/uploads\/2022\/06\/FINAL-AFT-Logo-Transparent-background-canva.png"},{"@type":"BreadcrumbList","@id":"https:\/\/www.capacity.swiss\/de\/hochqualifizierte-stellensuchende\/#breadcrumb","itemListElement":[{"@type":"ListItem","position":1,"name":"Home","item":"https:\/\/www.capacity.swiss\/de\/"},{"@type":"ListItem","position":2,"name":"Hochqualifizierte Stellensuchende"}]},{"@type":"WebSite","@id":"https:\/\/www.capacity.swiss\/de\/#website","url":"https:\/\/www.capacity.swiss\/de\/","name":"Capacity","description":"Fostering Refugee &amp; Migrant Talent","publisher":{"@id":"https:\/\/www.capacity.swiss\/de\/#organization"},"potentialAction":[{"@type":"SearchAction","target":{"@type":"EntryPoint","urlTemplate":"https:\/\/www.capacity.swiss\/de\/?s={search_term_string}"},"query-input":{"@type":"PropertyValueSpecification","valueRequired":true,"valueName":"search_term_string"}}],"inLanguage":"de-CH"},{"@type":"Organization","@id":"https:\/\/www.capacity.swiss\/de\/#organization","name":"Capacity","url":"https:\/\/www.capacity.swiss\/de\/","logo":{"@type":"ImageObject","inLanguage":"de-CH","@id":"https:\/\/www.capacity.swiss\/de\/#\/schema\/logo\/image\/","url":"https:\/\/capacity.swiss\/wp-content\/uploads\/2023\/12\/2023-capacity-logo-long-new-Transparent-320-\u00d7-132-px.png","contentUrl":"https:\/\/capacity.swiss\/wp-content\/uploads\/2023\/12\/2023-capacity-logo-long-new-Transparent-320-\u00d7-132-px.png","width":560,"height":231,"caption":"Capacity"},"image":{"@id":"https:\/\/www.capacity.swiss\/de\/#\/schema\/logo\/image\/"}}]}},"_links":{"self":[{"href":"https:\/\/www.capacity.swiss\/de\/wp-json\/wp\/v2\/pages\/16537","targetHints":{"allow":["GET"]}}],"collection":[{"href":"https:\/\/www.capacity.swiss\/de\/wp-json\/wp\/v2\/pages"}],"about":[{"href":"https:\/\/www.capacity.swiss\/de\/wp-json\/wp\/v2\/types\/page"}],"author":[{"embeddable":true,"href":"https:\/\/www.capacity.swiss\/de\/wp-json\/wp\/v2\/users\/8"}],"replies":[{"embeddable":true,"href":"https:\/\/www.capacity.swiss\/de\/wp-json\/wp\/v2\/comments?post=16537"}],"version-history":[{"count":161,"href":"https:\/\/www.capacity.swiss\/de\/wp-json\/wp\/v2\/pages\/16537\/revisions"}],"predecessor-version":[{"id":26052,"href":"https:\/\/www.capacity.swiss\/de\/wp-json\/wp\/v2\/pages\/16537\/revisions\/26052"}],"wp:attachment":[{"href":"https:\/\/www.capacity.swiss\/de\/wp-json\/wp\/v2\/media?parent=16537"}],"curies":[{"name":"wp","href":"https:\/\/api.w.org\/{rel}","templated":true}]}}