{"id":16550,"date":"2024-02-22T08:00:38","date_gmt":"2024-02-22T07:00:38","guid":{"rendered":"https:\/\/www.capacityzurich.ch\/talentvermittlungsprogramm\/"},"modified":"2024-08-26T12:05:40","modified_gmt":"2024-08-26T10:05:40","slug":"talentvermittlungsprogramm","status":"publish","type":"page","link":"https:\/\/www.capacity.swiss\/de\/talentvermittlungsprogramm\/","title":{"rendered":"Talentvermittlungsprogramm"},"content":{"rendered":"\t\t<div data-elementor-type=\"wp-page\" data-elementor-id=\"16550\" class=\"elementor elementor-16550 elementor-10840\" data-elementor-post-type=\"page\">\n\t\t\t\t<div class=\"elementor-element elementor-element-9a2d470 e-con-full e-flex e-con e-parent\" data-id=\"9a2d470\" data-element_type=\"container\" data-e-type=\"container\" data-settings=\"{&quot;background_background&quot;:&quot;classic&quot;}\">\n\t\t<div class=\"elementor-element elementor-element-e6e6b29 elementor-hidden-mobile e-flex e-con-boxed e-con e-child\" data-id=\"e6e6b29\" data-element_type=\"container\" data-e-type=\"container\">\n\t\t\t\t\t<div class=\"e-con-inner\">\n\t\t\t\t\t<\/div>\n\t\t\t\t<\/div>\n\t\t\t\t<\/div>\n\t\t<div class=\"elementor-element elementor-element-00ae785 e-con-full e-flex e-con e-parent\" data-id=\"00ae785\" data-element_type=\"container\" data-e-type=\"container\">\n\t\t<div class=\"elementor-element elementor-element-dcfaade e-con-full e-flex e-con e-child\" data-id=\"dcfaade\" data-element_type=\"container\" data-e-type=\"container\">\n\t\t\t\t<div class=\"elementor-element elementor-element-047d9b9 elementor-widget__width-initial elementor-widget elementor-widget-heading\" data-id=\"047d9b9\" data-element_type=\"widget\" data-e-type=\"widget\" data-widget_type=\"heading.default\">\n\t\t\t\t<div class=\"elementor-widget-container\">\n\t\t\t\t\t<h3 class=\"elementor-heading-title elementor-size-default\">Unser vielf\u00e4ltiger Talentpool <\/h3>\t\t\t\t<\/div>\n\t\t\t\t<\/div>\n\t\t\t\t<div class=\"elementor-element elementor-element-7840cad elementor-widget elementor-widget-text-editor\" data-id=\"7840cad\" data-element_type=\"widget\" data-e-type=\"widget\" data-widget_type=\"text-editor.default\">\n\t\t\t\t<div class=\"elementor-widget-container\">\n\t\t\t\t\t\t\t\t\t<ul>\n<li>Gefl\u00fcchtete\/Migrant:innen, deren Aufenthaltsstatus Arbeit in der Schweiz erlaubt.<\/li>\n<\/ul>\n<ul>\n<li>Mit Hochschulabschluss und mindestens Sprachniveau B2 in Deutsch oder Englisch.<\/li>\n<\/ul>\n\t\t\t\t\t\t\t\t<\/div>\n\t\t\t\t<\/div>\n\t\t\t\t<\/div>\n\t\t<div class=\"elementor-element elementor-element-9e24208 e-con-full e-flex e-con e-child\" data-id=\"9e24208\" data-element_type=\"container\" data-e-type=\"container\">\n\t\t\t\t<div class=\"elementor-element elementor-element-9cccb35 elementor-widget elementor-widget-text-editor\" data-id=\"9cccb35\" data-element_type=\"widget\" data-e-type=\"widget\" data-widget_type=\"text-editor.default\">\n\t\t\t\t<div class=\"elementor-widget-container\">\n\t\t\t\t\t\t\t\t\t<p>Pro viertelj\u00e4hrlichem Programm-Zyklus nimmt <strong>Capacity <\/strong>rund 25-30 neue Talente im <a href=\"https:\/\/www.capacity.swiss\/de\/hochqualifizierte-stellensuchende\/\" target=\"_blank\" rel=\"noopener\">Access Fast Track-Programm<\/a> auf. Das Bild zeigt die Talente der Zyklen 6 und 7 aus 2023.<\/p>\t\t\t\t\t\t\t\t<\/div>\n\t\t\t\t<\/div>\n\t\t\t\t<div class=\"elementor-element elementor-element-ba373f7 elementor-widget elementor-widget-text-editor\" data-id=\"ba373f7\" data-element_type=\"widget\" data-e-type=\"widget\" data-widget_type=\"text-editor.default\">\n\t\t\t\t<div class=\"elementor-widget-container\">\n\t\t\t\t\t\t\t\t\tIn ihrem Herkunftsland haben sie drei oder mehr Jahre Berufserfahrung gesammelt, u.a. in folgenden Bereichen:  IT, Vertrieb, Marketing, Kommunikation, Recht, HR , Finanzen, Logistik, Supply Chain Management, Import\/Export und Pharma sowie im Gesundheits &#8211; und &#8211; Ingenieurswesen.\r\n\r\n\t\t\t\t\t\t\t\t<\/div>\n\t\t\t\t<\/div>\n\t\t\t\t<\/div>\n\t\t\t\t<\/div>\n\t\t<div class=\"elementor-element elementor-element-4807100 e-con-full e-flex e-con e-parent\" data-id=\"4807100\" data-element_type=\"container\" data-e-type=\"container\">\n\t\t<div class=\"elementor-element elementor-element-62bee7a e-con-full e-flex e-con e-child\" data-id=\"62bee7a\" data-element_type=\"container\" data-e-type=\"container\" data-settings=\"{&quot;background_background&quot;:&quot;classic&quot;}\">\n\t\t\t\t<div class=\"elementor-element elementor-element-c4780bb elementor-widget elementor-widget-spacer\" data-id=\"c4780bb\" data-element_type=\"widget\" data-e-type=\"widget\" data-widget_type=\"spacer.default\">\n\t\t\t\t<div class=\"elementor-widget-container\">\n\t\t\t\t\t\t\t<div class=\"elementor-spacer\">\n\t\t\t<div class=\"elementor-spacer-inner\"><\/div>\n\t\t<\/div>\n\t\t\t\t\t\t<\/div>\n\t\t\t\t<\/div>\n\t\t\t\t<div class=\"elementor-element elementor-element-026b7b5 elementor-widget__width-initial elementor-widget elementor-widget-heading\" data-id=\"026b7b5\" data-element_type=\"widget\" data-e-type=\"widget\" data-widget_type=\"heading.default\">\n\t\t\t\t<div class=\"elementor-widget-container\">\n\t\t\t\t\t<h2 class=\"elementor-heading-title elementor-size-default\">Gut ausgebildet und berufserfahren <\/h2>\t\t\t\t<\/div>\n\t\t\t\t<\/div>\n\t\t\t\t<div class=\"elementor-element elementor-element-c586a21 elementor-widget__width-initial elementor-widget elementor-widget-text-editor\" data-id=\"c586a21\" data-element_type=\"widget\" data-e-type=\"widget\" data-widget_type=\"text-editor.default\">\n\t\t\t\t<div class=\"elementor-widget-container\">\n\t\t\t\t\t\t\t\t\t<p>67% der Teilnehmer:innen verf\u00fcgen \u00fcber mindestens sieben Jahre Berufserfahrung.<\/p>\n<p>6% haben promoviert, 65% haben einen Master und 29% einen Bachelor oder \u00c4hnliches.<\/p>\n\t\t\t\t\t\t\t\t<\/div>\n\t\t\t\t<\/div>\n\t\t\t\t<div class=\"elementor-element elementor-element-364a9d9 elementor-widget elementor-widget-spacer\" data-id=\"364a9d9\" data-element_type=\"widget\" data-e-type=\"widget\" data-widget_type=\"spacer.default\">\n\t\t\t\t<div class=\"elementor-widget-container\">\n\t\t\t\t\t\t\t<div class=\"elementor-spacer\">\n\t\t\t<div class=\"elementor-spacer-inner\"><\/div>\n\t\t<\/div>\n\t\t\t\t\t\t<\/div>\n\t\t\t\t<\/div>\n\t\t\t\t<\/div>\n\t\t<div class=\"elementor-element elementor-element-36ac52a e-con-full e-flex e-con e-child\" data-id=\"36ac52a\" data-element_type=\"container\" data-e-type=\"container\" data-settings=\"{&quot;background_background&quot;:&quot;classic&quot;}\">\n\t\t\t\t<div class=\"elementor-element elementor-element-41b43cb elementor-widget elementor-widget-spacer\" data-id=\"41b43cb\" data-element_type=\"widget\" data-e-type=\"widget\" data-widget_type=\"spacer.default\">\n\t\t\t\t<div class=\"elementor-widget-container\">\n\t\t\t\t\t\t\t<div class=\"elementor-spacer\">\n\t\t\t<div class=\"elementor-spacer-inner\"><\/div>\n\t\t<\/div>\n\t\t\t\t\t\t<\/div>\n\t\t\t\t<\/div>\n\t\t\t\t<\/div>\n\t\t\t\t<\/div>\n\t\t<div class=\"elementor-element elementor-element-38c1bd9 e-con-full e-flex e-con e-parent\" data-id=\"38c1bd9\" data-element_type=\"container\" data-e-type=\"container\">\n\t\t<div class=\"elementor-element elementor-element-f179189 e-con-full e-flex e-con e-child\" data-id=\"f179189\" data-element_type=\"container\" data-e-type=\"container\" data-settings=\"{&quot;background_background&quot;:&quot;classic&quot;}\">\n\t\t\t\t<div class=\"elementor-element elementor-element-0a189fe elementor-widget elementor-widget-spacer\" data-id=\"0a189fe\" data-element_type=\"widget\" data-e-type=\"widget\" data-widget_type=\"spacer.default\">\n\t\t\t\t<div class=\"elementor-widget-container\">\n\t\t\t\t\t\t\t<div class=\"elementor-spacer\">\n\t\t\t<div class=\"elementor-spacer-inner\"><\/div>\n\t\t<\/div>\n\t\t\t\t\t\t<\/div>\n\t\t\t\t<\/div>\n\t\t\t\t<\/div>\n\t\t<div class=\"elementor-element elementor-element-1e935c0 e-con-full e-flex e-con e-child\" data-id=\"1e935c0\" data-element_type=\"container\" data-e-type=\"container\" data-settings=\"{&quot;background_background&quot;:&quot;classic&quot;}\">\n\t\t\t\t<div class=\"elementor-element elementor-element-8c2ae8c elementor-widget elementor-widget-spacer\" data-id=\"8c2ae8c\" data-element_type=\"widget\" data-e-type=\"widget\" data-widget_type=\"spacer.default\">\n\t\t\t\t<div class=\"elementor-widget-container\">\n\t\t\t\t\t\t\t<div class=\"elementor-spacer\">\n\t\t\t<div class=\"elementor-spacer-inner\"><\/div>\n\t\t<\/div>\n\t\t\t\t\t\t<\/div>\n\t\t\t\t<\/div>\n\t\t\t\t<div class=\"elementor-element elementor-element-c5ed99d elementor-widget__width-initial elementor-widget elementor-widget-heading\" data-id=\"c5ed99d\" data-element_type=\"widget\" data-e-type=\"widget\" data-widget_type=\"heading.default\">\n\t\t\t\t<div class=\"elementor-widget-container\">\n\t\t\t\t\t<h2 class=\"elementor-heading-title elementor-size-default\">Qualifizierte Fachkr\u00e4fte <\/h2>\t\t\t\t<\/div>\n\t\t\t\t<\/div>\n\t\t\t\t<div class=\"elementor-element elementor-element-5d0bf88 elementor-widget__width-initial elementor-widget elementor-widget-text-editor\" data-id=\"5d0bf88\" data-element_type=\"widget\" data-e-type=\"widget\" data-widget_type=\"text-editor.default\">\n\t\t\t\t<div class=\"elementor-widget-container\">\n\t\t\t\t\t\t\t\t\t<p>Die <a href=\"https:\/\/www.capacity.swiss\/de\/hochqualifizierte-stellensuchende\/\" target=\"_blank\" rel=\"noopener\">Access Fast Track<\/a>-Alumni aus bisher 43 Herkunftsl\u00e4ndern und mit 21 Fachrichtungen sind bereit, Ihr Unternehmen als qualifizierte Fachkraft zu bereichern.<\/p>\t\t\t\t\t\t\t\t<\/div>\n\t\t\t\t<\/div>\n\t\t\t\t<div class=\"elementor-element elementor-element-c879718 elementor-mobile-align-left elementor-widget__width-inherit elementor-widget elementor-widget-button\" data-id=\"c879718\" data-element_type=\"widget\" data-e-type=\"widget\" data-widget_type=\"button.default\">\n\t\t\t\t<div class=\"elementor-widget-container\">\n\t\t\t\t\t\t\t\t\t<div class=\"elementor-button-wrapper\">\n\t\t\t\t\t<a class=\"elementor-button elementor-button-link elementor-size-sm\" href=\"https:\/\/www.capacity.swiss\/de\/talente\/\" target=\"_blank\">\n\t\t\t\t\t\t<span class=\"elementor-button-content-wrapper\">\n\t\t\t\t\t\t<span class=\"elementor-button-icon\">\n\t\t\t\t<svg aria-hidden=\"true\" class=\"e-font-icon-svg e-far-arrow-alt-circle-right\" viewBox=\"0 0 512 512\" xmlns=\"http:\/\/www.w3.org\/2000\/svg\"><path d=\"M504 256C504 119 393 8 256 8S8 119 8 256s111 248 248 248 248-111 248-248zm-448 0c0-110.5 89.5-200 200-200s200 89.5 200 200-89.5 200-200 200S56 366.5 56 256zm72 20v-40c0-6.6 5.4-12 12-12h116v-67c0-10.7 12.9-16 20.5-8.5l99 99c4.7 4.7 4.7 12.3 0 17l-99 99c-7.6 7.6-20.5 2.2-20.5-8.5v-67H140c-6.6 0-12-5.4-12-12z\"><\/path><\/svg>\t\t\t<\/span>\n\t\t\t\t\t\t\t\t\t<span class=\"elementor-button-text\">Lerne Talente kennen<\/span>\n\t\t\t\t\t<\/span>\n\t\t\t\t\t<\/a>\n\t\t\t\t<\/div>\n\t\t\t\t\t\t\t\t<\/div>\n\t\t\t\t<\/div>\n\t\t\t\t<div class=\"elementor-element elementor-element-b56e9f7 elementor-widget elementor-widget-spacer\" data-id=\"b56e9f7\" data-element_type=\"widget\" data-e-type=\"widget\" data-widget_type=\"spacer.default\">\n\t\t\t\t<div class=\"elementor-widget-container\">\n\t\t\t\t\t\t\t<div class=\"elementor-spacer\">\n\t\t\t<div class=\"elementor-spacer-inner\"><\/div>\n\t\t<\/div>\n\t\t\t\t\t\t<\/div>\n\t\t\t\t<\/div>\n\t\t\t\t<\/div>\n\t\t\t\t<\/div>\n\t\t<div class=\"elementor-element elementor-element-1dc92db e-con-full e-flex e-con e-parent\" data-id=\"1dc92db\" data-element_type=\"container\" data-e-type=\"container\">\n\t\t<div class=\"elementor-element elementor-element-82c5a6c e-con-full e-flex e-con e-child\" data-id=\"82c5a6c\" data-element_type=\"container\" data-e-type=\"container\" data-settings=\"{&quot;background_background&quot;:&quot;classic&quot;}\">\n\t\t\t\t<div class=\"elementor-element elementor-element-0b66c2b elementor-widget__width-initial elementor-widget elementor-widget-heading\" data-id=\"0b66c2b\" data-element_type=\"widget\" data-e-type=\"widget\" data-widget_type=\"heading.default\">\n\t\t\t\t<div class=\"elementor-widget-container\">\n\t\t\t\t\t<h3 class=\"elementor-heading-title elementor-size-default\">Rekrutierung: neue Wegebeschreiten und Vielfalt f\u00f6rdern<\/h3>\t\t\t\t<\/div>\n\t\t\t\t<\/div>\n\t\t\t\t<div class=\"elementor-element elementor-element-f88cd91 elementor-widget__width-initial elementor-widget elementor-widget-text-editor\" data-id=\"f88cd91\" data-element_type=\"widget\" data-e-type=\"widget\" data-widget_type=\"text-editor.default\">\n\t\t\t\t<div class=\"elementor-widget-container\">\n\t\t\t\t\t\t\t\t\tSie suchen neue, erfolgsversprechende\r\nRekrutierungswege? Kontaktieren Sie uns.\t\t\t\t\t\t\t\t<\/div>\n\t\t\t\t<\/div>\n\t\t\t\t<\/div>\n\t\t<div class=\"elementor-element elementor-element-110378e e-con-full e-flex e-con e-child\" data-id=\"110378e\" data-element_type=\"container\" data-e-type=\"container\">\n\t\t\t\t<div class=\"elementor-element elementor-element-d360259 elementor-widget__width-initial elementor-widget elementor-widget-text-editor\" data-id=\"d360259\" data-element_type=\"widget\" data-e-type=\"widget\" data-widget_type=\"text-editor.default\">\n\t\t\t\t<div class=\"elementor-widget-container\">\n\t\t\t\t\t\t\t\t\t<p>F\u00f6rdern Sie eine vielf\u00e4ltige, integrative Belegschaft durch die Besetzung einer Vakanz mit einem unserer <span style=\"font-weight: 400;\">\u00a0<\/span><span style=\"font-weight: 400;\">\u2013 <\/span> durch <a href=\"https:\/\/www.capacity.swiss\/de\/hochqualifizierte-stellensuchende\/\" target=\"_blank\" rel=\"noopener\">Access Fast Track<\/a> auf den Schweizer Arbeitsmarkt vorbereiteten <span style=\"font-weight: 400;\">\u2013 <\/span>Talente.<\/p><p>Unsere Alumni, hochqualifizierte Gefl\u00fcchtete und Migrant:innen, bilden einen Talentpool, der neue Perspektiven f\u00fcr Ihr Unternehmen bietet.<\/p><p><strong>Capacity<\/strong> ist beim Amt f\u00fcr Wirtschaft und Arbeit (AWA) des Kantons Z\u00fcrich f\u00fcr die Personalvermittlung registriert und spezialisiert sich auf die Nische der hochqualifizierten migrantischen Talente.<\/p>\t\t\t\t\t\t\t\t<\/div>\n\t\t\t\t<\/div>\n\t\t\t\t<\/div>\n\t\t\t\t<\/div>\n\t\t<div class=\"elementor-element elementor-element-e7e79d2 e-con-full e-flex e-con e-parent\" data-id=\"e7e79d2\" data-element_type=\"container\" data-e-type=\"container\" data-settings=\"{&quot;background_background&quot;:&quot;classic&quot;}\">\n\t\t<div class=\"elementor-element elementor-element-1c2a1ed e-flex e-con-boxed e-con e-child\" data-id=\"1c2a1ed\" data-element_type=\"container\" data-e-type=\"container\">\n\t\t\t\t\t<div class=\"e-con-inner\">\n\t\t\t\t<div class=\"elementor-element elementor-element-e10d56d elementor-widget elementor-widget-spacer\" data-id=\"e10d56d\" data-element_type=\"widget\" data-e-type=\"widget\" data-widget_type=\"spacer.default\">\n\t\t\t\t<div class=\"elementor-widget-container\">\n\t\t\t\t\t\t\t<div class=\"elementor-spacer\">\n\t\t\t<div class=\"elementor-spacer-inner\"><\/div>\n\t\t<\/div>\n\t\t\t\t\t\t<\/div>\n\t\t\t\t<\/div>\n\t\t\t\t\t<\/div>\n\t\t\t\t<\/div>\n\t\t\t\t<\/div>\n\t\t<div class=\"elementor-element elementor-element-2acd87d e-flex e-con-boxed e-con e-parent\" data-id=\"2acd87d\" data-element_type=\"container\" data-e-type=\"container\">\n\t\t\t\t\t<div class=\"e-con-inner\">\n\t\t<div class=\"elementor-element elementor-element-b900b7f e-con-full e-flex e-con e-child\" data-id=\"b900b7f\" data-element_type=\"container\" data-e-type=\"container\">\n\t\t\t\t<div class=\"elementor-element elementor-element-a402953 elementor-widget__width-initial elementor-widget elementor-widget-heading\" data-id=\"a402953\" data-element_type=\"widget\" data-e-type=\"widget\" data-widget_type=\"heading.default\">\n\t\t\t\t<div class=\"elementor-widget-container\">\n\t\t\t\t\t<h3 class=\"elementor-heading-title elementor-size-default\">Der Zugang zu unserem<br>Talent-Pool<\/h3>\t\t\t\t<\/div>\n\t\t\t\t<\/div>\n\t\t\t\t<div class=\"elementor-element elementor-element-b842813 elementor-widget__width-initial elementor-widget elementor-widget-text-editor\" data-id=\"b842813\" data-element_type=\"widget\" data-e-type=\"widget\" data-widget_type=\"text-editor.default\">\n\t\t\t\t<div class=\"elementor-widget-container\">\n\t\t\t\t\t\t\t\t\t<p><strong>Capacity<\/strong> bietet Ihrem Unternehmen verschiedene M\u00f6glichkeiten<\/p>\n\t\t\t\t\t\t\t\t<\/div>\n\t\t\t\t<\/div>\n\t\t\t\t<\/div>\n\t\t<div class=\"elementor-element elementor-element-2ecb7ae e-con-full e-flex e-con e-child\" data-id=\"2ecb7ae\" data-element_type=\"container\" data-e-type=\"container\">\n\t\t<div class=\"elementor-element elementor-element-b1b8e93 e-flex e-con-boxed e-con e-child\" data-id=\"b1b8e93\" data-element_type=\"container\" data-e-type=\"container\">\n\t\t\t\t\t<div class=\"e-con-inner\">\n\t\t\t\t<div class=\"elementor-element elementor-element-9b65e6f elementor-widget-mobile__width-initial elementor-widget__width-initial elementor-widget elementor-widget-image\" data-id=\"9b65e6f\" data-element_type=\"widget\" data-e-type=\"widget\" data-widget_type=\"image.default\">\n\t\t\t\t<div class=\"elementor-widget-container\">\n\t\t\t\t\t\t\t\t\t\t\t\t\t\t\t<img decoding=\"async\" width=\"150\" height=\"150\" src=\"https:\/\/www.capacity.swiss\/wp-content\/uploads\/2024\/03\/Talent-Placement-150x150.png\" class=\"attachment-thumbnail size-thumbnail wp-image-14708\" alt=\"\" srcset=\"https:\/\/www.capacity.swiss\/wp-content\/uploads\/2024\/03\/Talent-Placement-150x150.png 150w, https:\/\/www.capacity.swiss\/wp-content\/uploads\/2024\/03\/Talent-Placement-300x300.png 300w, https:\/\/www.capacity.swiss\/wp-content\/uploads\/2024\/03\/Talent-Placement-100x100.png 100w, https:\/\/www.capacity.swiss\/wp-content\/uploads\/2024\/03\/Talent-Placement-140x140.png 140w, https:\/\/www.capacity.swiss\/wp-content\/uploads\/2024\/03\/Talent-Placement-350x350.png 350w, https:\/\/www.capacity.swiss\/wp-content\/uploads\/2024\/03\/Talent-Placement.png 500w\" sizes=\"(max-width: 150px) 100vw, 150px\" \/>\t\t\t\t\t\t\t\t\t\t\t\t\t\t\t<\/div>\n\t\t\t\t<\/div>\n\t\t<div class=\"elementor-element elementor-element-61506e5 e-con-full e-flex e-con e-child\" data-id=\"61506e5\" data-element_type=\"container\" data-e-type=\"container\">\n\t\t\t\t<div class=\"elementor-element elementor-element-54bdd70 elementor-widget__width-initial elementor-widget elementor-widget-heading\" data-id=\"54bdd70\" data-element_type=\"widget\" data-e-type=\"widget\" data-widget_type=\"heading.default\">\n\t\t\t\t<div class=\"elementor-widget-container\">\n\t\t\t\t\t<h3 class=\"elementor-heading-title elementor-size-default\">Talent-Vermittlung <\/h3>\t\t\t\t<\/div>\n\t\t\t\t<\/div>\n\t\t\t\t<div class=\"elementor-element elementor-element-76ca9cc elementor-widget__width-initial elementor-widget elementor-widget-text-editor\" data-id=\"76ca9cc\" data-element_type=\"widget\" data-e-type=\"widget\" data-widget_type=\"text-editor.default\">\n\t\t\t\t<div class=\"elementor-widget-container\">\n\t\t\t\t\t\t\t\t\t<p>auf Basis einer erfolgsbasierten Verg\u00fctung, sollte Ihr Unternehmen eine vakante Position mit einem unserer Talente besetzen k\u00f6nnen.<\/p>\n\t\t\t\t\t\t\t\t<\/div>\n\t\t\t\t<\/div>\n\t\t\t\t<\/div>\n\t\t\t\t\t<\/div>\n\t\t\t\t<\/div>\n\t\t<div class=\"elementor-element elementor-element-41426f9 e-flex e-con-boxed e-con e-child\" data-id=\"41426f9\" data-element_type=\"container\" data-e-type=\"container\">\n\t\t\t\t\t<div class=\"e-con-inner\">\n\t\t\t\t<div class=\"elementor-element elementor-element-d7b2681 elementor-widget-mobile__width-initial elementor-widget__width-initial elementor-widget elementor-widget-image\" data-id=\"d7b2681\" data-element_type=\"widget\" data-e-type=\"widget\" data-widget_type=\"image.default\">\n\t\t\t\t<div class=\"elementor-widget-container\">\n\t\t\t\t\t\t\t\t\t\t\t\t\t\t\t<img decoding=\"async\" width=\"150\" height=\"150\" src=\"https:\/\/www.capacity.swiss\/wp-content\/uploads\/2024\/03\/Partnerschaften-150x150.png\" class=\"attachment-thumbnail size-thumbnail wp-image-14757\" alt=\"\" srcset=\"https:\/\/www.capacity.swiss\/wp-content\/uploads\/2024\/03\/Partnerschaften-150x150.png 150w, https:\/\/www.capacity.swiss\/wp-content\/uploads\/2024\/03\/Partnerschaften-300x300.png 300w, https:\/\/www.capacity.swiss\/wp-content\/uploads\/2024\/03\/Partnerschaften-100x100.png 100w, https:\/\/www.capacity.swiss\/wp-content\/uploads\/2024\/03\/Partnerschaften-140x140.png 140w, https:\/\/www.capacity.swiss\/wp-content\/uploads\/2024\/03\/Partnerschaften-350x350.png 350w, https:\/\/www.capacity.swiss\/wp-content\/uploads\/2024\/03\/Partnerschaften.png 500w\" sizes=\"(max-width: 150px) 100vw, 150px\" \/>\t\t\t\t\t\t\t\t\t\t\t\t\t\t\t<\/div>\n\t\t\t\t<\/div>\n\t\t<div class=\"elementor-element elementor-element-baf1036 e-con-full e-flex e-con e-child\" data-id=\"baf1036\" data-element_type=\"container\" data-e-type=\"container\">\n\t\t\t\t<div class=\"elementor-element elementor-element-9ab8c6d elementor-widget__width-initial elementor-widget elementor-widget-heading\" data-id=\"9ab8c6d\" data-element_type=\"widget\" data-e-type=\"widget\" data-widget_type=\"heading.default\">\n\t\t\t\t<div class=\"elementor-widget-container\">\n\t\t\t\t\t<h3 class=\"elementor-heading-title elementor-size-default\">Firmen-Partnerschaft mit Corporate Volunteering und Talent-Vermittlung<\/h3>\t\t\t\t<\/div>\n\t\t\t\t<\/div>\n\t\t\t\t<div class=\"elementor-element elementor-element-762af4a elementor-widget__width-initial elementor-widget elementor-widget-text-editor\" data-id=\"762af4a\" data-element_type=\"widget\" data-e-type=\"widget\" data-widget_type=\"text-editor.default\">\n\t\t\t\t<div class=\"elementor-widget-container\">\n\t\t\t\t\t\t\t\t\t<p>auf Basis eines vertraglich geregelten, j\u00e4hrlichen Pakets zur Unterst\u00fctzung des Projekts.<\/p>\n\t\t\t\t\t\t\t\t<\/div>\n\t\t\t\t<\/div>\n\t\t\t\t<\/div>\n\t\t\t\t\t<\/div>\n\t\t\t\t<\/div>\n\t\t<div class=\"elementor-element elementor-element-b8e8c7c e-flex e-con-boxed e-con e-child\" data-id=\"b8e8c7c\" data-element_type=\"container\" data-e-type=\"container\">\n\t\t\t\t\t<div class=\"e-con-inner\">\n\t\t\t\t<div class=\"elementor-element elementor-element-7935d3a elementor-widget-mobile__width-initial elementor-widget__width-initial elementor-widget elementor-widget-image\" data-id=\"7935d3a\" data-element_type=\"widget\" data-e-type=\"widget\" data-widget_type=\"image.default\">\n\t\t\t\t<div class=\"elementor-widget-container\">\n\t\t\t\t\t\t\t\t\t\t\t\t\t\t\t<img decoding=\"async\" width=\"150\" height=\"150\" src=\"https:\/\/www.capacity.swiss\/wp-content\/uploads\/2024\/03\/Connect-1-150x150.png\" class=\"attachment-thumbnail size-thumbnail wp-image-15417\" alt=\"\" srcset=\"https:\/\/www.capacity.swiss\/wp-content\/uploads\/2024\/03\/Connect-1-150x150.png 150w, https:\/\/www.capacity.swiss\/wp-content\/uploads\/2024\/03\/Connect-1-300x300.png 300w, https:\/\/www.capacity.swiss\/wp-content\/uploads\/2024\/03\/Connect-1-100x100.png 100w, https:\/\/www.capacity.swiss\/wp-content\/uploads\/2024\/03\/Connect-1-140x140.png 140w, https:\/\/www.capacity.swiss\/wp-content\/uploads\/2024\/03\/Connect-1-350x350.png 350w, https:\/\/www.capacity.swiss\/wp-content\/uploads\/2024\/03\/Connect-1.png 500w\" sizes=\"(max-width: 150px) 100vw, 150px\" \/>\t\t\t\t\t\t\t\t\t\t\t\t\t\t\t<\/div>\n\t\t\t\t<\/div>\n\t\t<div class=\"elementor-element elementor-element-a5956ac e-con-full e-flex e-con e-child\" data-id=\"a5956ac\" data-element_type=\"container\" data-e-type=\"container\">\n\t\t\t\t<div class=\"elementor-element elementor-element-b15f40d elementor-widget__width-initial elementor-widget elementor-widget-heading\" data-id=\"b15f40d\" data-element_type=\"widget\" data-e-type=\"widget\" data-widget_type=\"heading.default\">\n\t\t\t\t<div class=\"elementor-widget-container\">\n\t\t\t\t\t<h3 class=\"elementor-heading-title elementor-size-default\">Teilnahme und Talent-Treffen an den Access Fast Track Networking Events <\/h3>\t\t\t\t<\/div>\n\t\t\t\t<\/div>\n\t\t\t\t<div class=\"elementor-element elementor-element-bb07575 elementor-widget__width-initial elementor-widget elementor-widget-text-editor\" data-id=\"bb07575\" data-element_type=\"widget\" data-e-type=\"widget\" data-widget_type=\"text-editor.default\">\n\t\t\t\t<div class=\"elementor-widget-container\">\n\t\t\t\t\t\t\t\t\t<p>im Januar oder Juni &#8211; mit der Option eines Rekrutierungsstands.<\/p>\n\t\t\t\t\t\t\t\t<\/div>\n\t\t\t\t<\/div>\n\t\t\t\t<div class=\"elementor-element elementor-element-60826e3 elementor-widget elementor-widget-spacer\" data-id=\"60826e3\" data-element_type=\"widget\" data-e-type=\"widget\" data-widget_type=\"spacer.default\">\n\t\t\t\t<div class=\"elementor-widget-container\">\n\t\t\t\t\t\t\t<div class=\"elementor-spacer\">\n\t\t\t<div class=\"elementor-spacer-inner\"><\/div>\n\t\t<\/div>\n\t\t\t\t\t\t<\/div>\n\t\t\t\t<\/div>\n\t\t\t\t<\/div>\n\t\t\t\t\t<\/div>\n\t\t\t\t<\/div>\n\t\t\t\t<\/div>\n\t\t\t\t\t<\/div>\n\t\t\t\t<\/div>\n\t\t<div class=\"elementor-element elementor-element-4151369 e-flex e-con-boxed e-con e-parent\" data-id=\"4151369\" data-element_type=\"container\" data-e-type=\"container\" data-settings=\"{&quot;shape_divider_bottom&quot;:&quot;waves&quot;}\">\n\t\t\t\t\t<div class=\"e-con-inner\">\n\t\t\t\t<div class=\"elementor-shape elementor-shape-bottom\" aria-hidden=\"true\" data-negative=\"false\">\n\t\t\t<svg xmlns=\"http:\/\/www.w3.org\/2000\/svg\" viewBox=\"0 0 1000 100\" preserveAspectRatio=\"none\">\n\t<path class=\"elementor-shape-fill\" d=\"M421.9,6.5c22.6-2.5,51.5,0.4,75.5,5.3c23.6,4.9,70.9,23.5,100.5,35.7c75.8,32.2,133.7,44.5,192.6,49.7\n\tc23.6,2.1,48.7,3.5,103.4-2.5c54.7-6,106.2-25.6,106.2-25.6V0H0v30.3c0,0,72,32.6,158.4,30.5c39.2-0.7,92.8-6.7,134-22.4\n\tc21.2-8.1,52.2-18.2,79.7-24.2C399.3,7.9,411.6,7.5,421.9,6.5z\"\/>\n<\/svg>\t\t<\/div>\n\t\t<div class=\"elementor-element elementor-element-b5f77f4 e-con-full e-flex e-con e-child\" data-id=\"b5f77f4\" data-element_type=\"container\" data-e-type=\"container\">\n\t\t\t\t<div class=\"elementor-element elementor-element-8d88fae elementor-widget__width-initial elementor-widget elementor-widget-heading\" data-id=\"8d88fae\" data-element_type=\"widget\" data-e-type=\"widget\" data-widget_type=\"heading.default\">\n\t\t\t\t<div class=\"elementor-widget-container\">\n\t\t\t\t\t<h3 class=\"elementor-heading-title elementor-size-default\">Kontakt f\u00fcr HR-Fachverantwortliche<\/h3>\t\t\t\t<\/div>\n\t\t\t\t<\/div>\n\t\t\t\t<div class=\"elementor-element elementor-element-d58ae9d elementor-widget elementor-widget-text-editor\" data-id=\"d58ae9d\" data-element_type=\"widget\" data-e-type=\"widget\" data-widget_type=\"text-editor.default\">\n\t\t\t\t<div class=\"elementor-widget-container\">\n\t\t\t\t\t\t\t\t\t<p>Bei Interesse besprechen wir gerne die M\u00f6glichkeiten und Details der Talentrekrutierung in einem pers\u00f6nlichen Gespr\u00e4ch.<\/p>\n<p><strong>Ich freue mich auf Ihre Kontaktaufnahme.<br \/><\/strong><\/p>\n\t\t\t\t\t\t\t\t<\/div>\n\t\t\t\t<\/div>\n\t\t\t\t<\/div>\n\t\t<div class=\"elementor-element elementor-element-5bffec0 e-con-full e-flex e-con e-child\" data-id=\"5bffec0\" data-element_type=\"container\" data-e-type=\"container\">\n\t\t\t\t<div class=\"elementor-element elementor-element-8895200 elementor-widget elementor-widget-image\" data-id=\"8895200\" data-element_type=\"widget\" data-e-type=\"widget\" data-widget_type=\"image.default\">\n\t\t\t\t<div class=\"elementor-widget-container\">\n\t\t\t\t\t\t\t\t\t\t\t\t\t\t\t<img loading=\"lazy\" decoding=\"async\" width=\"375\" height=\"375\" src=\"https:\/\/www.capacity.swiss\/wp-content\/uploads\/2024\/03\/Piera.png\" class=\"attachment-large size-large wp-image-14078\" alt=\"\" srcset=\"https:\/\/www.capacity.swiss\/wp-content\/uploads\/2024\/03\/Piera.png 375w, https:\/\/www.capacity.swiss\/wp-content\/uploads\/2024\/03\/Piera-300x300.png 300w, https:\/\/www.capacity.swiss\/wp-content\/uploads\/2024\/03\/Piera-150x150.png 150w, https:\/\/www.capacity.swiss\/wp-content\/uploads\/2024\/03\/Piera-100x100.png 100w, https:\/\/www.capacity.swiss\/wp-content\/uploads\/2024\/03\/Piera-140x140.png 140w, https:\/\/www.capacity.swiss\/wp-content\/uploads\/2024\/03\/Piera-350x350.png 350w\" sizes=\"(max-width: 375px) 100vw, 375px\" \/>\t\t\t\t\t\t\t\t\t\t\t\t\t\t\t<\/div>\n\t\t\t\t<\/div>\n\t\t\t\t<\/div>\n\t\t<div class=\"elementor-element elementor-element-4afd973 e-con-full e-flex e-con e-child\" data-id=\"4afd973\" data-element_type=\"container\" data-e-type=\"container\">\n\t\t\t\t<div class=\"elementor-element elementor-element-93e8b2a elementor-widget elementor-widget-text-editor\" data-id=\"93e8b2a\" data-element_type=\"widget\" data-e-type=\"widget\" data-widget_type=\"text-editor.default\">\n\t\t\t\t<div class=\"elementor-widget-container\">\n\t\t\t\t\t\t\t\t\t<p><strong> Piera Marongiu <\/strong> <br \/>Talent Placement <br \/><a href=\"mailto:piera@capacity.swiss\">piera@capacity.swiss<\/a><\/p>\t\t\t\t\t\t\t\t<\/div>\n\t\t\t\t<\/div>\n\t\t\t\t<\/div>\n\t\t\t\t\t<\/div>\n\t\t\t\t<\/div>\n\t\t<div class=\"elementor-element elementor-element-7ddae1d e-flex e-con-boxed e-con e-parent\" data-id=\"7ddae1d\" data-element_type=\"container\" data-e-type=\"container\" data-settings=\"{&quot;background_background&quot;:&quot;classic&quot;}\">\n\t\t\t\t\t<div class=\"e-con-inner\">\n\t\t\t\t<div class=\"elementor-element elementor-element-c0b1263 elementor-widget elementor-widget-spacer\" data-id=\"c0b1263\" data-element_type=\"widget\" data-e-type=\"widget\" data-widget_type=\"spacer.default\">\n\t\t\t\t<div class=\"elementor-widget-container\">\n\t\t\t\t\t\t\t<div class=\"elementor-spacer\">\n\t\t\t<div class=\"elementor-spacer-inner\"><\/div>\n\t\t<\/div>\n\t\t\t\t\t\t<\/div>\n\t\t\t\t<\/div>\n\t\t\t\t\t<\/div>\n\t\t\t\t<\/div>\n\t\t\t\t<\/div>\n\t\t","protected":false},"excerpt":{"rendered":"<p>Unser vielf\u00e4ltiger Talentpool Gefl\u00fcchtete\/Migrant:innen, deren Aufenthaltsstatus Arbeit in der Schweiz erlaubt. Mit Hochschulabschluss und mindestens Sprachniveau B2 in Deutsch oder Englisch. Pro viertelj\u00e4hrlichem Programm-Zyklus nimmt Capacity rund 25-30 neue Talente&#8230;<\/p>\n","protected":false},"author":8,"featured_media":0,"parent":0,"menu_order":61,"comment_status":"closed","ping_status":"closed","template":"elementor_header_footer","meta":{"inline_featured_image":false,"footnotes":""},"class_list":["post-16550","page","type-page","status-publish"],"yoast_head":"<!-- This site is optimized with the Yoast SEO plugin v27.5 - https:\/\/yoast.com\/product\/yoast-seo-wordpress\/ -->\n<title>Talentvermittlungsprogramm - Capacity<\/title>\n<meta name=\"robots\" content=\"index, follow, max-snippet:-1, max-image-preview:large, max-video-preview:-1\" \/>\n<link rel=\"canonical\" href=\"https:\/\/www.capacity.swiss\/de\/talentvermittlungsprogramm\/\" \/>\n<meta property=\"og:locale\" content=\"de_DE\" \/>\n<meta property=\"og:type\" content=\"article\" \/>\n<meta property=\"og:title\" content=\"Talentvermittlungsprogramm - Capacity\" \/>\n<meta property=\"og:description\" content=\"Unser vielf\u00e4ltiger Talentpool Gefl\u00fcchtete\/Migrant:innen, deren Aufenthaltsstatus Arbeit in der Schweiz erlaubt. Mit Hochschulabschluss und mindestens Sprachniveau B2 in Deutsch oder Englisch. Pro viertelj\u00e4hrlichem Programm-Zyklus nimmt Capacity rund 25-30 neue Talente...\" \/>\n<meta property=\"og:url\" content=\"https:\/\/www.capacity.swiss\/de\/talentvermittlungsprogramm\/\" \/>\n<meta property=\"og:site_name\" content=\"Capacity\" \/>\n<meta property=\"article:modified_time\" content=\"2024-08-26T10:05:40+00:00\" \/>\n<meta property=\"og:image\" content=\"https:\/\/www.capacity.swiss\/wp-content\/uploads\/2024\/03\/Talent-Placement-150x150.png\" \/>\n<meta name=\"twitter:card\" content=\"summary_large_image\" \/>\n<meta name=\"twitter:label1\" content=\"Gesch\u00e4tzte Lesezeit\" \/>\n\t<meta name=\"twitter:data1\" content=\"3\u00a0Minuten\" \/>\n<script type=\"application\/ld+json\" class=\"yoast-schema-graph\">{\"@context\":\"https:\\\/\\\/schema.org\",\"@graph\":[{\"@type\":\"WebPage\",\"@id\":\"https:\\\/\\\/www.capacity.swiss\\\/de\\\/talentvermittlungsprogramm\\\/\",\"url\":\"https:\\\/\\\/www.capacity.swiss\\\/de\\\/talentvermittlungsprogramm\\\/\",\"name\":\"Talentvermittlungsprogramm - Capacity\",\"isPartOf\":{\"@id\":\"https:\\\/\\\/www.capacity.swiss\\\/de\\\/#website\"},\"primaryImageOfPage\":{\"@id\":\"https:\\\/\\\/www.capacity.swiss\\\/de\\\/talentvermittlungsprogramm\\\/#primaryimage\"},\"image\":{\"@id\":\"https:\\\/\\\/www.capacity.swiss\\\/de\\\/talentvermittlungsprogramm\\\/#primaryimage\"},\"thumbnailUrl\":\"https:\\\/\\\/www.capacity.swiss\\\/wp-content\\\/uploads\\\/2024\\\/03\\\/Talent-Placement-150x150.png\",\"datePublished\":\"2024-02-22T07:00:38+00:00\",\"dateModified\":\"2024-08-26T10:05:40+00:00\",\"breadcrumb\":{\"@id\":\"https:\\\/\\\/www.capacity.swiss\\\/de\\\/talentvermittlungsprogramm\\\/#breadcrumb\"},\"inLanguage\":\"de-CH\",\"potentialAction\":[{\"@type\":\"ReadAction\",\"target\":[\"https:\\\/\\\/www.capacity.swiss\\\/de\\\/talentvermittlungsprogramm\\\/\"]}]},{\"@type\":\"ImageObject\",\"inLanguage\":\"de-CH\",\"@id\":\"https:\\\/\\\/www.capacity.swiss\\\/de\\\/talentvermittlungsprogramm\\\/#primaryimage\",\"url\":\"https:\\\/\\\/www.capacity.swiss\\\/wp-content\\\/uploads\\\/2024\\\/03\\\/Talent-Placement-150x150.png\",\"contentUrl\":\"https:\\\/\\\/www.capacity.swiss\\\/wp-content\\\/uploads\\\/2024\\\/03\\\/Talent-Placement-150x150.png\"},{\"@type\":\"BreadcrumbList\",\"@id\":\"https:\\\/\\\/www.capacity.swiss\\\/de\\\/talentvermittlungsprogramm\\\/#breadcrumb\",\"itemListElement\":[{\"@type\":\"ListItem\",\"position\":1,\"name\":\"Home\",\"item\":\"https:\\\/\\\/www.capacity.swiss\\\/de\\\/\"},{\"@type\":\"ListItem\",\"position\":2,\"name\":\"Talentvermittlungsprogramm\"}]},{\"@type\":\"WebSite\",\"@id\":\"https:\\\/\\\/www.capacity.swiss\\\/de\\\/#website\",\"url\":\"https:\\\/\\\/www.capacity.swiss\\\/de\\\/\",\"name\":\"Capacity\",\"description\":\"Fostering Refugee &amp; Migrant Talent\",\"publisher\":{\"@id\":\"https:\\\/\\\/www.capacity.swiss\\\/de\\\/#organization\"},\"potentialAction\":[{\"@type\":\"SearchAction\",\"target\":{\"@type\":\"EntryPoint\",\"urlTemplate\":\"https:\\\/\\\/www.capacity.swiss\\\/de\\\/?s={search_term_string}\"},\"query-input\":{\"@type\":\"PropertyValueSpecification\",\"valueRequired\":true,\"valueName\":\"search_term_string\"}}],\"inLanguage\":\"de-CH\"},{\"@type\":\"Organization\",\"@id\":\"https:\\\/\\\/www.capacity.swiss\\\/de\\\/#organization\",\"name\":\"Capacity\",\"url\":\"https:\\\/\\\/www.capacity.swiss\\\/de\\\/\",\"logo\":{\"@type\":\"ImageObject\",\"inLanguage\":\"de-CH\",\"@id\":\"https:\\\/\\\/www.capacity.swiss\\\/de\\\/#\\\/schema\\\/logo\\\/image\\\/\",\"url\":\"https:\\\/\\\/capacity.swiss\\\/wp-content\\\/uploads\\\/2023\\\/12\\\/2023-capacity-logo-long-new-Transparent-320-\u00d7-132-px.png\",\"contentUrl\":\"https:\\\/\\\/capacity.swiss\\\/wp-content\\\/uploads\\\/2023\\\/12\\\/2023-capacity-logo-long-new-Transparent-320-\u00d7-132-px.png\",\"width\":560,\"height\":231,\"caption\":\"Capacity\"},\"image\":{\"@id\":\"https:\\\/\\\/www.capacity.swiss\\\/de\\\/#\\\/schema\\\/logo\\\/image\\\/\"}}]}<\/script>\n<!-- \/ Yoast SEO plugin. -->","yoast_head_json":{"title":"Talentvermittlungsprogramm - Capacity","robots":{"index":"index","follow":"follow","max-snippet":"max-snippet:-1","max-image-preview":"max-image-preview:large","max-video-preview":"max-video-preview:-1"},"canonical":"https:\/\/www.capacity.swiss\/de\/talentvermittlungsprogramm\/","og_locale":"de_DE","og_type":"article","og_title":"Talentvermittlungsprogramm - Capacity","og_description":"Unser vielf\u00e4ltiger Talentpool Gefl\u00fcchtete\/Migrant:innen, deren Aufenthaltsstatus Arbeit in der Schweiz erlaubt. Mit Hochschulabschluss und mindestens Sprachniveau B2 in Deutsch oder Englisch. Pro viertelj\u00e4hrlichem Programm-Zyklus nimmt Capacity rund 25-30 neue Talente...","og_url":"https:\/\/www.capacity.swiss\/de\/talentvermittlungsprogramm\/","og_site_name":"Capacity","article_modified_time":"2024-08-26T10:05:40+00:00","og_image":[{"url":"https:\/\/www.capacity.swiss\/wp-content\/uploads\/2024\/03\/Talent-Placement-150x150.png","type":"","width":"","height":""}],"twitter_card":"summary_large_image","twitter_misc":{"Gesch\u00e4tzte Lesezeit":"3\u00a0Minuten"},"schema":{"@context":"https:\/\/schema.org","@graph":[{"@type":"WebPage","@id":"https:\/\/www.capacity.swiss\/de\/talentvermittlungsprogramm\/","url":"https:\/\/www.capacity.swiss\/de\/talentvermittlungsprogramm\/","name":"Talentvermittlungsprogramm - Capacity","isPartOf":{"@id":"https:\/\/www.capacity.swiss\/de\/#website"},"primaryImageOfPage":{"@id":"https:\/\/www.capacity.swiss\/de\/talentvermittlungsprogramm\/#primaryimage"},"image":{"@id":"https:\/\/www.capacity.swiss\/de\/talentvermittlungsprogramm\/#primaryimage"},"thumbnailUrl":"https:\/\/www.capacity.swiss\/wp-content\/uploads\/2024\/03\/Talent-Placement-150x150.png","datePublished":"2024-02-22T07:00:38+00:00","dateModified":"2024-08-26T10:05:40+00:00","breadcrumb":{"@id":"https:\/\/www.capacity.swiss\/de\/talentvermittlungsprogramm\/#breadcrumb"},"inLanguage":"de-CH","potentialAction":[{"@type":"ReadAction","target":["https:\/\/www.capacity.swiss\/de\/talentvermittlungsprogramm\/"]}]},{"@type":"ImageObject","inLanguage":"de-CH","@id":"https:\/\/www.capacity.swiss\/de\/talentvermittlungsprogramm\/#primaryimage","url":"https:\/\/www.capacity.swiss\/wp-content\/uploads\/2024\/03\/Talent-Placement-150x150.png","contentUrl":"https:\/\/www.capacity.swiss\/wp-content\/uploads\/2024\/03\/Talent-Placement-150x150.png"},{"@type":"BreadcrumbList","@id":"https:\/\/www.capacity.swiss\/de\/talentvermittlungsprogramm\/#breadcrumb","itemListElement":[{"@type":"ListItem","position":1,"name":"Home","item":"https:\/\/www.capacity.swiss\/de\/"},{"@type":"ListItem","position":2,"name":"Talentvermittlungsprogramm"}]},{"@type":"WebSite","@id":"https:\/\/www.capacity.swiss\/de\/#website","url":"https:\/\/www.capacity.swiss\/de\/","name":"Capacity","description":"Fostering Refugee &amp; Migrant Talent","publisher":{"@id":"https:\/\/www.capacity.swiss\/de\/#organization"},"potentialAction":[{"@type":"SearchAction","target":{"@type":"EntryPoint","urlTemplate":"https:\/\/www.capacity.swiss\/de\/?s={search_term_string}"},"query-input":{"@type":"PropertyValueSpecification","valueRequired":true,"valueName":"search_term_string"}}],"inLanguage":"de-CH"},{"@type":"Organization","@id":"https:\/\/www.capacity.swiss\/de\/#organization","name":"Capacity","url":"https:\/\/www.capacity.swiss\/de\/","logo":{"@type":"ImageObject","inLanguage":"de-CH","@id":"https:\/\/www.capacity.swiss\/de\/#\/schema\/logo\/image\/","url":"https:\/\/capacity.swiss\/wp-content\/uploads\/2023\/12\/2023-capacity-logo-long-new-Transparent-320-\u00d7-132-px.png","contentUrl":"https:\/\/capacity.swiss\/wp-content\/uploads\/2023\/12\/2023-capacity-logo-long-new-Transparent-320-\u00d7-132-px.png","width":560,"height":231,"caption":"Capacity"},"image":{"@id":"https:\/\/www.capacity.swiss\/de\/#\/schema\/logo\/image\/"}}]}},"_links":{"self":[{"href":"https:\/\/www.capacity.swiss\/de\/wp-json\/wp\/v2\/pages\/16550","targetHints":{"allow":["GET"]}}],"collection":[{"href":"https:\/\/www.capacity.swiss\/de\/wp-json\/wp\/v2\/pages"}],"about":[{"href":"https:\/\/www.capacity.swiss\/de\/wp-json\/wp\/v2\/types\/page"}],"author":[{"embeddable":true,"href":"https:\/\/www.capacity.swiss\/de\/wp-json\/wp\/v2\/users\/8"}],"replies":[{"embeddable":true,"href":"https:\/\/www.capacity.swiss\/de\/wp-json\/wp\/v2\/comments?post=16550"}],"version-history":[{"count":5,"href":"https:\/\/www.capacity.swiss\/de\/wp-json\/wp\/v2\/pages\/16550\/revisions"}],"predecessor-version":[{"id":22620,"href":"https:\/\/www.capacity.swiss\/de\/wp-json\/wp\/v2\/pages\/16550\/revisions\/22620"}],"wp:attachment":[{"href":"https:\/\/www.capacity.swiss\/de\/wp-json\/wp\/v2\/media?parent=16550"}],"curies":[{"name":"wp","href":"https:\/\/api.w.org\/{rel}","templated":true}]}}