{"id":17590,"date":"2024-03-25T10:14:12","date_gmt":"2024-03-25T09:14:12","guid":{"rendered":"https:\/\/www.capacityzurich.ch\/data-protection-policy\/"},"modified":"2025-09-09T12:03:53","modified_gmt":"2025-09-09T10:03:53","slug":"datenschutz","status":"publish","type":"page","link":"https:\/\/www.capacity.swiss\/de\/datenschutz\/","title":{"rendered":"Datenschutzerkl\u00e4rung"},"content":{"rendered":"\t\t<div data-elementor-type=\"wp-page\" data-elementor-id=\"17590\" class=\"elementor elementor-17590 elementor-17527\" data-elementor-post-type=\"page\">\n\t\t\t\t<div class=\"elementor-element elementor-element-f4480d6 e-flex e-con-boxed e-con e-parent\" data-id=\"f4480d6\" data-element_type=\"container\" data-e-type=\"container\">\n\t\t\t\t\t<div class=\"e-con-inner\">\n\t\t\t\t<div class=\"elementor-element elementor-element-aaf6180 elementor-widget elementor-widget-spacer\" data-id=\"aaf6180\" data-element_type=\"widget\" data-e-type=\"widget\" data-widget_type=\"spacer.default\">\n\t\t\t\t<div class=\"elementor-widget-container\">\n\t\t\t\t\t\t\t<div class=\"elementor-spacer\">\n\t\t\t<div class=\"elementor-spacer-inner\"><\/div>\n\t\t<\/div>\n\t\t\t\t\t\t<\/div>\n\t\t\t\t<\/div>\n\t\t\t\t<div class=\"elementor-element elementor-element-05cf8d9 elementor-widget__width-initial elementor-widget elementor-widget-heading\" data-id=\"05cf8d9\" data-element_type=\"widget\" data-e-type=\"widget\" data-widget_type=\"heading.default\">\n\t\t\t\t<div class=\"elementor-widget-container\">\n\t\t\t\t\t<h3 class=\"elementor-heading-title elementor-size-default\">Datenschutzerkl\u00e4rung<\/h3>\t\t\t\t<\/div>\n\t\t\t\t<\/div>\n\t\t\t\t<div class=\"elementor-element elementor-element-409557c elementor-widget elementor-widget-text-editor\" data-id=\"409557c\" data-element_type=\"widget\" data-e-type=\"widget\" data-widget_type=\"text-editor.default\">\n\t\t\t\t<div class=\"elementor-widget-container\">\n\t\t\t\t\t\t\t\t\t<p><b>1. Einf\u00fchrung<br \/><\/b><span style=\"font-weight: 400;\">Diese Datenschutzerkl\u00e4rung gilt f\u00fcr die Webseite\u00a0<b>www.capacity.swiss.<\/b>\u00a0Diese Datenschutzerkl\u00e4rung informiert unsere Teilnehmenden, Interessenten, Webseitenbesuchenden sowie Dritte, mit denen wir Gesch\u00e4fte t\u00e4tigen oder interagieren (im Folgenden \u00ab<b>Partner<\/b>\u00bb, \u00ab<b>Teilnehmer<\/b>\u00bb \u00ab<b>Nutzer<\/b>\u00bb oder \u00ab<b>Dich<\/b>\u00bb) \u00fcber die Erhebung, Bearbeitung, Offenlegung,<\/span><span style=\"font-weight: 400;\">\u00a0Weitergabe Ihrer personenbezogenen Daten im Zusammenhang mit der Nutzung unserer Dienstleistungen, Apps, Webseiten, Angebote, der Interaktion mit uns oder der Zusammenarbeit (im Folgenden: \u00ab<\/span><b>Dienstleistungen<\/b><span style=\"font-weight: 400;\">\u00bb). Z\u00f6gern Sie nicht, sich bei Fragen zum Datenschutz jederzeit an uns zu wenden.\u00a0<\/span><\/p><p><b>2. Anzuwendendes Recht und Begriffsbestimmungen<br \/><\/b><b>2.1 Anzuwendendes Recht<br \/><\/b><span style=\"font-weight: 400;\">Unser Angebot richtet sich an Nutzer in der Schweiz und unsere Aktivit\u00e4ten sind auf die Schweiz ausgerichtet. Wir haben unseren Sitz in der Schweiz und richten uns nach dem Schweizer Datenschutzgesetz (DSG) in seiner jeweils g\u00fcltigen Fassung. Wir unterwerfen uns mit dieser Datenschutzerkl\u00e4rung den ab 01. September 2023 geltenden Vorschriften des Datenschutzgesetzes. Den vollst\u00e4ndigen Gesetzestext finden Sie hier: <\/span><a href=\"https:\/\/www.fedlex.admin.ch\/eli\/fga\/2020\/1998\/de\" target=\"_blank\" rel=\"noopener\"><span style=\"font-weight: 400;\">https:\/\/www.fedlex.admin.ch\/eli\/fga\/2020\/1998\/d<\/span><span style=\"font-weight: 400;\">e<\/span><\/a><\/p><p><b>2.2 Begriffsbestimmungen<br \/><\/b><span style=\"font-weight: 400;\">Es gelten die Begriffsbestimmungen des Art. 5 DSG, die wir nachfolgend wiedergeben.<\/span><\/p><ol><li><span style=\"font-weight: 400;\"> Personendaten: alle Angaben, die sich auf eine bestimmte oder bestimmbare nat\u00fcrliche Person beziehen;\u00a0<\/span><\/li><li><span style=\"font-weight: 400;\"> betroffene Person: nat\u00fcrliche Person, \u00fcber die Personendaten bearbeitet werden;\u00a0<\/span><\/li><li><span style=\"font-weight: 400;\"> besonders sch\u00fctzenswerte Personendaten sind:\u00a0<\/span><\/li><\/ol><p><span style=\"font-weight: 400;\">(1) Daten \u00fcber religi\u00f6se, weltanschauliche, politische oder gewerkschaftliche Ansichten oder T\u00e4tigkeiten,\u00a0<\/span><\/p><p><span style=\"font-weight: 400;\">(2) Daten \u00fcber die Gesundheit, die Intimsph\u00e4re oder die Zugeh\u00f6rigkeit zu einer Rasse oder Ethnie,\u00a0<\/span><\/p><p><span style=\"font-weight: 400;\">(3) genetische Daten,\u00a0<\/span><\/p><p><span style=\"font-weight: 400;\">(4) biometrische Daten, die eine nat\u00fcrliche Person eindeutig identifizieren,\u00a0<\/span><\/p><p><span style=\"font-weight: 400;\">(5) Daten \u00fcber verwaltungs- und strafrechtliche Verfolgungen oder Sanktionen,\u00a0<\/span><\/p><p><span style=\"font-weight: 400;\">(6) Daten \u00fcber Massnahmen der sozialen Hilfe;\u00a0<\/span><\/p><ol><li><span style=\"font-weight: 400;\"> Bearbeiten: jeder Umgang mit Personendaten, unabh\u00e4ngig von den angewandten Mitteln und Verfahren, insbesondere das Beschaffen, Speichern, Aufbewahren, Verwenden, Ver\u00e4ndern, Bekanntgeben, Archivieren, L\u00f6schen oder Vernichten von Daten;\u00a0<\/span><\/li><li><span style=\"font-weight: 400;\"> Bekanntgeben: das \u00dcbermitteln oder Zug\u00e4nglichmachen von Personendaten;\u00a0<\/span><\/li><li><span style=\"font-weight: 400;\"> Profiling: jede Art der automatisierten Bearbeitung von Personendaten, die darin besteht, dass diese Daten verwendet werden, um bestimmte pers\u00f6nliche Aspekte, die sich auf eine nat\u00fcrliche Person beziehen, zu bewerten, insbesondere um Aspekte bez\u00fcglich Arbeitsleistung, wirtschaftlicher Lage, Gesundheit, pers\u00f6nlicher Vorlieben, Interessen, Zuverl\u00e4ssigkeit, Verhalten, Aufenthaltsort oder Ortswechsel dieser nat\u00fcrlichen Person zu analysieren oder vorherzusagen;\u00a0<\/span><\/li><li><span style=\"font-weight: 400;\"> Profiling mit hohem Risiko: Profiling, das ein hohes Risiko f\u00fcr die Pers\u00f6nlichkeit oder die Grundrechte der betroffenen Person mit sich bringt, indem es zu einer Verkn\u00fcpfung von Daten f\u00fchrt, die eine Beurteilung wesentlicher Aspekte der Pers\u00f6nlichkeit einer nat\u00fcrlichen Person erlaubt;\u00a0<\/span><\/li><li><span style=\"font-weight: 400;\"> Verletzung der Datensicherheit: eine Verletzung der Sicherheit, die dazu f\u00fchrt, dass Personendaten unbeabsichtigt oder widerrechtlich verloren gehen, gel\u00f6scht, vernichtet oder ver\u00e4ndert werden oder Unbefugten offengelegt oder zug\u00e4nglich gemacht werden;\u00a0<\/span><\/li><li><span style=\"font-weight: 400;\"> Bundesorgan: Beh\u00f6rde oder Dienststelle des Bundes oder Person, die mit \u00f6ffentlichen Aufgaben des Bundes betraut ist;<\/span><\/li><li><span style=\"font-weight: 400;\"> Verantwortlicher: private Person oder Bundesorgan, die oder das allein oder zusammen mit anderen \u00fcber den Zweck und die Mittel der Bearbeitung entscheidet;\u00a0<\/span><\/li><li><span style=\"font-weight: 400;\"> Auftragsbearbeiter: private Person oder Bundesorgan, die oder das im Auftrag des Verantwortlichen Personendaten bearbeitet.\u00a0<\/span><\/li><\/ol><p><b>3. Angemessene Information \u00fcber die Beschaffung von Personendaten<br \/><\/b><span style=\"font-weight: 400;\">Soweit wir eine Webseite unterhalten, finden Sie diese Datenschutzerkl\u00e4rung auf unserer Webseite.<\/span><\/p><p><b>4. Ansprechpartner<br \/><\/b><b>4.1 Angaben des Verantwortlichen<br \/><\/b><span style=\"font-weight: 400;\">Die Datenverarbeitung erfolgt durch:\u00a0<\/span><\/p><p><span style=\"font-weight: 400;\">Capacity\u00a0 <\/span><span style=\"font-weight: 400;\"><br \/><\/span><span style=\"font-weight: 400;\">c\/o The Impact Hub Z\u00fcrich<\/span><span style=\"font-weight: 400;\"><br \/><\/span><span style=\"font-weight: 400;\">Sihlquai 131<\/span><span style=\"font-weight: 400;\"><br \/><\/span><span style=\"font-weight: 400;\">8005 Z\u00fcrich<\/span><\/p><p><span style=\"font-weight: 400;\">E-Mail: <\/span><a href=\"mailto:info@capacity.swiss\" target=\"_blank\" rel=\"noopener\"><span style=\"font-weight: 400;\">info@capacity.swiss<\/span><\/a><\/p><p><b>4.2 Ansprechpartner f\u00fcr Ausk\u00fcnfte und Fragen zum Datenschutz<br \/><\/b><span style=\"font-weight: 400;\">Bei datenschutzrechtlichen Anliegen, insbesondere wenn Sie Ihre Rechte wahrnehmen wollen, k\u00f6nnen Sie sich an folgende Stelle wenden: Capacity, c\/o The Impact Hub Z\u00fcrich, Sihlquai 131, 8005 Z\u00fcrich, <a href=\"mailto:data.protection@capacity.swiss\" target=\"_blank\" rel=\"noopener\">data.protection@capacity.swiss<\/a><\/span><\/p><p><b>4.3 Datenschutzbeauftragter oder Datenschutzberater<br \/><\/b><span style=\"font-weight: 400;\">Wir sind derzeit nicht verpflichtet, einen Datenschutzbeauftragten oder Datenschutzberater zu benennen.\u00a0<\/span><\/p><p><b>5. Datenschutzinformation<br \/><\/b><b>5.1 Bearbeitungszweck<br \/><\/b><span style=\"font-weight: 400;\">Wir verarbeiten Personendaten zu folgenden Bearbeitungszwecken, in Abh\u00e4ngigkeit davon, ob Sie mit uns als Kunde, Lieferant, Personal, Dienstleister, Bewerber, in Kontakt stehen bzw. mit uns zusammenarbeiten.\u00a0<\/span><\/p><p><span style=\"font-weight: 400;\">Bearbeitungszwecke sind:\u00a0<\/span><\/p><ul><li style=\"font-weight: 400;\" aria-level=\"1\"><span style=\"font-weight: 400;\"><span style=\"font-weight: 400;\">Nutzung und Bereitstellung des Webseitenangebots und eines Newsletters.<\/span><\/span><\/li><li style=\"font-weight: 400;\" aria-level=\"1\"><span style=\"font-weight: 400;\"><span style=\"font-weight: 400;\">Einbindung von Social-Media-Diensten, Einsatz von Cookies zur Gew\u00e4hrleistung der Funktionalit\u00e4t und Analyse der Webseite.<\/span><\/span><\/li><li style=\"font-weight: 400;\" aria-level=\"1\"><span style=\"font-weight: 400;\"><span style=\"font-weight: 400;\">Kontaktaufnahme und Kommunikation.<\/span><\/span><\/li><li style=\"font-weight: 400;\" aria-level=\"1\"><span style=\"font-weight: 400;\">Durchf\u00fchrung der Vereinsaktivit\u00e4ten gem\u00e4ss den Statuten, einschliesslich Aktivit\u00e4ten, die im Rahmen der Erf\u00fcllung unseres Vereinszweckes liegen, auch unter Einsatz technischer Tools, wo n\u00f6tig.<\/span><\/li><li style=\"font-weight: 400;\" aria-level=\"1\"><p><span style=\"font-weight: 400;\">Durchf\u00fchrung von Programmen, einschliesslich Workshops und Schulungen, Mentoring- und Coaching-Aktivit\u00e4ten, einschliesslich aller Capacity-Programme und -initiativen, Networking-Events, auch unter Einsatz technischer Tools und Anwendungen.<\/span><\/p><\/li><li style=\"font-weight: 400;\" aria-level=\"1\"><p><span style=\"font-weight: 400;\">Bearbeitung von Bewerbungen f\u00fcr die Capacity-Programme, die Talent Placement-Initiative und Offerierung von Stellenangeboten.<\/span><\/p><\/li><li style=\"font-weight: 400;\" aria-level=\"1\"><p><span style=\"font-weight: 400;\">F\u00f6rderung und Unterst\u00fctzung von Talenten aus unserem Talentpool.<\/span><\/p><\/li><li style=\"font-weight: 400;\" aria-level=\"1\"><p><span style=\"font-weight: 400;\">Durchf\u00fchrung und Aktivit\u00e4ten mit und zu unseren Alumni.\u00a0<\/span><\/p><\/li><li style=\"font-weight: 400;\" aria-level=\"1\"><p><span style=\"font-weight: 400;\">Bewertung der kurz-, mittel- und langfristigen Auswirkungen der Programme, Interventionen und Aktivit\u00e4ten auf alle Beteiligten.<\/span><\/p><\/li><li style=\"font-weight: 400;\" aria-level=\"1\"><p>Werbung, Marketing und Organisation von Events.<\/p><\/li><li style=\"font-weight: 400;\" aria-level=\"1\"><p>Bearbeitung von Spenden und Zuwendungen, Spendenmanagement.<\/p><\/li><li style=\"font-weight: 400;\" aria-level=\"1\"><p>Erf\u00fcllung von vertraglichen Verpflichtungen, Durchsetzung und Abwehr von Anspr\u00fcchen.<\/p><\/li><li style=\"font-weight: 400;\" aria-level=\"1\"><p>Teilnahme an wissenschaftlichen und\/oder gef\u00f6rderten Projekten.<\/p><\/li><li style=\"font-weight: 400;\" aria-level=\"1\"><p>Einhaltung von gesetzlichen und beh\u00f6rdlichen Pflichten, zu denen wir verpflichtet sind.<\/p><\/li><li style=\"font-weight: 400;\" aria-level=\"1\"><p>Weitere Zwecke z.B. administrative Zwecke, Evaluierung von Abl\u00e4ufen, Qualit\u00e4tssicherung.<\/p><\/li><\/ul><p><span style=\"font-weight: 400;\">Die personenbezogenen Daten der Nutzer werden in der Regel direkt von uns bei Nutzung der Webseite oder Inanspruchnahme unserer Dienstleistung und Waren erhoben. Personenbezogene Daten k\u00f6nnen aber auch indirekt erhoben werden, wie z.B. wenn wir Korrespondenz mit Dritten (z.B. Lieferanten, Ansprechpartner usw) oder durch weitere Beschaffung von Zusatzinformationen aus allgemein zug\u00e4nglichen Datenquellen Dritter (z.B. Social Media, Pr\u00fcfungen Kreditf\u00e4higkeit, etc.).<\/span><\/p><p><b>5.2 Kategorien von Empf\u00e4ngern<br \/><\/b><span style=\"font-weight: 400;\">Wir geben die Kategorie von Empf\u00e4ngern an, denen Personendaten in Abh\u00e4ngigkeit der jeweiligen T\u00e4tigkeit bekannt gegeben werden k\u00f6nnen.<\/span><\/p><ul><li style=\"font-weight: 400;\" aria-level=\"1\"><span style=\"font-weight: 400;\">Webhosting-Provider, Webmaster, IT-Dienstleister (soweit eingesetzt)<\/span><\/li><li style=\"font-weight: 400;\" aria-level=\"1\"><span style=\"font-weight: 400;\">Anbieter des Content-Management-Systems\u00a0<\/span><\/li><li style=\"font-weight: 400;\" aria-level=\"1\"><span style=\"font-weight: 400;\">Dritte, die Dienste und Services bereitstellen<\/span><\/li><li style=\"font-weight: 400;\" aria-level=\"1\"><span style=\"font-weight: 400;\">Treuh\u00e4nder, Dienstleister zur Erf\u00fcllung gesetzlicher oder steuerlichen Pflichten<\/span><\/li><li style=\"font-weight: 400;\" aria-level=\"1\"><span style=\"font-weight: 400;\">Versicherungsunternehmen<\/span><\/li><li style=\"font-weight: 400;\" aria-level=\"1\"><span style=\"font-weight: 400;\">Social-Media-Dienste<\/span><\/li><li style=\"font-weight: 400;\" aria-level=\"1\"><span style=\"font-weight: 400;\">Servicepartner<\/span><\/li><li style=\"font-weight: 400;\" aria-level=\"1\"><span style=\"font-weight: 400;\">Mentors, Coaches, Schulungskr\u00e4fte<\/span><\/li><li style=\"font-weight: 400;\" aria-level=\"1\"><span style=\"font-weight: 400;\">Teilnehmende und Alumni der Capacity-Programme\u00a0<\/span><\/li><li style=\"font-weight: 400;\" aria-level=\"1\"><span style=\"font-weight: 400;\">Bestehende und potenzielle Partner im Rahmen der Access- und Entrepreneurship-Programme\u00a0<\/span><\/li><li style=\"font-weight: 400;\" aria-level=\"1\"><span style=\"font-weight: 400;\">Projekt- und Forschungspartner\u00a0<\/span><\/li><li style=\"font-weight: 400;\" aria-level=\"1\"><span style=\"font-weight: 400;\">Vereinsmitglieder, Mitarbeitende, Freiwillige<\/span><\/li><li style=\"font-weight: 400;\" aria-level=\"1\"><span style=\"font-weight: 400;\">Dritte, die Dienstleistungen anbieten wie z.B. Zahlungsanbieter, Post- und Paketversender oder andere<\/span><\/li><\/ul><p><b>5.3 Bekanntgabe ins Ausland<br \/><\/b><span style=\"font-weight: 400;\">Wir informieren \u00fcber die Bekanntgabe von Personendaten ins Ausland. Diese erfolgt, um Dienste z.B. IT- und Webseiten-Services zu gew\u00e4hrleisten oder unsere Zwecke gem\u00e4ss den Statuten zu verfolgen.<\/span><\/p><p><span style=\"font-weight: 400;\">EU-Ausland: angemessenes Datenschutzniveau<\/span><\/p><p><span style=\"font-weight: 400;\">USA: Die USA gew\u00e4hrleisten derzeit kein angemessenes Datenschutzniveau. Die EU hat einen Angemessenheitsbeschluss gefasst, der (Schweizer) Bundesrat hat einen solchen Beschluss noch nicht gefasst, so dass es derzeit an einem Angemessenheitsbeschluss im Sinne des DSG fehlt (Stand 08\/2023). Zur Gew\u00e4hrleistung eines geeigneten Datenschutzes st\u00fctzen wir die Daten\u00fcbertragung in der Regel auf Garantien (Standarddatenschutzklauseln (Art.\u00a016\u00a0Abs.\u00a02\u00a0d.\u00a0DSG)) oder Ausnahmen (ausdr\u00fccklichen Einwilligung der betroffenen Person (Art.\u00a017\u00a0Abs.\u00a01\u00a0a\u00a0DSG) oder die Bekanntgabe steht in unmittelbarem Zusammenhang mit dem Abschluss oder der Abwicklung eines Vertrages zwischen dem Verantwortlichen und der betroffenen Personen (Art.\u00a017\u00a0Abs.\u00a01\u00a0b.\u00a0Ziffer\u00a01\u00a0DSG). Wir behalten uns vor, die \u00dcbertragung auf Grundlage einer Ausnahme nach Art.\u00a017\u00a0Abs.\u00a01\u00a0b.\u00a0Ziffer\u00a02\u00a0DSG, Art.\u00a017\u00a0Abs.\u00a01\u00a0d\u00a0\u2013\u00a0f\u00a0DSG vorzunehmen.<\/span><\/p><p><b>6. Cookies<br \/><\/b><span style=\"font-weight: 400;\">Wir verwenden f\u00fcr unsere Webseite Cookies, um die Funktionalit\u00e4t der Webseite zu gew\u00e4hrleisten, das Nutzerverhalten zu analysieren und unser Web- und Serviceangebot zu verbessern. Cookies sind kleine Textdateien, die entweder lediglich f\u00fcr die Dauer des Besuches auf der Webseite gespeichert (sog. \u201cSession Cookies\u201d) oder l\u00e4nger gespeichert und erst nach einer festgelegten Zeit gel\u00f6scht werden, um z.B. wiederkehrende Nutzer zu erkennen oder das Einkaufen und die Warenkorbfunktion zu erm\u00f6glichen. Einige Dienste setzen ebenfalls Cookies.\u00a0<\/span><\/p><p><span style=\"font-weight: 400;\">Sie k\u00f6nnen in den Einstellungen Ihres Browsers in der Regel einstellen, welche Cookies Sie zulassen m\u00f6chten. Werden s\u00e4mtliche Cookies abgelehnt (\u201cfunktionale Cookies\u201d) kann der Besuch und die Funktionalit\u00e4t unserer Webseite eingeschr\u00e4nkt oder nicht verf\u00fcgbar sein. Hilfestellung zur Cookieverwaltung g\u00e4ngiger Browser erhalten Sie hier:<\/span><\/p><ul><li><span style=\"font-weight: 400;\"> Mozilla Firefox: <\/span><a href=\"https:\/\/support.mozilla.org\/de\/kb\/cookies-loeschen-daten-von-websites-entfernen%20\"><span style=\"font-weight: 400;\">https:\/\/support.mozilla.org\/de\/kb\/cookies-loeschen-daten-von-websites-entfernen<\/span><\/a><\/li><li><span style=\"font-weight: 400;\"> Internet Explorer: <\/span><a href=\"https:\/\/support.microsoft.com\/de-de\/help\/17442\/windows-internet-explorer-delete-manage-cookies%20\"><span style=\"font-weight: 400;\">https:\/\/support.microsoft.com\/de-de\/help\/17442\/windows-internet-explorer-delete-manage-cookies<\/span><\/a><\/li><li><span style=\"font-weight: 400;\"> Google Chrome: <\/span><a href=\"https:\/\/support.google.com\/accounts\/answer\/61416?hl=de%20\"><span style=\"font-weight: 400;\">https:\/\/support.google.com\/accounts\/answer\/61416?hl=de<\/span><\/a><\/li><li><span style=\"font-weight: 400;\"> Opera: <\/span><a href=\"http:\/\/www.opera.com\/de\/help%20\"><span style=\"font-weight: 400;\">http:\/\/www.opera.com\/de\/help<\/span><\/a><\/li><li><span style=\"font-weight: 400;\"> Safari: <\/span><a href=\"https:\/\/support.apple.com\/kb\/PH17191?locale=de_DE&amp;viewlocale=de_DE\"><span style=\"font-weight: 400;\">https:\/\/support.apple.com\/kb\/PH17191?locale=de_DE&amp;viewlocale=de_DE<\/span><\/a><span style=\"font-weight: 400;\">.<\/span><\/li><\/ul><p><b>7. Automatisierte Entscheidungsfindung<br \/><\/b><span style=\"font-weight: 400;\">Wir k\u00f6nnen die Technologie von Workable nutzen, um geeignete Kandidat:innen auszuw\u00e4hlen, die wir auf der Grundlage von Kriterien ber\u00fccksichtigen k\u00f6nnen, die wir ausdr\u00fccklich festgelegt haben oder die f\u00fcr die Stelle, auf die sie sich beworben haben, typisch sind. Der Prozess der Suche nach geeigneten Kandidat:innen erfolgt automatisch. Die Entscheidung dar\u00fcber, wen wir f\u00fcr die Programmteilnahme oder die Besetzung einer offenen Stelle empfehlen, wird jedoch von unseren Mitarbeitenden getroffen.<\/span><\/p><p><span style=\"font-weight: 400;\">Wir setzen keine ausschliesslich automatisierte Entscheidungsfindung ein, bei der Entscheidungen \u00fcber dich auf technischem Weg und ohne menschliches Eingreifen getroffen werden. <\/span><\/p><p><b>8. Analysetools<br \/><\/b><span style=\"font-weight: 400;\">Wir haben auf unserer Webseite Analysetools eingebunden, um das Benutzerverhalten zu analysieren, Auswertung von Werbemassnahmen vorzunehmen oder Besucherstatistiken zu erstellen.<\/span><\/p><p><span style=\"font-weight: 400;\">Diese Webseite benutzt <\/span><b>Google Analytics<\/b><span style=\"font-weight: 400;\">, einen Webanalysedienst von Google LLC, 1600 Amphitheatre Parkway, Mountain View, CA 94043, USA (nachfolgend &#171;Google&#187;). Google Analytics verwendet Cookies, die eine Analyse der Benutzung der Webseite durch Sie erm\u00f6glichen. Die durch die Cookies erzeugten Informationen \u00fcber Ihre Benutzung dieser Webseite werden in der Regel an einen Server von Google in den USA \u00fcbertragen und dort gespeichert. Im Falle der Aktivierung der IP-Anonymisierung auf unseren Webseiten wird Ihre IP-Adresse von Google jedoch innerhalb von Mitgliedstaaten der Europ\u00e4ischen Union oder in anderen Vertragsstaaten des Abkommens \u00fcber den Europ\u00e4ischen Wirtschaftsraum zuvor gek\u00fcrzt. Nur in Ausnahmef\u00e4llen wird die volle IP-Adresse an einen Server von Google in den USA \u00fcbertragen und dort gek\u00fcrzt. Google kann diese Informationen benutzen, um Ihre Nutzung der Webseite auszuwerten, um Reports \u00fcber die Webseitenaktivit\u00e4ten zusammenzustellen und, um weitere mit den Webseiten- und der Internetnutzung verbundene Dienstleistungen gegen\u00fcber dem Webseitenbetreiber zu erbringen. Die im Rahmen von Google Analytics von Ihrem Browser \u00fcbermittelte IP-Adresse wird nicht mit anderen Daten von Google zusammengef\u00fchrt. Sie k\u00f6nnen die Erfassung der durch das Cookie erzeugten und auf Ihre Nutzung der Webseite bezogenen Daten (inkl. Ihrer IP-Adresse) an Google sowie die Verarbeitung dieser Daten durch Google verhindern, indem Sie das unter dem folgenden Link (<\/span><a href=\"https:\/\/tools.google.com\/dlpage\/gaoptout?hl=de\"><span style=\"font-weight: 400;\">https:\/\/tools.google.com\/dlpage\/gaoptout?hl=de<\/span><\/a><span style=\"font-weight: 400;\">) verf\u00fcgbare Browser-Plugin herunterladen und installieren. Es wird ein sog. Opt-Out-Cookie gesetzt, das die zuk\u00fcnftige Erfassung Ihrer Daten beim Besuch dieser Webseite verhindert.\u00a0<\/span><\/p><p><span style=\"font-weight: 400;\">Wir haben <\/span><b>Google Tag Manager<\/b><span style=\"font-weight: 400;\"> eingebunden, der uns als Tag Management System erm\u00f6glicht, die Implementierung von Webanalyse Tools auf unserer Webseite zu erleichtern und Ihnen aus den daraus gewonnen Informationen ein besseres Nutzererlebnis anzubieten. Tags sind sog. Code-Snippets <\/span><i><span style=\"font-weight: 400;\">[Code-Schnipsel]<\/span><\/i><span style=\"font-weight: 400;\">, die zu Analyse- und Marketingzwecke eingesetzt werden. Mit dem Google Tag Manager, einem Angebot von Google, kann der Vermarkter Webseiten-Tags \u00fcber eine Oberfl\u00e4che verwalten. Der Google Tag Manager selbst (dieser implementiert die Tags) ist eine cookielose Domain und erfasst keine personenbezogenen Daten. Es werden jedoch andere Tags ausgel\u00f6st, die ihrerseits unter Umst\u00e4nden Daten erfassen. Google Tag Manager hat keinen Zugriff auf diese Daten.<\/span><\/p><p><span style=\"font-weight: 400;\">Wir haben <\/span><b>Google-Ads <\/b><span style=\"font-weight: 400;\">aktiviert, \u00fcber das wir zielgerichtet Anzeigen im Internet oder unter Nutzung des Google-Netzwerkes schalten k\u00f6nnen. Um den Erfolg zu messen, setzt Google ein Cookie und speichert die IP-Adresse sowie die Internation der Nutzer, die \u00fcber die Anzeige unsere Webseite aufgerufen haben. Hierbei werden Daten an Google weitergegeben.\u00a0<\/span><\/p><p><span style=\"font-weight: 400;\">Angebote von Google werden bereitgestellt von: Google Ireland Limited, Gordon House, Barrow Street, Dublin 4, Irland, bzw. Google Inc., 1600 Amphitheatre Pkwy, Mountain View, CA 94043-1351, USA. N\u00e4here Informationen zu Nutzungsbedingungen und Datenschutz von Google finden Sie unter <\/span><a href=\"https:\/\/www.google.com\/analytics\/terms\/de.html\"><span style=\"font-weight: 400;\">https:\/\/www.google.com\/analytics\/terms\/de.html<\/span><\/a><span style=\"font-weight: 400;\"> bzw. <\/span><a href=\"https:\/\/www.google.de\/intl\/de\/policies\/\"><span style=\"font-weight: 400;\">https:\/\/www.google.de\/intl\/de\/policies\/<\/span><\/a><span style=\"font-weight: 400;\">.<\/span><\/p><p><b>9. Einbindung von externen Online- und Social-Media-Diensten<br \/><\/b><span style=\"font-weight: 400;\">Wir haben <\/span><b>Google Maps<\/b><span style=\"font-weight: 400;\"> eingebunden, den Kartendienst des Anbieter Google Inc., 1600 Amphitheatre Parkway, Mountain View, CA 94043, USA (\u00abGoogle\u00bb). Dabei k\u00f6nnen Informationen \u00fcber Ihre Benutzung, ihren Standort oder weitere Daten (z.B. IP-Adresse) an \u00abGoogle\u00bb mit, in der Regel, einem Server von \u00abGoogle\u00bb in den USA \u00fcbertragen und dort gespeichert werden. Dies erfolgt unabh\u00e4ngig davon, ob Sie im Konto von \u00abGoogle\u00bb eingeloggt sind. Wenn Sie eingeloggt sind, werden Ihre Daten allerdings Ihrem Konto zugeordnet. Wenn Sie die Zuordnung mit Ihrem Profil bei \u00abGoogle\u00bb nicht w\u00fcnschen, m\u00fcssen Sie sich vor Aufruf des Webseitenangebots oder Aktivierung eines Inhaltes ausloggen. Die Dienste speichern Ihre Daten als Nutzungsprofile und nutzt sie f\u00fcr Zwecke der Bereitstellung der Dienste, Wartung und Verbesserung der Dienste, Messung der Leistung, Entwicklung neuer Dienste und Bereitstellung personalisierter Dienste, einschlie\u00dflich Inhalte und Werbeanzeigen. Ihnen steht gegen die Bildung dieser Nutzerprofile ein Widerspruchsrecht zu, wobei Sie sich zur Aus\u00fcbung direkt an Google richten m\u00fcssen.\u00a0<\/span><\/p><p><span style=\"font-weight: 400;\">Wir haben <\/span><b>Google Fonts<\/b><span style=\"font-weight: 400;\"> eingebunden, um Ihnen ein besseres Nutzererlebnis anzubieten. Mit Google Fonts k\u00f6nnen wir von Google bereitgestellte Schriftarten verwenden.<\/span><\/p><p><span style=\"font-weight: 400;\">Wir haben <\/span><b>Google reCaptcha<\/b><span style=\"font-weight: 400;\"> eingebunden, der automatisierte Tests durchf\u00fchrt, um anhand von Interaktionsmustern Handlungen von Menschen von denjenigen von Maschinen zu unterscheiden. Diese Tests werden als Zugangskontrolle verwendet.<\/span><\/p><p><span style=\"font-weight: 400;\">Die Google Datenschutzinformation finden Sie unter: <\/span><a href=\"https:\/\/policies.google.com\/privacy\"><span style=\"font-weight: 400;\">https:\/\/policies.google.com\/privacy<\/span><\/a><span style=\"font-weight: 400;\"> und ein Opt-Out von personalisierter Werbung ist unter <\/span><a href=\"https:\/\/adssettings.google.com\/authenticated\"><span style=\"font-weight: 400;\">https:\/\/adssettings.google.com\/authenticated<\/span><\/a><span style=\"font-weight: 400;\"> m\u00f6glich.<\/span><\/p><p><span style=\"font-weight: 400;\">Wir haben <\/span><b>WordPress Multilingual Plugin <\/b><span style=\"font-weight: 400;\">(&#171;WPML&#187;) eingebunden, um unsere Webseite in diverse Sprachen \u00fcbersetzen zu k\u00f6nnen. Die \u00abWordPress\u00bb Datenschutzinformation finden Sie unter: <\/span><a href=\"https:\/\/automattic.com\/de\/privacy\/\"><span style=\"font-weight: 400;\">https:\/\/automattic.com\/de\/privacy\/<\/span><\/a><span style=\"font-weight: 400;\"> und <\/span><a href=\"https:\/\/wordpress.com\/de\/tos\/\"><span style=\"font-weight: 400;\">https:\/\/wordpress.com\/de\/tos\/<\/span><\/a><span style=\"font-weight: 400;\">.<\/span><\/p><p><span style=\"font-weight: 400;\">Wir haben ein Plugin\/Tool eingebunden, welche erm\u00f6glichen, dass Cookies erst nach der Zustimmung eines Webseiten-Besuchers eingesetzt werden.<\/span><\/p><p><span style=\"font-weight: 400;\">Wir haben ein Plugin\/Tool eingebunden, welches es erm\u00f6glicht, Spenden an uns \u00fcber Paypal oder Twint \u00fcber die Webseite vorzunehmen. Die Zahlungsabwicklung erfolgt \u00fcber den jeweiligen Zahlungsdienstleister, den Sie f\u00fcr Ihre Spende ausw\u00e4hlen. Die \u00abTwint\u00bb Datenschutzerkl\u00e4rung finden Sie unter <\/span><a href=\"https:\/\/www.twint.ch\/datenschutz\/\"><span style=\"font-weight: 400;\">https:\/\/www.twint.ch\/datenschutz\/<\/span><\/a><span style=\"font-weight: 400;\">. Die \u00abPayPal\u00bb Datenschutzerkl\u00e4rung finden Sie unter <\/span><a href=\"https:\/\/www.paypal.com\/webapps\/mpp\/ua\/privacy-full\"><span style=\"font-weight: 400;\">https:\/\/www.paypal.com\/webapps\/mpp\/ua\/privacy-full<\/span><\/a><span style=\"font-weight: 400;\">.<\/span><\/p><p><span style=\"font-weight: 400;\">Wir haben <\/span><b>Youtube<\/b><span style=\"font-weight: 400;\">-Videos eingebunden, um Ihnen ein besseres Nutzererlebnis anzubieten und unsere Angebote und T\u00e4tigkeit vorzustellen. Dadurch erh\u00e4lt \u00abYouTube die Information, dass Sie die entsprechende Unterseite unserer Webseite aufgerufen haben und es k\u00f6nnen Daten zu Standort (GPS-Daten), IP-Adresse und verwendeten Ger\u00e4ten inklusive Informationen \u00fcber Objekte in der N\u00e4he Ihres Ger\u00e4ts, wie etwa WLAN-Zugriffspunkte, Funkmasten und Bluetooth-f\u00e4hige Ger\u00e4te sowie Sensordaten von Ihrem Ger\u00e4t (siehe \u00abYouTube\u00bb Datenschutzinformation des Anbieters) \u00fcbermittelt werden. Dies erfolgt unabh\u00e4ngig davon, ob Sie bei \u00abGoogle\u00bb bzw. \u00abYouTube\u00bb eingeloggt sind. Wenn Sie eingeloggt sind, werden Ihre Daten allerdings Ihrem Konto zugeordnet. Wenn Sie die Zuordnung mit Ihrem Profil bei \u00abYouTube\u00bb nicht w\u00fcnschen, m\u00fcssen Sie sich vor Aktivierung eines Videos ausloggen. \u00abYouTube\u00bb speichert Ihre Daten als Nutzungsprofile und nutzt sie f\u00fcr Zwecke der Bereitstellung der Dienste, Wartung und Verbesserung der Dienste, Messung der Leistung, Entwicklung neuer Dienste und Bereitstellung personalisierter Dienste, einschlie\u00dflich Inhalte und Werbeanzeigen. Ihnen steht gegen die Bildung dieser Nutzerprofile ein Widerspruchsrecht zu, wobei Sie sich zur Aus\u00fcbung an \u00abYouTube\u00bb richten m\u00fcssen.<\/span><\/p><p><span style=\"font-weight: 400;\">Die Verarbeitung der Daten erfolgt im Rahmen dieses Dienstes auch in den USA. Die durch die Cookies erzeugten Informationen \u00fcber Benutzung unserer Webseite werden in der Regel an einen Server in den USA \u00fcbertragen und dort gespeichert.<\/span><\/p><p><span style=\"font-weight: 400;\">Die \u00abYouTube\u00bb-Datenschutzinformation finden Sie unter: <\/span><a href=\"https:\/\/policies.google.com\/privacy\"><span style=\"font-weight: 400;\">https:\/\/policies.google.com\/privacy<\/span><\/a><span style=\"font-weight: 400;\"> und ein Opt-Out von personalisierter Werbung ist unter <\/span><a href=\"https:\/\/adssettings.google.com\/authenticated\"><span style=\"font-weight: 400;\">https:\/\/adssettings.google.com\/authenticated<\/span><\/a><span style=\"font-weight: 400;\"> m\u00f6glich.<\/span><\/p><p><span style=\"font-weight: 400;\">Wir haben den Newsletter-Dienst <\/span><b>Mailchimp<\/b><span style=\"font-weight: 400;\"> eingebunden, zur Abwicklung unserer Newsletter. Dadurch erh\u00e4lt Mailchimp das Datum der Eintragung in der E-Mail-Liste, die E-Mail sowie die IP-Adresse, den Namen des neuen Mitglieds auf der neuen Liste, sowie die physische Adresse und demografische Informationen. Die Verarbeitung der Daten erfolgt im Rahmen dieses Dienstes auch in den USA. Die durch die Cookies erzeugten Informationen \u00fcber Benutzung unserer Webseite werden in der Regel an einen Server in den USA \u00fcbertragen und dort gespeichert.\u00a0<\/span><\/p><p><span style=\"font-weight: 400;\">Die Mailchimp Datenverarbeitungsinformation finden Sie unter: <\/span><a href=\"https:\/\/mailchimp.com\/de\/legal\/data-processing-addendum\/#Annex_C_-_Standard_Contractual_Clauses\"><span style=\"font-weight: 400;\">https:\/\/mailchimp.com\/de\/legal\/data-processing-addendum\/#Annex_C_-_Standard_Contractual_Clauses<\/span><\/a><span style=\"font-weight: 400;\">.\u00a0<\/span><\/p><p><span style=\"font-weight: 400;\">Wir nutzen das Sharing-Tool <\/span><b>AddToAny<\/b><span style=\"font-weight: 400;\">. Sie haben damit die M\u00f6glichkeit, den angezeigten Inhalt mit Personen aus Ihrem Umfeld zu teilen. Dazu k\u00f6nnen Sie die Share-Funktion von \u201cAddToAny\u201d verwenden. Schon w\u00e4hrend Sie unsere Seiten besuchen, wird \u00fcber das Plugin eine direkte Verbindung zwischen Ihrem Browser und dem AddToAny-Server hergestellt. AddToAny erh\u00e4lt dadurch die Information, dass Sie mit Ihrer IP-Adresse unsere Seite besucht haben. AddToAny anonymisiert die IP-Adressen. Bei Verwendung von AddToAny werden Cookies eingesetzt. Die durch die Cookies erzeugten Informationen \u00fcber Benutzung unserer Webseite werden dabei in der Regel an einen Server in den USA \u00fcbertragen.<\/span><\/p><p><span style=\"font-weight: 400;\">N\u00e4here Informationen zur Datenverarbeitung durch AddToAny finden Sie unter:<\/span><\/p><p><span style=\"font-weight: 400;\">https:\/\/www.addtoany.com\/terms und <\/span><a href=\"https:\/\/www.addtoany.com\/privacy\"><span style=\"font-weight: 400;\">https:\/\/www.addtoany.com\/privacy<\/span><\/a><span style=\"font-weight: 400;\">.<\/span><\/p><p><span style=\"font-weight: 400;\">Wir haben zudem <\/span><b>Accredible <\/b><span style=\"font-weight: 400;\">(+Credential) eingebunden. Eine Plattform, mit welcher automatisch digitale Zertifikate, offene Abzeichen und Blockchain Zertifikate erstellt, verwaltet und verteilt werden k\u00f6nnen. Das Unternehmen ist in den USA ans\u00e4ssig, womit (sofern der Dienst \u00fcberhaupt genutzt wird) in der Regel eine Datenverarbeitung in die USA stattfindet.\u00a0<\/span><\/p><p><span style=\"font-weight: 400;\">N\u00e4here Informationen zur Datenverarbeitung durch Accredible finden Sie unter: <\/span><a href=\"https:\/\/www.accredible.com\/legal\/data-security-privacy-policies\"><span style=\"font-weight: 400;\">https:\/\/www.accredible.com\/legal\/data-security-privacy-policies<\/span><\/a><span style=\"font-weight: 400;\">.\u00a0<\/span><\/p><p><b>10. Newsletter<br \/><\/b><span style=\"font-weight: 400;\">Auf unserer Webseite wird Ihnen die M\u00f6glichkeit einger\u00e4umt, unseren Newsletter zu abonnieren. Dem Eingabeformular k\u00f6nnen Sie entnehmen, welche Daten erhoben werden. Mit der Anmeldung f\u00fcr unseren Newsletter stimmen Sie zu, dass wir die von Ihnen mitgeteilten Daten im Rahmen des in dieser Datenschutzerkl\u00e4rung verwenden d\u00fcrfen. Insbesondere d\u00fcrfen wir Ihnen regelm\u00e4ssig unseren E-Mail-Newsletter zukommen lassen. Sie k\u00f6nnen sich jederzeit mittels der daf\u00fcr vorgesehenen Funktion im Newsletter vom Versand abmelden.<\/span><\/p><p><b>11. Social-Media-Pr\u00e4senz<br \/><\/b><span style=\"font-weight: 400;\">Wir sind auf verschiedenen Social-Media-Plattformen aktiv und informieren \u00fcber unsere Dienstleistung. Ohne ausdr\u00fcckliche Zustimmung unserer Klienten ver\u00f6ffentlichen wir keine kunden- oder personenbezogenen Daten oder Informationen auf Social-Media-Plattformen. Wir k\u00f6nnen jedoch Daten \u00fcber Sie verarbeiten, wenn Sie zum Beispiel auf einem Anlass, Veranstaltung oder Event von uns sind und wir dar\u00fcber auf Social-Media berichten. Die Anbieter dieser Plattformen k\u00f6nnen ihre Nutzung analysieren und f\u00fcr eigene Marketingzwecke als Verantwortlicher verarbeiten.\u00a0<\/span><\/p><p><span style=\"font-weight: 400;\">Wenn Sie auf einen Social-Media-Link auf der Webseite klicken, werden Sie zu der entsprechenden Seite weitergeleitet; die Datenverarbeitung erfolgt dann von dem jeweiligen Anbieter.<\/span><\/p><p><b>LinkedIn<\/b><span style=\"font-weight: 400;\">: <a href=\"https:\/\/www.linkedin.com\/company\/capacity-swiss\" target=\"_blank\" rel=\"noopener\">https:\/\/www.linkedin.com\/company\/capacity-swiss<\/a><\/span><span style=\"font-weight: 400;\"><br \/><\/span><span style=\"font-weight: 400;\">Anbieter: LinkedIn Ireland Unlimited Company, Irland<\/span><span style=\"font-weight: 400;\"><br \/><\/span><span style=\"font-weight: 400;\">Datenschutzhinweise: <\/span><span style=\"font-weight: 400;\">https:\/\/de.linkedin.com\/legal\/privacy-policy<\/span><span style=\"font-weight: 400;\">?<\/span><\/p><p><b>Instagram:<br \/><\/b><a href=\"https:\/\/www.instagram.com\/capacity.swiss\/\" target=\"_blank\" rel=\"noopener\">https:\/\/www.instagram.com\/capacity.swiss\/<\/a><span style=\"font-weight: 400;\"><br \/><\/span><span style=\"font-weight: 400;\">Anbieter: Meta Platforms Ireland Limited, Irland<\/span><span style=\"font-weight: 400;\"><br \/><\/span><span style=\"font-weight: 400;\">Datenschutzhinweise: <\/span><a href=\"https:\/\/privacycenter.instagram.com\/policy\"><span style=\"font-weight: 400;\">https:\/\/privacycenter.instagram.com\/policy<\/span><\/a><\/p><p><b>Facebook:<\/b><a href=\"https:\/\/www.facebook.com\/CapacitySwiss\/\" target=\"_blank\" rel=\"noopener\"><span style=\"font-weight: 400;\"> https:\/\/www.facebook.com\/CapacitySwiss\/<\/span><\/a><span style=\"font-weight: 400;\"><br \/><\/span><span style=\"font-weight: 400;\">Anbieter: Meta Platforms Ireland Limited, Irland<\/span><span style=\"font-weight: 400;\"><br \/><\/span><span style=\"font-weight: 400;\">Datenschutzhinweise: <\/span><a href=\"https:\/\/de-de.facebook.com\/privacy\/policy\/\"><span style=\"font-weight: 400;\">https:\/\/de-de.facebook.com\/privacy\/policy\/<\/span><\/a><\/p><p><b>Youtube<\/b><span style=\"font-weight: 400;\">: <a href=\"https:\/\/youtube.com\/@capacity-swiss\" target=\"_blank\" rel=\"noopener\">https:\/\/youtube.com\/@capacity-swiss<\/a><\/span><span style=\"font-weight: 400;\"><br \/><\/span><span style=\"font-weight: 400;\">Anbieter: Google Ireland Limited, Irland<\/span><span style=\"font-weight: 400;\"><br \/><\/span><span style=\"font-weight: 400;\">Datenschutzhinweise: https:\/\/www.youtube.com\/intl\/de_be\/howyoutubeworks\/user-settings\/privacy\/<\/span><\/p><p><b>X: <\/b><span style=\"font-weight: 400;\">https:\/\/twitter.com\/CapacityZurich<\/span><span style=\"font-weight: 400;\"><br \/><\/span><a href=\"http:\/\/www.twitter.com\"><span style=\"font-weight: 400;\">Anbieter:<\/span><\/a><span style=\"font-weight: 400;\"> Twitter International Unlimited Company, Irland<\/span><span style=\"font-weight: 400;\"><br \/><\/span><span style=\"font-weight: 400;\">Datenschutzhinweise: <\/span><a href=\"https:\/\/twitter.com\/de\/privacy\"><span style=\"font-weight: 400;\">https:\/\/twitter.com\/de\/privacy<\/span><\/a><span style=\"font-weight: 400;\">\u00a0<\/span><\/p><p><strong>12. Einbindung von weiteren Drittdiensten<br \/><\/strong>Auf unserer Webseite setzen wir die Spendentechnologie der Firma RaiseNow AG, Hardturmstr. 101, 8005 Z\u00fcrich ein, deren Datenschutzrichtlinien Sie hier einsehen k\u00f6nnen:\u00a0<a href=\"https:\/\/www.raisenow.com\/ch-de\/datenschutz\" data-saferedirecturl=\"https:\/\/www.google.com\/url?q=https:\/\/www.raisenow.com\/ch-de\/datenschutz&amp;source=gmail&amp;ust=1715265065338000&amp;usg=AOvVaw2wF3_Qhj5cQgU9xuVmCdRA\">https:\/\/www.raisenow.com\/ch-de\/datenschutz<\/a>. Die erfassten personen- und zahlungsbezogenen Daten sowie Kommunikations-Pr\u00e4ferenzen werden von RaiseNow auf Grundlage derer Interessen sowie eines Auftragsverarbeitungsvertrages erfasst; wir verarbeiten Daten um z.B. Spendeneing\u00e4nge festzustellen und Spendenbescheinigungen zu erstellen. RaiseNow AG mit Sitz in der Schweiz und die RaiseNow GmbH mit Sitz in Deutschland erf\u00fcllen alle Vorgaben der Europ\u00e4ischen Datenschutzgrundverordnung sowie des Schweizer Datenschutzgesetzes. Dazu geh\u00f6rt beispielsweise auch die Sicherheit der Datenverarbeitung, die bei der RaiseNow AG regelm\u00e4ssig durch den T\u00dcV S\u00dcD auf Grundlage des PCI-DSS SAQ D Level 2 Sicherheitsstandards gepr\u00fcft und zertifiziert wird (<a href=\"https:\/\/developer.raisenow.com\/docs\/pci-dss\/Certificate-of-Validation_en.pdf\" data-saferedirecturl=\"https:\/\/www.google.com\/url?q=https:\/\/developer.raisenow.com\/docs\/pci-dss\/Certificate-of-Validation_en.pdf&amp;source=gmail&amp;ust=1715265065338000&amp;usg=AOvVaw1L93MN27RtRV-5dvcgxr8H\">https:\/\/developer.raisenow.com\/docs\/pci-dss\/Certificate-of-Validation_en.pdf<\/a>). RaiseNow kann die erfassten Daten in anonymisierter Form, also ohne Zuordnung zu einem Spender, zur Optimierung oder Verbesserung der eigenen Services nutzen, jedoch nicht, um diese direkt zu kontaktieren oder Daten an Dritte weiterzugeben.<\/p><p><b>13. \u00c4nderungsvorbehalt<br \/><\/b><span style=\"font-weight: 400;\">Diese Datenschutzerkl\u00e4rung ist nicht Bestandteil eines Vertrags mit Ihnen. Wir behalten uns vor, diese Datenschutzerkl\u00e4rung jederzeit mit Wirkung f\u00fcr die Zukunft zu \u00e4ndern. Dies kann zum Beispiel erfolgen, wenn ein angemessenes Datenschutzniveau f\u00fcr einen Datentransfer in das Ausland festgestellt wird oder wir unseren Service erweitern oder beschr\u00e4nken.\u00a0<\/span><\/p><p><span style=\"font-weight: 400;\">Diese Datenschutzerkl\u00e4rung bildet den Rechtsstand des ab 01.09.2023 geltenden Datenschutzgesetzes ab. Es gilt die deutsche Fassung dieser Datenschutzerkl\u00e4rung.\u00a0<\/span><\/p><p><span style=\"font-weight: 400;\">Haben Sie Fragen zu unserer Datenschutzerkl\u00e4rung oder der Verarbeitung von Personendaten, sprechen Sie uns gerne an.<\/span><\/p>\t\t\t\t\t\t\t\t<\/div>\n\t\t\t\t<\/div>\n\t\t\t\t\t<\/div>\n\t\t\t\t<\/div>\n\t\t<div class=\"elementor-element elementor-element-3b7a9a1 e-flex e-con-boxed e-con e-parent\" data-id=\"3b7a9a1\" data-element_type=\"container\" data-e-type=\"container\">\n\t\t\t\t\t<div class=\"e-con-inner\">\n\t\t<div class=\"elementor-element elementor-element-c2ddfb1 e-flex e-con-boxed e-con e-child\" data-id=\"c2ddfb1\" data-element_type=\"container\" data-e-type=\"container\">\n\t\t\t\t\t<div class=\"e-con-inner\">\n\t\t\t\t<div class=\"elementor-element elementor-element-5737d27 elementor-widget elementor-widget-spacer\" data-id=\"5737d27\" data-element_type=\"widget\" data-e-type=\"widget\" data-widget_type=\"spacer.default\">\n\t\t\t\t<div class=\"elementor-widget-container\">\n\t\t\t\t\t\t\t<div class=\"elementor-spacer\">\n\t\t\t<div class=\"elementor-spacer-inner\"><\/div>\n\t\t<\/div>\n\t\t\t\t\t\t<\/div>\n\t\t\t\t<\/div>\n\t\t\t\t\t<\/div>\n\t\t\t\t<\/div>\n\t\t\t\t\t<\/div>\n\t\t\t\t<\/div>\n\t\t<div class=\"elementor-element elementor-element-c6a1fe6 e-flex e-con-boxed e-con e-parent\" data-id=\"c6a1fe6\" data-element_type=\"container\" data-e-type=\"container\">\n\t\t\t\t\t<div class=\"e-con-inner\">\n\t\t\t\t<div class=\"elementor-element elementor-element-def490d elementor-widget elementor-widget-spacer\" data-id=\"def490d\" data-element_type=\"widget\" data-e-type=\"widget\" data-widget_type=\"spacer.default\">\n\t\t\t\t<div class=\"elementor-widget-container\">\n\t\t\t\t\t\t\t<div class=\"elementor-spacer\">\n\t\t\t<div class=\"elementor-spacer-inner\"><\/div>\n\t\t<\/div>\n\t\t\t\t\t\t<\/div>\n\t\t\t\t<\/div>\n\t\t\t\t<div class=\"elementor-element elementor-element-6fb37fd elementor-widget elementor-widget-spacer\" data-id=\"6fb37fd\" data-element_type=\"widget\" data-e-type=\"widget\" data-widget_type=\"spacer.default\">\n\t\t\t\t<div class=\"elementor-widget-container\">\n\t\t\t\t\t\t\t<div class=\"elementor-spacer\">\n\t\t\t<div class=\"elementor-spacer-inner\"><\/div>\n\t\t<\/div>\n\t\t\t\t\t\t<\/div>\n\t\t\t\t<\/div>\n\t\t\t\t\t<\/div>\n\t\t\t\t<\/div>\n\t\t\t\t<\/div>\n\t\t","protected":false},"excerpt":{"rendered":"<p>Datenschutzerkl\u00e4rung 1. Einf\u00fchrungDiese Datenschutzerkl\u00e4rung gilt f\u00fcr die Webseite\u00a0www.capacity.swiss.\u00a0Diese Datenschutzerkl\u00e4rung informiert unsere Teilnehmenden, Interessenten, Webseitenbesuchenden sowie Dritte, mit denen wir Gesch\u00e4fte t\u00e4tigen oder interagieren (im Folgenden \u00abPartner\u00bb, \u00abTeilnehmer\u00bb \u00abNutzer\u00bb oder \u00abDich\u00bb)&#8230;<\/p>\n","protected":false},"author":16,"featured_media":0,"parent":0,"menu_order":7,"comment_status":"closed","ping_status":"closed","template":"elementor_header_footer","meta":{"inline_featured_image":false,"footnotes":""},"class_list":["post-17590","page","type-page","status-publish"],"yoast_head":"<!-- This site is optimized with the Yoast SEO plugin v27.4 - https:\/\/yoast.com\/product\/yoast-seo-wordpress\/ -->\n<title>Datenschutzerkl\u00e4rung - Capacity<\/title>\n<meta name=\"robots\" content=\"index, follow, max-snippet:-1, max-image-preview:large, max-video-preview:-1\" \/>\n<link rel=\"canonical\" href=\"https:\/\/www.capacity.swiss\/de\/datenschutz\/\" \/>\n<meta property=\"og:locale\" content=\"de_DE\" \/>\n<meta property=\"og:type\" content=\"article\" \/>\n<meta property=\"og:title\" content=\"Datenschutzerkl\u00e4rung - Capacity\" \/>\n<meta property=\"og:description\" content=\"Datenschutzerkl\u00e4rung 1. Einf\u00fchrungDiese Datenschutzerkl\u00e4rung gilt f\u00fcr die Webseite\u00a0www.capacity.swiss.\u00a0Diese Datenschutzerkl\u00e4rung informiert unsere Teilnehmenden, Interessenten, Webseitenbesuchenden sowie Dritte, mit denen wir Gesch\u00e4fte t\u00e4tigen oder interagieren (im Folgenden \u00abPartner\u00bb, \u00abTeilnehmer\u00bb \u00abNutzer\u00bb oder \u00abDich\u00bb)...\" \/>\n<meta property=\"og:url\" content=\"https:\/\/www.capacity.swiss\/de\/datenschutz\/\" \/>\n<meta property=\"og:site_name\" content=\"Capacity\" \/>\n<meta property=\"article:modified_time\" content=\"2025-09-09T10:03:53+00:00\" \/>\n<meta name=\"twitter:card\" content=\"summary_large_image\" \/>\n<meta name=\"twitter:label1\" content=\"Gesch\u00e4tzte Lesezeit\" \/>\n\t<meta name=\"twitter:data1\" content=\"17\u00a0Minuten\" \/>\n<script type=\"application\/ld+json\" class=\"yoast-schema-graph\">{\"@context\":\"https:\\\/\\\/schema.org\",\"@graph\":[{\"@type\":\"WebPage\",\"@id\":\"https:\\\/\\\/www.capacity.swiss\\\/de\\\/datenschutz\\\/\",\"url\":\"https:\\\/\\\/www.capacity.swiss\\\/de\\\/datenschutz\\\/\",\"name\":\"Datenschutzerkl\u00e4rung - Capacity\",\"isPartOf\":{\"@id\":\"https:\\\/\\\/www.capacity.swiss\\\/de\\\/#website\"},\"datePublished\":\"2024-03-25T09:14:12+00:00\",\"dateModified\":\"2025-09-09T10:03:53+00:00\",\"breadcrumb\":{\"@id\":\"https:\\\/\\\/www.capacity.swiss\\\/de\\\/datenschutz\\\/#breadcrumb\"},\"inLanguage\":\"de-CH\",\"potentialAction\":[{\"@type\":\"ReadAction\",\"target\":[\"https:\\\/\\\/www.capacity.swiss\\\/de\\\/datenschutz\\\/\"]}]},{\"@type\":\"BreadcrumbList\",\"@id\":\"https:\\\/\\\/www.capacity.swiss\\\/de\\\/datenschutz\\\/#breadcrumb\",\"itemListElement\":[{\"@type\":\"ListItem\",\"position\":1,\"name\":\"Home\",\"item\":\"https:\\\/\\\/www.capacity.swiss\\\/de\\\/\"},{\"@type\":\"ListItem\",\"position\":2,\"name\":\"Datenschutzerkl\u00e4rung\"}]},{\"@type\":\"WebSite\",\"@id\":\"https:\\\/\\\/www.capacity.swiss\\\/de\\\/#website\",\"url\":\"https:\\\/\\\/www.capacity.swiss\\\/de\\\/\",\"name\":\"Capacity\",\"description\":\"Fostering Refugee &amp; Migrant Talent\",\"publisher\":{\"@id\":\"https:\\\/\\\/www.capacity.swiss\\\/de\\\/#organization\"},\"potentialAction\":[{\"@type\":\"SearchAction\",\"target\":{\"@type\":\"EntryPoint\",\"urlTemplate\":\"https:\\\/\\\/www.capacity.swiss\\\/de\\\/?s={search_term_string}\"},\"query-input\":{\"@type\":\"PropertyValueSpecification\",\"valueRequired\":true,\"valueName\":\"search_term_string\"}}],\"inLanguage\":\"de-CH\"},{\"@type\":\"Organization\",\"@id\":\"https:\\\/\\\/www.capacity.swiss\\\/de\\\/#organization\",\"name\":\"Capacity\",\"url\":\"https:\\\/\\\/www.capacity.swiss\\\/de\\\/\",\"logo\":{\"@type\":\"ImageObject\",\"inLanguage\":\"de-CH\",\"@id\":\"https:\\\/\\\/www.capacity.swiss\\\/de\\\/#\\\/schema\\\/logo\\\/image\\\/\",\"url\":\"https:\\\/\\\/capacity.swiss\\\/wp-content\\\/uploads\\\/2023\\\/12\\\/2023-capacity-logo-long-new-Transparent-320-\u00d7-132-px.png\",\"contentUrl\":\"https:\\\/\\\/capacity.swiss\\\/wp-content\\\/uploads\\\/2023\\\/12\\\/2023-capacity-logo-long-new-Transparent-320-\u00d7-132-px.png\",\"width\":560,\"height\":231,\"caption\":\"Capacity\"},\"image\":{\"@id\":\"https:\\\/\\\/www.capacity.swiss\\\/de\\\/#\\\/schema\\\/logo\\\/image\\\/\"}}]}<\/script>\n<!-- \/ Yoast SEO plugin. -->","yoast_head_json":{"title":"Datenschutzerkl\u00e4rung - Capacity","robots":{"index":"index","follow":"follow","max-snippet":"max-snippet:-1","max-image-preview":"max-image-preview:large","max-video-preview":"max-video-preview:-1"},"canonical":"https:\/\/www.capacity.swiss\/de\/datenschutz\/","og_locale":"de_DE","og_type":"article","og_title":"Datenschutzerkl\u00e4rung - Capacity","og_description":"Datenschutzerkl\u00e4rung 1. Einf\u00fchrungDiese Datenschutzerkl\u00e4rung gilt f\u00fcr die Webseite\u00a0www.capacity.swiss.\u00a0Diese Datenschutzerkl\u00e4rung informiert unsere Teilnehmenden, Interessenten, Webseitenbesuchenden sowie Dritte, mit denen wir Gesch\u00e4fte t\u00e4tigen oder interagieren (im Folgenden \u00abPartner\u00bb, \u00abTeilnehmer\u00bb \u00abNutzer\u00bb oder \u00abDich\u00bb)...","og_url":"https:\/\/www.capacity.swiss\/de\/datenschutz\/","og_site_name":"Capacity","article_modified_time":"2025-09-09T10:03:53+00:00","twitter_card":"summary_large_image","twitter_misc":{"Gesch\u00e4tzte Lesezeit":"17\u00a0Minuten"},"schema":{"@context":"https:\/\/schema.org","@graph":[{"@type":"WebPage","@id":"https:\/\/www.capacity.swiss\/de\/datenschutz\/","url":"https:\/\/www.capacity.swiss\/de\/datenschutz\/","name":"Datenschutzerkl\u00e4rung - Capacity","isPartOf":{"@id":"https:\/\/www.capacity.swiss\/de\/#website"},"datePublished":"2024-03-25T09:14:12+00:00","dateModified":"2025-09-09T10:03:53+00:00","breadcrumb":{"@id":"https:\/\/www.capacity.swiss\/de\/datenschutz\/#breadcrumb"},"inLanguage":"de-CH","potentialAction":[{"@type":"ReadAction","target":["https:\/\/www.capacity.swiss\/de\/datenschutz\/"]}]},{"@type":"BreadcrumbList","@id":"https:\/\/www.capacity.swiss\/de\/datenschutz\/#breadcrumb","itemListElement":[{"@type":"ListItem","position":1,"name":"Home","item":"https:\/\/www.capacity.swiss\/de\/"},{"@type":"ListItem","position":2,"name":"Datenschutzerkl\u00e4rung"}]},{"@type":"WebSite","@id":"https:\/\/www.capacity.swiss\/de\/#website","url":"https:\/\/www.capacity.swiss\/de\/","name":"Capacity","description":"Fostering Refugee &amp; Migrant Talent","publisher":{"@id":"https:\/\/www.capacity.swiss\/de\/#organization"},"potentialAction":[{"@type":"SearchAction","target":{"@type":"EntryPoint","urlTemplate":"https:\/\/www.capacity.swiss\/de\/?s={search_term_string}"},"query-input":{"@type":"PropertyValueSpecification","valueRequired":true,"valueName":"search_term_string"}}],"inLanguage":"de-CH"},{"@type":"Organization","@id":"https:\/\/www.capacity.swiss\/de\/#organization","name":"Capacity","url":"https:\/\/www.capacity.swiss\/de\/","logo":{"@type":"ImageObject","inLanguage":"de-CH","@id":"https:\/\/www.capacity.swiss\/de\/#\/schema\/logo\/image\/","url":"https:\/\/capacity.swiss\/wp-content\/uploads\/2023\/12\/2023-capacity-logo-long-new-Transparent-320-\u00d7-132-px.png","contentUrl":"https:\/\/capacity.swiss\/wp-content\/uploads\/2023\/12\/2023-capacity-logo-long-new-Transparent-320-\u00d7-132-px.png","width":560,"height":231,"caption":"Capacity"},"image":{"@id":"https:\/\/www.capacity.swiss\/de\/#\/schema\/logo\/image\/"}}]}},"_links":{"self":[{"href":"https:\/\/www.capacity.swiss\/de\/wp-json\/wp\/v2\/pages\/17590","targetHints":{"allow":["GET"]}}],"collection":[{"href":"https:\/\/www.capacity.swiss\/de\/wp-json\/wp\/v2\/pages"}],"about":[{"href":"https:\/\/www.capacity.swiss\/de\/wp-json\/wp\/v2\/types\/page"}],"author":[{"embeddable":true,"href":"https:\/\/www.capacity.swiss\/de\/wp-json\/wp\/v2\/users\/16"}],"replies":[{"embeddable":true,"href":"https:\/\/www.capacity.swiss\/de\/wp-json\/wp\/v2\/comments?post=17590"}],"version-history":[{"count":14,"href":"https:\/\/www.capacity.swiss\/de\/wp-json\/wp\/v2\/pages\/17590\/revisions"}],"predecessor-version":[{"id":24936,"href":"https:\/\/www.capacity.swiss\/de\/wp-json\/wp\/v2\/pages\/17590\/revisions\/24936"}],"wp:attachment":[{"href":"https:\/\/www.capacity.swiss\/de\/wp-json\/wp\/v2\/media?parent=17590"}],"curies":[{"name":"wp","href":"https:\/\/api.w.org\/{rel}","templated":true}]}}