{"id":25099,"date":"2025-12-05T17:29:51","date_gmt":"2025-12-05T16:29:51","guid":{"rendered":"https:\/\/www.capacity.swiss\/?page_id=25099"},"modified":"2026-01-08T18:37:06","modified_gmt":"2026-01-08T17:37:06","slug":"unsere-wirkung","status":"publish","type":"page","link":"https:\/\/www.capacity.swiss\/de\/unsere-wirkung\/","title":{"rendered":"Unsere Wirkung"},"content":{"rendered":"\t\t<div data-elementor-type=\"wp-page\" data-elementor-id=\"25099\" class=\"elementor elementor-25099 elementor-25098\" data-elementor-post-type=\"page\">\n\t\t\t\t<div class=\"elementor-element elementor-element-9a2d470 e-con-full e-flex e-con e-parent\" data-id=\"9a2d470\" data-element_type=\"container\" data-e-type=\"container\" data-settings=\"{&quot;background_background&quot;:&quot;classic&quot;}\">\n\t\t<div class=\"elementor-element elementor-element-e6e6b29 e-flex e-con-boxed e-con e-child\" data-id=\"e6e6b29\" data-element_type=\"container\" data-e-type=\"container\">\n\t\t\t\t\t<div class=\"e-con-inner\">\n\t\t\t\t\t<\/div>\n\t\t\t\t<\/div>\n\t\t\t\t<\/div>\n\t\t<div class=\"elementor-element elementor-element-00ae785 e-con-full e-flex e-con e-parent\" data-id=\"00ae785\" data-element_type=\"container\" data-e-type=\"container\">\n\t\t<div class=\"elementor-element elementor-element-9e24208 e-con-full e-flex e-con e-child\" data-id=\"9e24208\" data-element_type=\"container\" data-e-type=\"container\">\n\t\t<div class=\"elementor-element elementor-element-dcfaade e-con-full e-flex e-con e-child\" data-id=\"dcfaade\" data-element_type=\"container\" data-e-type=\"container\">\n\t\t\t\t<div class=\"elementor-element elementor-element-047d9b9 elementor-widget__width-initial elementor-widget elementor-widget-heading\" data-id=\"047d9b9\" data-element_type=\"widget\" data-e-type=\"widget\" data-widget_type=\"heading.default\">\n\t\t\t\t<div class=\"elementor-widget-container\">\n\t\t\t\t\t<h3 class=\"elementor-heading-title elementor-size-default\">Potenzial entfalten. Communities st\u00e4rken. Eine inklusive Schweizer Gesellschaft gestalten.<\/h3>\t\t\t\t<\/div>\n\t\t\t\t<\/div>\n\t\t\t\t<\/div>\n\t\t\t\t<\/div>\n\t\t\t\t<div class=\"elementor-element elementor-element-27c6e52 elementor-widget__width-initial elementor-widget elementor-widget-text-editor\" data-id=\"27c6e52\" data-element_type=\"widget\" data-e-type=\"widget\" data-widget_type=\"text-editor.default\">\n\t\t\t\t<div class=\"elementor-widget-container\">\n\t\t\t\t\t\t\t\t\t<p><strong>Capacity<\/strong>\u00a0aktiviert das Potenzial von hochqualifizierten Gefl\u00fcchteten und Migrant:innen und vernetzt sie mit Arbeitgeber:innen, Freiwilligen und Communities. Unsere Programme ver\u00e4ndern individuelle Lebenswege und schaffen gleichzeitig messbaren Mehrwert f\u00fcr Unternehmen, soziale Systeme und die Schweizer Gesellschaft insgesamt.<\/p>\t\t\t\t\t\t\t\t<\/div>\n\t\t\t\t<\/div>\n\t\t<div class=\"elementor-element elementor-element-17c185a e-flex e-con-boxed e-con e-child\" data-id=\"17c185a\" data-element_type=\"container\" data-e-type=\"container\">\n\t\t\t\t\t<div class=\"e-con-inner\">\n\t\t\t\t\t<\/div>\n\t\t\t\t<\/div>\n\t\t\t\t<\/div>\n\t\t<div class=\"elementor-element elementor-element-4061e30 e-con-full e-flex e-con e-parent\" data-id=\"4061e30\" data-element_type=\"container\" data-e-type=\"container\">\n\t\t<div class=\"elementor-element elementor-element-17e8d22 e-grid e-con-full e-con e-child\" data-id=\"17e8d22\" data-element_type=\"container\" data-e-type=\"container\">\n\t\t<div class=\"elementor-element elementor-element-dc595bb e-con-full e-flex e-con e-child\" data-id=\"dc595bb\" data-element_type=\"container\" data-e-type=\"container\">\n\t\t<div class=\"elementor-element elementor-element-8a7a452 e-con-full e-flex e-con e-child\" data-id=\"8a7a452\" data-element_type=\"container\" data-e-type=\"container\" data-settings=\"{&quot;background_background&quot;:&quot;classic&quot;}\">\n\t\t\t\t<div class=\"elementor-element elementor-element-7753a2a elementor-widget elementor-widget-image\" data-id=\"7753a2a\" data-element_type=\"widget\" data-e-type=\"widget\" data-widget_type=\"image.default\">\n\t\t\t\t<div class=\"elementor-widget-container\">\n\t\t\t\t\t\t\t\t\t\t\t\t\t\t\t<img fetchpriority=\"high\" decoding=\"async\" width=\"500\" height=\"225\" src=\"https:\/\/www.capacity.swiss\/wp-content\/uploads\/2022\/06\/FINAL-AFT-Logo-Transparent-background-canva.png\" class=\"attachment-large size-large wp-image-6375\" alt=\"Logo of Access Fast Track Programme\" srcset=\"https:\/\/www.capacity.swiss\/wp-content\/uploads\/2022\/06\/FINAL-AFT-Logo-Transparent-background-canva.png 500w, https:\/\/www.capacity.swiss\/wp-content\/uploads\/2022\/06\/FINAL-AFT-Logo-Transparent-background-canva-300x135.png 300w\" sizes=\"(max-width: 500px) 100vw, 500px\" \/>\t\t\t\t\t\t\t\t\t\t\t\t\t\t\t<\/div>\n\t\t\t\t<\/div>\n\t\t\t\t<div class=\"elementor-element elementor-element-edf7c74 elementor-flip-box--effect-flip elementor-flip-box--direction-up elementor-widget elementor-widget-flip-box\" data-id=\"edf7c74\" data-element_type=\"widget\" data-e-type=\"widget\" data-widget_type=\"flip-box.default\">\n\t\t\t\t<div class=\"elementor-widget-container\">\n\t\t\t\t\t\t\t<div class=\"elementor-flip-box\" tabindex=\"0\">\n\t\t\t<div class=\"elementor-flip-box__layer elementor-flip-box__front\">\n\t\t\t\t<div class=\"elementor-flip-box__layer__overlay\">\n\t\t\t\t\t<div class=\"elementor-flip-box__layer__inner\">\n\t\t\t\t\t\t\t\t\t\t\t\t\t<div class=\"elementor-icon-wrapper elementor-view-default\">\n\t\t\t\t\t\t\t\t<div class=\"elementor-icon\">\n\t\t\t\t\t\t\t\t\t<svg aria-hidden=\"true\" class=\"e-font-icon-svg e-fas-angle-double-up\" viewBox=\"0 0 320 512\" xmlns=\"http:\/\/www.w3.org\/2000\/svg\"><path d=\"M177 255.7l136 136c9.4 9.4 9.4 24.6 0 33.9l-22.6 22.6c-9.4 9.4-24.6 9.4-33.9 0L160 351.9l-96.4 96.4c-9.4 9.4-24.6 9.4-33.9 0L7 425.7c-9.4-9.4-9.4-24.6 0-33.9l136-136c9.4-9.5 24.6-9.5 34-.1zm-34-192L7 199.7c-9.4 9.4-9.4 24.6 0 33.9l22.6 22.6c9.4 9.4 24.6 9.4 33.9 0l96.4-96.4 96.4 96.4c9.4 9.4 24.6 9.4 33.9 0l22.6-22.6c9.4-9.4 9.4-24.6 0-33.9l-136-136c-9.2-9.4-24.4-9.4-33.8 0z\"><\/path><\/svg>\t\t\t\t\t\t\t\t<\/div>\n\t\t\t\t\t\t\t<\/div>\n\t\t\t\t\t\t\n\t\t\t\t\t\t\t\t\t\t\t\t\t<span class=\"elementor-flip-box__layer__title\">\n\t\t\t\t\t\t\t\t397\t\t\t\t\t\t\t<\/span>\n\t\t\t\t\t\t\n\t\t\t\t\t\t\t\t\t\t\t\t\t<div class=\"elementor-flip-box__layer__description\">\n\t\t\t\t\t\t\t\tUnterst\u00fctzte Arbeitssuchende <br> seit 2022\t\t\t\t\t\t\t<\/div>\n\t\t\t\t\t\t\t\t\t\t\t<\/div>\n\t\t\t\t<\/div>\n\t\t\t<\/div>\n\t\t\t<div class=\"elementor-flip-box__layer elementor-flip-box__back\">\n\t\t\t<div class=\"elementor-flip-box__layer__overlay\">\n\t\t\t\t<div class=\"elementor-flip-box__layer__inner\">\n\t\t\t\t\t\n\t\t\t\t\t\t\t\t\t\t\t<div class=\"elementor-flip-box__layer__description\">\n\t\t\t\t\t\t\t<span style=\"font-weight:bold\">Jede:r zweite<\/span> Teilnehmer:in findet innerhalb der <span style=\"font-weight:bold\">ersten sechs Monate<\/span> nach Abschluss des Programms eine Stelle, die zu ihren\/seinen Qualifikationen passt. <span style=\"font-weight:bold\">Nach zwei Jahren haben 80% einen nachhaltigen Weg eingeschlagen,<\/span> z.B. in Form von Anstellung, Selbstst\u00e4ndigkeit oder Weiterbildung.\t\t\t\t\t\t<\/div>\n\t\t\t\t\t\n\t\t\t\t\t\t\t\t<\/div>\n\t\t<\/div>\n\t\t<\/div>\n\t\t<\/div>\n\t\t\t\t\t\t<\/div>\n\t\t\t\t<\/div>\n\t\t\t\t<div class=\"elementor-element elementor-element-d1527f8 elementor-widget elementor-widget-spacer\" data-id=\"d1527f8\" data-element_type=\"widget\" data-e-type=\"widget\" data-widget_type=\"spacer.default\">\n\t\t\t\t<div class=\"elementor-widget-container\">\n\t\t\t\t\t\t\t<div class=\"elementor-spacer\">\n\t\t\t<div class=\"elementor-spacer-inner\"><\/div>\n\t\t<\/div>\n\t\t\t\t\t\t<\/div>\n\t\t\t\t<\/div>\n\t\t\t\t<div class=\"elementor-element elementor-element-26abc8e elementor-widget elementor-widget-spacer\" data-id=\"26abc8e\" data-element_type=\"widget\" data-e-type=\"widget\" data-widget_type=\"spacer.default\">\n\t\t\t\t<div class=\"elementor-widget-container\">\n\t\t\t\t\t\t\t<div class=\"elementor-spacer\">\n\t\t\t<div class=\"elementor-spacer-inner\"><\/div>\n\t\t<\/div>\n\t\t\t\t\t\t<\/div>\n\t\t\t\t<\/div>\n\t\t\t\t<\/div>\n\t\t\t\t<\/div>\n\t\t<div class=\"elementor-element elementor-element-b40dbab e-con-full e-flex e-con e-child\" data-id=\"b40dbab\" data-element_type=\"container\" data-e-type=\"container\">\n\t\t<div class=\"elementor-element elementor-element-487abb7 e-con-full e-flex e-con e-child\" data-id=\"487abb7\" data-element_type=\"container\" data-e-type=\"container\" data-settings=\"{&quot;background_background&quot;:&quot;classic&quot;}\">\n\t\t\t\t<div class=\"elementor-element elementor-element-26aa769 elementor-widget elementor-widget-image\" data-id=\"26aa769\" data-element_type=\"widget\" data-e-type=\"widget\" data-widget_type=\"image.default\">\n\t\t\t\t<div class=\"elementor-widget-container\">\n\t\t\t\t\t\t\t\t\t\t\t\t\t\t\t<img decoding=\"async\" width=\"983\" height=\"462\" src=\"https:\/\/www.capacity.swiss\/wp-content\/uploads\/2025\/12\/Leap-Logo-long-1-1-e1764955264166.avif\" class=\"attachment-large size-large wp-image-25278\" alt=\"Logo of LEAP into Self-Employment Programme\" srcset=\"https:\/\/www.capacity.swiss\/wp-content\/uploads\/2025\/12\/Leap-Logo-long-1-1-e1764955264166.avif 983w, https:\/\/www.capacity.swiss\/wp-content\/uploads\/2025\/12\/Leap-Logo-long-1-1-e1764955264166-300x141.avif 300w, https:\/\/www.capacity.swiss\/wp-content\/uploads\/2025\/12\/Leap-Logo-long-1-1-e1764955264166-768x361.avif 768w\" sizes=\"(max-width: 983px) 100vw, 983px\" \/>\t\t\t\t\t\t\t\t\t\t\t\t\t\t\t<\/div>\n\t\t\t\t<\/div>\n\t\t\t\t<div class=\"elementor-element elementor-element-b9e2c42 elementor-widget elementor-widget-spacer\" data-id=\"b9e2c42\" data-element_type=\"widget\" data-e-type=\"widget\" data-widget_type=\"spacer.default\">\n\t\t\t\t<div class=\"elementor-widget-container\">\n\t\t\t\t\t\t\t<div class=\"elementor-spacer\">\n\t\t\t<div class=\"elementor-spacer-inner\"><\/div>\n\t\t<\/div>\n\t\t\t\t\t\t<\/div>\n\t\t\t\t<\/div>\n\t\t\t\t<div class=\"elementor-element elementor-element-9cf66b6 elementor-widget elementor-widget-spacer\" data-id=\"9cf66b6\" data-element_type=\"widget\" data-e-type=\"widget\" data-widget_type=\"spacer.default\">\n\t\t\t\t<div class=\"elementor-widget-container\">\n\t\t\t\t\t\t\t<div class=\"elementor-spacer\">\n\t\t\t<div class=\"elementor-spacer-inner\"><\/div>\n\t\t<\/div>\n\t\t\t\t\t\t<\/div>\n\t\t\t\t<\/div>\n\t\t\t\t<div class=\"elementor-element elementor-element-0798b21 elementor-flip-box--effect-flip elementor-flip-box--direction-up elementor-widget elementor-widget-flip-box\" data-id=\"0798b21\" data-element_type=\"widget\" data-e-type=\"widget\" data-widget_type=\"flip-box.default\">\n\t\t\t\t<div class=\"elementor-widget-container\">\n\t\t\t\t\t\t\t<div class=\"elementor-flip-box\" tabindex=\"0\">\n\t\t\t<div class=\"elementor-flip-box__layer elementor-flip-box__front\">\n\t\t\t\t<div class=\"elementor-flip-box__layer__overlay\">\n\t\t\t\t\t<div class=\"elementor-flip-box__layer__inner\">\n\t\t\t\t\t\t\t\t\t\t\t\t\t<div class=\"elementor-icon-wrapper elementor-view-default\">\n\t\t\t\t\t\t\t\t<div class=\"elementor-icon\">\n\t\t\t\t\t\t\t\t\t<svg aria-hidden=\"true\" class=\"e-font-icon-svg e-fas-angle-double-up\" viewBox=\"0 0 320 512\" xmlns=\"http:\/\/www.w3.org\/2000\/svg\"><path d=\"M177 255.7l136 136c9.4 9.4 9.4 24.6 0 33.9l-22.6 22.6c-9.4 9.4-24.6 9.4-33.9 0L160 351.9l-96.4 96.4c-9.4 9.4-24.6 9.4-33.9 0L7 425.7c-9.4-9.4-9.4-24.6 0-33.9l136-136c9.4-9.5 24.6-9.5 34-.1zm-34-192L7 199.7c-9.4 9.4-9.4 24.6 0 33.9l22.6 22.6c9.4 9.4 24.6 9.4 33.9 0l96.4-96.4 96.4 96.4c9.4 9.4 24.6 9.4 33.9 0l22.6-22.6c9.4-9.4 9.4-24.6 0-33.9l-136-136c-9.2-9.4-24.4-9.4-33.8 0z\"><\/path><\/svg>\t\t\t\t\t\t\t\t<\/div>\n\t\t\t\t\t\t\t<\/div>\n\t\t\t\t\t\t\n\t\t\t\t\t\t\t\t\t\t\t\t\t<span class=\"elementor-flip-box__layer__title\">\n\t\t\t\t\t\t\t\t159\t\t\t\t\t\t\t<\/span>\n\t\t\t\t\t\t\n\t\t\t\t\t\t\t\t\t\t\t\t\t<div class=\"elementor-flip-box__layer__description\">\n\t\t\t\t\t\t\t\tPersonen beim Schritt in die Selbstst\u00e4ndigkeit unterst\u00fctzt <br>seit 2016\t\t\t\t\t\t\t<\/div>\n\t\t\t\t\t\t\t\t\t\t\t<\/div>\n\t\t\t\t<\/div>\n\t\t\t<\/div>\n\t\t\t<div class=\"elementor-flip-box__layer elementor-flip-box__back\">\n\t\t\t<div class=\"elementor-flip-box__layer__overlay\">\n\t\t\t\t<div class=\"elementor-flip-box__layer__inner\">\n\t\t\t\t\t\n\t\t\t\t\t\t\t\t\t\t\t<div class=\"elementor-flip-box__layer__description\">\n\t\t\t\t\t\t\tDie Mehrheit der Teilnehmenden berichtet von <span style=\"font-weight:bold\">gesteigertem Selbstvertrauen, klareren Zielen<\/span> und dem <span style=\"font-weight:bold\">praktischen Wissen,<\/span> um eine selbstst\u00e4ndige T\u00e4tigkeit in der Schweiz zu starten. Viele setzen ihre Idee in einem <span style=\"font-weight:bold\">Pilotprojekt<\/span> um, erwirtschaften Einnahmen und gewinnen ihre ersten Kund:innen.\t\t\t\t\t\t<\/div>\n\t\t\t\t\t\n\t\t\t\t\t\t\t\t<\/div>\n\t\t<\/div>\n\t\t<\/div>\n\t\t<\/div>\n\t\t\t\t\t\t<\/div>\n\t\t\t\t<\/div>\n\t\t\t\t<\/div>\n\t\t\t\t<\/div>\n\t\t\t\t<\/div>\n\t\t\t\t<\/div>\n\t\t<div class=\"elementor-element elementor-element-b0a52b9 e-con-full e-flex e-con e-parent\" data-id=\"b0a52b9\" data-element_type=\"container\" data-e-type=\"container\">\n\t\t\t\t<div class=\"elementor-element elementor-element-7d6135a elementor-widget elementor-widget-spacer\" data-id=\"7d6135a\" data-element_type=\"widget\" data-e-type=\"widget\" data-widget_type=\"spacer.default\">\n\t\t\t\t<div class=\"elementor-widget-container\">\n\t\t\t\t\t\t\t<div class=\"elementor-spacer\">\n\t\t\t<div class=\"elementor-spacer-inner\"><\/div>\n\t\t<\/div>\n\t\t\t\t\t\t<\/div>\n\t\t\t\t<\/div>\n\t\t<div class=\"elementor-element elementor-element-da5e07e e-grid e-con-full e-con e-child\" data-id=\"da5e07e\" data-element_type=\"container\" data-e-type=\"container\">\n\t\t<div class=\"elementor-element elementor-element-460b066 e-con-full e-flex e-con e-child\" data-id=\"460b066\" data-element_type=\"container\" data-e-type=\"container\" data-settings=\"{&quot;background_background&quot;:&quot;classic&quot;}\">\n\t\t\t\t<div class=\"elementor-element elementor-element-e348370 elementor-headline--style-highlight elementor-widget elementor-widget-animated-headline\" data-id=\"e348370\" data-element_type=\"widget\" data-e-type=\"widget\" data-settings=\"{&quot;highlighted_text&quot;:&quot;80+&quot;,&quot;headline_style&quot;:&quot;highlight&quot;,&quot;marker&quot;:&quot;circle&quot;,&quot;loop&quot;:&quot;yes&quot;,&quot;highlight_animation_duration&quot;:1200,&quot;highlight_iteration_delay&quot;:8000}\" data-widget_type=\"animated-headline.default\">\n\t\t\t\t<div class=\"elementor-widget-container\">\n\t\t\t\t\t\t\t<h3 class=\"elementor-headline\">\n\t\t\t\t<span class=\"elementor-headline-dynamic-wrapper elementor-headline-text-wrapper\">\n\t\t\t\t\t<span class=\"elementor-headline-dynamic-text elementor-headline-text-active\">80+<\/span>\n\t\t\t\t<\/span>\n\t\t\t\t\t<span class=\"elementor-headline-plain-text elementor-headline-text-wrapper\">Nationalit\u00e4ten<\/span>\n\t\t\t\t\t<\/h3>\n\t\t\t\t\t\t<\/div>\n\t\t\t\t<\/div>\n\t\t\t\t<\/div>\n\t\t<div class=\"elementor-element elementor-element-f8eba4c e-con-full e-flex e-con e-child\" data-id=\"f8eba4c\" data-element_type=\"container\" data-e-type=\"container\" data-settings=\"{&quot;background_background&quot;:&quot;classic&quot;}\">\n\t\t\t\t<div class=\"elementor-element elementor-element-9f28a8b elementor-headline--style-highlight elementor-widget elementor-widget-animated-headline\" data-id=\"9f28a8b\" data-element_type=\"widget\" data-e-type=\"widget\" data-settings=\"{&quot;marker&quot;:&quot;underline&quot;,&quot;highlighted_text&quot;:&quot;68%&quot;,&quot;headline_style&quot;:&quot;highlight&quot;,&quot;loop&quot;:&quot;yes&quot;,&quot;highlight_animation_duration&quot;:1200,&quot;highlight_iteration_delay&quot;:8000}\" data-widget_type=\"animated-headline.default\">\n\t\t\t\t<div class=\"elementor-widget-container\">\n\t\t\t\t\t\t\t<h3 class=\"elementor-headline\">\n\t\t\t\t<span class=\"elementor-headline-dynamic-wrapper elementor-headline-text-wrapper\">\n\t\t\t\t\t<span class=\"elementor-headline-dynamic-text elementor-headline-text-active\">68%<\/span>\n\t\t\t\t<\/span>\n\t\t\t\t\t<span class=\"elementor-headline-plain-text elementor-headline-text-wrapper\">Frauen<\/span>\n\t\t\t\t\t<\/h3>\n\t\t\t\t\t\t<\/div>\n\t\t\t\t<\/div>\n\t\t\t\t<\/div>\n\t\t<div class=\"elementor-element elementor-element-46f2cca e-con-full e-flex e-con e-child\" data-id=\"46f2cca\" data-element_type=\"container\" data-e-type=\"container\" data-settings=\"{&quot;background_background&quot;:&quot;classic&quot;}\">\n\t\t\t\t<div class=\"elementor-element elementor-element-555b501 elementor-headline--style-highlight elementor-widget elementor-widget-animated-headline\" data-id=\"555b501\" data-element_type=\"widget\" data-e-type=\"widget\" data-settings=\"{&quot;marker&quot;:&quot;curly&quot;,&quot;highlighted_text&quot;:&quot;46%&quot;,&quot;headline_style&quot;:&quot;highlight&quot;,&quot;loop&quot;:&quot;yes&quot;,&quot;highlight_animation_duration&quot;:1200,&quot;highlight_iteration_delay&quot;:8000}\" data-widget_type=\"animated-headline.default\">\n\t\t\t\t<div class=\"elementor-widget-container\">\n\t\t\t\t\t\t\t<h3 class=\"elementor-headline\">\n\t\t\t\t<span class=\"elementor-headline-dynamic-wrapper elementor-headline-text-wrapper\">\n\t\t\t\t\t<span class=\"elementor-headline-dynamic-text elementor-headline-text-active\">46%<\/span>\n\t\t\t\t<\/span>\n\t\t\t\t\t<span class=\"elementor-headline-plain-text elementor-headline-text-wrapper\">mit Fluchthintergrund<\/span>\n\t\t\t\t\t<\/h3>\n\t\t\t\t\t\t<\/div>\n\t\t\t\t<\/div>\n\t\t\t\t<\/div>\n\t\t\t\t<\/div>\n\t\t\t\t<div class=\"elementor-element elementor-element-336f05e elementor-widget elementor-widget-spacer\" data-id=\"336f05e\" data-element_type=\"widget\" data-e-type=\"widget\" data-widget_type=\"spacer.default\">\n\t\t\t\t<div class=\"elementor-widget-container\">\n\t\t\t\t\t\t\t<div class=\"elementor-spacer\">\n\t\t\t<div class=\"elementor-spacer-inner\"><\/div>\n\t\t<\/div>\n\t\t\t\t\t\t<\/div>\n\t\t\t\t<\/div>\n\t\t\t\t<\/div>\n\t\t<div class=\"elementor-element elementor-element-31d1e19 e-con-full e-grid e-con e-parent\" data-id=\"31d1e19\" data-element_type=\"container\" data-e-type=\"container\" data-settings=\"{&quot;background_background&quot;:&quot;classic&quot;}\">\n\t\t<div class=\"elementor-element elementor-element-0f9c0b2 e-con-full e-flex e-con e-child\" data-id=\"0f9c0b2\" data-element_type=\"container\" data-e-type=\"container\" data-settings=\"{&quot;background_background&quot;:&quot;classic&quot;}\">\n\t\t\t\t<\/div>\n\t\t<div class=\"elementor-element elementor-element-e4861f1 e-con-full e-flex e-con e-child\" data-id=\"e4861f1\" data-element_type=\"container\" data-e-type=\"container\">\n\t\t\t\t<div class=\"elementor-element elementor-element-8a64151 elementor-widget__width-initial elementor-widget elementor-widget-heading\" data-id=\"8a64151\" data-element_type=\"widget\" data-e-type=\"widget\" data-widget_type=\"heading.default\">\n\t\t\t\t<div class=\"elementor-widget-container\">\n\t\t\t\t\t<h3 class=\"elementor-heading-title elementor-size-default\">Wirkung f\u00fcr Teilnehmende<\/h3>\t\t\t\t<\/div>\n\t\t\t\t<\/div>\n\t\t\t\t<div class=\"elementor-element elementor-element-d6b61e2 elementor-widget__width-initial elementor-widget elementor-widget-heading\" data-id=\"d6b61e2\" data-element_type=\"widget\" data-e-type=\"widget\" data-widget_type=\"heading.default\">\n\t\t\t\t<div class=\"elementor-widget-container\">\n\t\t\t\t\t<h3 class=\"elementor-heading-title elementor-size-default\">Schritt f\u00fcr Schritt zum passenden Job oder in die Selbstst\u00e4ndigkeit<\/h3>\t\t\t\t<\/div>\n\t\t\t\t<\/div>\n\t\t\t\t<div class=\"elementor-element elementor-element-ada311d elementor-widget elementor-widget-text-editor\" data-id=\"ada311d\" data-element_type=\"widget\" data-e-type=\"widget\" data-widget_type=\"text-editor.default\">\n\t\t\t\t<div class=\"elementor-widget-container\">\n\t\t\t\t\t\t\t\t\t<p>Teilnehmende kommen zu Capacity, um den Schweizer Arbeitsmarkt zu verstehen, Kontakte zu kn\u00fcpfen und um im Bewerbungsprozess zu bestehen. Unsere Programme helfen dabei, Hindernisse zu \u00fcberwinden, denen Neuankommende oft begegnen: fehlende Netzwerke, strenge Einstellungsregeln, geringes Selbstvertrauen, unbekannte Abl\u00e4ufe und fehlender Zugang zu Fachleuten aus ihrer Branche.<\/p><p><strong>Teilnehmende erhalten:<\/strong><\/p><ul><li>Einen realistischen Fahrplan f\u00fcr Anstellung oder Selbstst\u00e4ndigkeit<\/li><li>Pers\u00f6nliches Coaching durch erfahrene Fachleute<\/li><li>Zugang zu Unternehmen und Netzwerken<\/li><li>Mehr Selbstvertrauen, Klarheit und Orientierung<\/li><li>Eine unterst\u00fctzende Community<\/li><\/ul><p>So k\u00f6nnen sie De-Skilling vermeiden, stabile Einkommen sichern und ihre Karriere in der Schweiz neu aufbauen.<\/p>\t\t\t\t\t\t\t\t<\/div>\n\t\t\t\t<\/div>\n\t\t\t\t<\/div>\n\t\t\t\t<\/div>\n\t\t<div class=\"elementor-element elementor-element-45ecec1 e-con-full e-grid e-con e-parent\" data-id=\"45ecec1\" data-element_type=\"container\" data-e-type=\"container\">\n\t\t<div class=\"elementor-element elementor-element-5890b6d e-con-full e-flex e-con e-child\" data-id=\"5890b6d\" data-element_type=\"container\" data-e-type=\"container\" data-settings=\"{&quot;background_background&quot;:&quot;classic&quot;}\">\n\t\t<div class=\"elementor-element elementor-element-c59566a e-con-full e-flex e-con e-child\" data-id=\"c59566a\" data-element_type=\"container\" data-e-type=\"container\">\n\t\t\t\t<div class=\"elementor-element elementor-element-bab3ecf elementor-widget__width-initial elementor-widget elementor-widget-heading\" data-id=\"bab3ecf\" data-element_type=\"widget\" data-e-type=\"widget\" data-widget_type=\"heading.default\">\n\t\t\t\t<div class=\"elementor-widget-container\">\n\t\t\t\t\t<h3 class=\"elementor-heading-title elementor-size-default\">Wirkung f\u00fcr Firmen  &amp; Corporate Volunteers<\/h3>\t\t\t\t<\/div>\n\t\t\t\t<\/div>\n\t\t\t\t<div class=\"elementor-element elementor-element-32a76b1 elementor-widget__width-initial elementor-widget elementor-widget-heading\" data-id=\"32a76b1\" data-element_type=\"widget\" data-e-type=\"widget\" data-widget_type=\"heading.default\">\n\t\t\t\t<div class=\"elementor-widget-container\">\n\t\t\t\t\t<h3 class=\"elementor-heading-title elementor-size-default\">Vielfalt nutzen, Engagement leben, Teams st\u00e4rken<\/h3>\t\t\t\t<\/div>\n\t\t\t\t<\/div>\n\t\t\t\t<div class=\"elementor-element elementor-element-d88826a elementor-widget elementor-widget-text-editor\" data-id=\"d88826a\" data-element_type=\"widget\" data-e-type=\"widget\" data-widget_type=\"text-editor.default\">\n\t\t\t\t<div class=\"elementor-widget-container\">\n\t\t\t\t\t\t\t\t\t<p><strong>Unternehmen profitieren von Capacity durch:<\/strong><\/p><ul><li>Zugang zu hochqualifizierten, oft \u00fcbersehenen Fachkr\u00e4ften<\/li><li>Entwicklung inklusiver Rekrutierungspraktiken<\/li><li>F\u00f6rderung von Vielfalt und starken Teams<\/li><li>Einem sinnvollen Corporate Volunteer-Programm<\/li><\/ul><p><strong>Vorteil f\u00fcr Corporate Volunteers<\/strong><strong>:<\/strong><\/p><ul><li>Ausbau von individuellen F\u00fchrungs- und interkulturelle Kompetenzen<\/li><li>Die M\u00f6glichkeit, direkt soziale Wirkung zu erzielen<\/li><\/ul><p><strong>Das Ergebnis: neue Perspektiven, Innovation und ein fairerer Schweizer Arbeitsmarkt.<\/strong><\/p>\t\t\t\t\t\t\t\t<\/div>\n\t\t\t\t<\/div>\n\t\t\t\t<\/div>\n\t\t\t\t<\/div>\n\t\t<div class=\"elementor-element elementor-element-039f691 e-con-full e-flex e-con e-child\" data-id=\"039f691\" data-element_type=\"container\" data-e-type=\"container\" data-settings=\"{&quot;background_background&quot;:&quot;classic&quot;}\">\n\t\t\t\t<\/div>\n\t\t\t\t<\/div>\n\t\t<div class=\"elementor-element elementor-element-744958e e-con-full e-grid e-con e-parent\" data-id=\"744958e\" data-element_type=\"container\" data-e-type=\"container\">\n\t\t<div class=\"elementor-element elementor-element-bb59d25 e-con-full e-flex e-con e-child\" data-id=\"bb59d25\" data-element_type=\"container\" data-e-type=\"container\">\n\t\t<div class=\"elementor-element elementor-element-2609f81 e-con-full e-flex e-con e-child\" data-id=\"2609f81\" data-element_type=\"container\" data-e-type=\"container\" data-settings=\"{&quot;background_background&quot;:&quot;classic&quot;}\">\n\t\t\t\t<\/div>\n\t\t\t\t<\/div>\n\t\t<div class=\"elementor-element elementor-element-f24120b e-con-full e-flex e-con e-child\" data-id=\"f24120b\" data-element_type=\"container\" data-e-type=\"container\">\n\t\t\t\t<div class=\"elementor-element elementor-element-a7bb870 elementor-widget__width-initial elementor-widget elementor-widget-heading\" data-id=\"a7bb870\" data-element_type=\"widget\" data-e-type=\"widget\" data-widget_type=\"heading.default\">\n\t\t\t\t<div class=\"elementor-widget-container\">\n\t\t\t\t\t<h3 class=\"elementor-heading-title elementor-size-default\">Wirkung auf die Schweizer Gesellschaft<\/h3>\t\t\t\t<\/div>\n\t\t\t\t<\/div>\n\t\t\t\t<div class=\"elementor-element elementor-element-7f4a487 elementor-widget__width-initial elementor-widget elementor-widget-heading\" data-id=\"7f4a487\" data-element_type=\"widget\" data-e-type=\"widget\" data-widget_type=\"heading.default\">\n\t\t\t\t<div class=\"elementor-widget-container\">\n\t\t\t\t\t<h3 class=\"elementor-heading-title elementor-size-default\">Sozialkosten senken, Gemeinschaften st\u00e4rken, Wirtschaft voranbringen<\/h3>\t\t\t\t<\/div>\n\t\t\t\t<\/div>\n\t\t\t\t<div class=\"elementor-element elementor-element-7cb73f4 elementor-widget elementor-widget-text-editor\" data-id=\"7cb73f4\" data-element_type=\"widget\" data-e-type=\"widget\" data-widget_type=\"text-editor.default\">\n\t\t\t\t<div class=\"elementor-widget-container\">\n\t\t\t\t\t\t\t\t\t<p>Wenn Menschen mit Flucht- oder Migrationshintergrund eine angemessene Anstellung finden, profitiert die Schweiz.<\/p><p>Die Capacity-Programme tragen dazu bei:<\/p><ul><li>Sozial- und Gesundheitskosten langfristig zu senken<\/li><li>Qualifizierte, von der Wirtschaft ben\u00f6tigte und vor Ort verf\u00fcgbare Arbeitskr\u00e4fte zu aktivieren<\/li><li>Vorurteilen und Isolation entgegenzuwirken<\/li><li>Vernetzte, selbstbewusste und resiliente Gemeinschaften zu f\u00f6rdern<\/li><\/ul><p><strong>Ergebnis: eine vielf\u00e4ltige Arbeitswelt und eine Gesellschaft, in der alle ihre F\u00e4higkeiten einbringen k\u00f6nnen.<\/strong><\/p>\t\t\t\t\t\t\t\t<\/div>\n\t\t\t\t<\/div>\n\t\t\t\t<\/div>\n\t\t\t\t<\/div>\n\t\t\t\t<\/div>\n\t\t","protected":false},"excerpt":{"rendered":"<p>Potenzial entfalten. Communities st\u00e4rken. Eine inklusive Schweizer Gesellschaft gestalten. Capacity\u00a0aktiviert das Potenzial von hochqualifizierten Gefl\u00fcchteten und Migrant:innen und vernetzt sie mit Arbeitgeber:innen, Freiwilligen und Communities. Unsere Programme ver\u00e4ndern individuelle Lebenswege&#8230;<\/p>\n","protected":false},"author":8,"featured_media":25277,"parent":0,"menu_order":66,"comment_status":"closed","ping_status":"closed","template":"elementor_header_footer","meta":{"inline_featured_image":false,"footnotes":""},"class_list":["post-25099","page","type-page","status-publish","has-post-thumbnail"],"yoast_head":"<!-- This site is optimized with the Yoast SEO plugin v27.4 - https:\/\/yoast.com\/product\/yoast-seo-wordpress\/ -->\n<title>Unsere Wirkung - Capacity<\/title>\n<meta name=\"robots\" content=\"index, follow, max-snippet:-1, max-image-preview:large, max-video-preview:-1\" \/>\n<link rel=\"canonical\" href=\"https:\/\/www.capacity.swiss\/de\/unsere-wirkung\/\" \/>\n<meta property=\"og:locale\" content=\"de_DE\" \/>\n<meta property=\"og:type\" content=\"article\" \/>\n<meta property=\"og:title\" content=\"Unsere Wirkung - Capacity\" \/>\n<meta property=\"og:description\" content=\"Potenzial entfalten. Communities st\u00e4rken. Eine inklusive Schweizer Gesellschaft gestalten. Capacity\u00a0aktiviert das Potenzial von hochqualifizierten Gefl\u00fcchteten und Migrant:innen und vernetzt sie mit Arbeitgeber:innen, Freiwilligen und Communities. Unsere Programme ver\u00e4ndern individuelle Lebenswege...\" \/>\n<meta property=\"og:url\" content=\"https:\/\/www.capacity.swiss\/de\/unsere-wirkung\/\" \/>\n<meta property=\"og:site_name\" content=\"Capacity\" \/>\n<meta property=\"article:modified_time\" content=\"2026-01-08T17:37:06+00:00\" \/>\n<meta property=\"og:image\" content=\"https:\/\/www.capacity.swiss\/wp-content\/uploads\/2025\/12\/B3DE4B33-8704-4E1D-BB5C-5320170F3EF0_1_201_a.avif\" \/>\n\t<meta property=\"og:image:width\" content=\"2048\" \/>\n\t<meta property=\"og:image:height\" content=\"1366\" \/>\n\t<meta property=\"og:image:type\" content=\"image\/jpeg\" \/>\n<meta name=\"twitter:card\" content=\"summary_large_image\" \/>\n<meta name=\"twitter:label1\" content=\"Gesch\u00e4tzte Lesezeit\" \/>\n\t<meta name=\"twitter:data1\" content=\"3\u00a0Minuten\" \/>\n<script type=\"application\/ld+json\" class=\"yoast-schema-graph\">{\"@context\":\"https:\\\/\\\/schema.org\",\"@graph\":[{\"@type\":\"WebPage\",\"@id\":\"https:\\\/\\\/www.capacity.swiss\\\/de\\\/unsere-wirkung\\\/\",\"url\":\"https:\\\/\\\/www.capacity.swiss\\\/de\\\/unsere-wirkung\\\/\",\"name\":\"Unsere Wirkung - Capacity\",\"isPartOf\":{\"@id\":\"https:\\\/\\\/www.capacity.swiss\\\/de\\\/#website\"},\"primaryImageOfPage\":{\"@id\":\"https:\\\/\\\/www.capacity.swiss\\\/de\\\/unsere-wirkung\\\/#primaryimage\"},\"image\":{\"@id\":\"https:\\\/\\\/www.capacity.swiss\\\/de\\\/unsere-wirkung\\\/#primaryimage\"},\"thumbnailUrl\":\"https:\\\/\\\/www.capacity.swiss\\\/wp-content\\\/uploads\\\/2025\\\/12\\\/B3DE4B33-8704-4E1D-BB5C-5320170F3EF0_1_201_a.avif\",\"datePublished\":\"2025-12-05T16:29:51+00:00\",\"dateModified\":\"2026-01-08T17:37:06+00:00\",\"breadcrumb\":{\"@id\":\"https:\\\/\\\/www.capacity.swiss\\\/de\\\/unsere-wirkung\\\/#breadcrumb\"},\"inLanguage\":\"de-CH\",\"potentialAction\":[{\"@type\":\"ReadAction\",\"target\":[\"https:\\\/\\\/www.capacity.swiss\\\/de\\\/unsere-wirkung\\\/\"]}]},{\"@type\":\"ImageObject\",\"inLanguage\":\"de-CH\",\"@id\":\"https:\\\/\\\/www.capacity.swiss\\\/de\\\/unsere-wirkung\\\/#primaryimage\",\"url\":\"https:\\\/\\\/www.capacity.swiss\\\/wp-content\\\/uploads\\\/2025\\\/12\\\/B3DE4B33-8704-4E1D-BB5C-5320170F3EF0_1_201_a.avif\",\"contentUrl\":\"https:\\\/\\\/www.capacity.swiss\\\/wp-content\\\/uploads\\\/2025\\\/12\\\/B3DE4B33-8704-4E1D-BB5C-5320170F3EF0_1_201_a.avif\",\"width\":2048,\"height\":1366,\"caption\":\"Access Fast Track Participants and supporters on the Talent4Zurich event\"},{\"@type\":\"BreadcrumbList\",\"@id\":\"https:\\\/\\\/www.capacity.swiss\\\/de\\\/unsere-wirkung\\\/#breadcrumb\",\"itemListElement\":[{\"@type\":\"ListItem\",\"position\":1,\"name\":\"Home\",\"item\":\"https:\\\/\\\/www.capacity.swiss\\\/de\\\/\"},{\"@type\":\"ListItem\",\"position\":2,\"name\":\"Unsere Wirkung\"}]},{\"@type\":\"WebSite\",\"@id\":\"https:\\\/\\\/www.capacity.swiss\\\/de\\\/#website\",\"url\":\"https:\\\/\\\/www.capacity.swiss\\\/de\\\/\",\"name\":\"Capacity\",\"description\":\"Fostering Refugee &amp; Migrant Talent\",\"publisher\":{\"@id\":\"https:\\\/\\\/www.capacity.swiss\\\/de\\\/#organization\"},\"potentialAction\":[{\"@type\":\"SearchAction\",\"target\":{\"@type\":\"EntryPoint\",\"urlTemplate\":\"https:\\\/\\\/www.capacity.swiss\\\/de\\\/?s={search_term_string}\"},\"query-input\":{\"@type\":\"PropertyValueSpecification\",\"valueRequired\":true,\"valueName\":\"search_term_string\"}}],\"inLanguage\":\"de-CH\"},{\"@type\":\"Organization\",\"@id\":\"https:\\\/\\\/www.capacity.swiss\\\/de\\\/#organization\",\"name\":\"Capacity\",\"url\":\"https:\\\/\\\/www.capacity.swiss\\\/de\\\/\",\"logo\":{\"@type\":\"ImageObject\",\"inLanguage\":\"de-CH\",\"@id\":\"https:\\\/\\\/www.capacity.swiss\\\/de\\\/#\\\/schema\\\/logo\\\/image\\\/\",\"url\":\"https:\\\/\\\/capacity.swiss\\\/wp-content\\\/uploads\\\/2023\\\/12\\\/2023-capacity-logo-long-new-Transparent-320-\u00d7-132-px.png\",\"contentUrl\":\"https:\\\/\\\/capacity.swiss\\\/wp-content\\\/uploads\\\/2023\\\/12\\\/2023-capacity-logo-long-new-Transparent-320-\u00d7-132-px.png\",\"width\":560,\"height\":231,\"caption\":\"Capacity\"},\"image\":{\"@id\":\"https:\\\/\\\/www.capacity.swiss\\\/de\\\/#\\\/schema\\\/logo\\\/image\\\/\"}}]}<\/script>\n<!-- \/ Yoast SEO plugin. -->","yoast_head_json":{"title":"Unsere Wirkung - Capacity","robots":{"index":"index","follow":"follow","max-snippet":"max-snippet:-1","max-image-preview":"max-image-preview:large","max-video-preview":"max-video-preview:-1"},"canonical":"https:\/\/www.capacity.swiss\/de\/unsere-wirkung\/","og_locale":"de_DE","og_type":"article","og_title":"Unsere Wirkung - Capacity","og_description":"Potenzial entfalten. Communities st\u00e4rken. Eine inklusive Schweizer Gesellschaft gestalten. Capacity\u00a0aktiviert das Potenzial von hochqualifizierten Gefl\u00fcchteten und Migrant:innen und vernetzt sie mit Arbeitgeber:innen, Freiwilligen und Communities. Unsere Programme ver\u00e4ndern individuelle Lebenswege...","og_url":"https:\/\/www.capacity.swiss\/de\/unsere-wirkung\/","og_site_name":"Capacity","article_modified_time":"2026-01-08T17:37:06+00:00","og_image":[{"width":2048,"height":1366,"url":"https:\/\/www.capacity.swiss\/wp-content\/uploads\/2025\/12\/B3DE4B33-8704-4E1D-BB5C-5320170F3EF0_1_201_a.avif","type":"image\/jpeg"}],"twitter_card":"summary_large_image","twitter_misc":{"Gesch\u00e4tzte Lesezeit":"3\u00a0Minuten"},"schema":{"@context":"https:\/\/schema.org","@graph":[{"@type":"WebPage","@id":"https:\/\/www.capacity.swiss\/de\/unsere-wirkung\/","url":"https:\/\/www.capacity.swiss\/de\/unsere-wirkung\/","name":"Unsere Wirkung - Capacity","isPartOf":{"@id":"https:\/\/www.capacity.swiss\/de\/#website"},"primaryImageOfPage":{"@id":"https:\/\/www.capacity.swiss\/de\/unsere-wirkung\/#primaryimage"},"image":{"@id":"https:\/\/www.capacity.swiss\/de\/unsere-wirkung\/#primaryimage"},"thumbnailUrl":"https:\/\/www.capacity.swiss\/wp-content\/uploads\/2025\/12\/B3DE4B33-8704-4E1D-BB5C-5320170F3EF0_1_201_a.avif","datePublished":"2025-12-05T16:29:51+00:00","dateModified":"2026-01-08T17:37:06+00:00","breadcrumb":{"@id":"https:\/\/www.capacity.swiss\/de\/unsere-wirkung\/#breadcrumb"},"inLanguage":"de-CH","potentialAction":[{"@type":"ReadAction","target":["https:\/\/www.capacity.swiss\/de\/unsere-wirkung\/"]}]},{"@type":"ImageObject","inLanguage":"de-CH","@id":"https:\/\/www.capacity.swiss\/de\/unsere-wirkung\/#primaryimage","url":"https:\/\/www.capacity.swiss\/wp-content\/uploads\/2025\/12\/B3DE4B33-8704-4E1D-BB5C-5320170F3EF0_1_201_a.avif","contentUrl":"https:\/\/www.capacity.swiss\/wp-content\/uploads\/2025\/12\/B3DE4B33-8704-4E1D-BB5C-5320170F3EF0_1_201_a.avif","width":2048,"height":1366,"caption":"Access Fast Track Participants and supporters on the Talent4Zurich event"},{"@type":"BreadcrumbList","@id":"https:\/\/www.capacity.swiss\/de\/unsere-wirkung\/#breadcrumb","itemListElement":[{"@type":"ListItem","position":1,"name":"Home","item":"https:\/\/www.capacity.swiss\/de\/"},{"@type":"ListItem","position":2,"name":"Unsere Wirkung"}]},{"@type":"WebSite","@id":"https:\/\/www.capacity.swiss\/de\/#website","url":"https:\/\/www.capacity.swiss\/de\/","name":"Capacity","description":"Fostering Refugee &amp; Migrant Talent","publisher":{"@id":"https:\/\/www.capacity.swiss\/de\/#organization"},"potentialAction":[{"@type":"SearchAction","target":{"@type":"EntryPoint","urlTemplate":"https:\/\/www.capacity.swiss\/de\/?s={search_term_string}"},"query-input":{"@type":"PropertyValueSpecification","valueRequired":true,"valueName":"search_term_string"}}],"inLanguage":"de-CH"},{"@type":"Organization","@id":"https:\/\/www.capacity.swiss\/de\/#organization","name":"Capacity","url":"https:\/\/www.capacity.swiss\/de\/","logo":{"@type":"ImageObject","inLanguage":"de-CH","@id":"https:\/\/www.capacity.swiss\/de\/#\/schema\/logo\/image\/","url":"https:\/\/capacity.swiss\/wp-content\/uploads\/2023\/12\/2023-capacity-logo-long-new-Transparent-320-\u00d7-132-px.png","contentUrl":"https:\/\/capacity.swiss\/wp-content\/uploads\/2023\/12\/2023-capacity-logo-long-new-Transparent-320-\u00d7-132-px.png","width":560,"height":231,"caption":"Capacity"},"image":{"@id":"https:\/\/www.capacity.swiss\/de\/#\/schema\/logo\/image\/"}}]}},"_links":{"self":[{"href":"https:\/\/www.capacity.swiss\/de\/wp-json\/wp\/v2\/pages\/25099","targetHints":{"allow":["GET"]}}],"collection":[{"href":"https:\/\/www.capacity.swiss\/de\/wp-json\/wp\/v2\/pages"}],"about":[{"href":"https:\/\/www.capacity.swiss\/de\/wp-json\/wp\/v2\/types\/page"}],"author":[{"embeddable":true,"href":"https:\/\/www.capacity.swiss\/de\/wp-json\/wp\/v2\/users\/8"}],"replies":[{"embeddable":true,"href":"https:\/\/www.capacity.swiss\/de\/wp-json\/wp\/v2\/comments?post=25099"}],"version-history":[{"count":48,"href":"https:\/\/www.capacity.swiss\/de\/wp-json\/wp\/v2\/pages\/25099\/revisions"}],"predecessor-version":[{"id":25588,"href":"https:\/\/www.capacity.swiss\/de\/wp-json\/wp\/v2\/pages\/25099\/revisions\/25588"}],"wp:featuredmedia":[{"embeddable":true,"href":"https:\/\/www.capacity.swiss\/de\/wp-json\/wp\/v2\/media\/25277"}],"wp:attachment":[{"href":"https:\/\/www.capacity.swiss\/de\/wp-json\/wp\/v2\/media?parent=25099"}],"curies":[{"name":"wp","href":"https:\/\/api.w.org\/{rel}","templated":true}]}}