{"id":25423,"date":"2025-12-18T17:20:43","date_gmt":"2025-12-18T16:20:43","guid":{"rendered":"https:\/\/www.capacity.swiss\/?page_id=25423"},"modified":"2026-01-25T21:02:03","modified_gmt":"2026-01-25T20:02:03","slug":"accessfasttrack-mehrwert-der-investition","status":"publish","type":"page","link":"https:\/\/www.capacity.swiss\/de\/accessfasttrack-mehrwert-der-investition\/","title":{"rendered":"Access Fast Track Mehrwert der Investition"},"content":{"rendered":"\t\t<div data-elementor-type=\"wp-page\" data-elementor-id=\"25423\" class=\"elementor elementor-25423 elementor-25422\" data-elementor-post-type=\"page\">\n\t\t\t\t<div class=\"elementor-element elementor-element-9a2d470 e-con-full e-flex e-con e-parent\" data-id=\"9a2d470\" data-element_type=\"container\" data-e-type=\"container\" data-settings=\"{&quot;background_background&quot;:&quot;classic&quot;}\">\n\t\t<div class=\"elementor-element elementor-element-e6e6b29 e-flex e-con-boxed e-con e-child\" data-id=\"e6e6b29\" data-element_type=\"container\" data-e-type=\"container\">\n\t\t\t\t\t<div class=\"e-con-inner\">\n\t\t\t\t<div class=\"elementor-element elementor-element-b4f66bd elementor-align-right elementor-widget__width-initial elementor-widget elementor-widget-button\" data-id=\"b4f66bd\" data-element_type=\"widget\" data-e-type=\"widget\" data-widget_type=\"button.default\">\n\t\t\t\t<div class=\"elementor-widget-container\">\n\t\t\t\t\t\t\t\t\t<div class=\"elementor-button-wrapper\">\n\t\t\t\t\t<a class=\"elementor-button elementor-button-link elementor-size-sm\" href=\"https:\/\/apply.workable.com\/capacity-ch\/j\/F2B112DD13\/apply\/\" target=\"_blank\">\n\t\t\t\t\t\t<span class=\"elementor-button-content-wrapper\">\n\t\t\t\t\t\t<span class=\"elementor-button-icon\">\n\t\t\t\t<svg aria-hidden=\"true\" class=\"e-font-icon-svg e-far-arrow-alt-circle-right\" viewBox=\"0 0 512 512\" xmlns=\"http:\/\/www.w3.org\/2000\/svg\"><path d=\"M504 256C504 119 393 8 256 8S8 119 8 256s111 248 248 248 248-111 248-248zm-448 0c0-110.5 89.5-200 200-200s200 89.5 200 200-89.5 200-200 200S56 366.5 56 256zm72 20v-40c0-6.6 5.4-12 12-12h116v-67c0-10.7 12.9-16 20.5-8.5l99 99c4.7 4.7 4.7 12.3 0 17l-99 99c-7.6 7.6-20.5 2.2-20.5-8.5v-67H140c-6.6 0-12-5.4-12-12z\"><\/path><\/svg>\t\t\t<\/span>\n\t\t\t\t\t\t\t\t\t<span class=\"elementor-button-text\">Jetzt bewerben<\/span>\n\t\t\t\t\t<\/span>\n\t\t\t\t\t<\/a>\n\t\t\t\t<\/div>\n\t\t\t\t\t\t\t\t<\/div>\n\t\t\t\t<\/div>\n\t\t\t\t\t<\/div>\n\t\t\t\t<\/div>\n\t\t\t\t<\/div>\n\t\t<div class=\"elementor-element elementor-element-5d2df3b e-con-full e-flex e-con e-parent\" data-id=\"5d2df3b\" data-element_type=\"container\" data-e-type=\"container\">\n\t\t<div class=\"elementor-element elementor-element-a80e1fa e-con-full e-flex e-con e-child\" data-id=\"a80e1fa\" data-element_type=\"container\" data-e-type=\"container\">\n\t\t\t\t<div class=\"elementor-element elementor-element-850bdb2 elementor-widget elementor-widget-image\" data-id=\"850bdb2\" data-element_type=\"widget\" data-e-type=\"widget\" data-widget_type=\"image.default\">\n\t\t\t\t<div class=\"elementor-widget-container\">\n\t\t\t\t\t\t\t\t\t\t\t\t\t\t\t<img fetchpriority=\"high\" decoding=\"async\" width=\"500\" height=\"225\" src=\"https:\/\/www.capacity.swiss\/wp-content\/uploads\/2022\/06\/FINAL-AFT-Logo-Transparent-background-canva.png\" class=\"attachment-large size-large wp-image-6375\" alt=\"Logo of Access Fast Track Programme\" srcset=\"https:\/\/www.capacity.swiss\/wp-content\/uploads\/2022\/06\/FINAL-AFT-Logo-Transparent-background-canva.png 500w, https:\/\/www.capacity.swiss\/wp-content\/uploads\/2022\/06\/FINAL-AFT-Logo-Transparent-background-canva-300x135.png 300w\" sizes=\"(max-width: 500px) 100vw, 500px\" \/>\t\t\t\t\t\t\t\t\t\t\t\t\t\t\t<\/div>\n\t\t\t\t<\/div>\n\t\t\t\t<\/div>\n\t\t<div class=\"elementor-element elementor-element-8f8cff0 e-con-full e-flex e-con e-child\" data-id=\"8f8cff0\" data-element_type=\"container\" data-e-type=\"container\">\n\t\t\t\t<div class=\"elementor-element elementor-element-5d0bf88 elementor-widget__width-initial elementor-widget elementor-widget-text-editor\" data-id=\"5d0bf88\" data-element_type=\"widget\" data-e-type=\"widget\" data-widget_type=\"text-editor.default\">\n\t\t\t\t<div class=\"elementor-widget-container\">\n\t\t\t\t\t\t\t\t\t<p>Capacitys Arbeitsmarktintegration-Programm f\u00fcr hochqualifizierte Gefl\u00fcchtete und Migrant:innen, die eine Stelle in der Schweiz suchen<\/p>\t\t\t\t\t\t\t\t<\/div>\n\t\t\t\t<\/div>\n\t\t\t\t<\/div>\n\t\t\t\t<\/div>\n\t\t<div class=\"elementor-element elementor-element-38c1bd9 e-con-full e-flex e-con e-parent\" data-id=\"38c1bd9\" data-element_type=\"container\" data-e-type=\"container\">\n\t\t<div class=\"elementor-element elementor-element-f179189 e-con-full e-flex e-con e-child\" data-id=\"f179189\" data-element_type=\"container\" data-e-type=\"container\" data-settings=\"{&quot;background_background&quot;:&quot;classic&quot;}\">\n\t\t\t\t<div class=\"elementor-element elementor-element-0a189fe elementor-widget elementor-widget-spacer\" data-id=\"0a189fe\" data-element_type=\"widget\" data-e-type=\"widget\" data-widget_type=\"spacer.default\">\n\t\t\t\t<div class=\"elementor-widget-container\">\n\t\t\t\t\t\t\t<div class=\"elementor-spacer\">\n\t\t\t<div class=\"elementor-spacer-inner\"><\/div>\n\t\t<\/div>\n\t\t\t\t\t\t<\/div>\n\t\t\t\t<\/div>\n\t\t\t\t<\/div>\n\t\t<div class=\"elementor-element elementor-element-1e935c0 e-con-full e-flex e-con e-child\" data-id=\"1e935c0\" data-element_type=\"container\" data-e-type=\"container\" data-settings=\"{&quot;background_background&quot;:&quot;classic&quot;}\">\n\t\t\t\t<div class=\"elementor-element elementor-element-2fa2af6 elementor-widget elementor-widget-spacer\" data-id=\"2fa2af6\" data-element_type=\"widget\" data-e-type=\"widget\" data-widget_type=\"spacer.default\">\n\t\t\t\t<div class=\"elementor-widget-container\">\n\t\t\t\t\t\t\t<div class=\"elementor-spacer\">\n\t\t\t<div class=\"elementor-spacer-inner\"><\/div>\n\t\t<\/div>\n\t\t\t\t\t\t<\/div>\n\t\t\t\t<\/div>\n\t\t\t\t<div class=\"elementor-element elementor-element-aa9af8e elementor-widget__width-initial elementor-widget elementor-widget-heading\" data-id=\"aa9af8e\" data-element_type=\"widget\" data-e-type=\"widget\" data-widget_type=\"heading.default\">\n\t\t\t\t<div class=\"elementor-widget-container\">\n\t\t\t\t\t<h3 class=\"elementor-heading-title elementor-size-default\">Warum zahlt sich diese Investition f\u00fcr die Teilnehmenden aus?<\/h3>\t\t\t\t<\/div>\n\t\t\t\t<\/div>\n\t\t\t\t<div class=\"elementor-element elementor-element-7460867 elementor-widget elementor-widget-spacer\" data-id=\"7460867\" data-element_type=\"widget\" data-e-type=\"widget\" data-widget_type=\"spacer.default\">\n\t\t\t\t<div class=\"elementor-widget-container\">\n\t\t\t\t\t\t\t<div class=\"elementor-spacer\">\n\t\t\t<div class=\"elementor-spacer-inner\"><\/div>\n\t\t<\/div>\n\t\t\t\t\t\t<\/div>\n\t\t\t\t<\/div>\n\t\t\t\t<div class=\"elementor-element elementor-element-f4bf1d7 elementor-widget__width-initial elementor-widget elementor-widget-text-editor\" data-id=\"f4bf1d7\" data-element_type=\"widget\" data-e-type=\"widget\" data-widget_type=\"text-editor.default\">\n\t\t\t\t<div class=\"elementor-widget-container\">\n\t\t\t\t\t\t\t\t\t<p>Das <strong>Access Fast Track-Programm<\/strong> ist eine Investition in deine langfristige berufliche Zukunft in der Schweiz. <span style=\"font-weight: 400;\">Es unterst\u00fctzt dich dabei, die typischen Herausforderungen zu meistern, denen international ausgebildete Fachkr\u00e4fte bei der Arbeitssuche in der Schweiz begegnen.<\/span><\/p><p>Du profitierst von:<\/p><ul><li><strong data-start=\"495\" data-end=\"544\">Schnellerem Zugang zu qualifizierten Stellen:<\/strong> Rund 50 % der Alumni finden innerhalb von sechs Monaten eine Anstellung, bis zu 60 % innerhalb von zwei Jahren \u2013 auf ihrem Qualifikationsniveau<\/li><li><strong>Direktem Zugang zu Arbeitgebern und relevanten Netzwerken:<\/strong> Du triffst etablierte Fachpersonen, Hiring Manager:innen, HR-Expert:innen und Branchenprofis, die dir Einblicke geben, dich coachen und durch Networking T\u00fcren \u00f6ffnen<\/li><li><strong data-start=\"916\" data-end=\"949\">Individueller 1:1-Begleitung:<\/strong> Talent-Coaches unterst\u00fctzen dich dabei, deine pers\u00f6nliche Strategie bei der Stellensuche zu sch\u00e4rfen<\/li><li><strong>Einer unterst\u00fctzenden Community:<\/strong> Du entwickelst dich in einem wertsch\u00e4tzenden Netzwerk aus Peers und Fachpersonen weiter<\/li><li><strong>Einem hohen Gegenwert f\u00fcr deine Investition:<\/strong> <span style=\"font-weight: 400;\">Dein Beitrag von CHF 500 steht f\u00fcr Verbindlichkeit und Eigenengagement und deckt nur einen kleinen Teil der tats\u00e4chlichen Programmkosten. <span style=\"text-decoration: underline;\">Der gr\u00f6sste Teil wird durch Partnerorganisationen, Stiftungen und F\u00f6rderbeitr\u00e4ge getragen.<\/span> Viele Absolvent:innen verdienen diese Investition bereits mit ihrem ersten Monatslohn wieder zur\u00fcck<\/span><\/li><\/ul><p>Dieses Programm ist mehr als eine Weiterbildung: Es\u00a0<span style=\"font-weight: 400;\">unterst\u00fctzt dich auf deinem Weg zu<\/span> finanzieller Unabh\u00e4ngigkeit, beruflicher Integration und einer nachhaltigen Karriere in der Schweiz.<\/p><p><em><b>Uns ist wichtig:<\/b><span style=\"font-weight: 400;\"> Niemand soll aus finanziellen Gr\u00fcnden ausgeschlossen werden. Wenn die Teilnahmegeb\u00fchr f\u00fcr dich gerade eine Herausforderung darstellt, sprich uns bitte an \u2013 wir finden gemeinsam eine L\u00f6sung, damit du am Programm teilnehmen kannst.<\/span><\/em><\/p>\t\t\t\t\t\t\t\t<\/div>\n\t\t\t\t<\/div>\n\t\t\t\t<div class=\"elementor-element elementor-element-5681884 elementor-align-right elementor-widget__width-initial elementor-widget elementor-widget-button\" data-id=\"5681884\" data-element_type=\"widget\" data-e-type=\"widget\" data-widget_type=\"button.default\">\n\t\t\t\t<div class=\"elementor-widget-container\">\n\t\t\t\t\t\t\t\t\t<div class=\"elementor-button-wrapper\">\n\t\t\t\t\t<a class=\"elementor-button elementor-button-link elementor-size-sm\" href=\"https:\/\/apply.workable.com\/capacity-ch\/j\/F2B112DD13\/apply\/\" target=\"_blank\">\n\t\t\t\t\t\t<span class=\"elementor-button-content-wrapper\">\n\t\t\t\t\t\t<span class=\"elementor-button-icon\">\n\t\t\t\t<svg aria-hidden=\"true\" class=\"e-font-icon-svg e-far-arrow-alt-circle-right\" viewBox=\"0 0 512 512\" xmlns=\"http:\/\/www.w3.org\/2000\/svg\"><path d=\"M504 256C504 119 393 8 256 8S8 119 8 256s111 248 248 248 248-111 248-248zm-448 0c0-110.5 89.5-200 200-200s200 89.5 200 200-89.5 200-200 200S56 366.5 56 256zm72 20v-40c0-6.6 5.4-12 12-12h116v-67c0-10.7 12.9-16 20.5-8.5l99 99c4.7 4.7 4.7 12.3 0 17l-99 99c-7.6 7.6-20.5 2.2-20.5-8.5v-67H140c-6.6 0-12-5.4-12-12z\"><\/path><\/svg>\t\t\t<\/span>\n\t\t\t\t\t\t\t\t\t<span class=\"elementor-button-text\">Jetzt bewerben<\/span>\n\t\t\t\t\t<\/span>\n\t\t\t\t\t<\/a>\n\t\t\t\t<\/div>\n\t\t\t\t\t\t\t\t<\/div>\n\t\t\t\t<\/div>\n\t\t\t\t<div class=\"elementor-element elementor-element-c30237d elementor-widget elementor-widget-spacer\" data-id=\"c30237d\" data-element_type=\"widget\" data-e-type=\"widget\" data-widget_type=\"spacer.default\">\n\t\t\t\t<div class=\"elementor-widget-container\">\n\t\t\t\t\t\t\t<div class=\"elementor-spacer\">\n\t\t\t<div class=\"elementor-spacer-inner\"><\/div>\n\t\t<\/div>\n\t\t\t\t\t\t<\/div>\n\t\t\t\t<\/div>\n\t\t\t\t<\/div>\n\t\t\t\t<\/div>\n\t\t<div class=\"elementor-element elementor-element-91d5622 e-con-full e-flex e-con e-parent\" data-id=\"91d5622\" data-element_type=\"container\" data-e-type=\"container\">\n\t\t<div class=\"elementor-element elementor-element-354a044 e-con-full e-flex e-con e-child\" data-id=\"354a044\" data-element_type=\"container\" data-e-type=\"container\">\n\t\t\t\t<div class=\"elementor-element elementor-element-e614c8f elementor-widget__width-initial elementor-widget elementor-widget-heading\" data-id=\"e614c8f\" data-element_type=\"widget\" data-e-type=\"widget\" data-widget_type=\"heading.default\">\n\t\t\t\t<div class=\"elementor-widget-container\">\n\t\t\t\t\t<h3 class=\"elementor-heading-title elementor-size-default\">397<\/h3>\t\t\t\t<\/div>\n\t\t\t\t<\/div>\n\t\t\t\t<div class=\"elementor-element elementor-element-39bef3b elementor-widget__width-initial elementor-widget elementor-widget-heading\" data-id=\"39bef3b\" data-element_type=\"widget\" data-e-type=\"widget\" data-widget_type=\"heading.default\">\n\t\t\t\t<div class=\"elementor-widget-container\">\n\t\t\t\t\t<h3 class=\"elementor-heading-title elementor-size-default\">Unterst\u00fctzte Arbeitssuchende seit 2022<\/h3>\t\t\t\t<\/div>\n\t\t\t\t<\/div>\n\t\t\t\t<\/div>\n\t\t<div class=\"elementor-element elementor-element-1b2ac0d e-con-full e-flex e-con e-child\" data-id=\"1b2ac0d\" data-element_type=\"container\" data-e-type=\"container\">\n\t\t\t\t<div class=\"elementor-element elementor-element-dff2990 elementor-widget__width-initial elementor-widget elementor-widget-text-editor\" data-id=\"dff2990\" data-element_type=\"widget\" data-e-type=\"widget\" data-widget_type=\"text-editor.default\">\n\t\t\t\t<div class=\"elementor-widget-container\">\n\t\t\t\t\t\t\t\t\t<p><strong>Jede:r zweite<\/strong> Teilnehmende findet innerhalb der <strong>ersten sechs Monate<\/strong> nach Abschluss des Programms eine Stelle, die ihren\/seinen Qualifikationen entspricht.<\/p><p><strong>Nach zwei Jahren haben 60% <b>eine den Qualifikationen entsprechende Stelle gefunden bzw. 80% <\/b>einen nachhaltigen Weg eingeschlagen,<\/strong>\u00a0z.B. in Form von Anstellung, Selbstst\u00e4ndigkeit oder Weiterbildung.<\/p>\t\t\t\t\t\t\t\t<\/div>\n\t\t\t\t<\/div>\n\t\t\t\t<\/div>\n\t\t\t\t<\/div>\n\t\t<div class=\"elementor-element elementor-element-4807100 e-con-full e-flex e-con e-parent\" data-id=\"4807100\" data-element_type=\"container\" data-e-type=\"container\">\n\t\t<div class=\"elementor-element elementor-element-62bee7a e-con-full e-flex e-con e-child\" data-id=\"62bee7a\" data-element_type=\"container\" data-e-type=\"container\" data-settings=\"{&quot;background_background&quot;:&quot;classic&quot;}\">\n\t\t\t\t<div class=\"elementor-element elementor-element-27593a1 elementor-widget elementor-widget-spacer\" data-id=\"27593a1\" data-element_type=\"widget\" data-e-type=\"widget\" data-widget_type=\"spacer.default\">\n\t\t\t\t<div class=\"elementor-widget-container\">\n\t\t\t\t\t\t\t<div class=\"elementor-spacer\">\n\t\t\t<div class=\"elementor-spacer-inner\"><\/div>\n\t\t<\/div>\n\t\t\t\t\t\t<\/div>\n\t\t\t\t<\/div>\n\t\t\t\t<div class=\"elementor-element elementor-element-cb3d945 elementor-widget__width-initial elementor-widget elementor-widget-heading\" data-id=\"cb3d945\" data-element_type=\"widget\" data-e-type=\"widget\" data-widget_type=\"heading.default\">\n\t\t\t\t<div class=\"elementor-widget-container\">\n\t\t\t\t\t<h3 class=\"elementor-heading-title elementor-size-default\"><span style=\"font-size: 24px\">Warum lohnt sich die Investition f\u00fcr Sozialdienste?<\/span><\/h3>\t\t\t\t<\/div>\n\t\t\t\t<\/div>\n\t\t\t\t<div class=\"elementor-element elementor-element-c81cb9a elementor-widget elementor-widget-spacer\" data-id=\"c81cb9a\" data-element_type=\"widget\" data-e-type=\"widget\" data-widget_type=\"spacer.default\">\n\t\t\t\t<div class=\"elementor-widget-container\">\n\t\t\t\t\t\t\t<div class=\"elementor-spacer\">\n\t\t\t<div class=\"elementor-spacer-inner\"><\/div>\n\t\t<\/div>\n\t\t\t\t\t\t<\/div>\n\t\t\t\t<\/div>\n\t\t\t\t<div class=\"elementor-element elementor-element-c586a21 elementor-widget__width-initial elementor-widget elementor-widget-text-editor\" data-id=\"c586a21\" data-element_type=\"widget\" data-e-type=\"widget\" data-widget_type=\"text-editor.default\">\n\t\t\t\t<div class=\"elementor-widget-container\">\n\t\t\t\t\t\t\t\t\t<p><span style=\"font-weight: 400;\">Die Unterst\u00fctzung der Teilnahme Ihrer Klient:innen am <\/span><b>Access Fast Track-Programm <\/b><span style=\"font-weight: 400;\">ist eine <\/span><b>effiziente Integrationsmassnahme mit nachweisbarer Wirkung<\/b><span style=\"font-weight: 400;\">. Sie st\u00e4rkt die <\/span>langfristige Arbeitsmarktintegration in der Schweiz<span style=\"font-weight: 400;\"> und <strong>reduziert nachhaltig den zuk\u00fcnftigen Bedarf an Sozialhilfe.<\/strong><\/span><\/p><p>Sozialdienste profitieren von:<\/p><ul><li style=\"font-weight: 400;\" aria-level=\"1\"><b>Messbaren Ergebnissen in der Schweiz:<\/b><span style=\"font-weight: 400;\"> Rund 50\u202f% der Teilnehmenden finden innerhalb von sechs Monaten eine Anstellung auf Qualifikationsniveau, bis zu 60\u202f% innerhalb von zwei Jahren<\/span><\/li><li style=\"font-weight: 400;\" aria-level=\"1\"><b>Grosser Wirkung bei geringem Aufwand:<\/b><span style=\"font-weight: 400;\"> Dank der Mitfinanzierung durch Unternehmen, Stiftungen und \u00f6ffentliche Institutionen entsteht f\u00fcr Sozialdienste nur ein kleiner Beitrag \u2013 der Nutzen f\u00fcr die Klient:innen und die \u00f6ffentliche Hand ist jedoch gross<\/span><\/li><li style=\"font-weight: 400;\" aria-level=\"1\"><b>Ganzheitlichem Nutzen:<\/b><span style=\"font-weight: 400;\"> Das Programm f\u00f6rdert nicht nur den Berufseinstieg in der Schweiz, sondern auch Selbstvertrauen, stabile Netzwerke und langfristige Resilienz Ihrer Klient:innen. Gleichzeitig erf\u00fcllt es die IAS-\/KIP-Ziele f\u00fcr nachhaltige Besch\u00e4ftigung und chancengleichen Zugang zum Arbeitsmarkt<\/span><\/li><\/ul><p data-start=\"59\" data-end=\"128\">Vertreter:innen von Sozialdiensten wenden sich bitte f\u00fcr weitere Informationen an <a href=\"mailto:caterina@capacity.swiss\" target=\"_blank\" rel=\"noopener\">Caterina Meier-Pfister<\/a>.<\/p>\t\t\t\t\t\t\t\t<\/div>\n\t\t\t\t<\/div>\n\t\t\t\t<\/div>\n\t\t<div class=\"elementor-element elementor-element-36ac52a e-con-full e-flex e-con e-child\" data-id=\"36ac52a\" data-element_type=\"container\" data-e-type=\"container\" data-settings=\"{&quot;background_background&quot;:&quot;classic&quot;}\">\n\t\t\t\t<div class=\"elementor-element elementor-element-4c16d5e elementor-widget elementor-widget-spacer\" data-id=\"4c16d5e\" data-element_type=\"widget\" data-e-type=\"widget\" data-widget_type=\"spacer.default\">\n\t\t\t\t<div class=\"elementor-widget-container\">\n\t\t\t\t\t\t\t<div class=\"elementor-spacer\">\n\t\t\t<div class=\"elementor-spacer-inner\"><\/div>\n\t\t<\/div>\n\t\t\t\t\t\t<\/div>\n\t\t\t\t<\/div>\n\t\t\t\t<\/div>\n\t\t\t\t<\/div>\n\t\t<div class=\"elementor-element elementor-element-a439d14 e-con-full e-flex e-con e-parent\" data-id=\"a439d14\" data-element_type=\"container\" data-e-type=\"container\">\n\t\t\t\t<div class=\"elementor-element elementor-element-8c912d4 elementor-widget elementor-widget-spacer\" data-id=\"8c912d4\" data-element_type=\"widget\" data-e-type=\"widget\" data-widget_type=\"spacer.default\">\n\t\t\t\t<div class=\"elementor-widget-container\">\n\t\t\t\t\t\t\t<div class=\"elementor-spacer\">\n\t\t\t<div class=\"elementor-spacer-inner\"><\/div>\n\t\t<\/div>\n\t\t\t\t\t\t<\/div>\n\t\t\t\t<\/div>\n\t\t<div class=\"elementor-element elementor-element-ef6adf8 e-grid e-con-full e-con e-child\" data-id=\"ef6adf8\" data-element_type=\"container\" data-e-type=\"container\">\n\t\t<div class=\"elementor-element elementor-element-7170642 e-con-full e-flex e-con e-child\" data-id=\"7170642\" data-element_type=\"container\" data-e-type=\"container\" data-settings=\"{&quot;background_background&quot;:&quot;classic&quot;}\">\n\t\t\t\t<div class=\"elementor-element elementor-element-985c860 elementor-headline--style-highlight elementor-widget elementor-widget-animated-headline\" data-id=\"985c860\" data-element_type=\"widget\" data-e-type=\"widget\" data-settings=\"{&quot;highlighted_text&quot;:&quot;80+&quot;,&quot;headline_style&quot;:&quot;highlight&quot;,&quot;marker&quot;:&quot;circle&quot;,&quot;loop&quot;:&quot;yes&quot;,&quot;highlight_animation_duration&quot;:1200,&quot;highlight_iteration_delay&quot;:8000}\" data-widget_type=\"animated-headline.default\">\n\t\t\t\t<div class=\"elementor-widget-container\">\n\t\t\t\t\t\t\t<h3 class=\"elementor-headline\">\n\t\t\t\t<span class=\"elementor-headline-dynamic-wrapper elementor-headline-text-wrapper\">\n\t\t\t\t\t<span class=\"elementor-headline-dynamic-text elementor-headline-text-active\">80+<\/span>\n\t\t\t\t<\/span>\n\t\t\t\t\t<span class=\"elementor-headline-plain-text elementor-headline-text-wrapper\">Nationalit\u00e4ten<\/span>\n\t\t\t\t\t<\/h3>\n\t\t\t\t\t\t<\/div>\n\t\t\t\t<\/div>\n\t\t\t\t<\/div>\n\t\t<div class=\"elementor-element elementor-element-328eb5b e-con-full e-flex e-con e-child\" data-id=\"328eb5b\" data-element_type=\"container\" data-e-type=\"container\" data-settings=\"{&quot;background_background&quot;:&quot;classic&quot;}\">\n\t\t\t\t<div class=\"elementor-element elementor-element-995b166 elementor-headline--style-highlight elementor-widget elementor-widget-animated-headline\" data-id=\"995b166\" data-element_type=\"widget\" data-e-type=\"widget\" data-settings=\"{&quot;marker&quot;:&quot;underline&quot;,&quot;highlighted_text&quot;:&quot;68%&quot;,&quot;headline_style&quot;:&quot;highlight&quot;,&quot;loop&quot;:&quot;yes&quot;,&quot;highlight_animation_duration&quot;:1200,&quot;highlight_iteration_delay&quot;:8000}\" data-widget_type=\"animated-headline.default\">\n\t\t\t\t<div class=\"elementor-widget-container\">\n\t\t\t\t\t\t\t<h3 class=\"elementor-headline\">\n\t\t\t\t<span class=\"elementor-headline-dynamic-wrapper elementor-headline-text-wrapper\">\n\t\t\t\t\t<span class=\"elementor-headline-dynamic-text elementor-headline-text-active\">68%<\/span>\n\t\t\t\t<\/span>\n\t\t\t\t\t<span class=\"elementor-headline-plain-text elementor-headline-text-wrapper\">Frauen<\/span>\n\t\t\t\t\t<\/h3>\n\t\t\t\t\t\t<\/div>\n\t\t\t\t<\/div>\n\t\t\t\t<\/div>\n\t\t<div class=\"elementor-element elementor-element-9750407 e-con-full e-flex e-con e-child\" data-id=\"9750407\" data-element_type=\"container\" data-e-type=\"container\" data-settings=\"{&quot;background_background&quot;:&quot;classic&quot;}\">\n\t\t\t\t<div class=\"elementor-element elementor-element-3454507 elementor-headline--style-highlight elementor-widget elementor-widget-animated-headline\" data-id=\"3454507\" data-element_type=\"widget\" data-e-type=\"widget\" data-settings=\"{&quot;marker&quot;:&quot;curly&quot;,&quot;highlighted_text&quot;:&quot;46%&quot;,&quot;headline_style&quot;:&quot;highlight&quot;,&quot;loop&quot;:&quot;yes&quot;,&quot;highlight_animation_duration&quot;:1200,&quot;highlight_iteration_delay&quot;:8000}\" data-widget_type=\"animated-headline.default\">\n\t\t\t\t<div class=\"elementor-widget-container\">\n\t\t\t\t\t\t\t<h3 class=\"elementor-headline\">\n\t\t\t\t<span class=\"elementor-headline-dynamic-wrapper elementor-headline-text-wrapper\">\n\t\t\t\t\t<span class=\"elementor-headline-dynamic-text elementor-headline-text-active\">46%<\/span>\n\t\t\t\t<\/span>\n\t\t\t\t\t<span class=\"elementor-headline-plain-text elementor-headline-text-wrapper\">mit Fluchthintergrund<\/span>\n\t\t\t\t\t<\/h3>\n\t\t\t\t\t\t<\/div>\n\t\t\t\t<\/div>\n\t\t\t\t<\/div>\n\t\t\t\t<\/div>\n\t\t\t\t<div class=\"elementor-element elementor-element-a28d1c0 elementor-widget elementor-widget-spacer\" data-id=\"a28d1c0\" data-element_type=\"widget\" data-e-type=\"widget\" data-widget_type=\"spacer.default\">\n\t\t\t\t<div class=\"elementor-widget-container\">\n\t\t\t\t\t\t\t<div class=\"elementor-spacer\">\n\t\t\t<div class=\"elementor-spacer-inner\"><\/div>\n\t\t<\/div>\n\t\t\t\t\t\t<\/div>\n\t\t\t\t<\/div>\n\t\t\t\t<\/div>\n\t\t<div class=\"elementor-element elementor-element-31d1e19 e-con-full e-flex e-con e-parent\" data-id=\"31d1e19\" data-element_type=\"container\" data-e-type=\"container\">\n\t\t\t\t<div class=\"elementor-element elementor-element-f526263 elementor-widget__width-inherit elementor-widget elementor-widget-image\" data-id=\"f526263\" data-element_type=\"widget\" data-e-type=\"widget\" data-widget_type=\"image.default\">\n\t\t\t\t<div class=\"elementor-widget-container\">\n\t\t\t\t\t\t\t\t\t\t\t\t\t\t\t<img decoding=\"async\" width=\"2560\" height=\"1539\" src=\"https:\/\/www.capacity.swiss\/wp-content\/uploads\/2025\/12\/Access0624-7490-2-1-scaled.avif\" class=\"attachment-full size-full wp-image-25484\" alt=\"\" srcset=\"https:\/\/www.capacity.swiss\/wp-content\/uploads\/2025\/12\/Access0624-7490-2-1-scaled.avif 2560w, https:\/\/www.capacity.swiss\/wp-content\/uploads\/2025\/12\/Access0624-7490-2-1-300x180.avif 300w, https:\/\/www.capacity.swiss\/wp-content\/uploads\/2025\/12\/Access0624-7490-2-1-1024x616.avif 1024w, https:\/\/www.capacity.swiss\/wp-content\/uploads\/2025\/12\/Access0624-7490-2-1-768x462.avif 768w, https:\/\/www.capacity.swiss\/wp-content\/uploads\/2025\/12\/Access0624-7490-2-1-1536x924.avif 1536w, https:\/\/www.capacity.swiss\/wp-content\/uploads\/2025\/12\/Access0624-7490-2-1-2048x1232.avif 2048w\" sizes=\"(max-width: 2560px) 100vw, 2560px\" \/>\t\t\t\t\t\t\t\t\t\t\t\t\t\t\t<\/div>\n\t\t\t\t<\/div>\n\t\t<div class=\"elementor-element elementor-element-08cb89b e-flex e-con-boxed e-con e-child\" data-id=\"08cb89b\" data-element_type=\"container\" data-e-type=\"container\">\n\t\t\t\t\t<div class=\"e-con-inner\">\n\t\t\t\t\t<\/div>\n\t\t\t\t<\/div>\n\t\t\t\t<\/div>\n\t\t\t\t<\/div>\n\t\t","protected":false},"excerpt":{"rendered":"<p>Jetzt bewerben Capacitys Arbeitsmarktintegration-Programm f\u00fcr hochqualifizierte Gefl\u00fcchtete und Migrant:innen, die eine Stelle in der Schweiz suchen Warum zahlt sich diese Investition f\u00fcr die Teilnehmenden aus? Das Access Fast Track-Programm ist&#8230;<\/p>\n","protected":false},"author":8,"featured_media":0,"parent":0,"menu_order":68,"comment_status":"closed","ping_status":"closed","template":"elementor_header_footer","meta":{"inline_featured_image":false,"footnotes":""},"class_list":["post-25423","page","type-page","status-publish"],"yoast_head":"<!-- This site is optimized with the Yoast SEO plugin v27.4 - https:\/\/yoast.com\/product\/yoast-seo-wordpress\/ -->\n<title>Access Fast Track Mehrwert der Investition - Capacity<\/title>\n<meta name=\"robots\" content=\"index, follow, max-snippet:-1, max-image-preview:large, max-video-preview:-1\" \/>\n<link rel=\"canonical\" href=\"https:\/\/www.capacity.swiss\/de\/accessfasttrack-mehrwert-der-investition\/\" \/>\n<meta property=\"og:locale\" content=\"de_DE\" \/>\n<meta property=\"og:type\" content=\"article\" \/>\n<meta property=\"og:title\" content=\"Access Fast Track Mehrwert der Investition - Capacity\" \/>\n<meta property=\"og:description\" content=\"Jetzt bewerben Capacitys Arbeitsmarktintegration-Programm f\u00fcr hochqualifizierte Gefl\u00fcchtete und Migrant:innen, die eine Stelle in der Schweiz suchen Warum zahlt sich diese Investition f\u00fcr die Teilnehmenden aus? Das Access Fast Track-Programm ist...\" \/>\n<meta property=\"og:url\" content=\"https:\/\/www.capacity.swiss\/de\/accessfasttrack-mehrwert-der-investition\/\" \/>\n<meta property=\"og:site_name\" content=\"Capacity\" \/>\n<meta property=\"article:modified_time\" content=\"2026-01-25T20:02:03+00:00\" \/>\n<meta property=\"og:image\" content=\"https:\/\/www.capacity.swiss\/wp-content\/uploads\/2022\/06\/FINAL-AFT-Logo-Transparent-background-canva.png\" \/>\n\t<meta property=\"og:image:width\" content=\"500\" \/>\n\t<meta property=\"og:image:height\" content=\"225\" \/>\n\t<meta property=\"og:image:type\" content=\"image\/png\" \/>\n<meta name=\"twitter:card\" content=\"summary_large_image\" \/>\n<meta name=\"twitter:label1\" content=\"Gesch\u00e4tzte Lesezeit\" \/>\n\t<meta name=\"twitter:data1\" content=\"3\u00a0Minuten\" \/>\n<script type=\"application\/ld+json\" class=\"yoast-schema-graph\">{\"@context\":\"https:\\\/\\\/schema.org\",\"@graph\":[{\"@type\":\"WebPage\",\"@id\":\"https:\\\/\\\/www.capacity.swiss\\\/de\\\/accessfasttrack-mehrwert-der-investition\\\/\",\"url\":\"https:\\\/\\\/www.capacity.swiss\\\/de\\\/accessfasttrack-mehrwert-der-investition\\\/\",\"name\":\"Access Fast Track Mehrwert der Investition - Capacity\",\"isPartOf\":{\"@id\":\"https:\\\/\\\/www.capacity.swiss\\\/de\\\/#website\"},\"primaryImageOfPage\":{\"@id\":\"https:\\\/\\\/www.capacity.swiss\\\/de\\\/accessfasttrack-mehrwert-der-investition\\\/#primaryimage\"},\"image\":{\"@id\":\"https:\\\/\\\/www.capacity.swiss\\\/de\\\/accessfasttrack-mehrwert-der-investition\\\/#primaryimage\"},\"thumbnailUrl\":\"https:\\\/\\\/www.capacity.swiss\\\/wp-content\\\/uploads\\\/2022\\\/06\\\/FINAL-AFT-Logo-Transparent-background-canva.png\",\"datePublished\":\"2025-12-18T16:20:43+00:00\",\"dateModified\":\"2026-01-25T20:02:03+00:00\",\"breadcrumb\":{\"@id\":\"https:\\\/\\\/www.capacity.swiss\\\/de\\\/accessfasttrack-mehrwert-der-investition\\\/#breadcrumb\"},\"inLanguage\":\"de-CH\",\"potentialAction\":[{\"@type\":\"ReadAction\",\"target\":[\"https:\\\/\\\/www.capacity.swiss\\\/de\\\/accessfasttrack-mehrwert-der-investition\\\/\"]}]},{\"@type\":\"ImageObject\",\"inLanguage\":\"de-CH\",\"@id\":\"https:\\\/\\\/www.capacity.swiss\\\/de\\\/accessfasttrack-mehrwert-der-investition\\\/#primaryimage\",\"url\":\"https:\\\/\\\/www.capacity.swiss\\\/wp-content\\\/uploads\\\/2022\\\/06\\\/FINAL-AFT-Logo-Transparent-background-canva.png\",\"contentUrl\":\"https:\\\/\\\/www.capacity.swiss\\\/wp-content\\\/uploads\\\/2022\\\/06\\\/FINAL-AFT-Logo-Transparent-background-canva.png\"},{\"@type\":\"BreadcrumbList\",\"@id\":\"https:\\\/\\\/www.capacity.swiss\\\/de\\\/accessfasttrack-mehrwert-der-investition\\\/#breadcrumb\",\"itemListElement\":[{\"@type\":\"ListItem\",\"position\":1,\"name\":\"Home\",\"item\":\"https:\\\/\\\/www.capacity.swiss\\\/de\\\/\"},{\"@type\":\"ListItem\",\"position\":2,\"name\":\"Access Fast Track Mehrwert der Investition\"}]},{\"@type\":\"WebSite\",\"@id\":\"https:\\\/\\\/www.capacity.swiss\\\/de\\\/#website\",\"url\":\"https:\\\/\\\/www.capacity.swiss\\\/de\\\/\",\"name\":\"Capacity\",\"description\":\"Fostering Refugee &amp; Migrant Talent\",\"publisher\":{\"@id\":\"https:\\\/\\\/www.capacity.swiss\\\/de\\\/#organization\"},\"potentialAction\":[{\"@type\":\"SearchAction\",\"target\":{\"@type\":\"EntryPoint\",\"urlTemplate\":\"https:\\\/\\\/www.capacity.swiss\\\/de\\\/?s={search_term_string}\"},\"query-input\":{\"@type\":\"PropertyValueSpecification\",\"valueRequired\":true,\"valueName\":\"search_term_string\"}}],\"inLanguage\":\"de-CH\"},{\"@type\":\"Organization\",\"@id\":\"https:\\\/\\\/www.capacity.swiss\\\/de\\\/#organization\",\"name\":\"Capacity\",\"url\":\"https:\\\/\\\/www.capacity.swiss\\\/de\\\/\",\"logo\":{\"@type\":\"ImageObject\",\"inLanguage\":\"de-CH\",\"@id\":\"https:\\\/\\\/www.capacity.swiss\\\/de\\\/#\\\/schema\\\/logo\\\/image\\\/\",\"url\":\"https:\\\/\\\/capacity.swiss\\\/wp-content\\\/uploads\\\/2023\\\/12\\\/2023-capacity-logo-long-new-Transparent-320-\u00d7-132-px.png\",\"contentUrl\":\"https:\\\/\\\/capacity.swiss\\\/wp-content\\\/uploads\\\/2023\\\/12\\\/2023-capacity-logo-long-new-Transparent-320-\u00d7-132-px.png\",\"width\":560,\"height\":231,\"caption\":\"Capacity\"},\"image\":{\"@id\":\"https:\\\/\\\/www.capacity.swiss\\\/de\\\/#\\\/schema\\\/logo\\\/image\\\/\"}}]}<\/script>\n<!-- \/ Yoast SEO plugin. -->","yoast_head_json":{"title":"Access Fast Track Mehrwert der Investition - Capacity","robots":{"index":"index","follow":"follow","max-snippet":"max-snippet:-1","max-image-preview":"max-image-preview:large","max-video-preview":"max-video-preview:-1"},"canonical":"https:\/\/www.capacity.swiss\/de\/accessfasttrack-mehrwert-der-investition\/","og_locale":"de_DE","og_type":"article","og_title":"Access Fast Track Mehrwert der Investition - Capacity","og_description":"Jetzt bewerben Capacitys Arbeitsmarktintegration-Programm f\u00fcr hochqualifizierte Gefl\u00fcchtete und Migrant:innen, die eine Stelle in der Schweiz suchen Warum zahlt sich diese Investition f\u00fcr die Teilnehmenden aus? Das Access Fast Track-Programm ist...","og_url":"https:\/\/www.capacity.swiss\/de\/accessfasttrack-mehrwert-der-investition\/","og_site_name":"Capacity","article_modified_time":"2026-01-25T20:02:03+00:00","og_image":[{"width":500,"height":225,"url":"https:\/\/www.capacity.swiss\/wp-content\/uploads\/2022\/06\/FINAL-AFT-Logo-Transparent-background-canva.png","type":"image\/png"}],"twitter_card":"summary_large_image","twitter_misc":{"Gesch\u00e4tzte Lesezeit":"3\u00a0Minuten"},"schema":{"@context":"https:\/\/schema.org","@graph":[{"@type":"WebPage","@id":"https:\/\/www.capacity.swiss\/de\/accessfasttrack-mehrwert-der-investition\/","url":"https:\/\/www.capacity.swiss\/de\/accessfasttrack-mehrwert-der-investition\/","name":"Access Fast Track Mehrwert der Investition - Capacity","isPartOf":{"@id":"https:\/\/www.capacity.swiss\/de\/#website"},"primaryImageOfPage":{"@id":"https:\/\/www.capacity.swiss\/de\/accessfasttrack-mehrwert-der-investition\/#primaryimage"},"image":{"@id":"https:\/\/www.capacity.swiss\/de\/accessfasttrack-mehrwert-der-investition\/#primaryimage"},"thumbnailUrl":"https:\/\/www.capacity.swiss\/wp-content\/uploads\/2022\/06\/FINAL-AFT-Logo-Transparent-background-canva.png","datePublished":"2025-12-18T16:20:43+00:00","dateModified":"2026-01-25T20:02:03+00:00","breadcrumb":{"@id":"https:\/\/www.capacity.swiss\/de\/accessfasttrack-mehrwert-der-investition\/#breadcrumb"},"inLanguage":"de-CH","potentialAction":[{"@type":"ReadAction","target":["https:\/\/www.capacity.swiss\/de\/accessfasttrack-mehrwert-der-investition\/"]}]},{"@type":"ImageObject","inLanguage":"de-CH","@id":"https:\/\/www.capacity.swiss\/de\/accessfasttrack-mehrwert-der-investition\/#primaryimage","url":"https:\/\/www.capacity.swiss\/wp-content\/uploads\/2022\/06\/FINAL-AFT-Logo-Transparent-background-canva.png","contentUrl":"https:\/\/www.capacity.swiss\/wp-content\/uploads\/2022\/06\/FINAL-AFT-Logo-Transparent-background-canva.png"},{"@type":"BreadcrumbList","@id":"https:\/\/www.capacity.swiss\/de\/accessfasttrack-mehrwert-der-investition\/#breadcrumb","itemListElement":[{"@type":"ListItem","position":1,"name":"Home","item":"https:\/\/www.capacity.swiss\/de\/"},{"@type":"ListItem","position":2,"name":"Access Fast Track Mehrwert der Investition"}]},{"@type":"WebSite","@id":"https:\/\/www.capacity.swiss\/de\/#website","url":"https:\/\/www.capacity.swiss\/de\/","name":"Capacity","description":"Fostering Refugee &amp; Migrant Talent","publisher":{"@id":"https:\/\/www.capacity.swiss\/de\/#organization"},"potentialAction":[{"@type":"SearchAction","target":{"@type":"EntryPoint","urlTemplate":"https:\/\/www.capacity.swiss\/de\/?s={search_term_string}"},"query-input":{"@type":"PropertyValueSpecification","valueRequired":true,"valueName":"search_term_string"}}],"inLanguage":"de-CH"},{"@type":"Organization","@id":"https:\/\/www.capacity.swiss\/de\/#organization","name":"Capacity","url":"https:\/\/www.capacity.swiss\/de\/","logo":{"@type":"ImageObject","inLanguage":"de-CH","@id":"https:\/\/www.capacity.swiss\/de\/#\/schema\/logo\/image\/","url":"https:\/\/capacity.swiss\/wp-content\/uploads\/2023\/12\/2023-capacity-logo-long-new-Transparent-320-\u00d7-132-px.png","contentUrl":"https:\/\/capacity.swiss\/wp-content\/uploads\/2023\/12\/2023-capacity-logo-long-new-Transparent-320-\u00d7-132-px.png","width":560,"height":231,"caption":"Capacity"},"image":{"@id":"https:\/\/www.capacity.swiss\/de\/#\/schema\/logo\/image\/"}}]}},"_links":{"self":[{"href":"https:\/\/www.capacity.swiss\/de\/wp-json\/wp\/v2\/pages\/25423","targetHints":{"allow":["GET"]}}],"collection":[{"href":"https:\/\/www.capacity.swiss\/de\/wp-json\/wp\/v2\/pages"}],"about":[{"href":"https:\/\/www.capacity.swiss\/de\/wp-json\/wp\/v2\/types\/page"}],"author":[{"embeddable":true,"href":"https:\/\/www.capacity.swiss\/de\/wp-json\/wp\/v2\/users\/8"}],"replies":[{"embeddable":true,"href":"https:\/\/www.capacity.swiss\/de\/wp-json\/wp\/v2\/comments?post=25423"}],"version-history":[{"count":49,"href":"https:\/\/www.capacity.swiss\/de\/wp-json\/wp\/v2\/pages\/25423\/revisions"}],"predecessor-version":[{"id":25748,"href":"https:\/\/www.capacity.swiss\/de\/wp-json\/wp\/v2\/pages\/25423\/revisions\/25748"}],"wp:attachment":[{"href":"https:\/\/www.capacity.swiss\/de\/wp-json\/wp\/v2\/media?parent=25423"}],"curies":[{"name":"wp","href":"https:\/\/api.w.org\/{rel}","templated":true}]}}