{"id":2839,"date":"2019-08-28T13:35:13","date_gmt":"2019-08-28T13:35:13","guid":{"rendered":"http:\/\/www.capacityzurich.ch\/?page_id=2839"},"modified":"2021-12-03T11:59:14","modified_gmt":"2021-12-03T10:59:14","slug":"vergangene-events","status":"publish","type":"page","link":"https:\/\/www.capacity.swiss\/de\/news-2\/vergangene-events\/","title":{"rendered":"Vergangene Veranstaltungen"},"content":{"rendered":"[vc_row type=&#187;full_width_background&#187; full_screen_row_position=&#187;middle&#187; column_margin=&#187;default&#187; column_direction=&#187;default&#187; column_direction_tablet=&#187;default&#187; column_direction_phone=&#187;default&#187; bg_color=&#187;#74b453&#8243; scene_position=&#187;center&#187; top_padding=&#187;8%&#187; bottom_padding=&#187;8%&#187; text_color=&#187;light&#187; text_align=&#187;center&#187; row_border_radius=&#187;none&#187; row_border_radius_applies=&#187;bg&#187; overlay_strength=&#187;0.3&#8243; gradient_direction=&#187;left_to_right&#187; enable_shape_divider=&#187;true&#187; shape_divider_position=&#187;bottom&#187; shape_divider_height=&#187;200&#8243; bg_image_animation=&#187;none&#187; shape_type=&#187;curve_opacity&#187;][vc_column column_padding=&#187;no-extra-padding&#187; column_padding_tablet=&#187;inherit&#187; column_padding_phone=&#187;inherit&#187; column_padding_position=&#187;all&#187; background_color_opacity=&#187;1&#8243; background_hover_color_opacity=&#187;1&#8243; column_shadow=&#187;none&#187; column_border_radius=&#187;none&#187; column_link_target=&#187;_self&#187; gradient_direction=&#187;left_to_right&#187; overlay_strength=&#187;0.3&#8243; width=&#187;1\/1&#8243; tablet_width_inherit=&#187;default&#187; tablet_text_alignment=&#187;default&#187; phone_text_alignment=&#187;default&#187; column_border_width=&#187;none&#187; column_border_style=&#187;solid&#187; bg_image_animation=&#187;none&#187;][vc_column_text]\n<h1>Vergangene Events<\/h1>\n[\/vc_column_text][\/vc_column][\/vc_row][vc_row type=&#187;in_container&#187; full_screen_row_position=&#187;middle&#187; column_margin=&#187;default&#187; column_direction=&#187;default&#187; column_direction_tablet=&#187;default&#187; column_direction_phone=&#187;default&#187; scene_position=&#187;center&#187; text_color=&#187;dark&#187; text_align=&#187;left&#187; row_border_radius=&#187;none&#187; row_border_radius_applies=&#187;bg&#187; overlay_strength=&#187;0.3&#8243; gradient_direction=&#187;left_to_right&#187; shape_divider_position=&#187;bottom&#187; bg_image_animation=&#187;none&#187;][vc_column column_padding=&#187;no-extra-padding&#187; column_padding_tablet=&#187;inherit&#187; column_padding_phone=&#187;inherit&#187; column_padding_position=&#187;all&#187; background_color_opacity=&#187;1&#8243; background_hover_color_opacity=&#187;1&#8243; column_shadow=&#187;none&#187; column_border_radius=&#187;none&#187; column_link_target=&#187;_self&#187; gradient_direction=&#187;left_to_right&#187; overlay_strength=&#187;0.3&#8243; width=&#187;1\/1&#8243; tablet_width_inherit=&#187;default&#187; tablet_text_alignment=&#187;default&#187; phone_text_alignment=&#187;default&#187; column_border_width=&#187;none&#187; column_border_style=&#187;solid&#187; bg_image_animation=&#187;none&#187;][fancy_box box_style=&#187;color_box_hover&#187; icon_family=&#187;none&#187; image_url=&#187;5491&#8243; link_new_tab=&#187;true&#187; color=&#187;accent-color&#187; color_box_hover_overlay_opacity=&#187;default&#187; box_alignment=&#187;left&#187; border_radius=&#187;default&#187; image_loading=&#187;lazy-load&#187; link_url=&#187;https:\/\/www.youtube.com\/watch?v=qiMRAJI0x8A&#187;]\n<h1>Pitching a Dream<\/h1>\n<h2>Ein Anlass zum Feiern des Entrepreneurship von Gefl\u00fcchteten und Migrant:innen<\/h2>\n<h4>Freitag 12. November 2021<br \/>\nLIVE EVENT<\/h4>\n<h3><\/h3>\n<h3 style=\"padding-left: 40px; text-align: right;\">Schau dir das Video <span style=\"text-decoration: underline;\">hier<\/span> an!<\/h3>\n[\/fancy_box][fancy_box box_style=&#187;color_box_hover&#187; icon_family=&#187;none&#187; color=&#187;accent-color&#187; color_box_hover_overlay_opacity=&#187;default&#187; box_alignment=&#187;left&#187; border_radius=&#187;default&#187; image_loading=&#187;default&#187;]\n<h1>Pitching a Dream | Boost Refugee &amp; Migrant Entrepreneurship Ceremony<\/h1>\n<h3>Samstag 28. November 2020, 17:00 &#8211; 20:00 ONLINE EVENT<\/h3>\n<p data-key=\"75\"><span data-slate-fragment=\"JTdCJTIyb2JqZWN0JTIyJTNBJTIyZG9jdW1lbnQlMjIlMkMlMjJkYXRhJTIyJTNBJTdCJTdEJTJDJTIybm9kZXMlMjIlM0ElNUIlN0IlMjJvYmplY3QlMjIlM0ElMjJibG9jayUyMiUyQyUyMnR5cGUlMjIlM0ElMjJwYXJhZ3JhcGglMjIlMkMlMjJkYXRhJTIyJTNBJTdCJTIyY2xhc3NOYW1lJTIyJTNBbnVsbCU3RCUyQyUyMm5vZGVzJTIyJTNBJTVCJTdCJTIyb2JqZWN0JTIyJTNBJTIydGV4dCUyMiUyQyUyMmxlYXZlcyUyMiUzQSU1QiU3QiUyMm9iamVjdCUyMiUzQSUyMmxlYWYlMjIlMkMlMjJ0ZXh0JTIyJTNBJTIyV2lyJTIwbGFkZW4lMjBkaXIlMjBoZXJ6bGljaCUyMGVpbiUyQyUyMGFuJTIwdW5zZXJlciUyMFZlcmFuc3RhbHR1bmclMjB0ZWlsenVuZWhtZW4lMkMlMjB1bSUyMGRpZSUyMEZvcnRzY2hyaXR0ZSUyMHVuc2VyZXIlMjBFbnRyZXByZW5ldXJzJTIwenUlMjBmZWllcm4lMkMlMjB2b24lMjBpaHJlbiUyMElkZWVuJTIwenUlMjBoJUMzJUI2cmVuJTIwdW5kJTIwc2llJTIwYXVmJTIwamVkZSUyMG0lQzMlQjZnbGljaHN0ZSUyMEFydCUyMHVuZCUyMFdlaXNlJTIwenUlMjB1bnRlcnN0JUMzJUJDdHplbi4lMjBEdSUyMGthbm5zdCUyMFRlaWwlMjB1bnNlcmVyJTIwJTIzQ2FwYWNpdHlDYXJlcyUyMEJld2VndW5nJTIwc2VpbiUyMHVuZCUyMGVpbiUyMGFrdGl2ZXIlMjBBa3RldXIlMjBkZXMlMjBWZXIlQzMlQTRuZGVydW5nc3Byb3plc3NlcyUyMHdlcmRlbiElMjIlMkMlMjJtYXJrcyUyMiUzQSU1QiU1RCU3RCU1RCU3RCU1RCU3RCU1RCU3RA==\">Wir haben eingeladen, an unserer Veranstaltung teilzunehmen, um die <strong>Fortschritte unserer Entrepreneurs zu feiern<\/strong>, von ihren Ideen zu h\u00f6ren und sie auf jede m\u00f6gliche Art und Weise zu unterst\u00fctzen. Der Anlass hat den Teilnehmende auch die M\u00f6glichkeit gegeben, Teil unserer #CapacityCares Bewegung und ein aktiver Akteur des Ver\u00e4nderungsprozesses zu werden!<\/span><\/p>\n[\/fancy_box][fancy_box box_style=&#187;color_box_hover&#187; icon_family=&#187;none&#187; image_url=&#187;4361&#8243; color=&#187;accent-color&#187; color_box_hover_overlay_opacity=&#187;default&#187; box_alignment=&#187;left&#187; border_radius=&#187;default&#187; image_loading=&#187;default&#187;]\n<h1>Sinnvolle Freiwilligenarbeit<\/h1>\n<h3>Mittwoch 4. November 2020 12:15 &#8211; 13:45 ONLINE EVENT<\/h3>\n<p data-key=\"75\">In Partnerschaft mit der <strong>Fachstelle Integration Kanton Z\u00fcrich<\/strong> startete Capacity ENGAGE, ein offizielles <strong>Freiwilligenprogramm f\u00fcr Migrant*Innen und lokale <\/strong>Gemeinschaften, um sinnvolle M\u00f6glichkeiten f\u00fcr Freiwilligenarbeit im Bereich der Migration zu finden.<\/p>\n<p data-key=\"75\">Wir haben einen inklusiven interaktiven ONLINE Workshop gef\u00fchrt, um Orientierung und bew\u00e4hrte Praktiken f\u00fcr Sinnvolle Freiwilligenarbeit anzubieten.<\/p>\n[\/fancy_box][fancy_box box_style=&#187;color_box_hover&#187; icon_family=&#187;none&#187; image_url=&#187;3939&#8243; link_new_tab=&#187;true&#187; color=&#187;accent-color&#187; color_box_hover_overlay_opacity=&#187;default&#187; box_alignment=&#187;left&#187; border_radius=&#187;default&#187; image_loading=&#187;default&#187; link_url=&#187;https:\/\/www.linkedin.com\/feed\/update\/urn:li:activity:6571784532884762625&#8243;]\n<h1>Info-Abend f\u00fcr Gefl\u00fcchtete und Migranten |\u00a0Boost Entrepreneurship Programm<\/h1>\n<h3>Dienstag 4. August 2020 18:00 &#8211; 19:30 ZOOM EVENT<\/h3>\n<p data-key=\"75\"><span data-key=\"76\">Hast Du ein <strong data-slate-leaf=\"true\">validiertes gesch\u00e4ftliches oder soziales unternehmenrisches Projekt<\/strong>, das Du jetzt offiziell starten m\u00f6chtest?<\/span><\/p>\n<p data-key=\"79\"><span data-key=\"80\">Wir suchen nach <strong data-slate-leaf=\"true\">Entrepreneuren mit Fl\u00fcchtlingshintergrund<\/strong> und aus L\u00e4ndern, die von einer humanit\u00e4ren Krise bedroht sind, die einen P<strong data-slate-leaf=\"true\">rototyp, <\/strong>ein <strong data-slate-leaf=\"true\">minimal realisierbares Produkt (MVP)<\/strong> haben oder eine Marktforschung f\u00fcr das <strong data-slate-leaf=\"true\">gesch\u00e4ftliche oder soziokulturelle Projekt<\/strong>, das sie registrieren m\u00f6chten, durchgef\u00fchrt haben.<\/span><\/p>\n<p data-key=\"89\" data-slate-fragment=\"JTdCJTIyb2JqZWN0JTIyJTNBJTIyZG9jdW1lbnQlMjIlMkMlMjJkYXRhJTIyJTNBJTdCJTdEJTJDJTIybm9kZXMlMjIlM0ElNUIlN0IlMjJvYmplY3QlMjIlM0ElMjJibG9jayUyMiUyQyUyMnR5cGUlMjIlM0ElMjJwYXJhZ3JhcGglMjIlMkMlMjJkYXRhJTIyJTNBJTdCJTIyY2xhc3NOYW1lJTIyJTNBbnVsbCU3RCUyQyUyMm5vZGVzJTIyJTNBJTVCJTdCJTIyb2JqZWN0JTIyJTNBJTIydGV4dCUyMiUyQyUyMmxlYXZlcyUyMiUzQSU1QiU3QiUyMm9iamVjdCUyMiUzQSUyMmxlYWYlMjIlMkMlMjJ0ZXh0JTIyJTNBJTIySGFzdCUyMER1JTIwZWluJTIwJTIyJTJDJTIybWFya3MlMjIlM0ElNUIlNUQlN0QlMkMlN0IlMjJvYmplY3QlMjIlM0ElMjJsZWFmJTIyJTJDJTIydGV4dCUyMiUzQSUyMnZhbGlkaWVydGVzJTIwZ2VzY2glQzMlQTRmdGxpY2hlcyUyMG9kZXIlMjBzb3ppYWxlcyUyMHVudGVybmVobWVucmlzY2hlcyUyMFByb2pla3QlMjIlMkMlMjJtYXJrcyUyMiUzQSU1QiU3QiUyMm9iamVjdCUyMiUzQSUyMm1hcmslMjIlMkMlMjJ0eXBlJTIyJTNBJTIyYm9sZCUyMiUyQyUyMmRhdGElMjIlM0ElN0IlN0QlN0QlNUQlN0QlMkMlN0IlMjJvYmplY3QlMjIlM0ElMjJsZWFmJTIyJTJDJTIydGV4dCUyMiUzQSUyMiUyQyUyMGRhcyUyMER1JTIwamV0enQlMjBvZmZpemllbGwlMjBzdGFydGVuJTIwbSVDMyVCNmNodGVzdCUzRiUyMiUyQyUyMm1hcmtzJTIyJTNBJTVCJTVEJTdEJTVEJTdEJTVEJTdEJTJDJTdCJTIyb2JqZWN0JTIyJTNBJTIyYmxvY2slMjIlMkMlMjJ0eXBlJTIyJTNBJTIycGFyYWdyYXBoJTIyJTJDJTIyZGF0YSUyMiUzQSU3QiUyMmNsYXNzTmFtZSUyMiUzQW51bGwlN0QlMkMlMjJub2RlcyUyMiUzQSU1QiU3QiUyMm9iamVjdCUyMiUzQSUyMnRleHQlMjIlMkMlMjJsZWF2ZXMlMjIlM0ElNUIlN0IlMjJvYmplY3QlMjIlM0ElMjJsZWFmJTIyJTJDJTIydGV4dCUyMiUzQSUyMldpciUyMHN1Y2hlbiUyMG5hY2glMjAlMjIlMkMlMjJtYXJrcyUyMiUzQSU1QiU1RCU3RCUyQyU3QiUyMm9iamVjdCUyMiUzQSUyMmxlYWYlMjIlMkMlMjJ0ZXh0JTIyJTNBJTIyRW50cmVwcmVuZXVyZW4lMjBtaXQlMjBGbCVDMyVCQ2NodGxpbmdzaGludGVyZ3J1bmQlMjIlMkMlMjJtYXJrcyUyMiUzQSU1QiU3QiUyMm9iamVjdCUyMiUzQSUyMm1hcmslMjIlMkMlMjJ0eXBlJTIyJTNBJTIyYm9sZCUyMiUyQyUyMmRhdGElMjIlM0ElN0IlN0QlN0QlNUQlN0QlMkMlN0IlMjJvYmplY3QlMjIlM0ElMjJsZWFmJTIyJTJDJTIydGV4dCUyMiUzQSUyMiUyMHVuZCUyMGF1cyUyMEwlQzMlQTRuZGVybiUyQyUyMGRpZSUyMHZvbiUyMGVpbmVyJTIwaHVtYW5pdCVDMyVBNHJlbiUyMEtyaXNlJTIwYmVkcm9odCUyMHNpbmQlMkMlMjBkaWUlMjBlaW5lbiUyMFAlMjIlMkMlMjJtYXJrcyUyMiUzQSU1QiU1RCU3RCUyQyU3QiUyMm9iamVjdCUyMiUzQSUyMmxlYWYlMjIlMkMlMjJ0ZXh0JTIyJTNBJTIycm90b3R5cCUyQyUyMCUyMiUyQyUyMm1hcmtzJTIyJTNBJTVCJTdCJTIyb2JqZWN0JTIyJTNBJTIybWFyayUyMiUyQyUyMnR5cGUlMjIlM0ElMjJib2xkJTIyJTJDJTIyZGF0YSUyMiUzQSU3QiU3RCU3RCU1RCU3RCUyQyU3QiUyMm9iamVjdCUyMiUzQSUyMmxlYWYlMjIlMkMlMjJ0ZXh0JTIyJTNBJTIyZWluJTIwJTIyJTJDJTIybWFya3MlMjIlM0ElNUIlNUQlN0QlMkMlN0IlMjJvYmplY3QlMjIlM0ElMjJsZWFmJTIyJTJDJTIydGV4dCUyMiUzQSUyMm1pbmltYWwlMjByZWFsaXNpZXJiYXJlcyUyMFByb2R1a3QlMjAoTVZQKSUyMiUyQyUyMm1hcmtzJTIyJTNBJTVCJTdCJTIyb2JqZWN0JTIyJTNBJTIybWFyayUyMiUyQyUyMnR5cGUlMjIlM0ElMjJib2xkJTIyJTJDJTIyZGF0YSUyMiUzQSU3QiU3RCU3RCU1RCU3RCUyQyU3QiUyMm9iamVjdCUyMiUzQSUyMmxlYWYlMjIlMkMlMjJ0ZXh0JTIyJTNBJTIyJTIwaGFiZW4lMjBvZGVyJTIwZWluZSUyME1hcmt0Zm9yc2NodW5nJTIwZiVDMyVCQ3IlMjBkYXMlMjAlMjIlMkMlMjJtYXJrcyUyMiUzQSU1QiU1RCU3RCUyQyU3QiUyMm9iamVjdCUyMiUzQSUyMmxlYWYlMjIlMkMlMjJ0ZXh0JTIyJTNBJTIyZ2VzY2glQzMlQTRmdGxpY2hlJTIwb2RlciUyMHNvemlva3VsdHVyZWxsZSUyMFByb2pla3QlMjIlMkMlMjJtYXJrcyUyMiUzQSU1QiU3QiUyMm9iamVjdCUyMiUzQSUyMm1hcmslMjIlMkMlMjJ0eXBlJTIyJTNBJTIyYm9sZCUyMiUyQyUyMmRhdGElMjIlM0ElN0IlN0QlN0QlNUQlN0QlMkMlN0IlMjJvYmplY3QlMjIlM0ElMjJsZWFmJTIyJTJDJTIydGV4dCUyMiUzQSUyMiUyQyUyMGRhcyUyMHNpZSUyMHJlZ2lzdHJpZXJlbiUyMG0lQzMlQjZjaHRlbiUyQyUyMGR1cmNoZ2VmJUMzJUJDaHJ0JTIwaGFiZW4uJTIyJTJDJTIybWFya3MlMjIlM0ElNUIlNUQlN0QlNUQlN0QlNUQlN0QlMkMlN0IlMjJvYmplY3QlMjIlM0ElMjJibG9jayUyMiUyQyUyMnR5cGUlMjIlM0ElMjJwYXJhZ3JhcGglMjIlMkMlMjJkYXRhJTIyJTNBJTdCJTIyY2xhc3NOYW1lJTIyJTNBbnVsbCU3RCUyQyUyMm5vZGVzJTIyJTNBJTVCJTdCJTIyb2JqZWN0JTIyJTNBJTIydGV4dCUyMiUyQyUyMmxlYXZlcyUyMiUzQSU1QiU3QiUyMm9iamVjdCUyMiUzQSUyMmxlYWYlMjIlMkMlMjJ0ZXh0JTIyJTNBJTIyTmltbSUyMGFuJTIwdW5zZXJlciUyMiUyQyUyMm1hcmtzJTIyJTNBJTVCJTVEJTdEJTJDJTdCJTIyb2JqZWN0JTIyJTNBJTIybGVhZiUyMiUyQyUyMnRleHQlMjIlM0ElMjIlMjBPbmxpbmUtSW5mb3NpdHp1bmclMjIlMkMlMjJtYXJrcyUyMiUzQSU1QiU3QiUyMm9iamVjdCUyMiUzQSUyMm1hcmslMjIlMkMlMjJ0eXBlJTIyJTNBJTIyYm9sZCUyMiUyQyUyMmRhdGElMjIlM0ElN0IlN0QlN0QlNUQlN0QlMkMlN0IlMjJvYmplY3QlMjIlM0ElMjJsZWFmJTIyJTJDJTIydGV4dCUyMiUzQSUyMiUyMHRlaWwlMkMlMjB1bSUyMG1laHIlMjAlQzMlQkNiZXIlMjB1bnNlciUyMGJldm9yc3RlaGVuZGVzJTIwRW50cmVwcmVuZXVyc2hpcCUyMFByb2dyYW1tJTIwenUlMjBsZXJuZW4lMjB1bmQlMjB6dSUyMGVyZmFocmVuJTJDJTIwJTIyJTJDJTIybWFya3MlMjIlM0ElNUIlNUQlN0QlMkMlN0IlMjJvYmplY3QlMjIlM0ElMjJsZWFmJTIyJTJDJTIydGV4dCUyMiUzQSUyMndpZSUyMGR1JTIwZGljaCUyMGJld2VyYmVuJTIwa2FubnN0ISUyMiUyQyUyMm1hcmtzJTIyJTNBJTVCJTdCJTIyb2JqZWN0JTIyJTNBJTIybWFyayUyMiUyQyUyMnR5cGUlMjIlM0ElMjJib2xkJTIyJTJDJTIyZGF0YSUyMiUzQSU3QiU3RCU3RCU1RCU3RCU1RCU3RCU1RCU3RCUyQyU3QiUyMm9iamVjdCUyMiUzQSUyMmJsb2NrJTIyJTJDJTIydHlwZSUyMiUzQSUyMnBhcmFncmFwaCUyMiUyQyUyMmRhdGElMjIlM0ElN0IlMjJjbGFzc05hbWUlMjIlM0FudWxsJTdEJTJDJTIybm9kZXMlMjIlM0ElNUIlN0IlMjJvYmplY3QlMjIlM0ElMjJ0ZXh0JTIyJTJDJTIybGVhdmVzJTIyJTNBJTVCJTdCJTIyb2JqZWN0JTIyJTNBJTIybGVhZiUyMiUyQyUyMnRleHQlMjIlM0ElMjIlMjIlMkMlMjJtYXJrcyUyMiUzQSU1QiU1RCU3RCU1RCU3RCU1RCU3RCU1RCU3RA==\"><span data-key=\"90\">Nimm an unserer<strong data-slate-leaf=\"true\"> Online-Infositzung<\/strong> teil, um mehr \u00fcber unser bevorstehendes Entrepreneurship Programm zu lernen und zu erfahren, <strong data-slate-leaf=\"true\">wie du dich bewerben kannst!<\/strong><\/span><\/p>\n[\/fancy_box][fancy_box box_style=&#187;color_box_hover&#187; icon_family=&#187;none&#187; image_url=&#187;2859&#8243; link_new_tab=&#187;true&#187; color=&#187;Extra-Color-3&#8243; color_box_hover_overlay_opacity=&#187;default&#187; box_alignment=&#187;left&#187; border_radius=&#187;default&#187; image_loading=&#187;default&#187; link_url=&#187;https:\/\/www.linkedin.com\/feed\/update\/urn:li:activity:6571784532884762625&#8243;]\n<h1>Storytelling for Inclusion | Gastronomy Edition<\/h1>\n<p>Diese Veranstaltung besch\u00e4ftigte sich mit der Bedeutung von Essen und wie es unsere Gesellschaft n\u00e4her zusammen bringen kann. Die Besucher durften Gerichte probieren, deren Zutaten und Rezepte aus verschiedensten L\u00e4ndern stammen und interessante Migrationsgeschichten vermitteln. Gastronomie ist gleichzeitig auch eine grossartige Plattform f\u00fcr den Aufbau unternehmerischer Talente, wie die Foodpreneurs von Capacity beweisen.[\/fancy_box][fancy_box box_style=&#187;color_box_hover&#187; icon_family=&#187;fontawesome&#187; image_url=&#187;2799&#8243; link_new_tab=&#187;true&#187; color=&#187;Extra-Color-3&#8243; color_box_hover_overlay_opacity=&#187;default&#187; box_alignment=&#187;left&#187; enable_border=&#187;true&#187; border_radius=&#187;default&#187; image_loading=&#187;default&#187; link_url=&#187;https:\/\/capacity.swiss\/wp-content\/uploads\/2019\/07\/Newsletter_July2019_GE-2.pdf&#187;]\n<h1>PopUp Fair &amp; Weltfl\u00fcchtlingstag<\/h1>\n<div style=\"text-align: left;\">Der Weltfl\u00fcchtlingstag war ein perfekter Anlass f\u00fcr die Teilnehnden von Capacity 2019, um bei unserer j\u00e4hrlichen PopUp-Messe zu gl\u00e4nzen. In den Worten unserer Unternehmer*innen:<\/div>\n<div><\/div>\n<div><\/div>\n<div><\/div>\n<ul>\n<li><em>&#171;Was gibt es Besseres, als dem schwierigen Realit\u00e4t zu entkommen und eine neue Familie in der Schweiz zu finden, die Capacity-Familie.&#187;<\/em><\/li>\n<\/ul>\n<div><\/div>\n<ul>\n<li><em>&#171;Es gibt ein Leben vor, w\u00e4hrend und nach Capacity.&#187;<\/em><\/li>\n<\/ul>\n<div><\/div>\n<ul>\n<li><em>&#171;Ich kam ohne Freunde und mit einer wilden Gesch\u00e4ftsidee, und ich konnte mir nicht vorstellen, dass Zauberei m\u00f6glich ist.&#187; <\/em><\/li>\n<\/ul>\n<div><\/div>\n<ul>\n<li><em>&#171;Ich hatte diese Idee seit mehr als zehn Jahren&#8230;. Es ist alles m\u00f6glich dank dieses Programms. Danke, dass ihr meine Grenzen \u00fcbertroffen habt.&#187;<\/em><\/li>\n<\/ul>\n<div><\/div>\n<ul>\n<li><em>&#171;Als Fl\u00fcchtling in der Schweiz f\u00fchlte ich mich, als w\u00fcrde ich auf einer anderen Insel leben. Dieses Programm half mir, neue Leute kennenzulernen, Aufmerksamkeit auf meine Arbeit zu lenken und mein Projekt und meine Ziele zu kommunizieren. Ich kann mir mein Leben ohne Capacity nicht vorstellen.&#187;<\/em><\/li>\n<\/ul>\n<div><\/div>\n<ul>\n<li><em>&#171;Du kannst Capacity verlassen, aber Capacity verl\u00e4sst dich nie.&#187;<\/em><\/li>\n<\/ul>\n<div><\/div>\n<div><\/div>\n<div><\/div>\n<div style=\"text-align: left;\"><a href=\"https:\/\/capacity.swiss\/wp-content\/uploads\/2019\/07\/Newsletter_July2019_GE-2.pdf\">Dies sind einige der visuellen Eindr\u00fccke unserer wachsenden Capacity-Familie<\/a> auf der diesj\u00e4hrigen PopUp Fair und dem Weltfl\u00fcchtlingstag!<\/div>\n[\/fancy_box][fancy_box box_style=&#187;color_box_hover&#187; icon_family=&#187;fontawesome&#187; image_url=&#187;2806&#8243; link_new_tab=&#187;true&#187; color=&#187;Extra-Color-3&#8243; color_box_hover_overlay_opacity=&#187;default&#187; box_alignment=&#187;left&#187; border_radius=&#187;default&#187; image_loading=&#187;default&#187; link_url=&#187;https:\/\/www.linkedin.com\/feed\/update\/urn:li:activity:6571784532884762625&#8243;]\n<h1>INFOCUS-Konferenz bei den Vereinten Nationen<\/h1>\n<p>Capacity nahm zum zweiten Mal in Folge an der INFOCUS-Konferenz \u00fcber Freiwilligenarbeit und soziale Transformation teil. Unsere Mitgrunderin, Valentina S. Velandia, hat das Panel zum Thema &#171;Sicherstellung der Chancengleichheit f\u00fcr Entwicklung: Fokus auf Bildung und Arbeit&#187; moderiert. Sie sprach \u00fcber die Bedeutung unserer Programme f\u00fcr Unternehmertum und Ausbildung bei der Entwicklung von M\u00f6glichkeiten f\u00fcr Fl\u00fcchtlinge und Migranten, sich selbst zu erhalten und integrativere Gesellschaften aufzubauen.[\/fancy_box][fancy_box box_style=&#187;color_box_hover&#187; icon_family=&#187;fontawesome&#187; image_url=&#187;2863&#8243; link_new_tab=&#187;true&#187; color=&#187;Extra-Color-3&#8243; color_box_hover_overlay_opacity=&#187;default&#187; box_alignment=&#187;left&#187; border_radius=&#187;default&#187; image_loading=&#187;default&#187; link_url=&#187;https:\/\/www.linkedin.com\/feed\/update\/urn:li:activity:6538368772615483392&#8243;]\n<h1>Storytelling for Inclusion | Migration Edition<\/h1>\n<p>Es war ein gem\u00fctlicher Abend, an dem unsere Geschichtenerz\u00e4hler ein offenes Buch waren und viele inspirierende und kraftvolle Lektionen teilten.<\/p>\n<p>Diese Veranstaltung ist Teil des neuen Moduls von Capacity, das darauf abzielt, die Rolle von UnternehmerInnen mit Flucht und Migrationshintergrund durch die Kraft des pers\u00f6nlichen und professionellen Storytellings neu zu definieren.[\/fancy_box][fancy_box box_style=&#187;color_box_hover&#187; icon_family=&#187;fontawesome&#187; image_url=&#187;2812&#8243; link_new_tab=&#187;true&#187; color=&#187;Extra-Color-3&#8243; color_box_hover_overlay_opacity=&#187;default&#187; box_alignment=&#187;left&#187; border_radius=&#187;default&#187; image_loading=&#187;default&#187; link_url=&#187;https:\/\/sph.ethz.ch\/event\/shackathon\/&#187;]\n<h1>Der Social Hackathon der ETH &amp; Capacity<\/h1>\n<p>Unser Social Hackathon war eine praktische Lernm\u00f6glichkeit und eine gute Gelegenheit, sich von sechs talentierten Social Entrepreneurs aus der Capacity Community inspirieren zu lassen und mit ihnen an ihren impactsorientierten Projekten zusammenzuarbeiten.<\/p>\n<p>Wir haben ETH-Studenten eingeladen, L\u00f6sungen f\u00fcr einen Tag in einem energiereichen Umfeld mitzugestalten und zu testen, um die gestellten technischen Fragen zu beantworten.\u00a0Die Teams erhielten w\u00e4hrend des Tages von einer Expertengruppe und nach den letzten Pitches vom Publikum Feedback zu ihren Prototypen.[\/fancy_box][fancy_box box_style=&#187;color_box_hover&#187; icon_family=&#187;fontawesome&#187; image_url=&#187;2865&#8243; link_new_tab=&#187;true&#187; color=&#187;Extra-Color-3&#8243; color_box_hover_overlay_opacity=&#187;default&#187; box_alignment=&#187;left&#187; border_radius=&#187;default&#187; image_loading=&#187;default&#187; link_url=&#187;https:\/\/www.facebook.com\/CapacityZurich\/photos\/a.1235942763099775\/2354439334583440\/?type=3&amp;theater&#187;]\n<h1>Pitch Party<\/h1>\n<p>Jedes Jahr feiert Capacity den Abschluss jedes Programms mit einer Abschlusszeremonie und einer Pitch-Party. An diesem Anlass begr\u00fcssen wir die engagierten, leidenschaftlichen und sozialbewussten Entrepreneure, Trainer\/Mentoren und Exekutive von Zurich, die sich zu einem feierlichen Abend des Austauschs und der Inspiration treffen.[\/fancy_box][\/vc_column][\/vc_row][vc_row type=&#187;in_container&#187; full_screen_row_position=&#187;middle&#187; column_margin=&#187;default&#187; column_direction=&#187;default&#187; column_direction_tablet=&#187;default&#187; column_direction_phone=&#187;default&#187; scene_position=&#187;center&#187; top_padding=&#187;6%&#187; bottom_padding=&#187;3%&#187; text_color=&#187;dark&#187; text_align=&#187;center&#187; row_border_radius=&#187;none&#187; row_border_radius_applies=&#187;bg&#187; overlay_strength=&#187;0.3&#8243; gradient_direction=&#187;left_to_right&#187; shape_divider_position=&#187;bottom&#187; bg_image_animation=&#187;none&#187;][vc_column column_padding=&#187;no-extra-padding&#187; column_padding_tablet=&#187;inherit&#187; column_padding_phone=&#187;inherit&#187; column_padding_position=&#187;left-right&#187; background_color_opacity=&#187;1&#8243; background_hover_color_opacity=&#187;1&#8243; column_shadow=&#187;none&#187; column_border_radius=&#187;none&#187; column_link_target=&#187;_self&#187; gradient_direction=&#187;left_to_right&#187; overlay_strength=&#187;0.3&#8243; width=&#187;1\/1&#8243; tablet_width_inherit=&#187;default&#187; tablet_text_alignment=&#187;default&#187; phone_text_alignment=&#187;default&#187; column_border_width=&#187;none&#187; column_border_style=&#187;solid&#187; bg_image_animation=&#187;none&#187;][\/vc_column][\/vc_row][vc_row type=&#187;in_container&#187; full_screen_row_position=&#187;middle&#187; column_margin=&#187;default&#187; column_direction=&#187;default&#187; column_direction_tablet=&#187;default&#187; column_direction_phone=&#187;default&#187; scene_position=&#187;center&#187; top_padding=&#187;6%&#187; bottom_padding=&#187;3%&#187; text_color=&#187;dark&#187; text_align=&#187;center&#187; row_border_radius=&#187;none&#187; row_border_radius_applies=&#187;bg&#187; overlay_strength=&#187;0.3&#8243; gradient_direction=&#187;left_to_right&#187; shape_divider_position=&#187;bottom&#187; bg_image_animation=&#187;none&#187;][vc_column column_padding=&#187;no-extra-padding&#187; column_padding_tablet=&#187;inherit&#187; column_padding_phone=&#187;inherit&#187; column_padding_position=&#187;left-right&#187; background_color_opacity=&#187;1&#8243; background_hover_color_opacity=&#187;1&#8243; column_shadow=&#187;none&#187; column_border_radius=&#187;none&#187; column_link_target=&#187;_self&#187; gradient_direction=&#187;left_to_right&#187; overlay_strength=&#187;0.3&#8243; width=&#187;1\/1&#8243; tablet_width_inherit=&#187;default&#187; tablet_text_alignment=&#187;default&#187; phone_text_alignment=&#187;default&#187; column_border_width=&#187;none&#187; column_border_style=&#187;solid&#187; bg_image_animation=&#187;none&#187;]<div class=\"templatera_shortcode\">\n\t\t<div id=\"fws_69f2846ae8aa4\"  data-column-margin=\"default\" data-midnight=\"light\" data-top-percent=\"6%\" data-bottom-percent=\"8%\"  class=\"wpb_row vc_row-fluid vc_row full-width-section vc_row-o-equal-height vc_row-flex vc_row-o-content-middle\"  style=\"padding-top: calc(100vw * 0.06); padding-bottom: calc(100vw * 0.08); \"><div class=\"row-bg-wrap\" data-bg-animation=\"none\" data-bg-animation-delay=\"\" data-bg-overlay=\"false\"><div class=\"inner-wrap row-bg-layer\" ><div class=\"row-bg viewport-desktop using-bg-color\"  style=\"background-color: #72b54d; \"><\/div><\/div><\/div><div class=\"nectar-shape-divider-wrap \" style=\" height:150px;\"  data-height=\"150\" data-front=\"\" data-style=\"mountains\" data-position=\"bottom\" ><svg class=\"nectar-shape-divider\" fill=\"#252525\" xmlns=\"http:\/\/www.w3.org\/2000\/svg\" viewBox=\"0 0 1000 300\" preserveAspectRatio=\"none\">\n          <path d=\"M 1014 264 v 122 h -808 l -172 -86 s 310.42 -22.84 402 -79 c 106 -65 154 -61 268 -12 c 107 46 195.11 5.94 275 137 z\"><\/path>   <path d=\"M -302 55 s 235.27 208.25 352 159 c 128 -54 233 -98 303 -73 c 92.68 33.1 181.28 115.19 235 108 c 104.9 -14 176.52 -173.06 267 -118 c 85.61 52.09 145 123 145 123 v 74 l -1306 10 z\"><\/path>\n          <path d=\"M -286 255 s 214 -103 338 -129 s 203 29 384 101 c 145.57 57.91 178.7 50.79 272 0 c 79 -43 301 -224 385 -63 c 53 101.63 -62 129 -62 129 l -107 84 l -1212 12 z\"><\/path>\n          <path d=\"M -24 69 s 299.68 301.66 413 245 c 8 -4 233 2 284 42 c 17.47 13.7 172 -132 217 -174 c 54.8 -51.15 128 -90 188 -39 c 76.12 64.7 118 99 118 99 l -12 132 l -1212 12 z\"><\/path>\n          <path d=\"M -12 201 s 70 83 194 57 s 160.29 -36.77 274 6 c 109 41 184.82 24.36 265 -15 c 55 -27 116.5 -57.69 214 4 c 49 31 95 26 95 26 l -6 151 l -1036 10 z\"><\/path> <\/svg><\/div><div class=\"row_col_wrap_12 col span_12 light left\">\n\t<div  class=\"vc_col-sm-6 verticalDivider wpb_column column_container vc_column_container col centered-text no-extra-padding inherit_tablet inherit_phone \"  data-padding-pos=\"left-right\" data-has-bg-color=\"false\" data-bg-color=\"\" data-bg-opacity=\"1\" data-animation=\"\" data-delay=\"0\" >\n\t\t<div class=\"vc_column-inner\" >\n\t\t\t<div class=\"wpb_wrapper\">\n\t\t\t\t\n<div class=\"wpb_text_column wpb_content_element \" >\n\t<div class=\"wpb_wrapper\">\n\t\t<h6>Bleib dran mit Capacity und<\/h6>\n<h3>FOLGE UNS!<\/h3>\n\t<\/div>\n<\/div>\n\n\n\n<div class=\"nectar_icon_wrap \" data-style=\"default\" data-padding=\"20px\" data-color=\"extra-color-1\" style=\"\" >\n\t\t<div class=\"nectar_icon\" ><a href=\"https:\/\/www.linkedin.com\/company\/capacity-zurich\/\" target=\"_blank\"><\/a><i style=\"font-size: 30px; line-height: 30px; height: 30px; width: 30px;\" class=\"fa fa-linkedin-square\"><\/i><\/div>\n\t<\/div><div class=\"nectar_icon_wrap \" data-style=\"default\" data-padding=\"20px\" data-color=\"extra-color-1\" style=\"\" >\n\t\t<div class=\"nectar_icon\" ><a href=\"https:\/\/www.instagram.com\/capacityzurich\/\" target=\"_blank\"><\/a><i style=\"font-size: 30px; line-height: 30px; height: 30px; width: 30px;\" class=\"fa fa-instagram\"><\/i><\/div>\n\t<\/div><div class=\"nectar_icon_wrap \" data-style=\"default\" data-padding=\"20px\" data-color=\"extra-color-1\" style=\"\" >\n\t\t<div class=\"nectar_icon\" ><a href=\"https:\/\/www.facebook.com\/CapacityZurich\/\" target=\"_blank\"><\/a><i style=\"font-size: 30px; line-height: 30px; height: 30px; width: 30px;\" class=\"fa fa-facebook-square\"><\/i><\/div>\n\t<\/div>\n\t\t\t<\/div> \n\t\t<\/div>\n\t<\/div> \n\n\t<div  class=\"vc_col-sm-6 wpb_column column_container vc_column_container col centered-text no-extra-padding inherit_tablet inherit_phone \"  data-padding-pos=\"all\" data-has-bg-color=\"false\" data-bg-color=\"\" data-bg-opacity=\"1\" data-animation=\"\" data-delay=\"0\" >\n\t\t<div class=\"vc_column-inner\" >\n\t\t\t<div class=\"wpb_wrapper\">\n\t\t\t\t\n<div class=\"wpb_text_column wpb_content_element \" >\n\t<div class=\"wpb_wrapper\">\n\t\t<h6>Unterst\u00fctze Capacity und<\/h6>\n<h3>MACH DEN UNTERSCHIED!<\/h3>\n\t<\/div>\n<\/div>\n\n\n\n<a class=\"nectar-button large see-through accent-color\"  style=\"margin-top: 20px; border-color: #ffffff; color: #ffffff;\"  href=\"\/de\/spenden\/\" data-color-override=\"#ffffff\" data-hover-color-override=\"false\" data-hover-text-color-override=\"#fff\"><span>Jetzt spenden<\/span><\/a>\n\t\t\t<\/div> \n\t\t<\/div>\n\t<\/div> \n<\/div><\/div><\/div>[\/vc_column][\/vc_row]\n","protected":false},"excerpt":{"rendered":"Bleib dran mit Capacity und FOLGE UNS! Unterst\u00fctze Capacity und MACH DEN UNTERSCHIED! Jetzt spenden","protected":false},"author":8,"featured_media":2783,"parent":1464,"menu_order":157,"comment_status":"closed","ping_status":"closed","template":"","meta":{"inline_featured_image":false,"footnotes":""},"class_list":["post-2839","page","type-page","status-publish","has-post-thumbnail"],"yoast_head":"<!-- This site is optimized with the Yoast SEO plugin v27.5 - https:\/\/yoast.com\/product\/yoast-seo-wordpress\/ -->\n<title>Vergangene Veranstaltungen - Capacity<\/title>\n<meta name=\"robots\" content=\"index, follow, max-snippet:-1, max-image-preview:large, max-video-preview:-1\" \/>\n<link rel=\"canonical\" href=\"https:\/\/www.capacity.swiss\/de\/news-2\/vergangene-events\/\" \/>\n<meta property=\"og:locale\" content=\"de_DE\" \/>\n<meta property=\"og:type\" content=\"article\" \/>\n<meta property=\"og:title\" content=\"Vergangene Veranstaltungen - Capacity\" \/>\n<meta property=\"og:url\" content=\"https:\/\/www.capacity.swiss\/de\/news-2\/vergangene-events\/\" \/>\n<meta property=\"og:site_name\" content=\"Capacity\" \/>\n<meta property=\"article:modified_time\" content=\"2021-12-03T10:59:14+00:00\" \/>\n<meta property=\"og:image\" content=\"https:\/\/www.capacity.swiss\/wp-content\/uploads\/2019\/08\/L1150357Custom-Name-1024x683.jpg\" \/>\n\t<meta property=\"og:image:width\" content=\"1024\" \/>\n\t<meta property=\"og:image:height\" content=\"683\" \/>\n\t<meta property=\"og:image:type\" content=\"image\/jpeg\" \/>\n<meta name=\"twitter:card\" content=\"summary_large_image\" \/>\n<meta name=\"twitter:label1\" content=\"Gesch\u00e4tzte Lesezeit\" \/>\n\t<meta name=\"twitter:data1\" content=\"9\u00a0Minuten\" \/>\n<script type=\"application\/ld+json\" class=\"yoast-schema-graph\">{\"@context\":\"https:\\\/\\\/schema.org\",\"@graph\":[{\"@type\":\"WebPage\",\"@id\":\"https:\\\/\\\/www.capacity.swiss\\\/de\\\/news-2\\\/vergangene-events\\\/\",\"url\":\"https:\\\/\\\/www.capacity.swiss\\\/de\\\/news-2\\\/vergangene-events\\\/\",\"name\":\"Vergangene Veranstaltungen - Capacity\",\"isPartOf\":{\"@id\":\"https:\\\/\\\/www.capacity.swiss\\\/de\\\/#website\"},\"primaryImageOfPage\":{\"@id\":\"https:\\\/\\\/www.capacity.swiss\\\/de\\\/news-2\\\/vergangene-events\\\/#primaryimage\"},\"image\":{\"@id\":\"https:\\\/\\\/www.capacity.swiss\\\/de\\\/news-2\\\/vergangene-events\\\/#primaryimage\"},\"thumbnailUrl\":\"https:\\\/\\\/www.capacity.swiss\\\/wp-content\\\/uploads\\\/2019\\\/08\\\/L1150357Custom-Name-scaled.jpg\",\"datePublished\":\"2019-08-28T13:35:13+00:00\",\"dateModified\":\"2021-12-03T10:59:14+00:00\",\"breadcrumb\":{\"@id\":\"https:\\\/\\\/www.capacity.swiss\\\/de\\\/news-2\\\/vergangene-events\\\/#breadcrumb\"},\"inLanguage\":\"de-CH\",\"potentialAction\":[{\"@type\":\"ReadAction\",\"target\":[\"https:\\\/\\\/www.capacity.swiss\\\/de\\\/news-2\\\/vergangene-events\\\/\"]}]},{\"@type\":\"ImageObject\",\"inLanguage\":\"de-CH\",\"@id\":\"https:\\\/\\\/www.capacity.swiss\\\/de\\\/news-2\\\/vergangene-events\\\/#primaryimage\",\"url\":\"https:\\\/\\\/www.capacity.swiss\\\/wp-content\\\/uploads\\\/2019\\\/08\\\/L1150357Custom-Name-scaled.jpg\",\"contentUrl\":\"https:\\\/\\\/www.capacity.swiss\\\/wp-content\\\/uploads\\\/2019\\\/08\\\/L1150357Custom-Name-scaled.jpg\",\"width\":2560,\"height\":1707},{\"@type\":\"BreadcrumbList\",\"@id\":\"https:\\\/\\\/www.capacity.swiss\\\/de\\\/news-2\\\/vergangene-events\\\/#breadcrumb\",\"itemListElement\":[{\"@type\":\"ListItem\",\"position\":1,\"name\":\"Home\",\"item\":\"https:\\\/\\\/www.capacity.swiss\\\/de\\\/\"},{\"@type\":\"ListItem\",\"position\":2,\"name\":\"Vergangene Capacity Events\",\"item\":\"https:\\\/\\\/www.capacity.swiss\\\/de\\\/?page_id=1451\"},{\"@type\":\"ListItem\",\"position\":3,\"name\":\"Vergangene Veranstaltungen\"}]},{\"@type\":\"WebSite\",\"@id\":\"https:\\\/\\\/www.capacity.swiss\\\/de\\\/#website\",\"url\":\"https:\\\/\\\/www.capacity.swiss\\\/de\\\/\",\"name\":\"Capacity\",\"description\":\"Fostering Refugee &amp; Migrant Talent\",\"publisher\":{\"@id\":\"https:\\\/\\\/www.capacity.swiss\\\/de\\\/#organization\"},\"potentialAction\":[{\"@type\":\"SearchAction\",\"target\":{\"@type\":\"EntryPoint\",\"urlTemplate\":\"https:\\\/\\\/www.capacity.swiss\\\/de\\\/?s={search_term_string}\"},\"query-input\":{\"@type\":\"PropertyValueSpecification\",\"valueRequired\":true,\"valueName\":\"search_term_string\"}}],\"inLanguage\":\"de-CH\"},{\"@type\":\"Organization\",\"@id\":\"https:\\\/\\\/www.capacity.swiss\\\/de\\\/#organization\",\"name\":\"Capacity\",\"url\":\"https:\\\/\\\/www.capacity.swiss\\\/de\\\/\",\"logo\":{\"@type\":\"ImageObject\",\"inLanguage\":\"de-CH\",\"@id\":\"https:\\\/\\\/www.capacity.swiss\\\/de\\\/#\\\/schema\\\/logo\\\/image\\\/\",\"url\":\"https:\\\/\\\/capacity.swiss\\\/wp-content\\\/uploads\\\/2023\\\/12\\\/2023-capacity-logo-long-new-Transparent-320-\u00d7-132-px.png\",\"contentUrl\":\"https:\\\/\\\/capacity.swiss\\\/wp-content\\\/uploads\\\/2023\\\/12\\\/2023-capacity-logo-long-new-Transparent-320-\u00d7-132-px.png\",\"width\":560,\"height\":231,\"caption\":\"Capacity\"},\"image\":{\"@id\":\"https:\\\/\\\/www.capacity.swiss\\\/de\\\/#\\\/schema\\\/logo\\\/image\\\/\"}}]}<\/script>\n<!-- \/ Yoast SEO plugin. -->","yoast_head_json":{"title":"Vergangene Veranstaltungen - Capacity","robots":{"index":"index","follow":"follow","max-snippet":"max-snippet:-1","max-image-preview":"max-image-preview:large","max-video-preview":"max-video-preview:-1"},"canonical":"https:\/\/www.capacity.swiss\/de\/news-2\/vergangene-events\/","og_locale":"de_DE","og_type":"article","og_title":"Vergangene Veranstaltungen - Capacity","og_url":"https:\/\/www.capacity.swiss\/de\/news-2\/vergangene-events\/","og_site_name":"Capacity","article_modified_time":"2021-12-03T10:59:14+00:00","og_image":[{"width":1024,"height":683,"url":"https:\/\/www.capacity.swiss\/wp-content\/uploads\/2019\/08\/L1150357Custom-Name-1024x683.jpg","type":"image\/jpeg"}],"twitter_card":"summary_large_image","twitter_misc":{"Gesch\u00e4tzte Lesezeit":"9\u00a0Minuten"},"schema":{"@context":"https:\/\/schema.org","@graph":[{"@type":"WebPage","@id":"https:\/\/www.capacity.swiss\/de\/news-2\/vergangene-events\/","url":"https:\/\/www.capacity.swiss\/de\/news-2\/vergangene-events\/","name":"Vergangene Veranstaltungen - Capacity","isPartOf":{"@id":"https:\/\/www.capacity.swiss\/de\/#website"},"primaryImageOfPage":{"@id":"https:\/\/www.capacity.swiss\/de\/news-2\/vergangene-events\/#primaryimage"},"image":{"@id":"https:\/\/www.capacity.swiss\/de\/news-2\/vergangene-events\/#primaryimage"},"thumbnailUrl":"https:\/\/www.capacity.swiss\/wp-content\/uploads\/2019\/08\/L1150357Custom-Name-scaled.jpg","datePublished":"2019-08-28T13:35:13+00:00","dateModified":"2021-12-03T10:59:14+00:00","breadcrumb":{"@id":"https:\/\/www.capacity.swiss\/de\/news-2\/vergangene-events\/#breadcrumb"},"inLanguage":"de-CH","potentialAction":[{"@type":"ReadAction","target":["https:\/\/www.capacity.swiss\/de\/news-2\/vergangene-events\/"]}]},{"@type":"ImageObject","inLanguage":"de-CH","@id":"https:\/\/www.capacity.swiss\/de\/news-2\/vergangene-events\/#primaryimage","url":"https:\/\/www.capacity.swiss\/wp-content\/uploads\/2019\/08\/L1150357Custom-Name-scaled.jpg","contentUrl":"https:\/\/www.capacity.swiss\/wp-content\/uploads\/2019\/08\/L1150357Custom-Name-scaled.jpg","width":2560,"height":1707},{"@type":"BreadcrumbList","@id":"https:\/\/www.capacity.swiss\/de\/news-2\/vergangene-events\/#breadcrumb","itemListElement":[{"@type":"ListItem","position":1,"name":"Home","item":"https:\/\/www.capacity.swiss\/de\/"},{"@type":"ListItem","position":2,"name":"Vergangene Capacity Events","item":"https:\/\/www.capacity.swiss\/de\/?page_id=1451"},{"@type":"ListItem","position":3,"name":"Vergangene Veranstaltungen"}]},{"@type":"WebSite","@id":"https:\/\/www.capacity.swiss\/de\/#website","url":"https:\/\/www.capacity.swiss\/de\/","name":"Capacity","description":"Fostering Refugee &amp; Migrant Talent","publisher":{"@id":"https:\/\/www.capacity.swiss\/de\/#organization"},"potentialAction":[{"@type":"SearchAction","target":{"@type":"EntryPoint","urlTemplate":"https:\/\/www.capacity.swiss\/de\/?s={search_term_string}"},"query-input":{"@type":"PropertyValueSpecification","valueRequired":true,"valueName":"search_term_string"}}],"inLanguage":"de-CH"},{"@type":"Organization","@id":"https:\/\/www.capacity.swiss\/de\/#organization","name":"Capacity","url":"https:\/\/www.capacity.swiss\/de\/","logo":{"@type":"ImageObject","inLanguage":"de-CH","@id":"https:\/\/www.capacity.swiss\/de\/#\/schema\/logo\/image\/","url":"https:\/\/capacity.swiss\/wp-content\/uploads\/2023\/12\/2023-capacity-logo-long-new-Transparent-320-\u00d7-132-px.png","contentUrl":"https:\/\/capacity.swiss\/wp-content\/uploads\/2023\/12\/2023-capacity-logo-long-new-Transparent-320-\u00d7-132-px.png","width":560,"height":231,"caption":"Capacity"},"image":{"@id":"https:\/\/www.capacity.swiss\/de\/#\/schema\/logo\/image\/"}}]}},"_links":{"self":[{"href":"https:\/\/www.capacity.swiss\/de\/wp-json\/wp\/v2\/pages\/2839","targetHints":{"allow":["GET"]}}],"collection":[{"href":"https:\/\/www.capacity.swiss\/de\/wp-json\/wp\/v2\/pages"}],"about":[{"href":"https:\/\/www.capacity.swiss\/de\/wp-json\/wp\/v2\/types\/page"}],"author":[{"embeddable":true,"href":"https:\/\/www.capacity.swiss\/de\/wp-json\/wp\/v2\/users\/8"}],"replies":[{"embeddable":true,"href":"https:\/\/www.capacity.swiss\/de\/wp-json\/wp\/v2\/comments?post=2839"}],"version-history":[{"count":5,"href":"https:\/\/www.capacity.swiss\/de\/wp-json\/wp\/v2\/pages\/2839\/revisions"}],"predecessor-version":[{"id":5499,"href":"https:\/\/www.capacity.swiss\/de\/wp-json\/wp\/v2\/pages\/2839\/revisions\/5499"}],"up":[{"embeddable":true,"href":"https:\/\/www.capacity.swiss\/de\/wp-json\/wp\/v2\/pages\/1464"}],"wp:featuredmedia":[{"embeddable":true,"href":"https:\/\/www.capacity.swiss\/de\/wp-json\/wp\/v2\/media\/2783"}],"wp:attachment":[{"href":"https:\/\/www.capacity.swiss\/de\/wp-json\/wp\/v2\/media?parent=2839"}],"curies":[{"name":"wp","href":"https:\/\/api.w.org\/{rel}","templated":true}]}}