{"id":7749,"date":"2023-04-04T12:18:20","date_gmt":"2023-04-04T10:18:20","guid":{"rendered":"https:\/\/www.capacityzurich.ch\/?page_id=7749"},"modified":"2024-11-18T17:32:33","modified_gmt":"2024-11-18T16:32:33","slug":"2023-entrepreneure","status":"publish","type":"page","link":"https:\/\/www.capacity.swiss\/de\/2023-entrepreneure\/","title":{"rendered":"2023 Entrepreneure"},"content":{"rendered":"[vc_row type=&#187;full_width_background&#187; full_screen_row_position=&#187;middle&#187; column_margin=&#187;default&#187; column_direction=&#187;default&#187; column_direction_tablet=&#187;default&#187; column_direction_phone=&#187;default&#187; bg_image=&#187;7938&#8243; bg_position=&#187;center top&#187; background_image_loading=&#187;default&#187; bg_repeat=&#187;no-repeat&#187; scene_position=&#187;center&#187; top_padding=&#187;12%&#187; bottom_padding=&#187;12%&#187; text_color=&#187;light&#187; text_align=&#187;center&#187; row_border_radius=&#187;none&#187; row_border_radius_applies=&#187;bg&#187; overflow=&#187;visible&#187; color_overlay=&#187;#74b453&#8243; overlay_strength=&#187;0.5&#8243; gradient_direction=&#187;left_to_right&#187; enable_shape_divider=&#187;true&#187; shape_divider_position=&#187;bottom&#187; shape_divider_height=&#187;200&#8243; bg_image_animation=&#187;none&#187; shape_type=&#187;curve_opacity&#187; gradient_type=&#187;default&#187;][vc_column column_padding=&#187;no-extra-padding&#187; column_padding_tablet=&#187;inherit&#187; column_padding_phone=&#187;inherit&#187; column_padding_position=&#187;all&#187; column_element_direction_desktop=&#187;default&#187; column_element_spacing=&#187;default&#187; desktop_text_alignment=&#187;default&#187; tablet_text_alignment=&#187;default&#187; phone_text_alignment=&#187;default&#187; background_color_opacity=&#187;1&#8243; background_hover_color_opacity=&#187;1&#8243; column_backdrop_filter=&#187;none&#187; column_shadow=&#187;none&#187; column_border_radius=&#187;none&#187; column_link_target=&#187;_self&#187; column_position=&#187;default&#187; gradient_direction=&#187;left_to_right&#187; overlay_strength=&#187;0.3&#8243; width=&#187;1\/1&#8243; tablet_width_inherit=&#187;default&#187; animation_type=&#187;default&#187; bg_image_animation=&#187;none&#187; border_type=&#187;simple&#187; column_border_width=&#187;none&#187; column_border_style=&#187;solid&#187;][vc_column_text]\n<h1 style=\"text-align: center;\"><strong>2023 Entrepreneure<\/strong><\/h1>\n[\/vc_column_text][\/vc_column][\/vc_row][vc_row type=&#187;full_width_background&#187; full_screen_row_position=&#187;middle&#187; column_margin=&#187;default&#187; column_direction=&#187;default&#187; column_direction_tablet=&#187;default&#187; column_direction_phone=&#187;default&#187; scene_position=&#187;center&#187; top_padding=&#187;6%&#187; text_color=&#187;dark&#187; text_align=&#187;left&#187; row_border_radius=&#187;none&#187; row_border_radius_applies=&#187;bg&#187; overflow=&#187;visible&#187; overlay_strength=&#187;0.3&#8243; gradient_direction=&#187;left_to_right&#187; shape_divider_position=&#187;bottom&#187; bg_image_animation=&#187;none&#187; shape_type=&#187;&#187;][vc_column column_padding=&#187;no-extra-padding&#187; column_padding_tablet=&#187;inherit&#187; column_padding_phone=&#187;inherit&#187; column_padding_position=&#187;all&#187; column_element_direction_desktop=&#187;default&#187; column_element_spacing=&#187;default&#187; centered_text=&#187;true&#187; desktop_text_alignment=&#187;default&#187; tablet_text_alignment=&#187;default&#187; phone_text_alignment=&#187;default&#187; background_color_opacity=&#187;1&#8243; background_hover_color_opacity=&#187;1&#8243; column_backdrop_filter=&#187;none&#187; column_shadow=&#187;none&#187; column_border_radius=&#187;none&#187; column_link_target=&#187;_self&#187; column_position=&#187;default&#187; gradient_direction=&#187;left_to_right&#187; overlay_strength=&#187;0.3&#8243; width=&#187;1\/1&#8243; tablet_width_inherit=&#187;default&#187; animation_type=&#187;default&#187; bg_image_animation=&#187;none&#187; border_type=&#187;simple&#187; column_border_width=&#187;none&#187; column_border_style=&#187;solid&#187;][vc_custom_heading text=&#187;Lernt unsere Entrepreneure kennen&#187; font_container=&#187;tag:h2|font_size:35|text_align:center&#187; use_theme_fonts=&#187;yes&#187;][vc_row_inner column_margin=&#187;default&#187; column_direction=&#187;default&#187; column_direction_tablet=&#187;default&#187; column_direction_phone=&#187;default&#187; bottom_padding=&#187;3%&#187; text_align=&#187;left&#187; row_position=&#187;default&#187; row_position_tablet=&#187;inherit&#187; row_position_phone=&#187;inherit&#187; overflow=&#187;visible&#187; pointer_events=&#187;all&#187;][vc_column_inner column_padding=&#187;no-extra-padding&#187; column_padding_tablet=&#187;inherit&#187; column_padding_phone=&#187;inherit&#187; column_padding_position=&#187;all&#187; column_element_direction_desktop=&#187;default&#187; column_element_spacing=&#187;default&#187; centered_text=&#187;true&#187; desktop_text_alignment=&#187;default&#187; tablet_text_alignment=&#187;default&#187; phone_text_alignment=&#187;default&#187; background_color_opacity=&#187;1&#8243; background_hover_color_opacity=&#187;1&#8243; column_backdrop_filter=&#187;none&#187; column_shadow=&#187;none&#187; column_border_radius=&#187;none&#187; column_link_target=&#187;_self&#187; overflow=&#187;visible&#187; gradient_direction=&#187;left_to_right&#187; overlay_strength=&#187;0.3&#8243; width=&#187;1\/1&#8243; tablet_width_inherit=&#187;default&#187; animation_type=&#187;default&#187; bg_image_animation=&#187;none&#187; border_type=&#187;simple&#187; column_border_width=&#187;none&#187; column_border_style=&#187;solid&#187;][\/vc_column_inner][\/vc_row_inner][vc_custom_heading text=&#187;Boost Phase &#8211; August bis Oktober&#187; font_container=&#187;tag:h3|font_size:30|text_align:left|color:%2384cc41&#8243; use_theme_fonts=&#187;yes&#187;][divider line_type=&#187;No Line&#187;][vc_column_text]\n<p style=\"text-align: left;\"><strong>BOOST<\/strong> ist die zweite Phase unseres Entrepreneurship-Programms, in der sich unsere Teilnehmenden auf unternehmerische F\u00e4higkeiten und Gesch\u00e4ftsentwicklungspraktiken f\u00fcr den Eintritt in den Schweizer Markt konzentrieren.<\/p>\n[\/vc_column_text][divider line_type=&#187;No Line&#187;]\t\t\t\t\n\t\t\t\t\n\t\t\t\t\n\t\t\t\t<div class=\"portfolio-wrap \">\n\t\t\t\t\t\n\t\t\t\t\t\t\t\t\t\t\n\t\t\t\t\t<span class=\"portfolio-loading  none\">   <\/span>\n\t\t\t\t\t\n\t\t\t\t\t\t\t\t\t\t\n\t\t\t\t\t<div class=\"row portfolio-items masonry-items  fullwidth-constrained  \" data-rcp=\"false\" data-masonry-type=\"default\" data-ps=\"3\" data-starting-filter=\"\" data-gutter=\"default\" data-categories-to-show=\"2023-boost-entrepreneure\" data-bypass-cropping=\"true\" data-lightbox-only=\"0\" data-col-num=\"elastic\">\n\t\t\t\t\t\t\t\t\t\t\t\t\n\t\t\t\t\t\t\t\t\t\t\t\t\n\t\t\t\t\t\t<div class=\"col elastic-portfolio-item regular element 2023-boost-entrepreneure \"  data-project-cat=\"2023-boost-entrepreneure \" data-default-color=\"true\" data-title-color=\"\" data-subtitle-color=\"\">\n\t\t\t\t\t\t\t\n\t\t\t\t\t\t\t<div class=\"inner-wrap animated\" data-animation=\"fade_in\">\n\t\t\t\t\t\t\t\t\n\t\t\t\t\t\t\t\t\t\t\t\t\t\t\t\t\t\n\t\t\t\t\t\t\t\t\t<div class=\"work-item style-3\" data-custom-content=\"off\" data-text-align=\"middle\">\n\t\t\t\t\t\t\t\t\t\t\n\t\t\t\t\t\t\t\t\t\t<img fetchpriority=\"high\" decoding=\"async\" class=\"size-regular skip-lazy\" src=\"https:\/\/www.capacity.swiss\/wp-content\/uploads\/2023\/09\/BLS06992-scaled.jpg\" alt=\"\" height=\"500\" width=\"500\" srcset=\"https:\/\/www.capacity.swiss\/wp-content\/uploads\/2023\/09\/BLS06992-scaled.jpg 2560w, https:\/\/www.capacity.swiss\/wp-content\/uploads\/2023\/09\/BLS06992-300x300.jpg 300w, https:\/\/www.capacity.swiss\/wp-content\/uploads\/2023\/09\/BLS06992-1024x1024.jpg 1024w, https:\/\/www.capacity.swiss\/wp-content\/uploads\/2023\/09\/BLS06992-150x150.jpg 150w, https:\/\/www.capacity.swiss\/wp-content\/uploads\/2023\/09\/BLS06992-768x768.jpg 768w, https:\/\/www.capacity.swiss\/wp-content\/uploads\/2023\/09\/BLS06992-1536x1536.jpg 1536w, https:\/\/www.capacity.swiss\/wp-content\/uploads\/2023\/09\/BLS06992-2048x2048.jpg 2048w, https:\/\/www.capacity.swiss\/wp-content\/uploads\/2023\/09\/BLS06992-100x100.jpg 100w, https:\/\/www.capacity.swiss\/wp-content\/uploads\/2023\/09\/BLS06992-140x140.jpg 140w, https:\/\/www.capacity.swiss\/wp-content\/uploads\/2023\/09\/BLS06992-500x500.jpg 500w, https:\/\/www.capacity.swiss\/wp-content\/uploads\/2023\/09\/BLS06992-350x350.jpg 350w, https:\/\/www.capacity.swiss\/wp-content\/uploads\/2023\/09\/BLS06992-1000x1000.jpg 1000w, https:\/\/www.capacity.swiss\/wp-content\/uploads\/2023\/09\/BLS06992-800x800.jpg 800w\" sizes=\"(min-width: 1600px) 20vw, (min-width: 1300px) 25vw, (min-width: 1000px) 33.3vw, (min-width: 690px) 50vw, 100vw\" \/>\t\t\t\t\t\t\t\t\t\t\n\t\t\t\t\t\t\t\t\t\t<div class=\"work-info-bg\"><\/div>\n\t\t\t\t\t\t\t\t\t\t<div class=\"work-info\">\n\t\t\t\t\t\t\t\t\t\t\t\n\t\t\t\t\t\t\t\t\t\t\t\t\t\t\t\t\t\t\t\t\t\t\t\t\n\t\t\t\t\t\t\t\t\t\t\t\t\t<a href=\"https:\/\/www.capacity.swiss\/de\/participants\/olga-kostenko-boost\/\"><\/a>\n\t\t\t\t\t\t\t\t\t\t\t\t\t\n\t\t\t\t\t\t\t\t\t\t\t\t\t\t\t\t\t\t\t\t\t\t\t\n\t\t\t\t\t\t\t\t\t\t\t<div class=\"vert-center\">\n\t\t\t\t\t\t\t\t\t\t\t\t\t\n\t\t\t\t\t\t\t\t\t\t\t\t\t<h3>Olga Kostenko <\/h3> \n\t\t\t\t\t\t\t\t\t\t\t\t\t\t\t\t\t\t\t\t\t\t\t\t\t\t\t\t\t\t\t\t\t\t\t\t<\/div><!--\/vert-center-->\n\t\t\t\t\t\t\t\t\t\t\t\n\t\t\t\t\t\t\t\t\t\t<\/div>\n\t\t\t\t\t\t\t\t\t<\/div><!--work-item-->\n\t\t\t\t\t\t\t\t\t\n\t\t\t\t\t\t\t\t\t\t\t\t\t\t\t\t\n\t\t\t\t\t\t\t\t\n\t\t\t\t\t\t\t<\/div><!--\/inner-wrap-->\n\t\t\t\t\t\t<\/div><!--\/col-->\n\t\t\t\t\t\t\n\t\t\t\t\t\t\t\t\t\t\t\n\t\t\t\t\t\t\t\t\t\t\t\t\n\t\t\t\t\t\t<div class=\"col elastic-portfolio-item regular element 2023-boost-entrepreneure \"  data-project-cat=\"2023-boost-entrepreneure \" data-default-color=\"true\" data-title-color=\"\" data-subtitle-color=\"\">\n\t\t\t\t\t\t\t\n\t\t\t\t\t\t\t<div class=\"inner-wrap animated\" data-animation=\"fade_in\">\n\t\t\t\t\t\t\t\t\n\t\t\t\t\t\t\t\t\t\t\t\t\t\t\t\t\t\n\t\t\t\t\t\t\t\t\t<div class=\"work-item style-3\" data-custom-content=\"off\" data-text-align=\"middle\">\n\t\t\t\t\t\t\t\t\t\t\n\t\t\t\t\t\t\t\t\t\t<img decoding=\"async\" class=\"size-regular skip-lazy\" src=\"https:\/\/www.capacity.swiss\/wp-content\/uploads\/2023\/09\/BLS07008-scaled.jpg\" alt=\"\" height=\"500\" width=\"500\" srcset=\"https:\/\/www.capacity.swiss\/wp-content\/uploads\/2023\/09\/BLS07008-scaled.jpg 2560w, https:\/\/www.capacity.swiss\/wp-content\/uploads\/2023\/09\/BLS07008-300x300.jpg 300w, https:\/\/www.capacity.swiss\/wp-content\/uploads\/2023\/09\/BLS07008-1024x1024.jpg 1024w, https:\/\/www.capacity.swiss\/wp-content\/uploads\/2023\/09\/BLS07008-150x150.jpg 150w, https:\/\/www.capacity.swiss\/wp-content\/uploads\/2023\/09\/BLS07008-768x768.jpg 768w, https:\/\/www.capacity.swiss\/wp-content\/uploads\/2023\/09\/BLS07008-1536x1536.jpg 1536w, https:\/\/www.capacity.swiss\/wp-content\/uploads\/2023\/09\/BLS07008-2048x2048.jpg 2048w, https:\/\/www.capacity.swiss\/wp-content\/uploads\/2023\/09\/BLS07008-100x100.jpg 100w, https:\/\/www.capacity.swiss\/wp-content\/uploads\/2023\/09\/BLS07008-140x140.jpg 140w, https:\/\/www.capacity.swiss\/wp-content\/uploads\/2023\/09\/BLS07008-500x500.jpg 500w, https:\/\/www.capacity.swiss\/wp-content\/uploads\/2023\/09\/BLS07008-350x350.jpg 350w, https:\/\/www.capacity.swiss\/wp-content\/uploads\/2023\/09\/BLS07008-1000x1000.jpg 1000w, https:\/\/www.capacity.swiss\/wp-content\/uploads\/2023\/09\/BLS07008-800x800.jpg 800w\" sizes=\"(min-width: 1600px) 20vw, (min-width: 1300px) 25vw, (min-width: 1000px) 33.3vw, (min-width: 690px) 50vw, 100vw\" \/>\t\t\t\t\t\t\t\t\t\t\n\t\t\t\t\t\t\t\t\t\t<div class=\"work-info-bg\"><\/div>\n\t\t\t\t\t\t\t\t\t\t<div class=\"work-info\">\n\t\t\t\t\t\t\t\t\t\t\t\n\t\t\t\t\t\t\t\t\t\t\t\t\t\t\t\t\t\t\t\t\t\t\t\t\n\t\t\t\t\t\t\t\t\t\t\t\t\t<a href=\"https:\/\/www.capacity.swiss\/de\/participants\/rima-nader-boost\/\"><\/a>\n\t\t\t\t\t\t\t\t\t\t\t\t\t\n\t\t\t\t\t\t\t\t\t\t\t\t\t\t\t\t\t\t\t\t\t\t\t\n\t\t\t\t\t\t\t\t\t\t\t<div class=\"vert-center\">\n\t\t\t\t\t\t\t\t\t\t\t\t\t\n\t\t\t\t\t\t\t\t\t\t\t\t\t<h3>Rima Nader <\/h3> \n\t\t\t\t\t\t\t\t\t\t\t\t\t\t\t\t\t\t\t\t\t\t\t\t\t\t\t\t\t\t\t\t\t\t\t\t<\/div><!--\/vert-center-->\n\t\t\t\t\t\t\t\t\t\t\t\n\t\t\t\t\t\t\t\t\t\t<\/div>\n\t\t\t\t\t\t\t\t\t<\/div><!--work-item-->\n\t\t\t\t\t\t\t\t\t\n\t\t\t\t\t\t\t\t\t\t\t\t\t\t\t\t\n\t\t\t\t\t\t\t\t\n\t\t\t\t\t\t\t<\/div><!--\/inner-wrap-->\n\t\t\t\t\t\t<\/div><!--\/col-->\n\t\t\t\t\t\t\n\t\t\t\t\t\t\t\t\t\t\t\n\t\t\t\t\t\t\t\t\t\t\t\t\n\t\t\t\t\t\t<div class=\"col elastic-portfolio-item regular element 2023-boost-entrepreneure \"  data-project-cat=\"2023-boost-entrepreneure \" data-default-color=\"true\" data-title-color=\"\" data-subtitle-color=\"\">\n\t\t\t\t\t\t\t\n\t\t\t\t\t\t\t<div class=\"inner-wrap animated\" data-animation=\"fade_in\">\n\t\t\t\t\t\t\t\t\n\t\t\t\t\t\t\t\t\t\t\t\t\t\t\t\t\t\n\t\t\t\t\t\t\t\t\t<div class=\"work-item style-3\" data-custom-content=\"off\" data-text-align=\"middle\">\n\t\t\t\t\t\t\t\t\t\t\n\t\t\t\t\t\t\t\t\t\t<img decoding=\"async\" class=\"size-regular skip-lazy\" src=\"https:\/\/www.capacity.swiss\/wp-content\/uploads\/2023\/09\/BLS06968-scaled.jpg\" alt=\"\" height=\"500\" width=\"500\" srcset=\"https:\/\/www.capacity.swiss\/wp-content\/uploads\/2023\/09\/BLS06968-scaled.jpg 2560w, https:\/\/www.capacity.swiss\/wp-content\/uploads\/2023\/09\/BLS06968-300x300.jpg 300w, https:\/\/www.capacity.swiss\/wp-content\/uploads\/2023\/09\/BLS06968-1024x1024.jpg 1024w, https:\/\/www.capacity.swiss\/wp-content\/uploads\/2023\/09\/BLS06968-150x150.jpg 150w, https:\/\/www.capacity.swiss\/wp-content\/uploads\/2023\/09\/BLS06968-768x768.jpg 768w, https:\/\/www.capacity.swiss\/wp-content\/uploads\/2023\/09\/BLS06968-1536x1536.jpg 1536w, https:\/\/www.capacity.swiss\/wp-content\/uploads\/2023\/09\/BLS06968-2048x2048.jpg 2048w, https:\/\/www.capacity.swiss\/wp-content\/uploads\/2023\/09\/BLS06968-100x100.jpg 100w, https:\/\/www.capacity.swiss\/wp-content\/uploads\/2023\/09\/BLS06968-140x140.jpg 140w, https:\/\/www.capacity.swiss\/wp-content\/uploads\/2023\/09\/BLS06968-500x500.jpg 500w, https:\/\/www.capacity.swiss\/wp-content\/uploads\/2023\/09\/BLS06968-350x350.jpg 350w, https:\/\/www.capacity.swiss\/wp-content\/uploads\/2023\/09\/BLS06968-1000x1000.jpg 1000w, https:\/\/www.capacity.swiss\/wp-content\/uploads\/2023\/09\/BLS06968-800x800.jpg 800w\" sizes=\"(min-width: 1600px) 20vw, (min-width: 1300px) 25vw, (min-width: 1000px) 33.3vw, (min-width: 690px) 50vw, 100vw\" \/>\t\t\t\t\t\t\t\t\t\t\n\t\t\t\t\t\t\t\t\t\t<div class=\"work-info-bg\"><\/div>\n\t\t\t\t\t\t\t\t\t\t<div class=\"work-info\">\n\t\t\t\t\t\t\t\t\t\t\t\n\t\t\t\t\t\t\t\t\t\t\t\t\t\t\t\t\t\t\t\t\t\t\t\t\n\t\t\t\t\t\t\t\t\t\t\t\t\t<a href=\"https:\/\/www.capacity.swiss\/de\/participants\/halyna-yakovenko-boost\/\"><\/a>\n\t\t\t\t\t\t\t\t\t\t\t\t\t\n\t\t\t\t\t\t\t\t\t\t\t\t\t\t\t\t\t\t\t\t\t\t\t\n\t\t\t\t\t\t\t\t\t\t\t<div class=\"vert-center\">\n\t\t\t\t\t\t\t\t\t\t\t\t\t\n\t\t\t\t\t\t\t\t\t\t\t\t\t<h3>Halyna Yakovenko <\/h3> \n\t\t\t\t\t\t\t\t\t\t\t\t\t\t\t\t\t\t\t\t\t\t\t\t\t\t\t\t\t\t\t\t\t\t\t\t<\/div><!--\/vert-center-->\n\t\t\t\t\t\t\t\t\t\t\t\n\t\t\t\t\t\t\t\t\t\t<\/div>\n\t\t\t\t\t\t\t\t\t<\/div><!--work-item-->\n\t\t\t\t\t\t\t\t\t\n\t\t\t\t\t\t\t\t\t\t\t\t\t\t\t\t\n\t\t\t\t\t\t\t\t\n\t\t\t\t\t\t\t<\/div><!--\/inner-wrap-->\n\t\t\t\t\t\t<\/div><!--\/col-->\n\t\t\t\t\t\t\n\t\t\t\t\t\t\t\t\t\t\t\n\t\t\t\t\t\t\t\t\t\t\t\t\n\t\t\t\t\t\t<div class=\"col elastic-portfolio-item regular element 2023-boost-entrepreneure \"  data-project-cat=\"2023-boost-entrepreneure \" data-default-color=\"true\" data-title-color=\"\" data-subtitle-color=\"\">\n\t\t\t\t\t\t\t\n\t\t\t\t\t\t\t<div class=\"inner-wrap animated\" data-animation=\"fade_in\">\n\t\t\t\t\t\t\t\t\n\t\t\t\t\t\t\t\t\t\t\t\t\t\t\t\t\t\n\t\t\t\t\t\t\t\t\t<div class=\"work-item style-3\" data-custom-content=\"off\" data-text-align=\"middle\">\n\t\t\t\t\t\t\t\t\t\t\n\t\t\t\t\t\t\t\t\t\t<img loading=\"lazy\" decoding=\"async\" class=\"size-regular skip-lazy\" src=\"https:\/\/www.capacity.swiss\/wp-content\/uploads\/2023\/09\/BLS06980-scaled.jpg\" alt=\"\" height=\"500\" width=\"500\" srcset=\"https:\/\/www.capacity.swiss\/wp-content\/uploads\/2023\/09\/BLS06980-scaled.jpg 2560w, https:\/\/www.capacity.swiss\/wp-content\/uploads\/2023\/09\/BLS06980-300x300.jpg 300w, https:\/\/www.capacity.swiss\/wp-content\/uploads\/2023\/09\/BLS06980-1024x1024.jpg 1024w, https:\/\/www.capacity.swiss\/wp-content\/uploads\/2023\/09\/BLS06980-150x150.jpg 150w, https:\/\/www.capacity.swiss\/wp-content\/uploads\/2023\/09\/BLS06980-768x768.jpg 768w, https:\/\/www.capacity.swiss\/wp-content\/uploads\/2023\/09\/BLS06980-1536x1536.jpg 1536w, https:\/\/www.capacity.swiss\/wp-content\/uploads\/2023\/09\/BLS06980-2048x2048.jpg 2048w, https:\/\/www.capacity.swiss\/wp-content\/uploads\/2023\/09\/BLS06980-100x100.jpg 100w, https:\/\/www.capacity.swiss\/wp-content\/uploads\/2023\/09\/BLS06980-140x140.jpg 140w, https:\/\/www.capacity.swiss\/wp-content\/uploads\/2023\/09\/BLS06980-500x500.jpg 500w, https:\/\/www.capacity.swiss\/wp-content\/uploads\/2023\/09\/BLS06980-350x350.jpg 350w, https:\/\/www.capacity.swiss\/wp-content\/uploads\/2023\/09\/BLS06980-1000x1000.jpg 1000w, https:\/\/www.capacity.swiss\/wp-content\/uploads\/2023\/09\/BLS06980-800x800.jpg 800w\" sizes=\"(min-width: 1600px) 20vw, (min-width: 1300px) 25vw, (min-width: 1000px) 33.3vw, (min-width: 690px) 50vw, 100vw\" \/>\t\t\t\t\t\t\t\t\t\t\n\t\t\t\t\t\t\t\t\t\t<div class=\"work-info-bg\"><\/div>\n\t\t\t\t\t\t\t\t\t\t<div class=\"work-info\">\n\t\t\t\t\t\t\t\t\t\t\t\n\t\t\t\t\t\t\t\t\t\t\t\t\t\t\t\t\t\t\t\t\t\t\t\t\n\t\t\t\t\t\t\t\t\t\t\t\t\t<a href=\"https:\/\/www.capacity.swiss\/de\/participants\/slava-manvelyan-boost\/\"><\/a>\n\t\t\t\t\t\t\t\t\t\t\t\t\t\n\t\t\t\t\t\t\t\t\t\t\t\t\t\t\t\t\t\t\t\t\t\t\t\n\t\t\t\t\t\t\t\t\t\t\t<div class=\"vert-center\">\n\t\t\t\t\t\t\t\t\t\t\t\t\t\n\t\t\t\t\t\t\t\t\t\t\t\t\t<h3>Slava Manvelyan <\/h3> \n\t\t\t\t\t\t\t\t\t\t\t\t\t\t\t\t\t\t\t\t\t\t\t\t\t\t\t\t\t\t\t\t\t\t\t\t<\/div><!--\/vert-center-->\n\t\t\t\t\t\t\t\t\t\t\t\n\t\t\t\t\t\t\t\t\t\t<\/div>\n\t\t\t\t\t\t\t\t\t<\/div><!--work-item-->\n\t\t\t\t\t\t\t\t\t\n\t\t\t\t\t\t\t\t\t\t\t\t\t\t\t\t\n\t\t\t\t\t\t\t\t\n\t\t\t\t\t\t\t<\/div><!--\/inner-wrap-->\n\t\t\t\t\t\t<\/div><!--\/col-->\n\t\t\t\t\t\t\n\t\t\t\t\t\t\t\t\t\t\t\n\t\t\t\t\t\t\t\t\t\t\t\t\n\t\t\t\t\t\t<div class=\"col elastic-portfolio-item regular element 2023-boost-entrepreneure \"  data-project-cat=\"2023-boost-entrepreneure \" data-default-color=\"true\" data-title-color=\"\" data-subtitle-color=\"\">\n\t\t\t\t\t\t\t\n\t\t\t\t\t\t\t<div class=\"inner-wrap animated\" data-animation=\"fade_in\">\n\t\t\t\t\t\t\t\t\n\t\t\t\t\t\t\t\t\t\t\t\t\t\t\t\t\t\n\t\t\t\t\t\t\t\t\t<div class=\"work-item style-3\" data-custom-content=\"off\" data-text-align=\"middle\">\n\t\t\t\t\t\t\t\t\t\t\n\t\t\t\t\t\t\t\t\t\t<img loading=\"lazy\" decoding=\"async\" class=\"size-regular skip-lazy\" src=\"https:\/\/www.capacity.swiss\/wp-content\/uploads\/2023\/09\/BLS07020-scaled.jpg\" alt=\"\" height=\"500\" width=\"500\" srcset=\"https:\/\/www.capacity.swiss\/wp-content\/uploads\/2023\/09\/BLS07020-scaled.jpg 2560w, https:\/\/www.capacity.swiss\/wp-content\/uploads\/2023\/09\/BLS07020-300x300.jpg 300w, https:\/\/www.capacity.swiss\/wp-content\/uploads\/2023\/09\/BLS07020-1024x1024.jpg 1024w, https:\/\/www.capacity.swiss\/wp-content\/uploads\/2023\/09\/BLS07020-150x150.jpg 150w, https:\/\/www.capacity.swiss\/wp-content\/uploads\/2023\/09\/BLS07020-768x768.jpg 768w, https:\/\/www.capacity.swiss\/wp-content\/uploads\/2023\/09\/BLS07020-1536x1536.jpg 1536w, https:\/\/www.capacity.swiss\/wp-content\/uploads\/2023\/09\/BLS07020-2048x2048.jpg 2048w, https:\/\/www.capacity.swiss\/wp-content\/uploads\/2023\/09\/BLS07020-100x100.jpg 100w, https:\/\/www.capacity.swiss\/wp-content\/uploads\/2023\/09\/BLS07020-140x140.jpg 140w, https:\/\/www.capacity.swiss\/wp-content\/uploads\/2023\/09\/BLS07020-500x500.jpg 500w, https:\/\/www.capacity.swiss\/wp-content\/uploads\/2023\/09\/BLS07020-350x350.jpg 350w, https:\/\/www.capacity.swiss\/wp-content\/uploads\/2023\/09\/BLS07020-1000x1000.jpg 1000w, https:\/\/www.capacity.swiss\/wp-content\/uploads\/2023\/09\/BLS07020-800x800.jpg 800w\" sizes=\"(min-width: 1600px) 20vw, (min-width: 1300px) 25vw, (min-width: 1000px) 33.3vw, (min-width: 690px) 50vw, 100vw\" \/>\t\t\t\t\t\t\t\t\t\t\n\t\t\t\t\t\t\t\t\t\t<div class=\"work-info-bg\"><\/div>\n\t\t\t\t\t\t\t\t\t\t<div class=\"work-info\">\n\t\t\t\t\t\t\t\t\t\t\t\n\t\t\t\t\t\t\t\t\t\t\t\t\t\t\t\t\t\t\t\t\t\t\t\t\n\t\t\t\t\t\t\t\t\t\t\t\t\t<a href=\"https:\/\/www.capacity.swiss\/de\/participants\/elida-villalba-vargas-ebert-boost\/\"><\/a>\n\t\t\t\t\t\t\t\t\t\t\t\t\t\n\t\t\t\t\t\t\t\t\t\t\t\t\t\t\t\t\t\t\t\t\t\t\t\n\t\t\t\t\t\t\t\t\t\t\t<div class=\"vert-center\">\n\t\t\t\t\t\t\t\t\t\t\t\t\t\n\t\t\t\t\t\t\t\t\t\t\t\t\t<h3>Elida Villalba Vargas Ebert <\/h3> \n\t\t\t\t\t\t\t\t\t\t\t\t\t\t\t\t\t\t\t\t\t\t\t\t\t\t\t\t\t\t\t\t\t\t\t\t<\/div><!--\/vert-center-->\n\t\t\t\t\t\t\t\t\t\t\t\n\t\t\t\t\t\t\t\t\t\t<\/div>\n\t\t\t\t\t\t\t\t\t<\/div><!--work-item-->\n\t\t\t\t\t\t\t\t\t\n\t\t\t\t\t\t\t\t\t\t\t\t\t\t\t\t\n\t\t\t\t\t\t\t\t\n\t\t\t\t\t\t\t<\/div><!--\/inner-wrap-->\n\t\t\t\t\t\t<\/div><!--\/col-->\n\t\t\t\t\t\t\n\t\t\t\t\t\t\t\t\t\t\t\n\t\t\t\t\t\t\t\t\t\t\t\t\n\t\t\t\t\t\t<div class=\"col elastic-portfolio-item regular element 2023-boost-entrepreneure \"  data-project-cat=\"2023-boost-entrepreneure \" data-default-color=\"true\" data-title-color=\"\" data-subtitle-color=\"\">\n\t\t\t\t\t\t\t\n\t\t\t\t\t\t\t<div class=\"inner-wrap animated\" data-animation=\"fade_in\">\n\t\t\t\t\t\t\t\t\n\t\t\t\t\t\t\t\t\t\t\t\t\t\t\t\t\t\n\t\t\t\t\t\t\t\t\t<div class=\"work-item style-3\" data-custom-content=\"off\" data-text-align=\"middle\">\n\t\t\t\t\t\t\t\t\t\t\n\t\t\t\t\t\t\t\t\t\t<img loading=\"lazy\" decoding=\"async\" class=\"size-regular skip-lazy\" src=\"https:\/\/www.capacity.swiss\/wp-content\/uploads\/2023\/04\/OLGA-scaled.jpg\" alt=\"\" height=\"500\" width=\"500\" srcset=\"https:\/\/www.capacity.swiss\/wp-content\/uploads\/2023\/04\/OLGA-scaled.jpg 2560w, https:\/\/www.capacity.swiss\/wp-content\/uploads\/2023\/04\/OLGA-300x300.jpg 300w, https:\/\/www.capacity.swiss\/wp-content\/uploads\/2023\/04\/OLGA-1024x1024.jpg 1024w, https:\/\/www.capacity.swiss\/wp-content\/uploads\/2023\/04\/OLGA-150x150.jpg 150w, https:\/\/www.capacity.swiss\/wp-content\/uploads\/2023\/04\/OLGA-768x768.jpg 768w, https:\/\/www.capacity.swiss\/wp-content\/uploads\/2023\/04\/OLGA-1536x1536.jpg 1536w, https:\/\/www.capacity.swiss\/wp-content\/uploads\/2023\/04\/OLGA-2048x2048.jpg 2048w, https:\/\/www.capacity.swiss\/wp-content\/uploads\/2023\/04\/OLGA-100x100.jpg 100w, https:\/\/www.capacity.swiss\/wp-content\/uploads\/2023\/04\/OLGA-140x140.jpg 140w, https:\/\/www.capacity.swiss\/wp-content\/uploads\/2023\/04\/OLGA-500x500.jpg 500w, https:\/\/www.capacity.swiss\/wp-content\/uploads\/2023\/04\/OLGA-350x350.jpg 350w, https:\/\/www.capacity.swiss\/wp-content\/uploads\/2023\/04\/OLGA-1000x1000.jpg 1000w, https:\/\/www.capacity.swiss\/wp-content\/uploads\/2023\/04\/OLGA-800x800.jpg 800w\" sizes=\"(min-width: 1600px) 20vw, (min-width: 1300px) 25vw, (min-width: 1000px) 33.3vw, (min-width: 690px) 50vw, 100vw\" \/>\t\t\t\t\t\t\t\t\t\t\n\t\t\t\t\t\t\t\t\t\t<div class=\"work-info-bg\"><\/div>\n\t\t\t\t\t\t\t\t\t\t<div class=\"work-info\">\n\t\t\t\t\t\t\t\t\t\t\t\n\t\t\t\t\t\t\t\t\t\t\t\t\t\t\t\t\t\t\t\t\t\t\t\t\n\t\t\t\t\t\t\t\t\t\t\t\t\t<a href=\"https:\/\/www.capacity.swiss\/de\/participants\/olga-opanasenko-boost\/\"><\/a>\n\t\t\t\t\t\t\t\t\t\t\t\t\t\n\t\t\t\t\t\t\t\t\t\t\t\t\t\t\t\t\t\t\t\t\t\t\t\n\t\t\t\t\t\t\t\t\t\t\t<div class=\"vert-center\">\n\t\t\t\t\t\t\t\t\t\t\t\t\t\n\t\t\t\t\t\t\t\t\t\t\t\t\t<h3>Olga Opanasenko <\/h3> \n\t\t\t\t\t\t\t\t\t\t\t\t\t\t\t\t\t\t\t\t\t\t\t\t\t\t\t\t\t\t\t\t\t\t\t\t<\/div><!--\/vert-center-->\n\t\t\t\t\t\t\t\t\t\t\t\n\t\t\t\t\t\t\t\t\t\t<\/div>\n\t\t\t\t\t\t\t\t\t<\/div><!--work-item-->\n\t\t\t\t\t\t\t\t\t\n\t\t\t\t\t\t\t\t\t\t\t\t\t\t\t\t\n\t\t\t\t\t\t\t\t\n\t\t\t\t\t\t\t<\/div><!--\/inner-wrap-->\n\t\t\t\t\t\t<\/div><!--\/col-->\n\t\t\t\t\t\t\n\t\t\t\t\t\t\t\t\t\t\t\n\t\t\t\t\t\t\t\t\t\t\t\t\n\t\t\t\t\t\t<div class=\"col elastic-portfolio-item regular element 2023-boost-entrepreneure \"  data-project-cat=\"2023-boost-entrepreneure \" data-default-color=\"true\" data-title-color=\"\" data-subtitle-color=\"\">\n\t\t\t\t\t\t\t\n\t\t\t\t\t\t\t<div class=\"inner-wrap animated\" data-animation=\"fade_in\">\n\t\t\t\t\t\t\t\t\n\t\t\t\t\t\t\t\t\t\t\t\t\t\t\t\t\t\n\t\t\t\t\t\t\t\t\t<div class=\"work-item style-3\" data-custom-content=\"off\" data-text-align=\"middle\">\n\t\t\t\t\t\t\t\t\t\t\n\t\t\t\t\t\t\t\t\t\t<img loading=\"lazy\" decoding=\"async\" class=\"size-regular skip-lazy\" src=\"https:\/\/www.capacity.swiss\/wp-content\/uploads\/2023\/04\/MAHA-scaled.jpg\" alt=\"\" height=\"500\" width=\"500\" srcset=\"https:\/\/www.capacity.swiss\/wp-content\/uploads\/2023\/04\/MAHA-scaled.jpg 2560w, https:\/\/www.capacity.swiss\/wp-content\/uploads\/2023\/04\/MAHA-300x300.jpg 300w, https:\/\/www.capacity.swiss\/wp-content\/uploads\/2023\/04\/MAHA-1024x1024.jpg 1024w, https:\/\/www.capacity.swiss\/wp-content\/uploads\/2023\/04\/MAHA-150x150.jpg 150w, https:\/\/www.capacity.swiss\/wp-content\/uploads\/2023\/04\/MAHA-768x768.jpg 768w, https:\/\/www.capacity.swiss\/wp-content\/uploads\/2023\/04\/MAHA-1536x1536.jpg 1536w, https:\/\/www.capacity.swiss\/wp-content\/uploads\/2023\/04\/MAHA-2048x2048.jpg 2048w, https:\/\/www.capacity.swiss\/wp-content\/uploads\/2023\/04\/MAHA-100x100.jpg 100w, https:\/\/www.capacity.swiss\/wp-content\/uploads\/2023\/04\/MAHA-140x140.jpg 140w, https:\/\/www.capacity.swiss\/wp-content\/uploads\/2023\/04\/MAHA-500x500.jpg 500w, https:\/\/www.capacity.swiss\/wp-content\/uploads\/2023\/04\/MAHA-350x350.jpg 350w, https:\/\/www.capacity.swiss\/wp-content\/uploads\/2023\/04\/MAHA-1000x1000.jpg 1000w, https:\/\/www.capacity.swiss\/wp-content\/uploads\/2023\/04\/MAHA-800x800.jpg 800w\" sizes=\"(min-width: 1600px) 20vw, (min-width: 1300px) 25vw, (min-width: 1000px) 33.3vw, (min-width: 690px) 50vw, 100vw\" \/>\t\t\t\t\t\t\t\t\t\t\n\t\t\t\t\t\t\t\t\t\t<div class=\"work-info-bg\"><\/div>\n\t\t\t\t\t\t\t\t\t\t<div class=\"work-info\">\n\t\t\t\t\t\t\t\t\t\t\t\n\t\t\t\t\t\t\t\t\t\t\t\t\t\t\t\t\t\t\t\t\t\t\t\t\n\t\t\t\t\t\t\t\t\t\t\t\t\t<a href=\"https:\/\/www.capacity.swiss\/de\/participants\/maha-khalil-launch-boost\/\"><\/a>\n\t\t\t\t\t\t\t\t\t\t\t\t\t\n\t\t\t\t\t\t\t\t\t\t\t\t\t\t\t\t\t\t\t\t\t\t\t\n\t\t\t\t\t\t\t\t\t\t\t<div class=\"vert-center\">\n\t\t\t\t\t\t\t\t\t\t\t\t\t\n\t\t\t\t\t\t\t\t\t\t\t\t\t<h3>Maha Khalil <\/h3> \n\t\t\t\t\t\t\t\t\t\t\t\t\t\t\t\t\t\t\t\t\t\t\t\t\t\t\t\t\t\t\t\t\t\t\t\t<\/div><!--\/vert-center-->\n\t\t\t\t\t\t\t\t\t\t\t\n\t\t\t\t\t\t\t\t\t\t<\/div>\n\t\t\t\t\t\t\t\t\t<\/div><!--work-item-->\n\t\t\t\t\t\t\t\t\t\n\t\t\t\t\t\t\t\t\t\t\t\t\t\t\t\t\n\t\t\t\t\t\t\t\t\n\t\t\t\t\t\t\t<\/div><!--\/inner-wrap-->\n\t\t\t\t\t\t<\/div><!--\/col-->\n\t\t\t\t\t\t\n\t\t\t\t\t\t\t\t\t\t\t\n\t\t\t\t\t\t\t\t\t\t\t\t\n\t\t\t\t\t\t<div class=\"col elastic-portfolio-item regular element 2023-boost-entrepreneure \"  data-project-cat=\"2023-boost-entrepreneure \" data-default-color=\"true\" data-title-color=\"\" data-subtitle-color=\"\">\n\t\t\t\t\t\t\t\n\t\t\t\t\t\t\t<div class=\"inner-wrap animated\" data-animation=\"fade_in\">\n\t\t\t\t\t\t\t\t\n\t\t\t\t\t\t\t\t\t\t\t\t\t\t\t\t\t\n\t\t\t\t\t\t\t\t\t<div class=\"work-item style-3\" data-custom-content=\"off\" data-text-align=\"middle\">\n\t\t\t\t\t\t\t\t\t\t\n\t\t\t\t\t\t\t\t\t\t<img loading=\"lazy\" decoding=\"async\" class=\"size-regular skip-lazy\" src=\"https:\/\/www.capacity.swiss\/wp-content\/uploads\/2023\/04\/MARIIA-scaled.jpg\" alt=\"\" height=\"500\" width=\"500\" srcset=\"https:\/\/www.capacity.swiss\/wp-content\/uploads\/2023\/04\/MARIIA-scaled.jpg 2560w, https:\/\/www.capacity.swiss\/wp-content\/uploads\/2023\/04\/MARIIA-300x300.jpg 300w, https:\/\/www.capacity.swiss\/wp-content\/uploads\/2023\/04\/MARIIA-1024x1024.jpg 1024w, https:\/\/www.capacity.swiss\/wp-content\/uploads\/2023\/04\/MARIIA-150x150.jpg 150w, https:\/\/www.capacity.swiss\/wp-content\/uploads\/2023\/04\/MARIIA-768x768.jpg 768w, https:\/\/www.capacity.swiss\/wp-content\/uploads\/2023\/04\/MARIIA-1536x1536.jpg 1536w, https:\/\/www.capacity.swiss\/wp-content\/uploads\/2023\/04\/MARIIA-2048x2048.jpg 2048w, https:\/\/www.capacity.swiss\/wp-content\/uploads\/2023\/04\/MARIIA-100x100.jpg 100w, https:\/\/www.capacity.swiss\/wp-content\/uploads\/2023\/04\/MARIIA-140x140.jpg 140w, https:\/\/www.capacity.swiss\/wp-content\/uploads\/2023\/04\/MARIIA-500x500.jpg 500w, https:\/\/www.capacity.swiss\/wp-content\/uploads\/2023\/04\/MARIIA-350x350.jpg 350w, https:\/\/www.capacity.swiss\/wp-content\/uploads\/2023\/04\/MARIIA-1000x1000.jpg 1000w, https:\/\/www.capacity.swiss\/wp-content\/uploads\/2023\/04\/MARIIA-800x800.jpg 800w\" sizes=\"(min-width: 1600px) 20vw, (min-width: 1300px) 25vw, (min-width: 1000px) 33.3vw, (min-width: 690px) 50vw, 100vw\" \/>\t\t\t\t\t\t\t\t\t\t\n\t\t\t\t\t\t\t\t\t\t<div class=\"work-info-bg\"><\/div>\n\t\t\t\t\t\t\t\t\t\t<div class=\"work-info\">\n\t\t\t\t\t\t\t\t\t\t\t\n\t\t\t\t\t\t\t\t\t\t\t\t\t\t\t\t\t\t\t\t\t\t\t\t\n\t\t\t\t\t\t\t\t\t\t\t\t\t<a href=\"https:\/\/www.capacity.swiss\/de\/participants\/mariia-sitko-boost\/\"><\/a>\n\t\t\t\t\t\t\t\t\t\t\t\t\t\n\t\t\t\t\t\t\t\t\t\t\t\t\t\t\t\t\t\t\t\t\t\t\t\n\t\t\t\t\t\t\t\t\t\t\t<div class=\"vert-center\">\n\t\t\t\t\t\t\t\t\t\t\t\t\t\n\t\t\t\t\t\t\t\t\t\t\t\t\t<h3>Mariia Sitko <\/h3> \n\t\t\t\t\t\t\t\t\t\t\t\t\t\t\t\t\t\t\t\t\t\t\t\t\t\t\t\t\t\t\t\t\t\t\t\t<\/div><!--\/vert-center-->\n\t\t\t\t\t\t\t\t\t\t\t\n\t\t\t\t\t\t\t\t\t\t<\/div>\n\t\t\t\t\t\t\t\t\t<\/div><!--work-item-->\n\t\t\t\t\t\t\t\t\t\n\t\t\t\t\t\t\t\t\t\t\t\t\t\t\t\t\n\t\t\t\t\t\t\t\t\n\t\t\t\t\t\t\t<\/div><!--\/inner-wrap-->\n\t\t\t\t\t\t<\/div><!--\/col-->\n\t\t\t\t\t\t\n\t\t\t\t\t\t\t\t\t\t\t\n\t\t\t\t\t\t\t\t\t\t\t\t\n\t\t\t\t\t\t<div class=\"col elastic-portfolio-item regular element 2023-boost-entrepreneure \"  data-project-cat=\"2023-boost-entrepreneure \" data-default-color=\"true\" data-title-color=\"\" data-subtitle-color=\"\">\n\t\t\t\t\t\t\t\n\t\t\t\t\t\t\t<div class=\"inner-wrap animated\" data-animation=\"fade_in\">\n\t\t\t\t\t\t\t\t\n\t\t\t\t\t\t\t\t\t\t\t\t\t\t\t\t\t\n\t\t\t\t\t\t\t\t\t<div class=\"work-item style-3\" data-custom-content=\"off\" data-text-align=\"middle\">\n\t\t\t\t\t\t\t\t\t\t\n\t\t\t\t\t\t\t\t\t\t<img loading=\"lazy\" decoding=\"async\" class=\"size-regular skip-lazy\" src=\"https:\/\/www.capacity.swiss\/wp-content\/uploads\/2023\/09\/BLS07032-scaled.jpg\" alt=\"\" height=\"500\" width=\"500\" srcset=\"https:\/\/www.capacity.swiss\/wp-content\/uploads\/2023\/09\/BLS07032-scaled.jpg 2560w, https:\/\/www.capacity.swiss\/wp-content\/uploads\/2023\/09\/BLS07032-300x300.jpg 300w, https:\/\/www.capacity.swiss\/wp-content\/uploads\/2023\/09\/BLS07032-1024x1024.jpg 1024w, https:\/\/www.capacity.swiss\/wp-content\/uploads\/2023\/09\/BLS07032-150x150.jpg 150w, https:\/\/www.capacity.swiss\/wp-content\/uploads\/2023\/09\/BLS07032-768x768.jpg 768w, https:\/\/www.capacity.swiss\/wp-content\/uploads\/2023\/09\/BLS07032-1536x1536.jpg 1536w, https:\/\/www.capacity.swiss\/wp-content\/uploads\/2023\/09\/BLS07032-2048x2048.jpg 2048w, https:\/\/www.capacity.swiss\/wp-content\/uploads\/2023\/09\/BLS07032-100x100.jpg 100w, https:\/\/www.capacity.swiss\/wp-content\/uploads\/2023\/09\/BLS07032-140x140.jpg 140w, https:\/\/www.capacity.swiss\/wp-content\/uploads\/2023\/09\/BLS07032-500x500.jpg 500w, https:\/\/www.capacity.swiss\/wp-content\/uploads\/2023\/09\/BLS07032-350x350.jpg 350w, https:\/\/www.capacity.swiss\/wp-content\/uploads\/2023\/09\/BLS07032-1000x1000.jpg 1000w, https:\/\/www.capacity.swiss\/wp-content\/uploads\/2023\/09\/BLS07032-800x800.jpg 800w\" sizes=\"(min-width: 1600px) 20vw, (min-width: 1300px) 25vw, (min-width: 1000px) 33.3vw, (min-width: 690px) 50vw, 100vw\" \/>\t\t\t\t\t\t\t\t\t\t\n\t\t\t\t\t\t\t\t\t\t<div class=\"work-info-bg\"><\/div>\n\t\t\t\t\t\t\t\t\t\t<div class=\"work-info\">\n\t\t\t\t\t\t\t\t\t\t\t\n\t\t\t\t\t\t\t\t\t\t\t\t\t\t\t\t\t\t\t\t\t\t\t\t\n\t\t\t\t\t\t\t\t\t\t\t\t\t<a href=\"https:\/\/www.capacity.swiss\/de\/participants\/olena-perepelychna-igor-perepelychniy-boost\/\"><\/a>\n\t\t\t\t\t\t\t\t\t\t\t\t\t\n\t\t\t\t\t\t\t\t\t\t\t\t\t\t\t\t\t\t\t\t\t\t\t\n\t\t\t\t\t\t\t\t\t\t\t<div class=\"vert-center\">\n\t\t\t\t\t\t\t\t\t\t\t\t\t\n\t\t\t\t\t\t\t\t\t\t\t\t\t<h3>Olena Perepelychna &#038; Igor Perepelychniy <\/h3> \n\t\t\t\t\t\t\t\t\t\t\t\t\t<p>inserviss app<\/p>\t\t\t\t\t\t\t\t\t\t\t\t\t\t\t\t\t\t\t\t\t\t\t<\/div><!--\/vert-center-->\n\t\t\t\t\t\t\t\t\t\t\t\n\t\t\t\t\t\t\t\t\t\t<\/div>\n\t\t\t\t\t\t\t\t\t<\/div><!--work-item-->\n\t\t\t\t\t\t\t\t\t\n\t\t\t\t\t\t\t\t\t\t\t\t\t\t\t\t\n\t\t\t\t\t\t\t\t\n\t\t\t\t\t\t\t<\/div><!--\/inner-wrap-->\n\t\t\t\t\t\t<\/div><!--\/col-->\n\t\t\t\t\t\t\n\t\t\t\t\t\t\t\t\t\t\t\n\t\t\t\t\t\t\t\t\t\t\t\t\n\t\t\t\t\t\t<div class=\"col elastic-portfolio-item regular element 2023-boost-entrepreneure \"  data-project-cat=\"2023-boost-entrepreneure \" data-default-color=\"true\" data-title-color=\"\" data-subtitle-color=\"\">\n\t\t\t\t\t\t\t\n\t\t\t\t\t\t\t<div class=\"inner-wrap animated\" data-animation=\"fade_in\">\n\t\t\t\t\t\t\t\t\n\t\t\t\t\t\t\t\t\t\t\t\t\t\t\t\t\t\n\t\t\t\t\t\t\t\t\t<div class=\"work-item style-3\" data-custom-content=\"off\" data-text-align=\"middle\">\n\t\t\t\t\t\t\t\t\t\t\n\t\t\t\t\t\t\t\t\t\t<img loading=\"lazy\" decoding=\"async\" class=\"size-regular skip-lazy\" src=\"https:\/\/www.capacity.swiss\/wp-content\/uploads\/2023\/04\/SNIZHANA-2-scaled.jpg\" alt=\"\" height=\"500\" width=\"500\" srcset=\"https:\/\/www.capacity.swiss\/wp-content\/uploads\/2023\/04\/SNIZHANA-2-scaled.jpg 2560w, https:\/\/www.capacity.swiss\/wp-content\/uploads\/2023\/04\/SNIZHANA-2-300x300.jpg 300w, https:\/\/www.capacity.swiss\/wp-content\/uploads\/2023\/04\/SNIZHANA-2-1024x1024.jpg 1024w, https:\/\/www.capacity.swiss\/wp-content\/uploads\/2023\/04\/SNIZHANA-2-150x150.jpg 150w, https:\/\/www.capacity.swiss\/wp-content\/uploads\/2023\/04\/SNIZHANA-2-768x768.jpg 768w, https:\/\/www.capacity.swiss\/wp-content\/uploads\/2023\/04\/SNIZHANA-2-1536x1536.jpg 1536w, https:\/\/www.capacity.swiss\/wp-content\/uploads\/2023\/04\/SNIZHANA-2-2048x2048.jpg 2048w, https:\/\/www.capacity.swiss\/wp-content\/uploads\/2023\/04\/SNIZHANA-2-100x100.jpg 100w, https:\/\/www.capacity.swiss\/wp-content\/uploads\/2023\/04\/SNIZHANA-2-140x140.jpg 140w, https:\/\/www.capacity.swiss\/wp-content\/uploads\/2023\/04\/SNIZHANA-2-500x500.jpg 500w, https:\/\/www.capacity.swiss\/wp-content\/uploads\/2023\/04\/SNIZHANA-2-350x350.jpg 350w, https:\/\/www.capacity.swiss\/wp-content\/uploads\/2023\/04\/SNIZHANA-2-1000x1000.jpg 1000w, https:\/\/www.capacity.swiss\/wp-content\/uploads\/2023\/04\/SNIZHANA-2-800x800.jpg 800w\" sizes=\"(min-width: 1600px) 20vw, (min-width: 1300px) 25vw, (min-width: 1000px) 33.3vw, (min-width: 690px) 50vw, 100vw\" \/>\t\t\t\t\t\t\t\t\t\t\n\t\t\t\t\t\t\t\t\t\t<div class=\"work-info-bg\"><\/div>\n\t\t\t\t\t\t\t\t\t\t<div class=\"work-info\">\n\t\t\t\t\t\t\t\t\t\t\t\n\t\t\t\t\t\t\t\t\t\t\t\t\t\t\t\t\t\t\t\t\t\t\t\t\n\t\t\t\t\t\t\t\t\t\t\t\t\t<a href=\"https:\/\/www.capacity.swiss\/de\/participants\/snizhana-lotysh-boost\/\"><\/a>\n\t\t\t\t\t\t\t\t\t\t\t\t\t\n\t\t\t\t\t\t\t\t\t\t\t\t\t\t\t\t\t\t\t\t\t\t\t\n\t\t\t\t\t\t\t\t\t\t\t<div class=\"vert-center\">\n\t\t\t\t\t\t\t\t\t\t\t\t\t\n\t\t\t\t\t\t\t\t\t\t\t\t\t<h3>Snizhana Lotysh <\/h3> \n\t\t\t\t\t\t\t\t\t\t\t\t\t<p>Snizhana Lingerie<\/p>\t\t\t\t\t\t\t\t\t\t\t\t\t\t\t\t\t\t\t\t\t\t\t<\/div><!--\/vert-center-->\n\t\t\t\t\t\t\t\t\t\t\t\n\t\t\t\t\t\t\t\t\t\t<\/div>\n\t\t\t\t\t\t\t\t\t<\/div><!--work-item-->\n\t\t\t\t\t\t\t\t\t\n\t\t\t\t\t\t\t\t\t\t\t\t\t\t\t\t\n\t\t\t\t\t\t\t\t\n\t\t\t\t\t\t\t<\/div><!--\/inner-wrap-->\n\t\t\t\t\t\t<\/div><!--\/col-->\n\t\t\t\t\t\t\n\t\t\t\t\t\t\t\t\t\t\n\t\t\t\t<\/div><!--\/portfolio-->\n\t\t\t<\/div><!--\/portfolio wrap-->\n\t\t\t\n\t\t\t[vc_row_inner column_margin=&#187;default&#187; column_direction=&#187;default&#187; column_direction_tablet=&#187;default&#187; column_direction_phone=&#187;default&#187; bottom_padding=&#187;3%&#187; text_align=&#187;left&#187; row_position=&#187;default&#187; row_position_tablet=&#187;inherit&#187; row_position_phone=&#187;inherit&#187; overflow=&#187;visible&#187; pointer_events=&#187;all&#187;][vc_column_inner column_padding=&#187;no-extra-padding&#187; column_padding_tablet=&#187;inherit&#187; column_padding_phone=&#187;inherit&#187; column_padding_position=&#187;all&#187; column_element_direction_desktop=&#187;default&#187; column_element_spacing=&#187;default&#187; centered_text=&#187;true&#187; desktop_text_alignment=&#187;default&#187; tablet_text_alignment=&#187;default&#187; phone_text_alignment=&#187;default&#187; background_color_opacity=&#187;1&#8243; background_hover_color_opacity=&#187;1&#8243; column_backdrop_filter=&#187;none&#187; column_shadow=&#187;none&#187; column_border_radius=&#187;none&#187; column_link_target=&#187;_self&#187; overflow=&#187;visible&#187; gradient_direction=&#187;left_to_right&#187; overlay_strength=&#187;0.3&#8243; width=&#187;1\/1&#8243; tablet_width_inherit=&#187;default&#187; animation_type=&#187;default&#187; bg_image_animation=&#187;none&#187; border_type=&#187;simple&#187; column_border_width=&#187;none&#187; column_border_style=&#187;solid&#187;][\/vc_column_inner][\/vc_row_inner][vc_custom_heading text=&#187;Launch Phase &#8211; M\u00e4rz bis Juni&#187; font_container=&#187;tag:h3|font_size:30|text_align:left|color:%2384cc41&#8243; use_theme_fonts=&#187;yes&#187;][divider line_type=&#187;No Line&#187;][vc_column_text]\n<p style=\"text-align: left;\"><b>LAUNCH<\/b> ist die viermonatige Ideenfindungsphase des Programms, in der angehenden Entrepreneuren grundlegende F\u00e4higkeiten in den Bereichen Entrepreneurship und Prototyping vermittelt werden.<\/p>\n[\/vc_column_text][divider line_type=&#187;No Line&#187;]\t\t\t\t\n\t\t\t\t\n\t\t\t\t\n\t\t\t\t<div class=\"portfolio-wrap \">\n\t\t\t\t\t\n\t\t\t\t\t\t\t\t\t\t\n\t\t\t\t\t<span class=\"portfolio-loading  none\">   <\/span>\n\t\t\t\t\t\n\t\t\t\t\t\t\t\t\t\t\n\t\t\t\t\t<div class=\"row portfolio-items masonry-items  fullwidth-constrained  \" data-rcp=\"false\" data-masonry-type=\"default\" data-ps=\"3\" data-starting-filter=\"\" data-gutter=\"default\" data-categories-to-show=\"2023-launch-entrepreneure\" data-bypass-cropping=\"true\" data-lightbox-only=\"0\" data-col-num=\"elastic\">\n\t\t\t\t\t\t\t\t\t\t\t\t\n\t\t\t\t\t\t\t\t\t\t\t\t\n\t\t\t\t\t\t<div class=\"col elastic-portfolio-item regular element 2023-launch-entrepreneure \"  data-project-cat=\"2023-launch-entrepreneure \" data-default-color=\"true\" data-title-color=\"\" data-subtitle-color=\"\">\n\t\t\t\t\t\t\t\n\t\t\t\t\t\t\t<div class=\"inner-wrap animated\" data-animation=\"fade_in\">\n\t\t\t\t\t\t\t\t\n\t\t\t\t\t\t\t\t\t\t\t\t\t\t\t\t\t\n\t\t\t\t\t\t\t\t\t<div class=\"work-item style-3\" data-custom-content=\"off\" data-text-align=\"middle\">\n\t\t\t\t\t\t\t\t\t\t\n\t\t\t\t\t\t\t\t\t\t<img loading=\"lazy\" decoding=\"async\" class=\"size-regular skip-lazy\" src=\"https:\/\/www.capacity.swiss\/wp-content\/uploads\/2023\/04\/SANAA-scaled.jpg\" alt=\"\" height=\"500\" width=\"500\" srcset=\"https:\/\/www.capacity.swiss\/wp-content\/uploads\/2023\/04\/SANAA-scaled.jpg 2560w, https:\/\/www.capacity.swiss\/wp-content\/uploads\/2023\/04\/SANAA-300x300.jpg 300w, https:\/\/www.capacity.swiss\/wp-content\/uploads\/2023\/04\/SANAA-1024x1024.jpg 1024w, https:\/\/www.capacity.swiss\/wp-content\/uploads\/2023\/04\/SANAA-150x150.jpg 150w, https:\/\/www.capacity.swiss\/wp-content\/uploads\/2023\/04\/SANAA-768x768.jpg 768w, https:\/\/www.capacity.swiss\/wp-content\/uploads\/2023\/04\/SANAA-1536x1536.jpg 1536w, https:\/\/www.capacity.swiss\/wp-content\/uploads\/2023\/04\/SANAA-2048x2048.jpg 2048w, https:\/\/www.capacity.swiss\/wp-content\/uploads\/2023\/04\/SANAA-100x100.jpg 100w, https:\/\/www.capacity.swiss\/wp-content\/uploads\/2023\/04\/SANAA-140x140.jpg 140w, https:\/\/www.capacity.swiss\/wp-content\/uploads\/2023\/04\/SANAA-500x500.jpg 500w, https:\/\/www.capacity.swiss\/wp-content\/uploads\/2023\/04\/SANAA-350x350.jpg 350w, https:\/\/www.capacity.swiss\/wp-content\/uploads\/2023\/04\/SANAA-1000x1000.jpg 1000w, https:\/\/www.capacity.swiss\/wp-content\/uploads\/2023\/04\/SANAA-800x800.jpg 800w\" sizes=\"(min-width: 1600px) 20vw, (min-width: 1300px) 25vw, (min-width: 1000px) 33.3vw, (min-width: 690px) 50vw, 100vw\" \/>\t\t\t\t\t\t\t\t\t\t\n\t\t\t\t\t\t\t\t\t\t<div class=\"work-info-bg\"><\/div>\n\t\t\t\t\t\t\t\t\t\t<div class=\"work-info\">\n\t\t\t\t\t\t\t\t\t\t\t\n\t\t\t\t\t\t\t\t\t\t\t\t\t\t\t\t\t\t\t\t\t\t\t\t\n\t\t\t\t\t\t\t\t\t\t\t\t\t<a href=\"https:\/\/www.capacity.swiss\/de\/participants\/sanaa-enkhtaivan\/\"><\/a>\n\t\t\t\t\t\t\t\t\t\t\t\t\t\n\t\t\t\t\t\t\t\t\t\t\t\t\t\t\t\t\t\t\t\t\t\t\t\n\t\t\t\t\t\t\t\t\t\t\t<div class=\"vert-center\">\n\t\t\t\t\t\t\t\t\t\t\t\t\t\n\t\t\t\t\t\t\t\t\t\t\t\t\t<h3>Sanaa Enkhtaivan <\/h3> \n\t\t\t\t\t\t\t\t\t\t\t\t\t\t\t\t\t\t\t\t\t\t\t\t\t\t\t\t\t\t\t\t\t\t\t\t<\/div><!--\/vert-center-->\n\t\t\t\t\t\t\t\t\t\t\t\n\t\t\t\t\t\t\t\t\t\t<\/div>\n\t\t\t\t\t\t\t\t\t<\/div><!--work-item-->\n\t\t\t\t\t\t\t\t\t\n\t\t\t\t\t\t\t\t\t\t\t\t\t\t\t\t\n\t\t\t\t\t\t\t\t\n\t\t\t\t\t\t\t<\/div><!--\/inner-wrap-->\n\t\t\t\t\t\t<\/div><!--\/col-->\n\t\t\t\t\t\t\n\t\t\t\t\t\t\t\t\t\t\t\n\t\t\t\t\t\t\t\t\t\t\t\t\n\t\t\t\t\t\t<div class=\"col elastic-portfolio-item regular element 2023-launch-entrepreneure \"  data-project-cat=\"2023-launch-entrepreneure \" data-default-color=\"true\" data-title-color=\"\" data-subtitle-color=\"\">\n\t\t\t\t\t\t\t\n\t\t\t\t\t\t\t<div class=\"inner-wrap animated\" data-animation=\"fade_in\">\n\t\t\t\t\t\t\t\t\n\t\t\t\t\t\t\t\t\t\t\t\t\t\t\t\t\t\n\t\t\t\t\t\t\t\t\t<div class=\"work-item style-3\" data-custom-content=\"off\" data-text-align=\"middle\">\n\t\t\t\t\t\t\t\t\t\t\n\t\t\t\t\t\t\t\t\t\t<img loading=\"lazy\" decoding=\"async\" class=\"size-regular skip-lazy\" src=\"https:\/\/www.capacity.swiss\/wp-content\/uploads\/2023\/04\/OLGA-scaled.jpg\" alt=\"\" height=\"500\" width=\"500\" srcset=\"https:\/\/www.capacity.swiss\/wp-content\/uploads\/2023\/04\/OLGA-scaled.jpg 2560w, https:\/\/www.capacity.swiss\/wp-content\/uploads\/2023\/04\/OLGA-300x300.jpg 300w, https:\/\/www.capacity.swiss\/wp-content\/uploads\/2023\/04\/OLGA-1024x1024.jpg 1024w, https:\/\/www.capacity.swiss\/wp-content\/uploads\/2023\/04\/OLGA-150x150.jpg 150w, https:\/\/www.capacity.swiss\/wp-content\/uploads\/2023\/04\/OLGA-768x768.jpg 768w, https:\/\/www.capacity.swiss\/wp-content\/uploads\/2023\/04\/OLGA-1536x1536.jpg 1536w, https:\/\/www.capacity.swiss\/wp-content\/uploads\/2023\/04\/OLGA-2048x2048.jpg 2048w, https:\/\/www.capacity.swiss\/wp-content\/uploads\/2023\/04\/OLGA-100x100.jpg 100w, https:\/\/www.capacity.swiss\/wp-content\/uploads\/2023\/04\/OLGA-140x140.jpg 140w, https:\/\/www.capacity.swiss\/wp-content\/uploads\/2023\/04\/OLGA-500x500.jpg 500w, https:\/\/www.capacity.swiss\/wp-content\/uploads\/2023\/04\/OLGA-350x350.jpg 350w, https:\/\/www.capacity.swiss\/wp-content\/uploads\/2023\/04\/OLGA-1000x1000.jpg 1000w, https:\/\/www.capacity.swiss\/wp-content\/uploads\/2023\/04\/OLGA-800x800.jpg 800w\" sizes=\"(min-width: 1600px) 20vw, (min-width: 1300px) 25vw, (min-width: 1000px) 33.3vw, (min-width: 690px) 50vw, 100vw\" \/>\t\t\t\t\t\t\t\t\t\t\n\t\t\t\t\t\t\t\t\t\t<div class=\"work-info-bg\"><\/div>\n\t\t\t\t\t\t\t\t\t\t<div class=\"work-info\">\n\t\t\t\t\t\t\t\t\t\t\t\n\t\t\t\t\t\t\t\t\t\t\t\t\t\t\t\t\t\t\t\t\t\t\t\t\n\t\t\t\t\t\t\t\t\t\t\t\t\t<a href=\"https:\/\/www.capacity.swiss\/de\/participants\/olga-opanasenko-launch\/\"><\/a>\n\t\t\t\t\t\t\t\t\t\t\t\t\t\n\t\t\t\t\t\t\t\t\t\t\t\t\t\t\t\t\t\t\t\t\t\t\t\n\t\t\t\t\t\t\t\t\t\t\t<div class=\"vert-center\">\n\t\t\t\t\t\t\t\t\t\t\t\t\t\n\t\t\t\t\t\t\t\t\t\t\t\t\t<h3>Olga Opanasenko <\/h3> \n\t\t\t\t\t\t\t\t\t\t\t\t\t\t\t\t\t\t\t\t\t\t\t\t\t\t\t\t\t\t\t\t\t\t\t\t<\/div><!--\/vert-center-->\n\t\t\t\t\t\t\t\t\t\t\t\n\t\t\t\t\t\t\t\t\t\t<\/div>\n\t\t\t\t\t\t\t\t\t<\/div><!--work-item-->\n\t\t\t\t\t\t\t\t\t\n\t\t\t\t\t\t\t\t\t\t\t\t\t\t\t\t\n\t\t\t\t\t\t\t\t\n\t\t\t\t\t\t\t<\/div><!--\/inner-wrap-->\n\t\t\t\t\t\t<\/div><!--\/col-->\n\t\t\t\t\t\t\n\t\t\t\t\t\t\t\t\t\t\t\n\t\t\t\t\t\t\t\t\t\t\t\t\n\t\t\t\t\t\t<div class=\"col elastic-portfolio-item regular element 2023-launch-entrepreneure \"  data-project-cat=\"2023-launch-entrepreneure \" data-default-color=\"true\" data-title-color=\"\" data-subtitle-color=\"\">\n\t\t\t\t\t\t\t\n\t\t\t\t\t\t\t<div class=\"inner-wrap animated\" data-animation=\"fade_in\">\n\t\t\t\t\t\t\t\t\n\t\t\t\t\t\t\t\t\t\t\t\t\t\t\t\t\t\n\t\t\t\t\t\t\t\t\t<div class=\"work-item style-3\" data-custom-content=\"off\" data-text-align=\"middle\">\n\t\t\t\t\t\t\t\t\t\t\n\t\t\t\t\t\t\t\t\t\t<img loading=\"lazy\" decoding=\"async\" class=\"size-regular skip-lazy\" src=\"https:\/\/www.capacity.swiss\/wp-content\/uploads\/2023\/04\/ANNA-scaled.jpg\" alt=\"\" height=\"500\" width=\"500\" srcset=\"https:\/\/www.capacity.swiss\/wp-content\/uploads\/2023\/04\/ANNA-scaled.jpg 2560w, https:\/\/www.capacity.swiss\/wp-content\/uploads\/2023\/04\/ANNA-300x300.jpg 300w, https:\/\/www.capacity.swiss\/wp-content\/uploads\/2023\/04\/ANNA-1024x1024.jpg 1024w, https:\/\/www.capacity.swiss\/wp-content\/uploads\/2023\/04\/ANNA-150x150.jpg 150w, https:\/\/www.capacity.swiss\/wp-content\/uploads\/2023\/04\/ANNA-768x768.jpg 768w, https:\/\/www.capacity.swiss\/wp-content\/uploads\/2023\/04\/ANNA-1536x1536.jpg 1536w, https:\/\/www.capacity.swiss\/wp-content\/uploads\/2023\/04\/ANNA-2048x2048.jpg 2048w, https:\/\/www.capacity.swiss\/wp-content\/uploads\/2023\/04\/ANNA-100x100.jpg 100w, https:\/\/www.capacity.swiss\/wp-content\/uploads\/2023\/04\/ANNA-140x140.jpg 140w, https:\/\/www.capacity.swiss\/wp-content\/uploads\/2023\/04\/ANNA-500x500.jpg 500w, https:\/\/www.capacity.swiss\/wp-content\/uploads\/2023\/04\/ANNA-350x350.jpg 350w, https:\/\/www.capacity.swiss\/wp-content\/uploads\/2023\/04\/ANNA-1000x1000.jpg 1000w, https:\/\/www.capacity.swiss\/wp-content\/uploads\/2023\/04\/ANNA-800x800.jpg 800w\" sizes=\"(min-width: 1600px) 20vw, (min-width: 1300px) 25vw, (min-width: 1000px) 33.3vw, (min-width: 690px) 50vw, 100vw\" \/>\t\t\t\t\t\t\t\t\t\t\n\t\t\t\t\t\t\t\t\t\t<div class=\"work-info-bg\"><\/div>\n\t\t\t\t\t\t\t\t\t\t<div class=\"work-info\">\n\t\t\t\t\t\t\t\t\t\t\t\n\t\t\t\t\t\t\t\t\t\t\t\t\t\t\t\t\t\t\t\t\t\t\t\t\n\t\t\t\t\t\t\t\t\t\t\t\t\t<a href=\"https:\/\/www.capacity.swiss\/de\/participants\/anna-palamarchuk-launch\/\"><\/a>\n\t\t\t\t\t\t\t\t\t\t\t\t\t\n\t\t\t\t\t\t\t\t\t\t\t\t\t\t\t\t\t\t\t\t\t\t\t\n\t\t\t\t\t\t\t\t\t\t\t<div class=\"vert-center\">\n\t\t\t\t\t\t\t\t\t\t\t\t\t\n\t\t\t\t\t\t\t\t\t\t\t\t\t<h3>Anna Palamarchuk <\/h3> \n\t\t\t\t\t\t\t\t\t\t\t\t\t\t\t\t\t\t\t\t\t\t\t\t\t\t\t\t\t\t\t\t\t\t\t\t<\/div><!--\/vert-center-->\n\t\t\t\t\t\t\t\t\t\t\t\n\t\t\t\t\t\t\t\t\t\t<\/div>\n\t\t\t\t\t\t\t\t\t<\/div><!--work-item-->\n\t\t\t\t\t\t\t\t\t\n\t\t\t\t\t\t\t\t\t\t\t\t\t\t\t\t\n\t\t\t\t\t\t\t\t\n\t\t\t\t\t\t\t<\/div><!--\/inner-wrap-->\n\t\t\t\t\t\t<\/div><!--\/col-->\n\t\t\t\t\t\t\n\t\t\t\t\t\t\t\t\t\t\t\n\t\t\t\t\t\t\t\t\t\t\t\t\n\t\t\t\t\t\t<div class=\"col elastic-portfolio-item regular element 2023-launch-entrepreneure \"  data-project-cat=\"2023-launch-entrepreneure \" data-default-color=\"true\" data-title-color=\"\" data-subtitle-color=\"\">\n\t\t\t\t\t\t\t\n\t\t\t\t\t\t\t<div class=\"inner-wrap animated\" data-animation=\"fade_in\">\n\t\t\t\t\t\t\t\t\n\t\t\t\t\t\t\t\t\t\t\t\t\t\t\t\t\t\n\t\t\t\t\t\t\t\t\t<div class=\"work-item style-3\" data-custom-content=\"off\" data-text-align=\"middle\">\n\t\t\t\t\t\t\t\t\t\t\n\t\t\t\t\t\t\t\t\t\t<img loading=\"lazy\" decoding=\"async\" class=\"size-regular skip-lazy\" src=\"https:\/\/www.capacity.swiss\/wp-content\/uploads\/2023\/04\/MAHA-scaled.jpg\" alt=\"\" height=\"500\" width=\"500\" srcset=\"https:\/\/www.capacity.swiss\/wp-content\/uploads\/2023\/04\/MAHA-scaled.jpg 2560w, https:\/\/www.capacity.swiss\/wp-content\/uploads\/2023\/04\/MAHA-300x300.jpg 300w, https:\/\/www.capacity.swiss\/wp-content\/uploads\/2023\/04\/MAHA-1024x1024.jpg 1024w, https:\/\/www.capacity.swiss\/wp-content\/uploads\/2023\/04\/MAHA-150x150.jpg 150w, https:\/\/www.capacity.swiss\/wp-content\/uploads\/2023\/04\/MAHA-768x768.jpg 768w, https:\/\/www.capacity.swiss\/wp-content\/uploads\/2023\/04\/MAHA-1536x1536.jpg 1536w, https:\/\/www.capacity.swiss\/wp-content\/uploads\/2023\/04\/MAHA-2048x2048.jpg 2048w, https:\/\/www.capacity.swiss\/wp-content\/uploads\/2023\/04\/MAHA-100x100.jpg 100w, https:\/\/www.capacity.swiss\/wp-content\/uploads\/2023\/04\/MAHA-140x140.jpg 140w, https:\/\/www.capacity.swiss\/wp-content\/uploads\/2023\/04\/MAHA-500x500.jpg 500w, https:\/\/www.capacity.swiss\/wp-content\/uploads\/2023\/04\/MAHA-350x350.jpg 350w, https:\/\/www.capacity.swiss\/wp-content\/uploads\/2023\/04\/MAHA-1000x1000.jpg 1000w, https:\/\/www.capacity.swiss\/wp-content\/uploads\/2023\/04\/MAHA-800x800.jpg 800w\" sizes=\"(min-width: 1600px) 20vw, (min-width: 1300px) 25vw, (min-width: 1000px) 33.3vw, (min-width: 690px) 50vw, 100vw\" \/>\t\t\t\t\t\t\t\t\t\t\n\t\t\t\t\t\t\t\t\t\t<div class=\"work-info-bg\"><\/div>\n\t\t\t\t\t\t\t\t\t\t<div class=\"work-info\">\n\t\t\t\t\t\t\t\t\t\t\t\n\t\t\t\t\t\t\t\t\t\t\t\t\t\t\t\t\t\t\t\t\t\t\t\t\n\t\t\t\t\t\t\t\t\t\t\t\t\t<a href=\"https:\/\/www.capacity.swiss\/de\/participants\/maha-khalil-launch\/\"><\/a>\n\t\t\t\t\t\t\t\t\t\t\t\t\t\n\t\t\t\t\t\t\t\t\t\t\t\t\t\t\t\t\t\t\t\t\t\t\t\n\t\t\t\t\t\t\t\t\t\t\t<div class=\"vert-center\">\n\t\t\t\t\t\t\t\t\t\t\t\t\t\n\t\t\t\t\t\t\t\t\t\t\t\t\t<h3>Maha Khalil <\/h3> \n\t\t\t\t\t\t\t\t\t\t\t\t\t\t\t\t\t\t\t\t\t\t\t\t\t\t\t\t\t\t\t\t\t\t\t\t<\/div><!--\/vert-center-->\n\t\t\t\t\t\t\t\t\t\t\t\n\t\t\t\t\t\t\t\t\t\t<\/div>\n\t\t\t\t\t\t\t\t\t<\/div><!--work-item-->\n\t\t\t\t\t\t\t\t\t\n\t\t\t\t\t\t\t\t\t\t\t\t\t\t\t\t\n\t\t\t\t\t\t\t\t\n\t\t\t\t\t\t\t<\/div><!--\/inner-wrap-->\n\t\t\t\t\t\t<\/div><!--\/col-->\n\t\t\t\t\t\t\n\t\t\t\t\t\t\t\t\t\t\t\n\t\t\t\t\t\t\t\t\t\t\t\t\n\t\t\t\t\t\t<div class=\"col elastic-portfolio-item regular element 2023-launch-entrepreneure \"  data-project-cat=\"2023-launch-entrepreneure \" data-default-color=\"true\" data-title-color=\"\" data-subtitle-color=\"\">\n\t\t\t\t\t\t\t\n\t\t\t\t\t\t\t<div class=\"inner-wrap animated\" data-animation=\"fade_in\">\n\t\t\t\t\t\t\t\t\n\t\t\t\t\t\t\t\t\t\t\t\t\t\t\t\t\t\n\t\t\t\t\t\t\t\t\t<div class=\"work-item style-3\" data-custom-content=\"off\" data-text-align=\"middle\">\n\t\t\t\t\t\t\t\t\t\t\n\t\t\t\t\t\t\t\t\t\t<img loading=\"lazy\" decoding=\"async\" class=\"size-regular skip-lazy\" src=\"https:\/\/www.capacity.swiss\/wp-content\/uploads\/2023\/04\/MARIIA-scaled.jpg\" alt=\"\" height=\"500\" width=\"500\" srcset=\"https:\/\/www.capacity.swiss\/wp-content\/uploads\/2023\/04\/MARIIA-scaled.jpg 2560w, https:\/\/www.capacity.swiss\/wp-content\/uploads\/2023\/04\/MARIIA-300x300.jpg 300w, https:\/\/www.capacity.swiss\/wp-content\/uploads\/2023\/04\/MARIIA-1024x1024.jpg 1024w, https:\/\/www.capacity.swiss\/wp-content\/uploads\/2023\/04\/MARIIA-150x150.jpg 150w, https:\/\/www.capacity.swiss\/wp-content\/uploads\/2023\/04\/MARIIA-768x768.jpg 768w, https:\/\/www.capacity.swiss\/wp-content\/uploads\/2023\/04\/MARIIA-1536x1536.jpg 1536w, https:\/\/www.capacity.swiss\/wp-content\/uploads\/2023\/04\/MARIIA-2048x2048.jpg 2048w, https:\/\/www.capacity.swiss\/wp-content\/uploads\/2023\/04\/MARIIA-100x100.jpg 100w, https:\/\/www.capacity.swiss\/wp-content\/uploads\/2023\/04\/MARIIA-140x140.jpg 140w, https:\/\/www.capacity.swiss\/wp-content\/uploads\/2023\/04\/MARIIA-500x500.jpg 500w, https:\/\/www.capacity.swiss\/wp-content\/uploads\/2023\/04\/MARIIA-350x350.jpg 350w, https:\/\/www.capacity.swiss\/wp-content\/uploads\/2023\/04\/MARIIA-1000x1000.jpg 1000w, https:\/\/www.capacity.swiss\/wp-content\/uploads\/2023\/04\/MARIIA-800x800.jpg 800w\" sizes=\"(min-width: 1600px) 20vw, (min-width: 1300px) 25vw, (min-width: 1000px) 33.3vw, (min-width: 690px) 50vw, 100vw\" \/>\t\t\t\t\t\t\t\t\t\t\n\t\t\t\t\t\t\t\t\t\t<div class=\"work-info-bg\"><\/div>\n\t\t\t\t\t\t\t\t\t\t<div class=\"work-info\">\n\t\t\t\t\t\t\t\t\t\t\t\n\t\t\t\t\t\t\t\t\t\t\t\t\t\t\t\t\t\t\t\t\t\t\t\t\n\t\t\t\t\t\t\t\t\t\t\t\t\t<a href=\"https:\/\/www.capacity.swiss\/de\/participants\/mariia-sitko\/\"><\/a>\n\t\t\t\t\t\t\t\t\t\t\t\t\t\n\t\t\t\t\t\t\t\t\t\t\t\t\t\t\t\t\t\t\t\t\t\t\t\n\t\t\t\t\t\t\t\t\t\t\t<div class=\"vert-center\">\n\t\t\t\t\t\t\t\t\t\t\t\t\t\n\t\t\t\t\t\t\t\t\t\t\t\t\t<h3>Mariia Sitko <\/h3> \n\t\t\t\t\t\t\t\t\t\t\t\t\t\t\t\t\t\t\t\t\t\t\t\t\t\t\t\t\t\t\t\t\t\t\t\t<\/div><!--\/vert-center-->\n\t\t\t\t\t\t\t\t\t\t\t\n\t\t\t\t\t\t\t\t\t\t<\/div>\n\t\t\t\t\t\t\t\t\t<\/div><!--work-item-->\n\t\t\t\t\t\t\t\t\t\n\t\t\t\t\t\t\t\t\t\t\t\t\t\t\t\t\n\t\t\t\t\t\t\t\t\n\t\t\t\t\t\t\t<\/div><!--\/inner-wrap-->\n\t\t\t\t\t\t<\/div><!--\/col-->\n\t\t\t\t\t\t\n\t\t\t\t\t\t\t\t\t\t\t\n\t\t\t\t\t\t\t\t\t\t\t\t\n\t\t\t\t\t\t<div class=\"col elastic-portfolio-item regular element 2023-launch-entrepreneure \"  data-project-cat=\"2023-launch-entrepreneure \" data-default-color=\"true\" data-title-color=\"\" data-subtitle-color=\"\">\n\t\t\t\t\t\t\t\n\t\t\t\t\t\t\t<div class=\"inner-wrap animated\" data-animation=\"fade_in\">\n\t\t\t\t\t\t\t\t\n\t\t\t\t\t\t\t\t\t\t\t\t\t\t\t\t\t\n\t\t\t\t\t\t\t\t\t<div class=\"work-item style-3\" data-custom-content=\"off\" data-text-align=\"middle\">\n\t\t\t\t\t\t\t\t\t\t\n\t\t\t\t\t\t\t\t\t\t<img loading=\"lazy\" decoding=\"async\" class=\"size-regular skip-lazy\" src=\"https:\/\/www.capacity.swiss\/wp-content\/uploads\/2023\/05\/28B24931-F4C2-43CE-8C0C-6C877AEEA2ED_1_105_c.jpeg\" alt=\"\" height=\"500\" width=\"500\" srcset=\"https:\/\/www.capacity.swiss\/wp-content\/uploads\/2023\/05\/28B24931-F4C2-43CE-8C0C-6C877AEEA2ED_1_105_c.jpeg 886w, https:\/\/www.capacity.swiss\/wp-content\/uploads\/2023\/05\/28B24931-F4C2-43CE-8C0C-6C877AEEA2ED_1_105_c-300x300.jpeg 300w, https:\/\/www.capacity.swiss\/wp-content\/uploads\/2023\/05\/28B24931-F4C2-43CE-8C0C-6C877AEEA2ED_1_105_c-150x150.jpeg 150w, https:\/\/www.capacity.swiss\/wp-content\/uploads\/2023\/05\/28B24931-F4C2-43CE-8C0C-6C877AEEA2ED_1_105_c-768x768.jpeg 768w, https:\/\/www.capacity.swiss\/wp-content\/uploads\/2023\/05\/28B24931-F4C2-43CE-8C0C-6C877AEEA2ED_1_105_c-100x100.jpeg 100w, https:\/\/www.capacity.swiss\/wp-content\/uploads\/2023\/05\/28B24931-F4C2-43CE-8C0C-6C877AEEA2ED_1_105_c-140x140.jpeg 140w, https:\/\/www.capacity.swiss\/wp-content\/uploads\/2023\/05\/28B24931-F4C2-43CE-8C0C-6C877AEEA2ED_1_105_c-500x500.jpeg 500w, https:\/\/www.capacity.swiss\/wp-content\/uploads\/2023\/05\/28B24931-F4C2-43CE-8C0C-6C877AEEA2ED_1_105_c-350x350.jpeg 350w, https:\/\/www.capacity.swiss\/wp-content\/uploads\/2023\/05\/28B24931-F4C2-43CE-8C0C-6C877AEEA2ED_1_105_c-800x800.jpeg 800w\" sizes=\"(min-width: 1600px) 20vw, (min-width: 1300px) 25vw, (min-width: 1000px) 33.3vw, (min-width: 690px) 50vw, 100vw\" \/>\t\t\t\t\t\t\t\t\t\t\n\t\t\t\t\t\t\t\t\t\t<div class=\"work-info-bg\"><\/div>\n\t\t\t\t\t\t\t\t\t\t<div class=\"work-info\">\n\t\t\t\t\t\t\t\t\t\t\t\n\t\t\t\t\t\t\t\t\t\t\t\t\t\t\t\t\t\t\t\t\t\t\t\t\n\t\t\t\t\t\t\t\t\t\t\t\t\t<a href=\"https:\/\/www.capacity.swiss\/de\/participants\/aram-rhman\/\"><\/a>\n\t\t\t\t\t\t\t\t\t\t\t\t\t\n\t\t\t\t\t\t\t\t\t\t\t\t\t\t\t\t\t\t\t\t\t\t\t\n\t\t\t\t\t\t\t\t\t\t\t<div class=\"vert-center\">\n\t\t\t\t\t\t\t\t\t\t\t\t\t\n\t\t\t\t\t\t\t\t\t\t\t\t\t<h3>Aram Rhman <\/h3> \n\t\t\t\t\t\t\t\t\t\t\t\t\t<p>Remote Massage Studio<\/p>\t\t\t\t\t\t\t\t\t\t\t\t\t\t\t\t\t\t\t\t\t\t\t<\/div><!--\/vert-center-->\n\t\t\t\t\t\t\t\t\t\t\t\n\t\t\t\t\t\t\t\t\t\t<\/div>\n\t\t\t\t\t\t\t\t\t<\/div><!--work-item-->\n\t\t\t\t\t\t\t\t\t\n\t\t\t\t\t\t\t\t\t\t\t\t\t\t\t\t\n\t\t\t\t\t\t\t\t\n\t\t\t\t\t\t\t<\/div><!--\/inner-wrap-->\n\t\t\t\t\t\t<\/div><!--\/col-->\n\t\t\t\t\t\t\n\t\t\t\t\t\t\t\t\t\t\t\n\t\t\t\t\t\t\t\t\t\t\t\t\n\t\t\t\t\t\t<div class=\"col elastic-portfolio-item regular element 2023-launch-entrepreneure \"  data-project-cat=\"2023-launch-entrepreneure \" data-default-color=\"true\" data-title-color=\"\" data-subtitle-color=\"\">\n\t\t\t\t\t\t\t\n\t\t\t\t\t\t\t<div class=\"inner-wrap animated\" data-animation=\"fade_in\">\n\t\t\t\t\t\t\t\t\n\t\t\t\t\t\t\t\t\t\t\t\t\t\t\t\t\t\n\t\t\t\t\t\t\t\t\t<div class=\"work-item style-3\" data-custom-content=\"off\" data-text-align=\"middle\">\n\t\t\t\t\t\t\t\t\t\t\n\t\t\t\t\t\t\t\t\t\t<img loading=\"lazy\" decoding=\"async\" class=\"size-regular skip-lazy\" src=\"https:\/\/www.capacity.swiss\/wp-content\/uploads\/2023\/04\/4B76313C-7835-41E6-939F-11B00D323E65_1_105_c.jpeg\" alt=\"\" height=\"500\" width=\"500\" srcset=\"https:\/\/www.capacity.swiss\/wp-content\/uploads\/2023\/04\/4B76313C-7835-41E6-939F-11B00D323E65_1_105_c.jpeg 886w, https:\/\/www.capacity.swiss\/wp-content\/uploads\/2023\/04\/4B76313C-7835-41E6-939F-11B00D323E65_1_105_c-300x300.jpeg 300w, https:\/\/www.capacity.swiss\/wp-content\/uploads\/2023\/04\/4B76313C-7835-41E6-939F-11B00D323E65_1_105_c-150x150.jpeg 150w, https:\/\/www.capacity.swiss\/wp-content\/uploads\/2023\/04\/4B76313C-7835-41E6-939F-11B00D323E65_1_105_c-768x768.jpeg 768w, https:\/\/www.capacity.swiss\/wp-content\/uploads\/2023\/04\/4B76313C-7835-41E6-939F-11B00D323E65_1_105_c-100x100.jpeg 100w, https:\/\/www.capacity.swiss\/wp-content\/uploads\/2023\/04\/4B76313C-7835-41E6-939F-11B00D323E65_1_105_c-140x140.jpeg 140w, https:\/\/www.capacity.swiss\/wp-content\/uploads\/2023\/04\/4B76313C-7835-41E6-939F-11B00D323E65_1_105_c-500x500.jpeg 500w, https:\/\/www.capacity.swiss\/wp-content\/uploads\/2023\/04\/4B76313C-7835-41E6-939F-11B00D323E65_1_105_c-350x350.jpeg 350w, https:\/\/www.capacity.swiss\/wp-content\/uploads\/2023\/04\/4B76313C-7835-41E6-939F-11B00D323E65_1_105_c-800x800.jpeg 800w\" sizes=\"(min-width: 1600px) 20vw, (min-width: 1300px) 25vw, (min-width: 1000px) 33.3vw, (min-width: 690px) 50vw, 100vw\" \/>\t\t\t\t\t\t\t\t\t\t\n\t\t\t\t\t\t\t\t\t\t<div class=\"work-info-bg\"><\/div>\n\t\t\t\t\t\t\t\t\t\t<div class=\"work-info\">\n\t\t\t\t\t\t\t\t\t\t\t\n\t\t\t\t\t\t\t\t\t\t\t\t\t\t\t\t\t\t\t\t\t\t\t\t\n\t\t\t\t\t\t\t\t\t\t\t\t\t<a href=\"https:\/\/www.capacity.swiss\/de\/participants\/olena-perepelychna-igor-perepelychniy\/\"><\/a>\n\t\t\t\t\t\t\t\t\t\t\t\t\t\n\t\t\t\t\t\t\t\t\t\t\t\t\t\t\t\t\t\t\t\t\t\t\t\n\t\t\t\t\t\t\t\t\t\t\t<div class=\"vert-center\">\n\t\t\t\t\t\t\t\t\t\t\t\t\t\n\t\t\t\t\t\t\t\t\t\t\t\t\t<h3>Olena Perepelychna &#038; Igor Perepelychniy <\/h3> \n\t\t\t\t\t\t\t\t\t\t\t\t\t<p>inserviss app<\/p>\t\t\t\t\t\t\t\t\t\t\t\t\t\t\t\t\t\t\t\t\t\t\t<\/div><!--\/vert-center-->\n\t\t\t\t\t\t\t\t\t\t\t\n\t\t\t\t\t\t\t\t\t\t<\/div>\n\t\t\t\t\t\t\t\t\t<\/div><!--work-item-->\n\t\t\t\t\t\t\t\t\t\n\t\t\t\t\t\t\t\t\t\t\t\t\t\t\t\t\n\t\t\t\t\t\t\t\t\n\t\t\t\t\t\t\t<\/div><!--\/inner-wrap-->\n\t\t\t\t\t\t<\/div><!--\/col-->\n\t\t\t\t\t\t\n\t\t\t\t\t\t\t\t\t\t\t\n\t\t\t\t\t\t\t\t\t\t\t\t\n\t\t\t\t\t\t<div class=\"col elastic-portfolio-item regular element 2023-launch-entrepreneure \"  data-project-cat=\"2023-launch-entrepreneure \" data-default-color=\"true\" data-title-color=\"\" data-subtitle-color=\"\">\n\t\t\t\t\t\t\t\n\t\t\t\t\t\t\t<div class=\"inner-wrap animated\" data-animation=\"fade_in\">\n\t\t\t\t\t\t\t\t\n\t\t\t\t\t\t\t\t\t\t\t\t\t\t\t\t\t\n\t\t\t\t\t\t\t\t\t<div class=\"work-item style-3\" data-custom-content=\"off\" data-text-align=\"middle\">\n\t\t\t\t\t\t\t\t\t\t\n\t\t\t\t\t\t\t\t\t\t<img loading=\"lazy\" decoding=\"async\" class=\"size-regular skip-lazy\" src=\"https:\/\/www.capacity.swiss\/wp-content\/uploads\/2023\/04\/SNIZHANA-2-scaled.jpg\" alt=\"\" height=\"500\" width=\"500\" srcset=\"https:\/\/www.capacity.swiss\/wp-content\/uploads\/2023\/04\/SNIZHANA-2-scaled.jpg 2560w, https:\/\/www.capacity.swiss\/wp-content\/uploads\/2023\/04\/SNIZHANA-2-300x300.jpg 300w, https:\/\/www.capacity.swiss\/wp-content\/uploads\/2023\/04\/SNIZHANA-2-1024x1024.jpg 1024w, https:\/\/www.capacity.swiss\/wp-content\/uploads\/2023\/04\/SNIZHANA-2-150x150.jpg 150w, https:\/\/www.capacity.swiss\/wp-content\/uploads\/2023\/04\/SNIZHANA-2-768x768.jpg 768w, https:\/\/www.capacity.swiss\/wp-content\/uploads\/2023\/04\/SNIZHANA-2-1536x1536.jpg 1536w, https:\/\/www.capacity.swiss\/wp-content\/uploads\/2023\/04\/SNIZHANA-2-2048x2048.jpg 2048w, https:\/\/www.capacity.swiss\/wp-content\/uploads\/2023\/04\/SNIZHANA-2-100x100.jpg 100w, https:\/\/www.capacity.swiss\/wp-content\/uploads\/2023\/04\/SNIZHANA-2-140x140.jpg 140w, https:\/\/www.capacity.swiss\/wp-content\/uploads\/2023\/04\/SNIZHANA-2-500x500.jpg 500w, https:\/\/www.capacity.swiss\/wp-content\/uploads\/2023\/04\/SNIZHANA-2-350x350.jpg 350w, https:\/\/www.capacity.swiss\/wp-content\/uploads\/2023\/04\/SNIZHANA-2-1000x1000.jpg 1000w, https:\/\/www.capacity.swiss\/wp-content\/uploads\/2023\/04\/SNIZHANA-2-800x800.jpg 800w\" sizes=\"(min-width: 1600px) 20vw, (min-width: 1300px) 25vw, (min-width: 1000px) 33.3vw, (min-width: 690px) 50vw, 100vw\" \/>\t\t\t\t\t\t\t\t\t\t\n\t\t\t\t\t\t\t\t\t\t<div class=\"work-info-bg\"><\/div>\n\t\t\t\t\t\t\t\t\t\t<div class=\"work-info\">\n\t\t\t\t\t\t\t\t\t\t\t\n\t\t\t\t\t\t\t\t\t\t\t\t\t\t\t\t\t\t\t\t\t\t\t\t\n\t\t\t\t\t\t\t\t\t\t\t\t\t<a href=\"https:\/\/www.capacity.swiss\/de\/participants\/snizhana-lotysh\/\"><\/a>\n\t\t\t\t\t\t\t\t\t\t\t\t\t\n\t\t\t\t\t\t\t\t\t\t\t\t\t\t\t\t\t\t\t\t\t\t\t\n\t\t\t\t\t\t\t\t\t\t\t<div class=\"vert-center\">\n\t\t\t\t\t\t\t\t\t\t\t\t\t\n\t\t\t\t\t\t\t\t\t\t\t\t\t<h3>Snizhana Lotysh <\/h3> \n\t\t\t\t\t\t\t\t\t\t\t\t\t<p>Snizhana Lingerie<\/p>\t\t\t\t\t\t\t\t\t\t\t\t\t\t\t\t\t\t\t\t\t\t\t<\/div><!--\/vert-center-->\n\t\t\t\t\t\t\t\t\t\t\t\n\t\t\t\t\t\t\t\t\t\t<\/div>\n\t\t\t\t\t\t\t\t\t<\/div><!--work-item-->\n\t\t\t\t\t\t\t\t\t\n\t\t\t\t\t\t\t\t\t\t\t\t\t\t\t\t\n\t\t\t\t\t\t\t\t\n\t\t\t\t\t\t\t<\/div><!--\/inner-wrap-->\n\t\t\t\t\t\t<\/div><!--\/col-->\n\t\t\t\t\t\t\n\t\t\t\t\t\t\t\t\t\t\n\t\t\t\t<\/div><!--\/portfolio-->\n\t\t\t<\/div><!--\/portfolio wrap-->\n\t\t\t\n\t\t\t[\/vc_column][\/vc_row][vc_row type=&#187;in_container&#187; full_screen_row_position=&#187;middle&#187; column_margin=&#187;default&#187; column_direction=&#187;default&#187; column_direction_tablet=&#187;default&#187; column_direction_phone=&#187;default&#187; scene_position=&#187;center&#187; text_color=&#187;dark&#187; text_align=&#187;left&#187; row_border_radius=&#187;none&#187; row_border_radius_applies=&#187;bg&#187; overflow=&#187;visible&#187; overlay_strength=&#187;0.3&#8243; gradient_direction=&#187;left_to_right&#187; shape_divider_position=&#187;bottom&#187; bg_image_animation=&#187;none&#187;][vc_column column_padding=&#187;no-extra-padding&#187; column_padding_tablet=&#187;inherit&#187; column_padding_phone=&#187;inherit&#187; column_padding_position=&#187;all&#187; column_element_direction_desktop=&#187;default&#187; column_element_spacing=&#187;default&#187; desktop_text_alignment=&#187;default&#187; tablet_text_alignment=&#187;default&#187; phone_text_alignment=&#187;default&#187; background_color_opacity=&#187;1&#8243; background_hover_color_opacity=&#187;1&#8243; column_backdrop_filter=&#187;none&#187; column_shadow=&#187;none&#187; column_border_radius=&#187;none&#187; column_link_target=&#187;_self&#187; column_position=&#187;default&#187; gradient_direction=&#187;left_to_right&#187; overlay_strength=&#187;0.3&#8243; width=&#187;1\/1&#8243; tablet_width_inherit=&#187;default&#187; animation_type=&#187;default&#187; bg_image_animation=&#187;none&#187; border_type=&#187;simple&#187; column_border_width=&#187;none&#187; column_border_style=&#187;solid&#187;]<div class=\"templatera_shortcode\">\n\t\t<div id=\"fws_69f4565f69b58\"  data-column-margin=\"default\" data-midnight=\"dark\"  class=\"wpb_row vc_row-fluid vc_row\"  style=\"padding-top: 0px; padding-bottom: 0px; \"><div class=\"row-bg-wrap\" data-bg-animation=\"none\" data-bg-animation-delay=\"\" data-bg-overlay=\"false\"><div class=\"inner-wrap row-bg-layer\" ><div class=\"row-bg viewport-desktop\"  style=\"\"><\/div><\/div><\/div><div class=\"row_col_wrap_12 col span_12 dark center\">\n\t<div  class=\"vc_col-sm-4 actionBoxRow wpb_column column_container vc_column_container col padding-6-percent inherit_tablet inherit_phone \"  data-padding-pos=\"all\" data-has-bg-color=\"false\" data-bg-color=\"\" data-bg-opacity=\"1\" data-animation=\"\" data-delay=\"0\" >\n\t\t<div class=\"vc_column-inner\" ><a class=\"column-link\" target=\"_self\" href=\"\/de\/unsere-programme\/\"><\/a>\n\t\t\t<div class=\"wpb_wrapper\">\n\t\t\t\t<div class=\"img-with-aniamtion-wrap center\" data-max-width=\"100%\" data-max-width-mobile=\"default\" data-shadow=\"none\" data-animation=\"fade-in\" >\n      <div class=\"inner\">\n        <div class=\"hover-wrap\"> \n          <div class=\"hover-wrap-inner\">\n            <img loading=\"lazy\" decoding=\"async\" class=\"img-with-animation skip-lazy \" data-delay=\"0\" height=\"100\" width=\"100\" data-animation=\"fade-in\" src=\"https:\/\/www.capacity.swiss\/wp-content\/uploads\/2017\/11\/icon-entrepreneur.svg\" alt=\"\"  \/>\n          <\/div>\n        <\/div>\n      <\/div>\n    <\/div><div class=\"divider-wrap\" data-alignment=\"default\"><div style=\"height: 20px;\" class=\"divider\"><\/div><\/div>\n<div class=\"wpb_text_column wpb_content_element \" >\n\t<div class=\"wpb_wrapper\">\n\t\t<h6 style=\"text-align: center;\">Werde ein:e<\/h6>\n<h4 style=\"text-align: center;\"><strong>PROGRAMM TEILNEHMER:IN<\/strong><\/h4>\n\t<\/div>\n<\/div>\n\n\n\n\n\t\t\t<\/div> \n\t\t<\/div>\n\t<\/div> \n\n\t<div style=\"margin-top: 0px; \" class=\"vc_col-sm-4 actionBoxRow wpb_column column_container vc_column_container col padding-6-percent inherit_tablet inherit_phone \"  data-padding-pos=\"all\" data-has-bg-color=\"false\" data-bg-color=\"\" data-bg-opacity=\"1\" data-animation=\"\" data-delay=\"0\" >\n\t\t<div class=\"vc_column-inner\" ><a class=\"column-link\" target=\"_self\" href=\"\/de\/volunteers\/\"><\/a>\n\t\t\t<div class=\"wpb_wrapper\">\n\t\t\t\t<div class=\"img-with-aniamtion-wrap center\" data-max-width=\"100%\" data-max-width-mobile=\"default\" data-shadow=\"none\" data-animation=\"fade-in\" >\n      <div class=\"inner\">\n        <div class=\"hover-wrap\"> \n          <div class=\"hover-wrap-inner\">\n            <img loading=\"lazy\" decoding=\"async\" class=\"img-with-animation skip-lazy \" data-delay=\"0\" height=\"100\" width=\"100\" data-animation=\"fade-in\" src=\"https:\/\/www.capacity.swiss\/wp-content\/uploads\/2017\/11\/icon-volunteer.svg\" alt=\"\"  \/>\n          <\/div>\n        <\/div>\n      <\/div>\n    <\/div><div class=\"divider-wrap\" data-alignment=\"default\"><div style=\"height: 20px;\" class=\"divider\"><\/div><\/div>\n<div class=\"wpb_text_column wpb_content_element \" >\n\t<div class=\"wpb_wrapper\">\n\t\t<h6 style=\"text-align: center;\">Engagiere dich als<\/h6>\n<h4 style=\"text-align: center;\"><strong>FREIWILLIGE:R<\/strong><\/h4>\n\t<\/div>\n<\/div>\n\n\n\n\n\t\t\t<\/div> \n\t\t<\/div>\n\t<\/div> \n\n\t<div  class=\"vc_col-sm-4 actionBoxRow wpb_column column_container vc_column_container col padding-6-percent inherit_tablet inherit_phone \"  data-padding-pos=\"all\" data-has-bg-color=\"false\" data-bg-color=\"\" data-bg-opacity=\"1\" data-animation=\"\" data-delay=\"0\" >\n\t\t<div class=\"vc_column-inner\" ><a class=\"column-link\" target=\"_self\" href=\"\/de\/partners-2\/\"><\/a>\n\t\t\t<div class=\"wpb_wrapper\">\n\t\t\t\t<div class=\"img-with-aniamtion-wrap center\" data-max-width=\"100%\" data-max-width-mobile=\"default\" data-shadow=\"none\" data-animation=\"fade-in\" >\n      <div class=\"inner\">\n        <div class=\"hover-wrap\"> \n          <div class=\"hover-wrap-inner\">\n            <img loading=\"lazy\" decoding=\"async\" class=\"img-with-animation skip-lazy \" data-delay=\"0\" height=\"100\" width=\"100\" data-animation=\"fade-in\" src=\"https:\/\/www.capacity.swiss\/wp-content\/uploads\/2017\/11\/icon-partner.svg\" alt=\"\"  \/>\n          <\/div>\n        <\/div>\n      <\/div>\n    <\/div><div class=\"divider-wrap\" data-alignment=\"default\"><div style=\"height: 20px;\" class=\"divider\"><\/div><\/div>\n<div class=\"wpb_text_column wpb_content_element \" >\n\t<div class=\"wpb_wrapper\">\n\t\t<h6 style=\"text-align: center;\">Werde ein:e<\/h6>\n<h4 style=\"text-align: center;\"><strong>PARTNER:IN<\/strong><\/h4>\n\t<\/div>\n<\/div>\n\n\n\n\n\t\t\t<\/div> \n\t\t<\/div>\n\t<\/div> \n<\/div><\/div><\/div>[\/vc_column][\/vc_row][vc_row type=&#187;in_container&#187; full_screen_row_position=&#187;middle&#187; column_margin=&#187;default&#187; column_direction=&#187;default&#187; column_direction_tablet=&#187;default&#187; column_direction_phone=&#187;default&#187; scene_position=&#187;center&#187; text_color=&#187;light&#187; text_align=&#187;left&#187; row_border_radius=&#187;none&#187; row_border_radius_applies=&#187;bg&#187; overflow=&#187;visible&#187; overlay_strength=&#187;0.3&#8243; gradient_direction=&#187;left_to_right&#187; shape_divider_position=&#187;bottom&#187; bg_image_animation=&#187;none&#187;][vc_column column_padding=&#187;no-extra-padding&#187; column_padding_tablet=&#187;inherit&#187; column_padding_phone=&#187;inherit&#187; column_padding_position=&#187;all&#187; column_element_direction_desktop=&#187;default&#187; column_element_spacing=&#187;default&#187; desktop_text_alignment=&#187;default&#187; tablet_text_alignment=&#187;default&#187; phone_text_alignment=&#187;default&#187; background_color_opacity=&#187;1&#8243; background_hover_color_opacity=&#187;1&#8243; column_backdrop_filter=&#187;none&#187; column_shadow=&#187;none&#187; column_border_radius=&#187;none&#187; column_link_target=&#187;_self&#187; column_position=&#187;default&#187; gradient_direction=&#187;left_to_right&#187; overlay_strength=&#187;0.3&#8243; width=&#187;1\/1&#8243; tablet_width_inherit=&#187;default&#187; animation_type=&#187;default&#187; bg_image_animation=&#187;none&#187; border_type=&#187;simple&#187; column_border_width=&#187;none&#187; column_border_style=&#187;solid&#187;][\/vc_column][\/vc_row]\n","protected":false},"excerpt":{"rendered":"Werde ein:e PROGRAMM TEILNEHMER:IN Engagiere dich als FREIWILLIGE:R Werde ein:e PARTNER:IN","protected":false},"author":8,"featured_media":7928,"parent":0,"menu_order":130,"comment_status":"closed","ping_status":"closed","template":"","meta":{"inline_featured_image":false,"footnotes":""},"class_list":["post-7749","page","type-page","status-publish","has-post-thumbnail"],"yoast_head":"<!-- This site is optimized with the Yoast SEO plugin v27.5 - https:\/\/yoast.com\/product\/yoast-seo-wordpress\/ -->\n<title>2023 Entrepreneure - Capacity<\/title>\n<meta name=\"robots\" content=\"index, follow, max-snippet:-1, max-image-preview:large, max-video-preview:-1\" \/>\n<link rel=\"canonical\" href=\"https:\/\/www.capacity.swiss\/de\/2023-entrepreneure\/\" \/>\n<meta property=\"og:locale\" content=\"de_DE\" \/>\n<meta property=\"og:type\" content=\"article\" \/>\n<meta property=\"og:title\" content=\"2023 Entrepreneure - Capacity\" \/>\n<meta property=\"og:url\" content=\"https:\/\/www.capacity.swiss\/de\/2023-entrepreneure\/\" \/>\n<meta property=\"og:site_name\" content=\"Capacity\" \/>\n<meta property=\"article:modified_time\" content=\"2024-11-18T16:32:33+00:00\" \/>\n<meta property=\"og:image\" content=\"https:\/\/www.capacity.swiss\/wp-content\/uploads\/2023\/05\/67826540-792D-487C-80C0-D7BF99DD0B76_1_201_a-scaled.jpeg\" \/>\n\t<meta property=\"og:image:width\" content=\"2560\" \/>\n\t<meta property=\"og:image:height\" content=\"1070\" \/>\n\t<meta property=\"og:image:type\" content=\"image\/jpeg\" \/>\n<meta name=\"twitter:card\" content=\"summary_large_image\" \/>\n<meta name=\"twitter:label1\" content=\"Gesch\u00e4tzte Lesezeit\" \/>\n\t<meta name=\"twitter:data1\" content=\"2\u00a0Minuten\" \/>\n<script type=\"application\/ld+json\" class=\"yoast-schema-graph\">{\"@context\":\"https:\\\/\\\/schema.org\",\"@graph\":[{\"@type\":\"WebPage\",\"@id\":\"https:\\\/\\\/www.capacity.swiss\\\/de\\\/2023-entrepreneure\\\/\",\"url\":\"https:\\\/\\\/www.capacity.swiss\\\/de\\\/2023-entrepreneure\\\/\",\"name\":\"2023 Entrepreneure - Capacity\",\"isPartOf\":{\"@id\":\"https:\\\/\\\/www.capacity.swiss\\\/de\\\/#website\"},\"primaryImageOfPage\":{\"@id\":\"https:\\\/\\\/www.capacity.swiss\\\/de\\\/2023-entrepreneure\\\/#primaryimage\"},\"image\":{\"@id\":\"https:\\\/\\\/www.capacity.swiss\\\/de\\\/2023-entrepreneure\\\/#primaryimage\"},\"thumbnailUrl\":\"https:\\\/\\\/www.capacity.swiss\\\/wp-content\\\/uploads\\\/2023\\\/05\\\/67826540-792D-487C-80C0-D7BF99DD0B76_1_201_a-scaled.jpeg\",\"datePublished\":\"2023-04-04T10:18:20+00:00\",\"dateModified\":\"2024-11-18T16:32:33+00:00\",\"breadcrumb\":{\"@id\":\"https:\\\/\\\/www.capacity.swiss\\\/de\\\/2023-entrepreneure\\\/#breadcrumb\"},\"inLanguage\":\"de-CH\",\"potentialAction\":[{\"@type\":\"ReadAction\",\"target\":[\"https:\\\/\\\/www.capacity.swiss\\\/de\\\/2023-entrepreneure\\\/\"]}]},{\"@type\":\"ImageObject\",\"inLanguage\":\"de-CH\",\"@id\":\"https:\\\/\\\/www.capacity.swiss\\\/de\\\/2023-entrepreneure\\\/#primaryimage\",\"url\":\"https:\\\/\\\/www.capacity.swiss\\\/wp-content\\\/uploads\\\/2023\\\/05\\\/67826540-792D-487C-80C0-D7BF99DD0B76_1_201_a-scaled.jpeg\",\"contentUrl\":\"https:\\\/\\\/www.capacity.swiss\\\/wp-content\\\/uploads\\\/2023\\\/05\\\/67826540-792D-487C-80C0-D7BF99DD0B76_1_201_a-scaled.jpeg\",\"width\":2560,\"height\":1070},{\"@type\":\"BreadcrumbList\",\"@id\":\"https:\\\/\\\/www.capacity.swiss\\\/de\\\/2023-entrepreneure\\\/#breadcrumb\",\"itemListElement\":[{\"@type\":\"ListItem\",\"position\":1,\"name\":\"Home\",\"item\":\"https:\\\/\\\/www.capacity.swiss\\\/de\\\/\"},{\"@type\":\"ListItem\",\"position\":2,\"name\":\"2023 Entrepreneure\"}]},{\"@type\":\"WebSite\",\"@id\":\"https:\\\/\\\/www.capacity.swiss\\\/de\\\/#website\",\"url\":\"https:\\\/\\\/www.capacity.swiss\\\/de\\\/\",\"name\":\"Capacity\",\"description\":\"Fostering Refugee &amp; Migrant Talent\",\"publisher\":{\"@id\":\"https:\\\/\\\/www.capacity.swiss\\\/de\\\/#organization\"},\"potentialAction\":[{\"@type\":\"SearchAction\",\"target\":{\"@type\":\"EntryPoint\",\"urlTemplate\":\"https:\\\/\\\/www.capacity.swiss\\\/de\\\/?s={search_term_string}\"},\"query-input\":{\"@type\":\"PropertyValueSpecification\",\"valueRequired\":true,\"valueName\":\"search_term_string\"}}],\"inLanguage\":\"de-CH\"},{\"@type\":\"Organization\",\"@id\":\"https:\\\/\\\/www.capacity.swiss\\\/de\\\/#organization\",\"name\":\"Capacity\",\"url\":\"https:\\\/\\\/www.capacity.swiss\\\/de\\\/\",\"logo\":{\"@type\":\"ImageObject\",\"inLanguage\":\"de-CH\",\"@id\":\"https:\\\/\\\/www.capacity.swiss\\\/de\\\/#\\\/schema\\\/logo\\\/image\\\/\",\"url\":\"https:\\\/\\\/capacity.swiss\\\/wp-content\\\/uploads\\\/2023\\\/12\\\/2023-capacity-logo-long-new-Transparent-320-\u00d7-132-px.png\",\"contentUrl\":\"https:\\\/\\\/capacity.swiss\\\/wp-content\\\/uploads\\\/2023\\\/12\\\/2023-capacity-logo-long-new-Transparent-320-\u00d7-132-px.png\",\"width\":560,\"height\":231,\"caption\":\"Capacity\"},\"image\":{\"@id\":\"https:\\\/\\\/www.capacity.swiss\\\/de\\\/#\\\/schema\\\/logo\\\/image\\\/\"}}]}<\/script>\n<!-- \/ Yoast SEO plugin. -->","yoast_head_json":{"title":"2023 Entrepreneure - Capacity","robots":{"index":"index","follow":"follow","max-snippet":"max-snippet:-1","max-image-preview":"max-image-preview:large","max-video-preview":"max-video-preview:-1"},"canonical":"https:\/\/www.capacity.swiss\/de\/2023-entrepreneure\/","og_locale":"de_DE","og_type":"article","og_title":"2023 Entrepreneure - Capacity","og_url":"https:\/\/www.capacity.swiss\/de\/2023-entrepreneure\/","og_site_name":"Capacity","article_modified_time":"2024-11-18T16:32:33+00:00","og_image":[{"width":2560,"height":1070,"url":"https:\/\/www.capacity.swiss\/wp-content\/uploads\/2023\/05\/67826540-792D-487C-80C0-D7BF99DD0B76_1_201_a-scaled.jpeg","type":"image\/jpeg"}],"twitter_card":"summary_large_image","twitter_misc":{"Gesch\u00e4tzte Lesezeit":"2\u00a0Minuten"},"schema":{"@context":"https:\/\/schema.org","@graph":[{"@type":"WebPage","@id":"https:\/\/www.capacity.swiss\/de\/2023-entrepreneure\/","url":"https:\/\/www.capacity.swiss\/de\/2023-entrepreneure\/","name":"2023 Entrepreneure - Capacity","isPartOf":{"@id":"https:\/\/www.capacity.swiss\/de\/#website"},"primaryImageOfPage":{"@id":"https:\/\/www.capacity.swiss\/de\/2023-entrepreneure\/#primaryimage"},"image":{"@id":"https:\/\/www.capacity.swiss\/de\/2023-entrepreneure\/#primaryimage"},"thumbnailUrl":"https:\/\/www.capacity.swiss\/wp-content\/uploads\/2023\/05\/67826540-792D-487C-80C0-D7BF99DD0B76_1_201_a-scaled.jpeg","datePublished":"2023-04-04T10:18:20+00:00","dateModified":"2024-11-18T16:32:33+00:00","breadcrumb":{"@id":"https:\/\/www.capacity.swiss\/de\/2023-entrepreneure\/#breadcrumb"},"inLanguage":"de-CH","potentialAction":[{"@type":"ReadAction","target":["https:\/\/www.capacity.swiss\/de\/2023-entrepreneure\/"]}]},{"@type":"ImageObject","inLanguage":"de-CH","@id":"https:\/\/www.capacity.swiss\/de\/2023-entrepreneure\/#primaryimage","url":"https:\/\/www.capacity.swiss\/wp-content\/uploads\/2023\/05\/67826540-792D-487C-80C0-D7BF99DD0B76_1_201_a-scaled.jpeg","contentUrl":"https:\/\/www.capacity.swiss\/wp-content\/uploads\/2023\/05\/67826540-792D-487C-80C0-D7BF99DD0B76_1_201_a-scaled.jpeg","width":2560,"height":1070},{"@type":"BreadcrumbList","@id":"https:\/\/www.capacity.swiss\/de\/2023-entrepreneure\/#breadcrumb","itemListElement":[{"@type":"ListItem","position":1,"name":"Home","item":"https:\/\/www.capacity.swiss\/de\/"},{"@type":"ListItem","position":2,"name":"2023 Entrepreneure"}]},{"@type":"WebSite","@id":"https:\/\/www.capacity.swiss\/de\/#website","url":"https:\/\/www.capacity.swiss\/de\/","name":"Capacity","description":"Fostering Refugee &amp; Migrant Talent","publisher":{"@id":"https:\/\/www.capacity.swiss\/de\/#organization"},"potentialAction":[{"@type":"SearchAction","target":{"@type":"EntryPoint","urlTemplate":"https:\/\/www.capacity.swiss\/de\/?s={search_term_string}"},"query-input":{"@type":"PropertyValueSpecification","valueRequired":true,"valueName":"search_term_string"}}],"inLanguage":"de-CH"},{"@type":"Organization","@id":"https:\/\/www.capacity.swiss\/de\/#organization","name":"Capacity","url":"https:\/\/www.capacity.swiss\/de\/","logo":{"@type":"ImageObject","inLanguage":"de-CH","@id":"https:\/\/www.capacity.swiss\/de\/#\/schema\/logo\/image\/","url":"https:\/\/capacity.swiss\/wp-content\/uploads\/2023\/12\/2023-capacity-logo-long-new-Transparent-320-\u00d7-132-px.png","contentUrl":"https:\/\/capacity.swiss\/wp-content\/uploads\/2023\/12\/2023-capacity-logo-long-new-Transparent-320-\u00d7-132-px.png","width":560,"height":231,"caption":"Capacity"},"image":{"@id":"https:\/\/www.capacity.swiss\/de\/#\/schema\/logo\/image\/"}}]}},"_links":{"self":[{"href":"https:\/\/www.capacity.swiss\/de\/wp-json\/wp\/v2\/pages\/7749","targetHints":{"allow":["GET"]}}],"collection":[{"href":"https:\/\/www.capacity.swiss\/de\/wp-json\/wp\/v2\/pages"}],"about":[{"href":"https:\/\/www.capacity.swiss\/de\/wp-json\/wp\/v2\/types\/page"}],"author":[{"embeddable":true,"href":"https:\/\/www.capacity.swiss\/de\/wp-json\/wp\/v2\/users\/8"}],"replies":[{"embeddable":true,"href":"https:\/\/www.capacity.swiss\/de\/wp-json\/wp\/v2\/comments?post=7749"}],"version-history":[{"count":5,"href":"https:\/\/www.capacity.swiss\/de\/wp-json\/wp\/v2\/pages\/7749\/revisions"}],"predecessor-version":[{"id":23380,"href":"https:\/\/www.capacity.swiss\/de\/wp-json\/wp\/v2\/pages\/7749\/revisions\/23380"}],"wp:featuredmedia":[{"embeddable":true,"href":"https:\/\/www.capacity.swiss\/de\/wp-json\/wp\/v2\/media\/7928"}],"wp:attachment":[{"href":"https:\/\/www.capacity.swiss\/de\/wp-json\/wp\/v2\/media?parent=7749"}],"curies":[{"name":"wp","href":"https:\/\/api.w.org\/{rel}","templated":true}]}}